{"id":3411,"date":"2024-01-17T09:14:01","date_gmt":"2024-01-17T08:14:01","guid":{"rendered":"https:\/\/xavierr.cluster026.hosting.ovh.net\/?post_type=portfolio&#038;p=3411"},"modified":"2024-02-15T16:15:14","modified_gmt":"2024-02-15T15:15:14","slug":"photographe-evenementiel-institutionnel","status":"publish","type":"portfolio","link":"https:\/\/www.xaviergranet.com\/en\/projet-video-photo\/photographe-evenementiel-institutionnel\/","title":{"rendered":"Institutional event"},"content":{"rendered":"\n<style type=\"text\/css\" data-created_by=\"avia_inline_auto\" id=\"style-css-av-ofwuq-e20bacce345b3308f02b97c9292eaba5\">\n.avia-section.av-ofwuq-e20bacce345b3308f02b97c9292eaba5{\nbackground-color:#000000;\nbackground:linear-gradient( to top, #000000, #000000, #697e99 );\n}\n.avia-section.av-ofwuq-e20bacce345b3308f02b97c9292eaba5 .av-section-color-overlay{\nopacity:0.4;\nbackground-color:#000000;\n}\n<\/style>\n<div id='av_section_1'  class='avia-section av-ofwuq-e20bacce345b3308f02b97c9292eaba5 alternate_color avia-section-default avia-no-border-styling  avia-builder-el-0  el_before_av_postcontent  avia-builder-el-first  avia-bg-style-scroll av-section-color-overlay-active av-minimum-height av-minimum-height-100 av-height-100  container_wrap fullsize'   data-av_minimum_height_pc='100' data-av_min_height_opt='100'><div class=\"av-section-color-overlay-wrap\"><div class=\"av-section-color-overlay\"><\/div><div class='container av-section-cont-open' ><main  role=\"main\" itemprop=\"mainContentOfPage\"  class='template-page content  av-content-full alpha units'><div class='post-entry post-entry-type-page post-entry-3411'><div class='entry-content-wrapper clearfix'>\n\n<style type=\"text\/css\" data-created_by=\"avia_inline_auto\" id=\"style-css-av-emosy-b0cd7ac44bd2438297b98274a2dfbbae\">\n.flex_column.av-emosy-b0cd7ac44bd2438297b98274a2dfbbae{\nwidth:32.333333333333%;\n}\n<\/style>\n<div  class='flex_column av-emosy-b0cd7ac44bd2438297b98274a2dfbbae av_one_third  avia-builder-el-1  el_before_av_two_third  avia-builder-el-first  first av-break-at-tablet flex_column_div  '     ><style type=\"text\/css\" data-created_by=\"avia_inline_auto\" id=\"style-css-av-n479e-aa9f376b921d370ba5d5ef6c5b32762b\">\n#top .av-special-heading.av-n479e-aa9f376b921d370ba5d5ef6c5b32762b{\npadding-bottom:10px;\ncolor:#ffffff;\n}\nbody .av-special-heading.av-n479e-aa9f376b921d370ba5d5ef6c5b32762b .av-special-heading-tag .heading-char{\nfont-size:25px;\n}\n.av-special-heading.av-n479e-aa9f376b921d370ba5d5ef6c5b32762b .special-heading-inner-border{\nborder-color:#ffffff;\n}\n.av-special-heading.av-n479e-aa9f376b921d370ba5d5ef6c5b32762b .av-subheading{\nfont-size:15px;\n}\n<\/style>\n<div  class='av-special-heading av-n479e-aa9f376b921d370ba5d5ef6c5b32762b av-special-heading-h1 custom-color-heading blockquote modern-quote  avia-builder-el-2  avia-builder-el-no-sibling '><div class='av_custom_color av-subheading av-subheading_above'><p>\u00c9v\u00e9nementiel<\/p>\n<\/div><h1 class='av-special-heading-tag '  itemprop=\"headline\"  >Ev\u00e9nement international, rencontre d\u2019\u00e9tat<\/h1><div class=\"special-heading-border\"><div class=\"special-heading-inner-border\"><\/div><\/div><\/div><\/div>\n<style type=\"text\/css\" data-created_by=\"avia_inline_auto\" id=\"style-css-av-a7xiy-93373ba05616880abf0574c2d2d8e570\">\n.flex_column.av-a7xiy-93373ba05616880abf0574c2d2d8e570{\nwidth:66.166666666667%;\nmargin-left:1.5%;\n}\n<\/style>\n<div  class='flex_column av-a7xiy-93373ba05616880abf0574c2d2d8e570 av_two_third  avia-builder-el-3  el_after_av_one_third  el_before_av_masonry_gallery  avia-builder-el-last  av-break-at-tablet flex_column_div  '     ><style type=\"text\/css\" data-created_by=\"avia_inline_auto\" id=\"style-css-av-f7oz6-659ad0cfcb6a638614f0854096296eeb\">\n#top .av_textblock_section.av-f7oz6-659ad0cfcb6a638614f0854096296eeb .avia_textblock{\ncolor:#ffffff;\n}\n<\/style>\n<section  class='av_textblock_section av-f7oz6-659ad0cfcb6a638614f0854096296eeb '   itemscope=\"itemscope\" itemtype=\"https:\/\/schema.org\/CreativeWork\" ><div class='avia_textblock av_inherit_color'  itemprop=\"text\" ><p>Reportage \u00e9v\u00e9nementiel lors de la conf\u00e9rence annuelle du Forum de Boao pour l&rsquo;Asie organis\u00e9es par Cavendish Group et qui se sont d\u00e9roul\u00e9es au minist\u00e8re de l&rsquo;\u00e9conomie et des finances \u00e0 Paris. Une rencontre au sommet entre les repr\u00e9sentants des gouvernements et les principaux acteurs \u00e9conomiques Sino Europ\u00e9ennes. Des interventions en pl\u00e9ni\u00e8re suivies de d\u00e9bats ainsi que des signatures de divers accords ont \u00e9t\u00e9 immortalis\u00e9s sur les deux jours de reportage.<\/p>\n<\/div><\/section><\/div><div id='av-masonry-1' class='av-masonry av-8iptm-b618e96928ff549a9ba9e96f384ff13b noHover av-flex-size av-large-gap av-hover-overlay- av-masonry-animation- av-masonry-col-2 av-caption-always av-caption-style- av-masonry-gallery ' data-post_id=\"3411\"><div class=\"av-masonry-container isotope av-js-disabled\"><div class='av-masonry-entry isotope-item av-masonry-item-no-image '><\/div><a href=\"https:\/\/www.xaviergranet.com\/wp-content\/uploads\/2024\/01\/photographe-evenementiel-amphitheatre-1030x686.jpg\" data-srcset=\"https:\/\/www.xaviergranet.com\/wp-content\/uploads\/2024\/01\/photographe-evenementiel-amphitheatre-1030x686.jpg 1030w, https:\/\/www.xaviergranet.com\/wp-content\/uploads\/2024\/01\/photographe-evenementiel-amphitheatre-300x200.jpg 300w, https:\/\/www.xaviergranet.com\/wp-content\/uploads\/2024\/01\/photographe-evenementiel-amphitheatre-768x512.jpg 768w, https:\/\/www.xaviergranet.com\/wp-content\/uploads\/2024\/01\/photographe-evenementiel-amphitheatre-1536x1024.jpg 1536w, https:\/\/www.xaviergranet.com\/wp-content\/uploads\/2024\/01\/photographe-evenementiel-amphitheatre-1500x1000.jpg 1500w, https:\/\/www.xaviergranet.com\/wp-content\/uploads\/2024\/01\/photographe-evenementiel-amphitheatre-705x470.jpg 705w, https:\/\/www.xaviergranet.com\/wp-content\/uploads\/2024\/01\/photographe-evenementiel-amphitheatre-80x53.jpg 80w, https:\/\/www.xaviergranet.com\/wp-content\/uploads\/2024\/01\/photographe-evenementiel-amphitheatre-1260x840.jpg 1260w, https:\/\/www.xaviergranet.com\/wp-content\/uploads\/2024\/01\/photographe-evenementiel-amphitheatre-630x420.jpg 630w, https:\/\/www.xaviergranet.com\/wp-content\/uploads\/2024\/01\/photographe-evenementiel-amphitheatre.jpg 2000w\" data-sizes=\"(max-width: 1030px) 100vw, 1030px\"  aria-label=\"image Photographe \u00e9v\u00e9nementiel forum BAO\"  id='av-masonry-1-item-3416' data-av-masonry-item='3416' class='av-masonry-entry isotope-item post-3416 attachment type-attachment status-inherit hentry  av-masonry-item-with-image' title=\"\" alt=\"Photographe \u00e9v\u00e9nementiel forum BAO\"    itemprop=\"thumbnailUrl\" ><div class='av-inner-masonry-sizer'><\/div><figure class='av-inner-masonry main_color'><div class=\"av-masonry-outerimage-container\"><div class='av-masonry-image-container'  ><img decoding=\"async\" width=\"1536\" height=\"1024\" fetchpriority=\"high\" class=\"wp-image-3416 avia-img-lazy-loading-not-3416\"  src=\"https:\/\/www.xaviergranet.com\/wp-content\/uploads\/2024\/01\/photographe-evenementiel-amphitheatre-1536x1024.jpg\" title=\"\" alt=\"Photographe \u00e9v\u00e9nementiel forum BAO\" srcset=\"https:\/\/www.xaviergranet.com\/wp-content\/uploads\/2024\/01\/photographe-evenementiel-amphitheatre-1536x1024.jpg 1536w, https:\/\/www.xaviergranet.com\/wp-content\/uploads\/2024\/01\/photographe-evenementiel-amphitheatre-300x200.jpg 300w, https:\/\/www.xaviergranet.com\/wp-content\/uploads\/2024\/01\/photographe-evenementiel-amphitheatre-1030x686.jpg 1030w, https:\/\/www.xaviergranet.com\/wp-content\/uploads\/2024\/01\/photographe-evenementiel-amphitheatre-768x512.jpg 768w, https:\/\/www.xaviergranet.com\/wp-content\/uploads\/2024\/01\/photographe-evenementiel-amphitheatre-1500x1000.jpg 1500w, https:\/\/www.xaviergranet.com\/wp-content\/uploads\/2024\/01\/photographe-evenementiel-amphitheatre-705x470.jpg 705w, https:\/\/www.xaviergranet.com\/wp-content\/uploads\/2024\/01\/photographe-evenementiel-amphitheatre-80x53.jpg 80w, https:\/\/www.xaviergranet.com\/wp-content\/uploads\/2024\/01\/photographe-evenementiel-amphitheatre-1260x840.jpg 1260w, https:\/\/www.xaviergranet.com\/wp-content\/uploads\/2024\/01\/photographe-evenementiel-amphitheatre-630x420.jpg 630w, https:\/\/www.xaviergranet.com\/wp-content\/uploads\/2024\/01\/photographe-evenementiel-amphitheatre.jpg 2000w\" sizes=\"(max-width: 1536px) 100vw, 1536px\" \/><\/div><\/div><\/figure><\/a><!--end av-masonry entry--><a href=\"https:\/\/www.xaviergranet.com\/wp-content\/uploads\/2024\/01\/photographe-evenement-institutionnel-1030x686.jpg\" data-srcset=\"https:\/\/www.xaviergranet.com\/wp-content\/uploads\/2024\/01\/photographe-evenement-institutionnel-1030x686.jpg 1030w, https:\/\/www.xaviergranet.com\/wp-content\/uploads\/2024\/01\/photographe-evenement-institutionnel-300x200.jpg 300w, https:\/\/www.xaviergranet.com\/wp-content\/uploads\/2024\/01\/photographe-evenement-institutionnel-768x512.jpg 768w, https:\/\/www.xaviergranet.com\/wp-content\/uploads\/2024\/01\/photographe-evenement-institutionnel-1536x1024.jpg 1536w, https:\/\/www.xaviergranet.com\/wp-content\/uploads\/2024\/01\/photographe-evenement-institutionnel-1500x1000.jpg 1500w, https:\/\/www.xaviergranet.com\/wp-content\/uploads\/2024\/01\/photographe-evenement-institutionnel-705x470.jpg 705w, https:\/\/www.xaviergranet.com\/wp-content\/uploads\/2024\/01\/photographe-evenement-institutionnel-80x53.jpg 80w, https:\/\/www.xaviergranet.com\/wp-content\/uploads\/2024\/01\/photographe-evenement-institutionnel-1260x840.jpg 1260w, https:\/\/www.xaviergranet.com\/wp-content\/uploads\/2024\/01\/photographe-evenement-institutionnel-630x420.jpg 630w, https:\/\/www.xaviergranet.com\/wp-content\/uploads\/2024\/01\/photographe-evenement-institutionnel.jpg 2000w\" data-sizes=\"(max-width: 1030px) 100vw, 1030px\"  aria-label=\"image Un reportage avec la photo d&rsquo;un \u00e9change entre repr\u00e9sentants du gouvernement\"  id='av-masonry-1-item-3412' data-av-masonry-item='3412' class='av-masonry-entry isotope-item post-3412 attachment type-attachment status-inherit hentry  av-masonry-item-with-image' title=\"\" alt=\"Un reportage avec la photo d&#039;un \u00e9change entre repr\u00e9sentants du gouvernement\"    itemprop=\"thumbnailUrl\" ><div class='av-inner-masonry-sizer'><\/div><figure class='av-inner-masonry main_color'><div class=\"av-masonry-outerimage-container\"><div class='av-masonry-image-container'  ><img decoding=\"async\" width=\"1536\" height=\"1024\" fetchpriority=\"high\" class=\"wp-image-3412 avia-img-lazy-loading-not-3412\"  src=\"https:\/\/www.xaviergranet.com\/wp-content\/uploads\/2024\/01\/photographe-evenement-institutionnel-1536x1024.jpg\" title=\"\" alt=\"Un reportage avec la photo d&#039;un \u00e9change entre repr\u00e9sentants du gouvernement\" srcset=\"https:\/\/www.xaviergranet.com\/wp-content\/uploads\/2024\/01\/photographe-evenement-institutionnel-1536x1024.jpg 1536w, https:\/\/www.xaviergranet.com\/wp-content\/uploads\/2024\/01\/photographe-evenement-institutionnel-300x200.jpg 300w, https:\/\/www.xaviergranet.com\/wp-content\/uploads\/2024\/01\/photographe-evenement-institutionnel-1030x686.jpg 1030w, https:\/\/www.xaviergranet.com\/wp-content\/uploads\/2024\/01\/photographe-evenement-institutionnel-768x512.jpg 768w, https:\/\/www.xaviergranet.com\/wp-content\/uploads\/2024\/01\/photographe-evenement-institutionnel-1500x1000.jpg 1500w, https:\/\/www.xaviergranet.com\/wp-content\/uploads\/2024\/01\/photographe-evenement-institutionnel-705x470.jpg 705w, https:\/\/www.xaviergranet.com\/wp-content\/uploads\/2024\/01\/photographe-evenement-institutionnel-80x53.jpg 80w, https:\/\/www.xaviergranet.com\/wp-content\/uploads\/2024\/01\/photographe-evenement-institutionnel-1260x840.jpg 1260w, https:\/\/www.xaviergranet.com\/wp-content\/uploads\/2024\/01\/photographe-evenement-institutionnel-630x420.jpg 630w, https:\/\/www.xaviergranet.com\/wp-content\/uploads\/2024\/01\/photographe-evenement-institutionnel.jpg 2000w\" sizes=\"(max-width: 1536px) 100vw, 1536px\" \/><\/div><\/div><\/figure><\/a><!--end av-masonry entry--><a href=\"https:\/\/www.xaviergranet.com\/wp-content\/uploads\/2024\/01\/photographe-evenementiel-1-1030x686.jpg\" data-srcset=\"https:\/\/www.xaviergranet.com\/wp-content\/uploads\/2024\/01\/photographe-evenementiel-1-1030x686.jpg 1030w, https:\/\/www.xaviergranet.com\/wp-content\/uploads\/2024\/01\/photographe-evenementiel-1-300x200.jpg 300w, https:\/\/www.xaviergranet.com\/wp-content\/uploads\/2024\/01\/photographe-evenementiel-1-768x512.jpg 768w, https:\/\/www.xaviergranet.com\/wp-content\/uploads\/2024\/01\/photographe-evenementiel-1-1536x1024.jpg 1536w, https:\/\/www.xaviergranet.com\/wp-content\/uploads\/2024\/01\/photographe-evenementiel-1-1500x1000.jpg 1500w, https:\/\/www.xaviergranet.com\/wp-content\/uploads\/2024\/01\/photographe-evenementiel-1-705x470.jpg 705w, https:\/\/www.xaviergranet.com\/wp-content\/uploads\/2024\/01\/photographe-evenementiel-1-80x53.jpg 80w, https:\/\/www.xaviergranet.com\/wp-content\/uploads\/2024\/01\/photographe-evenementiel-1-1260x840.jpg 1260w, https:\/\/www.xaviergranet.com\/wp-content\/uploads\/2024\/01\/photographe-evenementiel-1-630x420.jpg 630w, https:\/\/www.xaviergranet.com\/wp-content\/uploads\/2024\/01\/photographe-evenementiel-1.jpg 2000w\" data-sizes=\"(max-width: 1030px) 100vw, 1030px\"  aria-label=\"image Illustration photo d\u00e9crivant la concentration des participants sur l&rsquo;\u00e9v\u00e9nement\"  id='av-masonry-1-item-3413' data-av-masonry-item='3413' class='av-masonry-entry isotope-item post-3413 attachment type-attachment status-inherit hentry  av-masonry-item-with-image' title=\"\" alt=\"Illustration photo d\u00e9crivant la concentration des participants sur l&#039;\u00e9v\u00e9nement\"    itemprop=\"thumbnailUrl\" ><div class='av-inner-masonry-sizer'><\/div><figure class='av-inner-masonry main_color'><div class=\"av-masonry-outerimage-container\"><div class='av-masonry-image-container'  ><img decoding=\"async\" width=\"1536\" height=\"1024\" fetchpriority=\"high\" class=\"wp-image-3413 avia-img-lazy-loading-not-3413\"  src=\"https:\/\/www.xaviergranet.com\/wp-content\/uploads\/2024\/01\/photographe-evenementiel-1-1536x1024.jpg\" title=\"\" alt=\"Illustration photo d\u00e9crivant la concentration des participants sur l&#039;\u00e9v\u00e9nement\" srcset=\"https:\/\/www.xaviergranet.com\/wp-content\/uploads\/2024\/01\/photographe-evenementiel-1-1536x1024.jpg 1536w, https:\/\/www.xaviergranet.com\/wp-content\/uploads\/2024\/01\/photographe-evenementiel-1-300x200.jpg 300w, https:\/\/www.xaviergranet.com\/wp-content\/uploads\/2024\/01\/photographe-evenementiel-1-1030x686.jpg 1030w, https:\/\/www.xaviergranet.com\/wp-content\/uploads\/2024\/01\/photographe-evenementiel-1-768x512.jpg 768w, https:\/\/www.xaviergranet.com\/wp-content\/uploads\/2024\/01\/photographe-evenementiel-1-1500x1000.jpg 1500w, https:\/\/www.xaviergranet.com\/wp-content\/uploads\/2024\/01\/photographe-evenementiel-1-705x470.jpg 705w, https:\/\/www.xaviergranet.com\/wp-content\/uploads\/2024\/01\/photographe-evenementiel-1-80x53.jpg 80w, https:\/\/www.xaviergranet.com\/wp-content\/uploads\/2024\/01\/photographe-evenementiel-1-1260x840.jpg 1260w, https:\/\/www.xaviergranet.com\/wp-content\/uploads\/2024\/01\/photographe-evenementiel-1-630x420.jpg 630w, https:\/\/www.xaviergranet.com\/wp-content\/uploads\/2024\/01\/photographe-evenementiel-1.jpg 2000w\" sizes=\"(max-width: 1536px) 100vw, 1536px\" \/><\/div><\/div><\/figure><\/a><!--end av-masonry entry--><a href=\"https:\/\/www.xaviergranet.com\/wp-content\/uploads\/2024\/01\/photographe-evenementiel-allocution-ceo-1030x686.jpg\" data-srcset=\"https:\/\/www.xaviergranet.com\/wp-content\/uploads\/2024\/01\/photographe-evenementiel-allocution-ceo-1030x686.jpg 1030w, https:\/\/www.xaviergranet.com\/wp-content\/uploads\/2024\/01\/photographe-evenementiel-allocution-ceo-300x200.jpg 300w, https:\/\/www.xaviergranet.com\/wp-content\/uploads\/2024\/01\/photographe-evenementiel-allocution-ceo-768x512.jpg 768w, https:\/\/www.xaviergranet.com\/wp-content\/uploads\/2024\/01\/photographe-evenementiel-allocution-ceo-1536x1024.jpg 1536w, https:\/\/www.xaviergranet.com\/wp-content\/uploads\/2024\/01\/photographe-evenementiel-allocution-ceo-1500x1000.jpg 1500w, https:\/\/www.xaviergranet.com\/wp-content\/uploads\/2024\/01\/photographe-evenementiel-allocution-ceo-705x470.jpg 705w, https:\/\/www.xaviergranet.com\/wp-content\/uploads\/2024\/01\/photographe-evenementiel-allocution-ceo-80x53.jpg 80w, https:\/\/www.xaviergranet.com\/wp-content\/uploads\/2024\/01\/photographe-evenementiel-allocution-ceo-1260x840.jpg 1260w, https:\/\/www.xaviergranet.com\/wp-content\/uploads\/2024\/01\/photographe-evenementiel-allocution-ceo-630x420.jpg 630w, https:\/\/www.xaviergranet.com\/wp-content\/uploads\/2024\/01\/photographe-evenementiel-allocution-ceo.jpg 2000w\" data-sizes=\"(max-width: 1030px) 100vw, 1030px\"  aria-label=\"image Photo sur l&rsquo;intervention d&rsquo;un chef d&rsquo;entreprise\"  id='av-masonry-1-item-3414' data-av-masonry-item='3414' class='av-masonry-entry isotope-item post-3414 attachment type-attachment status-inherit hentry  av-masonry-item-with-image' title=\"\" alt=\"Photo sur l&#039;intervention d&#039;un chef d&#039;entreprise\"    itemprop=\"thumbnailUrl\" ><div class='av-inner-masonry-sizer'><\/div><figure class='av-inner-masonry main_color'><div class=\"av-masonry-outerimage-container\"><div class='av-masonry-image-container'  ><img decoding=\"async\" width=\"1536\" height=\"1024\" fetchpriority=\"high\" class=\"wp-image-3414 avia-img-lazy-loading-not-3414\"  src=\"https:\/\/www.xaviergranet.com\/wp-content\/uploads\/2024\/01\/photographe-evenementiel-allocution-ceo-1536x1024.jpg\" title=\"\" alt=\"Photo sur l&#039;intervention d&#039;un chef d&#039;entreprise\" srcset=\"https:\/\/www.xaviergranet.com\/wp-content\/uploads\/2024\/01\/photographe-evenementiel-allocution-ceo-1536x1024.jpg 1536w, https:\/\/www.xaviergranet.com\/wp-content\/uploads\/2024\/01\/photographe-evenementiel-allocution-ceo-300x200.jpg 300w, https:\/\/www.xaviergranet.com\/wp-content\/uploads\/2024\/01\/photographe-evenementiel-allocution-ceo-1030x686.jpg 1030w, https:\/\/www.xaviergranet.com\/wp-content\/uploads\/2024\/01\/photographe-evenementiel-allocution-ceo-768x512.jpg 768w, https:\/\/www.xaviergranet.com\/wp-content\/uploads\/2024\/01\/photographe-evenementiel-allocution-ceo-1500x1000.jpg 1500w, https:\/\/www.xaviergranet.com\/wp-content\/uploads\/2024\/01\/photographe-evenementiel-allocution-ceo-705x470.jpg 705w, https:\/\/www.xaviergranet.com\/wp-content\/uploads\/2024\/01\/photographe-evenementiel-allocution-ceo-80x53.jpg 80w, https:\/\/www.xaviergranet.com\/wp-content\/uploads\/2024\/01\/photographe-evenementiel-allocution-ceo-1260x840.jpg 1260w, https:\/\/www.xaviergranet.com\/wp-content\/uploads\/2024\/01\/photographe-evenementiel-allocution-ceo-630x420.jpg 630w, https:\/\/www.xaviergranet.com\/wp-content\/uploads\/2024\/01\/photographe-evenementiel-allocution-ceo.jpg 2000w\" sizes=\"(max-width: 1536px) 100vw, 1536px\" \/><\/div><\/div><\/figure><\/a><!--end av-masonry entry--><a href=\"https:\/\/www.xaviergranet.com\/wp-content\/uploads\/2024\/01\/photographe-evenementiel-allocution-1030x686.jpg\" data-srcset=\"https:\/\/www.xaviergranet.com\/wp-content\/uploads\/2024\/01\/photographe-evenementiel-allocution-1030x686.jpg 1030w, https:\/\/www.xaviergranet.com\/wp-content\/uploads\/2024\/01\/photographe-evenementiel-allocution-300x200.jpg 300w, https:\/\/www.xaviergranet.com\/wp-content\/uploads\/2024\/01\/photographe-evenementiel-allocution-768x512.jpg 768w, https:\/\/www.xaviergranet.com\/wp-content\/uploads\/2024\/01\/photographe-evenementiel-allocution-1536x1024.jpg 1536w, https:\/\/www.xaviergranet.com\/wp-content\/uploads\/2024\/01\/photographe-evenementiel-allocution-1500x1000.jpg 1500w, https:\/\/www.xaviergranet.com\/wp-content\/uploads\/2024\/01\/photographe-evenementiel-allocution-705x470.jpg 705w, https:\/\/www.xaviergranet.com\/wp-content\/uploads\/2024\/01\/photographe-evenementiel-allocution-80x53.jpg 80w, https:\/\/www.xaviergranet.com\/wp-content\/uploads\/2024\/01\/photographe-evenementiel-allocution-1260x840.jpg 1260w, https:\/\/www.xaviergranet.com\/wp-content\/uploads\/2024\/01\/photographe-evenementiel-allocution-630x420.jpg 630w, https:\/\/www.xaviergranet.com\/wp-content\/uploads\/2024\/01\/photographe-evenementiel-allocution.jpg 2000w\" data-sizes=\"(max-width: 1030px) 100vw, 1030px\"  aria-label=\"image Photo d&rsquo;un repr\u00e9sentant d&rsquo;une entreprise participant \u00e0 une table ronde\"  id='av-masonry-1-item-3415' data-av-masonry-item='3415' class='av-masonry-entry isotope-item post-3415 attachment type-attachment status-inherit hentry  av-masonry-item-with-image' title=\"\" alt=\"Photo d&#039;un repr\u00e9sentant d&#039;une entreprise participant \u00e0 une table ronde\"    itemprop=\"thumbnailUrl\" ><div class='av-inner-masonry-sizer'><\/div><figure class='av-inner-masonry main_color'><div class=\"av-masonry-outerimage-container\"><div class='av-masonry-image-container'  ><img decoding=\"async\" width=\"1536\" height=\"1024\" fetchpriority=\"high\" class=\"wp-image-3415 avia-img-lazy-loading-not-3415\"  src=\"https:\/\/www.xaviergranet.com\/wp-content\/uploads\/2024\/01\/photographe-evenementiel-allocution-1536x1024.jpg\" title=\"\" alt=\"Photo d&#039;un repr\u00e9sentant d&#039;une entreprise participant \u00e0 une table ronde\" srcset=\"https:\/\/www.xaviergranet.com\/wp-content\/uploads\/2024\/01\/photographe-evenementiel-allocution-1536x1024.jpg 1536w, https:\/\/www.xaviergranet.com\/wp-content\/uploads\/2024\/01\/photographe-evenementiel-allocution-300x200.jpg 300w, https:\/\/www.xaviergranet.com\/wp-content\/uploads\/2024\/01\/photographe-evenementiel-allocution-1030x686.jpg 1030w, https:\/\/www.xaviergranet.com\/wp-content\/uploads\/2024\/01\/photographe-evenementiel-allocution-768x512.jpg 768w, https:\/\/www.xaviergranet.com\/wp-content\/uploads\/2024\/01\/photographe-evenementiel-allocution-1500x1000.jpg 1500w, https:\/\/www.xaviergranet.com\/wp-content\/uploads\/2024\/01\/photographe-evenementiel-allocution-705x470.jpg 705w, https:\/\/www.xaviergranet.com\/wp-content\/uploads\/2024\/01\/photographe-evenementiel-allocution-80x53.jpg 80w, https:\/\/www.xaviergranet.com\/wp-content\/uploads\/2024\/01\/photographe-evenementiel-allocution-1260x840.jpg 1260w, https:\/\/www.xaviergranet.com\/wp-content\/uploads\/2024\/01\/photographe-evenementiel-allocution-630x420.jpg 630w, https:\/\/www.xaviergranet.com\/wp-content\/uploads\/2024\/01\/photographe-evenementiel-allocution.jpg 2000w\" sizes=\"(max-width: 1536px) 100vw, 1536px\" \/><\/div><\/div><\/figure><\/a><!--end av-masonry entry--><a href=\"https:\/\/www.xaviergranet.com\/wp-content\/uploads\/2024\/01\/photographe-evenementiel-audience-1030x686.jpg\" data-srcset=\"https:\/\/www.xaviergranet.com\/wp-content\/uploads\/2024\/01\/photographe-evenementiel-audience-1030x686.jpg 1030w, https:\/\/www.xaviergranet.com\/wp-content\/uploads\/2024\/01\/photographe-evenementiel-audience-300x200.jpg 300w, https:\/\/www.xaviergranet.com\/wp-content\/uploads\/2024\/01\/photographe-evenementiel-audience-768x512.jpg 768w, https:\/\/www.xaviergranet.com\/wp-content\/uploads\/2024\/01\/photographe-evenementiel-audience-1536x1024.jpg 1536w, https:\/\/www.xaviergranet.com\/wp-content\/uploads\/2024\/01\/photographe-evenementiel-audience-1500x1000.jpg 1500w, https:\/\/www.xaviergranet.com\/wp-content\/uploads\/2024\/01\/photographe-evenementiel-audience-705x470.jpg 705w, https:\/\/www.xaviergranet.com\/wp-content\/uploads\/2024\/01\/photographe-evenementiel-audience-80x53.jpg 80w, https:\/\/www.xaviergranet.com\/wp-content\/uploads\/2024\/01\/photographe-evenementiel-audience-1260x840.jpg 1260w, https:\/\/www.xaviergranet.com\/wp-content\/uploads\/2024\/01\/photographe-evenementiel-audience-630x420.jpg 630w, https:\/\/www.xaviergranet.com\/wp-content\/uploads\/2024\/01\/photographe-evenementiel-audience.jpg 2000w\" data-sizes=\"(max-width: 1030px) 100vw, 1030px\"  aria-label=\"image Illustration d&rsquo;un reportage photo sur un \u00e9v\u00e9nement institutionnel\"  id='av-masonry-1-item-3417' data-av-masonry-item='3417' class='av-masonry-entry isotope-item post-3417 attachment type-attachment status-inherit hentry  av-masonry-item-with-image' title=\"\" alt=\"Illustration d&#039;un reportage photo sur un \u00e9v\u00e9nement institutionnel\"    itemprop=\"thumbnailUrl\" ><div class='av-inner-masonry-sizer'><\/div><figure class='av-inner-masonry main_color'><div class=\"av-masonry-outerimage-container\"><div class='av-masonry-image-container'  ><img decoding=\"async\" width=\"1536\" height=\"1024\" fetchpriority=\"high\" class=\"wp-image-3417 avia-img-lazy-loading-not-3417\"  src=\"https:\/\/www.xaviergranet.com\/wp-content\/uploads\/2024\/01\/photographe-evenementiel-audience-1536x1024.jpg\" title=\"\" alt=\"Illustration d&#039;un reportage photo sur un \u00e9v\u00e9nement institutionnel\" srcset=\"https:\/\/www.xaviergranet.com\/wp-content\/uploads\/2024\/01\/photographe-evenementiel-audience-1536x1024.jpg 1536w, https:\/\/www.xaviergranet.com\/wp-content\/uploads\/2024\/01\/photographe-evenementiel-audience-300x200.jpg 300w, https:\/\/www.xaviergranet.com\/wp-content\/uploads\/2024\/01\/photographe-evenementiel-audience-1030x686.jpg 1030w, https:\/\/www.xaviergranet.com\/wp-content\/uploads\/2024\/01\/photographe-evenementiel-audience-768x512.jpg 768w, https:\/\/www.xaviergranet.com\/wp-content\/uploads\/2024\/01\/photographe-evenementiel-audience-1500x1000.jpg 1500w, https:\/\/www.xaviergranet.com\/wp-content\/uploads\/2024\/01\/photographe-evenementiel-audience-705x470.jpg 705w, https:\/\/www.xaviergranet.com\/wp-content\/uploads\/2024\/01\/photographe-evenementiel-audience-80x53.jpg 80w, https:\/\/www.xaviergranet.com\/wp-content\/uploads\/2024\/01\/photographe-evenementiel-audience-1260x840.jpg 1260w, https:\/\/www.xaviergranet.com\/wp-content\/uploads\/2024\/01\/photographe-evenementiel-audience-630x420.jpg 630w, https:\/\/www.xaviergranet.com\/wp-content\/uploads\/2024\/01\/photographe-evenementiel-audience.jpg 2000w\" sizes=\"(max-width: 1536px) 100vw, 1536px\" \/><\/div><\/div><\/figure><\/a><!--end av-masonry entry--><a href=\"https:\/\/www.xaviergranet.com\/wp-content\/uploads\/2024\/01\/photographe-evenementiel-business-1030x686.jpg\" data-srcset=\"https:\/\/www.xaviergranet.com\/wp-content\/uploads\/2024\/01\/photographe-evenementiel-business-1030x686.jpg 1030w, https:\/\/www.xaviergranet.com\/wp-content\/uploads\/2024\/01\/photographe-evenementiel-business-300x200.jpg 300w, https:\/\/www.xaviergranet.com\/wp-content\/uploads\/2024\/01\/photographe-evenementiel-business-768x512.jpg 768w, https:\/\/www.xaviergranet.com\/wp-content\/uploads\/2024\/01\/photographe-evenementiel-business-1536x1024.jpg 1536w, https:\/\/www.xaviergranet.com\/wp-content\/uploads\/2024\/01\/photographe-evenementiel-business-1500x1000.jpg 1500w, https:\/\/www.xaviergranet.com\/wp-content\/uploads\/2024\/01\/photographe-evenementiel-business-705x470.jpg 705w, https:\/\/www.xaviergranet.com\/wp-content\/uploads\/2024\/01\/photographe-evenementiel-business-80x53.jpg 80w, https:\/\/www.xaviergranet.com\/wp-content\/uploads\/2024\/01\/photographe-evenementiel-business-1260x840.jpg 1260w, https:\/\/www.xaviergranet.com\/wp-content\/uploads\/2024\/01\/photographe-evenementiel-business-630x420.jpg 630w, https:\/\/www.xaviergranet.com\/wp-content\/uploads\/2024\/01\/photographe-evenementiel-business.jpg 2000w\" data-sizes=\"(max-width: 1030px) 100vw, 1030px\"  aria-label=\"image Reportage photo sur les \u00e9changes entre les participants\"  id='av-masonry-1-item-3418' data-av-masonry-item='3418' class='av-masonry-entry isotope-item post-3418 attachment type-attachment status-inherit hentry  av-masonry-item-with-image' title=\"\" alt=\"Reportage photo sur les \u00e9changes entre les participants\"    itemprop=\"thumbnailUrl\" ><div class='av-inner-masonry-sizer'><\/div><figure class='av-inner-masonry main_color'><div class=\"av-masonry-outerimage-container\"><div class='av-masonry-image-container'  ><img decoding=\"async\" width=\"1536\" height=\"1024\" fetchpriority=\"high\" class=\"wp-image-3418 avia-img-lazy-loading-not-3418\"  src=\"https:\/\/www.xaviergranet.com\/wp-content\/uploads\/2024\/01\/photographe-evenementiel-business-1536x1024.jpg\" title=\"\" alt=\"Reportage photo sur les \u00e9changes entre les participants\" srcset=\"https:\/\/www.xaviergranet.com\/wp-content\/uploads\/2024\/01\/photographe-evenementiel-business-1536x1024.jpg 1536w, https:\/\/www.xaviergranet.com\/wp-content\/uploads\/2024\/01\/photographe-evenementiel-business-300x200.jpg 300w, https:\/\/www.xaviergranet.com\/wp-content\/uploads\/2024\/01\/photographe-evenementiel-business-1030x686.jpg 1030w, https:\/\/www.xaviergranet.com\/wp-content\/uploads\/2024\/01\/photographe-evenementiel-business-768x512.jpg 768w, https:\/\/www.xaviergranet.com\/wp-content\/uploads\/2024\/01\/photographe-evenementiel-business-1500x1000.jpg 1500w, https:\/\/www.xaviergranet.com\/wp-content\/uploads\/2024\/01\/photographe-evenementiel-business-705x470.jpg 705w, https:\/\/www.xaviergranet.com\/wp-content\/uploads\/2024\/01\/photographe-evenementiel-business-80x53.jpg 80w, https:\/\/www.xaviergranet.com\/wp-content\/uploads\/2024\/01\/photographe-evenementiel-business-1260x840.jpg 1260w, https:\/\/www.xaviergranet.com\/wp-content\/uploads\/2024\/01\/photographe-evenementiel-business-630x420.jpg 630w, https:\/\/www.xaviergranet.com\/wp-content\/uploads\/2024\/01\/photographe-evenementiel-business.jpg 2000w\" sizes=\"(max-width: 1536px) 100vw, 1536px\" \/><\/div><\/div><\/figure><\/a><!--end av-masonry entry--><a href=\"https:\/\/www.xaviergranet.com\/wp-content\/uploads\/2024\/01\/photographe-evenementiel-chef-etat-1030x686.jpg\" data-srcset=\"https:\/\/www.xaviergranet.com\/wp-content\/uploads\/2024\/01\/photographe-evenementiel-chef-etat-1030x686.jpg 1030w, https:\/\/www.xaviergranet.com\/wp-content\/uploads\/2024\/01\/photographe-evenementiel-chef-etat-300x200.jpg 300w, https:\/\/www.xaviergranet.com\/wp-content\/uploads\/2024\/01\/photographe-evenementiel-chef-etat-768x512.jpg 768w, https:\/\/www.xaviergranet.com\/wp-content\/uploads\/2024\/01\/photographe-evenementiel-chef-etat-1536x1024.jpg 1536w, https:\/\/www.xaviergranet.com\/wp-content\/uploads\/2024\/01\/photographe-evenementiel-chef-etat-1500x1000.jpg 1500w, https:\/\/www.xaviergranet.com\/wp-content\/uploads\/2024\/01\/photographe-evenementiel-chef-etat-705x470.jpg 705w, https:\/\/www.xaviergranet.com\/wp-content\/uploads\/2024\/01\/photographe-evenementiel-chef-etat-80x53.jpg 80w, https:\/\/www.xaviergranet.com\/wp-content\/uploads\/2024\/01\/photographe-evenementiel-chef-etat-1260x840.jpg 1260w, https:\/\/www.xaviergranet.com\/wp-content\/uploads\/2024\/01\/photographe-evenementiel-chef-etat-630x420.jpg 630w, https:\/\/www.xaviergranet.com\/wp-content\/uploads\/2024\/01\/photographe-evenementiel-chef-etat.jpg 2000w\" data-sizes=\"(max-width: 1030px) 100vw, 1030px\"  aria-label=\"image S\u00e9ance de travail illustr\u00e9e par une photo corporate\"  id='av-masonry-1-item-3419' data-av-masonry-item='3419' class='av-masonry-entry isotope-item post-3419 attachment type-attachment status-inherit hentry  av-masonry-item-with-image' title=\"\" alt=\"S\u00e9ance de travail illustr\u00e9e par une photo corporate\"    itemprop=\"thumbnailUrl\" ><div class='av-inner-masonry-sizer'><\/div><figure class='av-inner-masonry main_color'><div class=\"av-masonry-outerimage-container\"><div class='av-masonry-image-container'  ><img decoding=\"async\" width=\"1536\" height=\"1024\" fetchpriority=\"high\" class=\"wp-image-3419 avia-img-lazy-loading-not-3419\"  src=\"https:\/\/www.xaviergranet.com\/wp-content\/uploads\/2024\/01\/photographe-evenementiel-chef-etat-1536x1024.jpg\" title=\"\" alt=\"S\u00e9ance de travail illustr\u00e9e par une photo corporate\" srcset=\"https:\/\/www.xaviergranet.com\/wp-content\/uploads\/2024\/01\/photographe-evenementiel-chef-etat-1536x1024.jpg 1536w, https:\/\/www.xaviergranet.com\/wp-content\/uploads\/2024\/01\/photographe-evenementiel-chef-etat-300x200.jpg 300w, https:\/\/www.xaviergranet.com\/wp-content\/uploads\/2024\/01\/photographe-evenementiel-chef-etat-1030x686.jpg 1030w, https:\/\/www.xaviergranet.com\/wp-content\/uploads\/2024\/01\/photographe-evenementiel-chef-etat-768x512.jpg 768w, https:\/\/www.xaviergranet.com\/wp-content\/uploads\/2024\/01\/photographe-evenementiel-chef-etat-1500x1000.jpg 1500w, https:\/\/www.xaviergranet.com\/wp-content\/uploads\/2024\/01\/photographe-evenementiel-chef-etat-705x470.jpg 705w, https:\/\/www.xaviergranet.com\/wp-content\/uploads\/2024\/01\/photographe-evenementiel-chef-etat-80x53.jpg 80w, https:\/\/www.xaviergranet.com\/wp-content\/uploads\/2024\/01\/photographe-evenementiel-chef-etat-1260x840.jpg 1260w, https:\/\/www.xaviergranet.com\/wp-content\/uploads\/2024\/01\/photographe-evenementiel-chef-etat-630x420.jpg 630w, https:\/\/www.xaviergranet.com\/wp-content\/uploads\/2024\/01\/photographe-evenementiel-chef-etat.jpg 2000w\" sizes=\"(max-width: 1536px) 100vw, 1536px\" \/><\/div><\/div><\/figure><\/a><!--end av-masonry entry--><a href=\"https:\/\/www.xaviergranet.com\/wp-content\/uploads\/2024\/01\/photographe-evenementiel-discours-responsable-1030x686.jpg\" data-srcset=\"https:\/\/www.xaviergranet.com\/wp-content\/uploads\/2024\/01\/photographe-evenementiel-discours-responsable-1030x686.jpg 1030w, https:\/\/www.xaviergranet.com\/wp-content\/uploads\/2024\/01\/photographe-evenementiel-discours-responsable-300x200.jpg 300w, https:\/\/www.xaviergranet.com\/wp-content\/uploads\/2024\/01\/photographe-evenementiel-discours-responsable-768x512.jpg 768w, https:\/\/www.xaviergranet.com\/wp-content\/uploads\/2024\/01\/photographe-evenementiel-discours-responsable-1536x1024.jpg 1536w, https:\/\/www.xaviergranet.com\/wp-content\/uploads\/2024\/01\/photographe-evenementiel-discours-responsable-1500x1000.jpg 1500w, https:\/\/www.xaviergranet.com\/wp-content\/uploads\/2024\/01\/photographe-evenementiel-discours-responsable-705x470.jpg 705w, https:\/\/www.xaviergranet.com\/wp-content\/uploads\/2024\/01\/photographe-evenementiel-discours-responsable-80x53.jpg 80w, https:\/\/www.xaviergranet.com\/wp-content\/uploads\/2024\/01\/photographe-evenementiel-discours-responsable-1260x840.jpg 1260w, https:\/\/www.xaviergranet.com\/wp-content\/uploads\/2024\/01\/photographe-evenementiel-discours-responsable-630x420.jpg 630w, https:\/\/www.xaviergranet.com\/wp-content\/uploads\/2024\/01\/photographe-evenementiel-discours-responsable.jpg 2000w\" data-sizes=\"(max-width: 1030px) 100vw, 1030px\"  aria-label=\"image Photo reportage lors du discours de cl\u00f4ture de la rencontre\"  id='av-masonry-1-item-3420' data-av-masonry-item='3420' class='av-masonry-entry isotope-item post-3420 attachment type-attachment status-inherit hentry  av-masonry-item-with-image' title=\"\" alt=\"Photo reportage lors du discours de cl\u00f4ture de la rencontre\"    itemprop=\"thumbnailUrl\" ><div class='av-inner-masonry-sizer'><\/div><figure class='av-inner-masonry main_color'><div class=\"av-masonry-outerimage-container\"><div class='av-masonry-image-container'  ><img decoding=\"async\" width=\"1536\" height=\"1024\" fetchpriority=\"high\" class=\"wp-image-3420 avia-img-lazy-loading-not-3420\"  src=\"https:\/\/www.xaviergranet.com\/wp-content\/uploads\/2024\/01\/photographe-evenementiel-discours-responsable-1536x1024.jpg\" title=\"\" alt=\"Photo reportage lors du discours de cl\u00f4ture de la rencontre\" srcset=\"https:\/\/www.xaviergranet.com\/wp-content\/uploads\/2024\/01\/photographe-evenementiel-discours-responsable-1536x1024.jpg 1536w, https:\/\/www.xaviergranet.com\/wp-content\/uploads\/2024\/01\/photographe-evenementiel-discours-responsable-300x200.jpg 300w, https:\/\/www.xaviergranet.com\/wp-content\/uploads\/2024\/01\/photographe-evenementiel-discours-responsable-1030x686.jpg 1030w, https:\/\/www.xaviergranet.com\/wp-content\/uploads\/2024\/01\/photographe-evenementiel-discours-responsable-768x512.jpg 768w, https:\/\/www.xaviergranet.com\/wp-content\/uploads\/2024\/01\/photographe-evenementiel-discours-responsable-1500x1000.jpg 1500w, https:\/\/www.xaviergranet.com\/wp-content\/uploads\/2024\/01\/photographe-evenementiel-discours-responsable-705x470.jpg 705w, https:\/\/www.xaviergranet.com\/wp-content\/uploads\/2024\/01\/photographe-evenementiel-discours-responsable-80x53.jpg 80w, https:\/\/www.xaviergranet.com\/wp-content\/uploads\/2024\/01\/photographe-evenementiel-discours-responsable-1260x840.jpg 1260w, https:\/\/www.xaviergranet.com\/wp-content\/uploads\/2024\/01\/photographe-evenementiel-discours-responsable-630x420.jpg 630w, https:\/\/www.xaviergranet.com\/wp-content\/uploads\/2024\/01\/photographe-evenementiel-discours-responsable.jpg 2000w\" sizes=\"(max-width: 1536px) 100vw, 1536px\" \/><\/div><\/div><\/figure><\/a><!--end av-masonry entry--><a href=\"https:\/\/www.xaviergranet.com\/wp-content\/uploads\/2024\/01\/photographe-evenementiel-institutionnel-1030x686.jpg\" data-srcset=\"https:\/\/www.xaviergranet.com\/wp-content\/uploads\/2024\/01\/photographe-evenementiel-institutionnel-1030x686.jpg 1030w, https:\/\/www.xaviergranet.com\/wp-content\/uploads\/2024\/01\/photographe-evenementiel-institutionnel-300x200.jpg 300w, https:\/\/www.xaviergranet.com\/wp-content\/uploads\/2024\/01\/photographe-evenementiel-institutionnel-768x512.jpg 768w, https:\/\/www.xaviergranet.com\/wp-content\/uploads\/2024\/01\/photographe-evenementiel-institutionnel-1536x1024.jpg 1536w, https:\/\/www.xaviergranet.com\/wp-content\/uploads\/2024\/01\/photographe-evenementiel-institutionnel-1500x1000.jpg 1500w, https:\/\/www.xaviergranet.com\/wp-content\/uploads\/2024\/01\/photographe-evenementiel-institutionnel-705x470.jpg 705w, https:\/\/www.xaviergranet.com\/wp-content\/uploads\/2024\/01\/photographe-evenementiel-institutionnel-80x53.jpg 80w, https:\/\/www.xaviergranet.com\/wp-content\/uploads\/2024\/01\/photographe-evenementiel-institutionnel-1260x840.jpg 1260w, https:\/\/www.xaviergranet.com\/wp-content\/uploads\/2024\/01\/photographe-evenementiel-institutionnel-630x420.jpg 630w, https:\/\/www.xaviergranet.com\/wp-content\/uploads\/2024\/01\/photographe-evenementiel-institutionnel.jpg 2000w\" data-sizes=\"(max-width: 1030px) 100vw, 1030px\"  aria-label=\"image Illustration photo sur les accords d&rsquo;\u00e9changes entre les entreprises internationales\"  id='av-masonry-1-item-3421' data-av-masonry-item='3421' class='av-masonry-entry isotope-item post-3421 attachment type-attachment status-inherit hentry  av-masonry-item-with-image' title=\"\" alt=\"Illustration photo sur les accords d&#039;\u00e9changes entre les entreprises internationales\"    itemprop=\"thumbnailUrl\" ><div class='av-inner-masonry-sizer'><\/div><figure class='av-inner-masonry main_color'><div class=\"av-masonry-outerimage-container\"><div class='av-masonry-image-container'  ><img decoding=\"async\" width=\"1536\" height=\"1024\" fetchpriority=\"high\" class=\"wp-image-3421 avia-img-lazy-loading-not-3421\"  src=\"https:\/\/www.xaviergranet.com\/wp-content\/uploads\/2024\/01\/photographe-evenementiel-institutionnel-1536x1024.jpg\" title=\"\" alt=\"Illustration photo sur les accords d&#039;\u00e9changes entre les entreprises internationales\" srcset=\"https:\/\/www.xaviergranet.com\/wp-content\/uploads\/2024\/01\/photographe-evenementiel-institutionnel-1536x1024.jpg 1536w, https:\/\/www.xaviergranet.com\/wp-content\/uploads\/2024\/01\/photographe-evenementiel-institutionnel-300x200.jpg 300w, https:\/\/www.xaviergranet.com\/wp-content\/uploads\/2024\/01\/photographe-evenementiel-institutionnel-1030x686.jpg 1030w, https:\/\/www.xaviergranet.com\/wp-content\/uploads\/2024\/01\/photographe-evenementiel-institutionnel-768x512.jpg 768w, https:\/\/www.xaviergranet.com\/wp-content\/uploads\/2024\/01\/photographe-evenementiel-institutionnel-1500x1000.jpg 1500w, https:\/\/www.xaviergranet.com\/wp-content\/uploads\/2024\/01\/photographe-evenementiel-institutionnel-705x470.jpg 705w, https:\/\/www.xaviergranet.com\/wp-content\/uploads\/2024\/01\/photographe-evenementiel-institutionnel-80x53.jpg 80w, https:\/\/www.xaviergranet.com\/wp-content\/uploads\/2024\/01\/photographe-evenementiel-institutionnel-1260x840.jpg 1260w, https:\/\/www.xaviergranet.com\/wp-content\/uploads\/2024\/01\/photographe-evenementiel-institutionnel-630x420.jpg 630w, https:\/\/www.xaviergranet.com\/wp-content\/uploads\/2024\/01\/photographe-evenementiel-institutionnel.jpg 2000w\" sizes=\"(max-width: 1536px) 100vw, 1536px\" \/><\/div><\/div><\/figure><\/a><!--end av-masonry entry--><a href=\"https:\/\/www.xaviergranet.com\/wp-content\/uploads\/2024\/01\/photographe-evenementiel-intervention-pleiniere-1030x686.jpg\" data-srcset=\"https:\/\/www.xaviergranet.com\/wp-content\/uploads\/2024\/01\/photographe-evenementiel-intervention-pleiniere-1030x686.jpg 1030w, https:\/\/www.xaviergranet.com\/wp-content\/uploads\/2024\/01\/photographe-evenementiel-intervention-pleiniere-300x200.jpg 300w, https:\/\/www.xaviergranet.com\/wp-content\/uploads\/2024\/01\/photographe-evenementiel-intervention-pleiniere-768x512.jpg 768w, https:\/\/www.xaviergranet.com\/wp-content\/uploads\/2024\/01\/photographe-evenementiel-intervention-pleiniere-1536x1024.jpg 1536w, https:\/\/www.xaviergranet.com\/wp-content\/uploads\/2024\/01\/photographe-evenementiel-intervention-pleiniere-1500x1000.jpg 1500w, https:\/\/www.xaviergranet.com\/wp-content\/uploads\/2024\/01\/photographe-evenementiel-intervention-pleiniere-705x470.jpg 705w, https:\/\/www.xaviergranet.com\/wp-content\/uploads\/2024\/01\/photographe-evenementiel-intervention-pleiniere-80x53.jpg 80w, https:\/\/www.xaviergranet.com\/wp-content\/uploads\/2024\/01\/photographe-evenementiel-intervention-pleiniere-1260x840.jpg 1260w, https:\/\/www.xaviergranet.com\/wp-content\/uploads\/2024\/01\/photographe-evenementiel-intervention-pleiniere-630x420.jpg 630w, https:\/\/www.xaviergranet.com\/wp-content\/uploads\/2024\/01\/photographe-evenementiel-intervention-pleiniere.jpg 2000w\" data-sizes=\"(max-width: 1030px) 100vw, 1030px\"  aria-label=\"image Reportage photo sur un \u00e9v\u00e9nement de port\u00e9e international\"  id='av-masonry-1-item-3422' data-av-masonry-item='3422' class='av-masonry-entry isotope-item post-3422 attachment type-attachment status-inherit hentry  av-masonry-item-with-image' title=\"\" alt=\"Reportage photo sur un \u00e9v\u00e9nement de port\u00e9e international\"    itemprop=\"thumbnailUrl\" ><div class='av-inner-masonry-sizer'><\/div><figure class='av-inner-masonry main_color'><div class=\"av-masonry-outerimage-container\"><div class='av-masonry-image-container'  ><img decoding=\"async\" width=\"1536\" height=\"1024\" fetchpriority=\"high\" class=\"wp-image-3422 avia-img-lazy-loading-not-3422\"  src=\"https:\/\/www.xaviergranet.com\/wp-content\/uploads\/2024\/01\/photographe-evenementiel-intervention-pleiniere-1536x1024.jpg\" title=\"\" alt=\"Reportage photo sur un \u00e9v\u00e9nement de port\u00e9e international\" srcset=\"https:\/\/www.xaviergranet.com\/wp-content\/uploads\/2024\/01\/photographe-evenementiel-intervention-pleiniere-1536x1024.jpg 1536w, https:\/\/www.xaviergranet.com\/wp-content\/uploads\/2024\/01\/photographe-evenementiel-intervention-pleiniere-300x200.jpg 300w, https:\/\/www.xaviergranet.com\/wp-content\/uploads\/2024\/01\/photographe-evenementiel-intervention-pleiniere-1030x686.jpg 1030w, https:\/\/www.xaviergranet.com\/wp-content\/uploads\/2024\/01\/photographe-evenementiel-intervention-pleiniere-768x512.jpg 768w, https:\/\/www.xaviergranet.com\/wp-content\/uploads\/2024\/01\/photographe-evenementiel-intervention-pleiniere-1500x1000.jpg 1500w, https:\/\/www.xaviergranet.com\/wp-content\/uploads\/2024\/01\/photographe-evenementiel-intervention-pleiniere-705x470.jpg 705w, https:\/\/www.xaviergranet.com\/wp-content\/uploads\/2024\/01\/photographe-evenementiel-intervention-pleiniere-80x53.jpg 80w, https:\/\/www.xaviergranet.com\/wp-content\/uploads\/2024\/01\/photographe-evenementiel-intervention-pleiniere-1260x840.jpg 1260w, https:\/\/www.xaviergranet.com\/wp-content\/uploads\/2024\/01\/photographe-evenementiel-intervention-pleiniere-630x420.jpg 630w, https:\/\/www.xaviergranet.com\/wp-content\/uploads\/2024\/01\/photographe-evenementiel-intervention-pleiniere.jpg 2000w\" sizes=\"(max-width: 1536px) 100vw, 1536px\" \/><\/div><\/div><\/figure><\/a><!--end av-masonry entry--><a href=\"https:\/\/www.xaviergranet.com\/wp-content\/uploads\/2024\/01\/photographe-evenementiel-interview-1030x686.jpg\" data-srcset=\"https:\/\/www.xaviergranet.com\/wp-content\/uploads\/2024\/01\/photographe-evenementiel-interview-1030x686.jpg 1030w, https:\/\/www.xaviergranet.com\/wp-content\/uploads\/2024\/01\/photographe-evenementiel-interview-300x200.jpg 300w, https:\/\/www.xaviergranet.com\/wp-content\/uploads\/2024\/01\/photographe-evenementiel-interview-768x512.jpg 768w, https:\/\/www.xaviergranet.com\/wp-content\/uploads\/2024\/01\/photographe-evenementiel-interview-1536x1024.jpg 1536w, https:\/\/www.xaviergranet.com\/wp-content\/uploads\/2024\/01\/photographe-evenementiel-interview-1500x1000.jpg 1500w, https:\/\/www.xaviergranet.com\/wp-content\/uploads\/2024\/01\/photographe-evenementiel-interview-705x470.jpg 705w, https:\/\/www.xaviergranet.com\/wp-content\/uploads\/2024\/01\/photographe-evenementiel-interview-80x53.jpg 80w, https:\/\/www.xaviergranet.com\/wp-content\/uploads\/2024\/01\/photographe-evenementiel-interview-1260x840.jpg 1260w, https:\/\/www.xaviergranet.com\/wp-content\/uploads\/2024\/01\/photographe-evenementiel-interview-630x420.jpg 630w, https:\/\/www.xaviergranet.com\/wp-content\/uploads\/2024\/01\/photographe-evenementiel-interview.jpg 2000w\" data-sizes=\"(max-width: 1030px) 100vw, 1030px\"  aria-label=\"image Reportage photo et interview en direct\"  id='av-masonry-1-item-3423' data-av-masonry-item='3423' class='av-masonry-entry isotope-item post-3423 attachment type-attachment status-inherit hentry  av-masonry-item-with-image' title=\"\" alt=\"Reportage photo et interview en direct\"    itemprop=\"thumbnailUrl\" ><div class='av-inner-masonry-sizer'><\/div><figure class='av-inner-masonry main_color'><div class=\"av-masonry-outerimage-container\"><div class='av-masonry-image-container'  ><img decoding=\"async\" width=\"1536\" height=\"1024\" fetchpriority=\"high\" class=\"wp-image-3423 avia-img-lazy-loading-not-3423\"  src=\"https:\/\/www.xaviergranet.com\/wp-content\/uploads\/2024\/01\/photographe-evenementiel-interview-1536x1024.jpg\" title=\"\" alt=\"Reportage photo et interview en direct\" srcset=\"https:\/\/www.xaviergranet.com\/wp-content\/uploads\/2024\/01\/photographe-evenementiel-interview-1536x1024.jpg 1536w, https:\/\/www.xaviergranet.com\/wp-content\/uploads\/2024\/01\/photographe-evenementiel-interview-300x200.jpg 300w, https:\/\/www.xaviergranet.com\/wp-content\/uploads\/2024\/01\/photographe-evenementiel-interview-1030x686.jpg 1030w, https:\/\/www.xaviergranet.com\/wp-content\/uploads\/2024\/01\/photographe-evenementiel-interview-768x512.jpg 768w, https:\/\/www.xaviergranet.com\/wp-content\/uploads\/2024\/01\/photographe-evenementiel-interview-1500x1000.jpg 1500w, https:\/\/www.xaviergranet.com\/wp-content\/uploads\/2024\/01\/photographe-evenementiel-interview-705x470.jpg 705w, https:\/\/www.xaviergranet.com\/wp-content\/uploads\/2024\/01\/photographe-evenementiel-interview-80x53.jpg 80w, https:\/\/www.xaviergranet.com\/wp-content\/uploads\/2024\/01\/photographe-evenementiel-interview-1260x840.jpg 1260w, https:\/\/www.xaviergranet.com\/wp-content\/uploads\/2024\/01\/photographe-evenementiel-interview-630x420.jpg 630w, https:\/\/www.xaviergranet.com\/wp-content\/uploads\/2024\/01\/photographe-evenementiel-interview.jpg 2000w\" sizes=\"(max-width: 1536px) 100vw, 1536px\" \/><\/div><\/div><\/figure><\/a><!--end av-masonry entry--><a href=\"https:\/\/www.xaviergranet.com\/wp-content\/uploads\/2024\/01\/photographe-evenementiel-ministere-1030x686.jpg\" data-srcset=\"https:\/\/www.xaviergranet.com\/wp-content\/uploads\/2024\/01\/photographe-evenementiel-ministere-1030x686.jpg 1030w, https:\/\/www.xaviergranet.com\/wp-content\/uploads\/2024\/01\/photographe-evenementiel-ministere-300x200.jpg 300w, https:\/\/www.xaviergranet.com\/wp-content\/uploads\/2024\/01\/photographe-evenementiel-ministere-768x512.jpg 768w, https:\/\/www.xaviergranet.com\/wp-content\/uploads\/2024\/01\/photographe-evenementiel-ministere-1536x1024.jpg 1536w, https:\/\/www.xaviergranet.com\/wp-content\/uploads\/2024\/01\/photographe-evenementiel-ministere-1500x1000.jpg 1500w, https:\/\/www.xaviergranet.com\/wp-content\/uploads\/2024\/01\/photographe-evenementiel-ministere-705x470.jpg 705w, https:\/\/www.xaviergranet.com\/wp-content\/uploads\/2024\/01\/photographe-evenementiel-ministere-80x53.jpg 80w, https:\/\/www.xaviergranet.com\/wp-content\/uploads\/2024\/01\/photographe-evenementiel-ministere-1260x840.jpg 1260w, https:\/\/www.xaviergranet.com\/wp-content\/uploads\/2024\/01\/photographe-evenementiel-ministere-630x420.jpg 630w, https:\/\/www.xaviergranet.com\/wp-content\/uploads\/2024\/01\/photographe-evenementiel-ministere.jpg 2000w\" data-sizes=\"(max-width: 1030px) 100vw, 1030px\"  aria-label=\"image Une photo de l&rsquo;ensemble de l&rsquo;h\u00e9micycle\"  id='av-masonry-1-item-3424' data-av-masonry-item='3424' class='av-masonry-entry isotope-item post-3424 attachment type-attachment status-inherit hentry  av-masonry-item-with-image' title=\"\" alt=\"Une photo de l&#039;ensemble de l&#039;h\u00e9micycle\"    itemprop=\"thumbnailUrl\" ><div class='av-inner-masonry-sizer'><\/div><figure class='av-inner-masonry main_color'><div class=\"av-masonry-outerimage-container\"><div class='av-masonry-image-container'  ><img decoding=\"async\" width=\"1536\" height=\"1024\" fetchpriority=\"high\" class=\"wp-image-3424 avia-img-lazy-loading-not-3424\"  src=\"https:\/\/www.xaviergranet.com\/wp-content\/uploads\/2024\/01\/photographe-evenementiel-ministere-1536x1024.jpg\" title=\"\" alt=\"Une photo de l&#039;ensemble de l&#039;h\u00e9micycle\" srcset=\"https:\/\/www.xaviergranet.com\/wp-content\/uploads\/2024\/01\/photographe-evenementiel-ministere-1536x1024.jpg 1536w, https:\/\/www.xaviergranet.com\/wp-content\/uploads\/2024\/01\/photographe-evenementiel-ministere-300x200.jpg 300w, https:\/\/www.xaviergranet.com\/wp-content\/uploads\/2024\/01\/photographe-evenementiel-ministere-1030x686.jpg 1030w, https:\/\/www.xaviergranet.com\/wp-content\/uploads\/2024\/01\/photographe-evenementiel-ministere-768x512.jpg 768w, https:\/\/www.xaviergranet.com\/wp-content\/uploads\/2024\/01\/photographe-evenementiel-ministere-1500x1000.jpg 1500w, https:\/\/www.xaviergranet.com\/wp-content\/uploads\/2024\/01\/photographe-evenementiel-ministere-705x470.jpg 705w, https:\/\/www.xaviergranet.com\/wp-content\/uploads\/2024\/01\/photographe-evenementiel-ministere-80x53.jpg 80w, https:\/\/www.xaviergranet.com\/wp-content\/uploads\/2024\/01\/photographe-evenementiel-ministere-1260x840.jpg 1260w, https:\/\/www.xaviergranet.com\/wp-content\/uploads\/2024\/01\/photographe-evenementiel-ministere-630x420.jpg 630w, https:\/\/www.xaviergranet.com\/wp-content\/uploads\/2024\/01\/photographe-evenementiel-ministere.jpg 2000w\" sizes=\"(max-width: 1536px) 100vw, 1536px\" \/><\/div><\/div><\/figure><\/a><!--end av-masonry entry--><a href=\"https:\/\/www.xaviergranet.com\/wp-content\/uploads\/2024\/01\/photographe-evenementiel-ministre-1030x686.jpg\" data-srcset=\"https:\/\/www.xaviergranet.com\/wp-content\/uploads\/2024\/01\/photographe-evenementiel-ministre-1030x686.jpg 1030w, https:\/\/www.xaviergranet.com\/wp-content\/uploads\/2024\/01\/photographe-evenementiel-ministre-300x200.jpg 300w, https:\/\/www.xaviergranet.com\/wp-content\/uploads\/2024\/01\/photographe-evenementiel-ministre-768x512.jpg 768w, https:\/\/www.xaviergranet.com\/wp-content\/uploads\/2024\/01\/photographe-evenementiel-ministre-1536x1024.jpg 1536w, https:\/\/www.xaviergranet.com\/wp-content\/uploads\/2024\/01\/photographe-evenementiel-ministre-1500x1000.jpg 1500w, https:\/\/www.xaviergranet.com\/wp-content\/uploads\/2024\/01\/photographe-evenementiel-ministre-705x470.jpg 705w, https:\/\/www.xaviergranet.com\/wp-content\/uploads\/2024\/01\/photographe-evenementiel-ministre-80x53.jpg 80w, https:\/\/www.xaviergranet.com\/wp-content\/uploads\/2024\/01\/photographe-evenementiel-ministre-1260x840.jpg 1260w, https:\/\/www.xaviergranet.com\/wp-content\/uploads\/2024\/01\/photographe-evenementiel-ministre-630x420.jpg 630w, https:\/\/www.xaviergranet.com\/wp-content\/uploads\/2024\/01\/photographe-evenementiel-ministre.jpg 2000w\" data-sizes=\"(max-width: 1030px) 100vw, 1030px\"  aria-label=\"image La photo portrait du ministre r\u00e9alis\u00e9 pendant l&rsquo;\u00e9v\u00e9nement\"  id='av-masonry-1-item-3425' data-av-masonry-item='3425' class='av-masonry-entry isotope-item post-3425 attachment type-attachment status-inherit hentry  av-masonry-item-with-image' title=\"\" alt=\"La photo portrait du ministre r\u00e9alis\u00e9 pendant l&#039;\u00e9v\u00e9nement\"    itemprop=\"thumbnailUrl\" ><div class='av-inner-masonry-sizer'><\/div><figure class='av-inner-masonry main_color'><div class=\"av-masonry-outerimage-container\"><div class='av-masonry-image-container'  ><img decoding=\"async\" width=\"1536\" height=\"1024\" fetchpriority=\"high\" class=\"wp-image-3425 avia-img-lazy-loading-not-3425\"  src=\"https:\/\/www.xaviergranet.com\/wp-content\/uploads\/2024\/01\/photographe-evenementiel-ministre-1536x1024.jpg\" title=\"\" alt=\"La photo portrait du ministre r\u00e9alis\u00e9 pendant l&#039;\u00e9v\u00e9nement\" srcset=\"https:\/\/www.xaviergranet.com\/wp-content\/uploads\/2024\/01\/photographe-evenementiel-ministre-1536x1024.jpg 1536w, https:\/\/www.xaviergranet.com\/wp-content\/uploads\/2024\/01\/photographe-evenementiel-ministre-300x200.jpg 300w, https:\/\/www.xaviergranet.com\/wp-content\/uploads\/2024\/01\/photographe-evenementiel-ministre-1030x686.jpg 1030w, https:\/\/www.xaviergranet.com\/wp-content\/uploads\/2024\/01\/photographe-evenementiel-ministre-768x512.jpg 768w, https:\/\/www.xaviergranet.com\/wp-content\/uploads\/2024\/01\/photographe-evenementiel-ministre-1500x1000.jpg 1500w, https:\/\/www.xaviergranet.com\/wp-content\/uploads\/2024\/01\/photographe-evenementiel-ministre-705x470.jpg 705w, https:\/\/www.xaviergranet.com\/wp-content\/uploads\/2024\/01\/photographe-evenementiel-ministre-80x53.jpg 80w, https:\/\/www.xaviergranet.com\/wp-content\/uploads\/2024\/01\/photographe-evenementiel-ministre-1260x840.jpg 1260w, https:\/\/www.xaviergranet.com\/wp-content\/uploads\/2024\/01\/photographe-evenementiel-ministre-630x420.jpg 630w, https:\/\/www.xaviergranet.com\/wp-content\/uploads\/2024\/01\/photographe-evenementiel-ministre.jpg 2000w\" sizes=\"(max-width: 1536px) 100vw, 1536px\" \/><\/div><\/div><\/figure><\/a><!--end av-masonry entry--><a href=\"https:\/\/www.xaviergranet.com\/wp-content\/uploads\/2024\/01\/photographe-evenementiel-organisation-gouvernement-1030x686.jpg\" data-srcset=\"https:\/\/www.xaviergranet.com\/wp-content\/uploads\/2024\/01\/photographe-evenementiel-organisation-gouvernement-1030x686.jpg 1030w, https:\/\/www.xaviergranet.com\/wp-content\/uploads\/2024\/01\/photographe-evenementiel-organisation-gouvernement-300x200.jpg 300w, https:\/\/www.xaviergranet.com\/wp-content\/uploads\/2024\/01\/photographe-evenementiel-organisation-gouvernement-768x512.jpg 768w, https:\/\/www.xaviergranet.com\/wp-content\/uploads\/2024\/01\/photographe-evenementiel-organisation-gouvernement-1536x1024.jpg 1536w, https:\/\/www.xaviergranet.com\/wp-content\/uploads\/2024\/01\/photographe-evenementiel-organisation-gouvernement-1500x1000.jpg 1500w, https:\/\/www.xaviergranet.com\/wp-content\/uploads\/2024\/01\/photographe-evenementiel-organisation-gouvernement-705x470.jpg 705w, https:\/\/www.xaviergranet.com\/wp-content\/uploads\/2024\/01\/photographe-evenementiel-organisation-gouvernement-80x53.jpg 80w, https:\/\/www.xaviergranet.com\/wp-content\/uploads\/2024\/01\/photographe-evenementiel-organisation-gouvernement-1260x840.jpg 1260w, https:\/\/www.xaviergranet.com\/wp-content\/uploads\/2024\/01\/photographe-evenementiel-organisation-gouvernement-630x420.jpg 630w, https:\/\/www.xaviergranet.com\/wp-content\/uploads\/2024\/01\/photographe-evenementiel-organisation-gouvernement.jpg 2000w\" data-sizes=\"(max-width: 1030px) 100vw, 1030px\"  aria-label=\"image Photographe \u00e9v\u00e9nementiel sur les rencontres internationales\"  id='av-masonry-1-item-3426' data-av-masonry-item='3426' class='av-masonry-entry isotope-item post-3426 attachment type-attachment status-inherit hentry  av-masonry-item-with-image' title=\"\" alt=\"Photographe \u00e9v\u00e9nementiel sur les rencontres internationales\"    itemprop=\"thumbnailUrl\" ><div class='av-inner-masonry-sizer'><\/div><figure class='av-inner-masonry main_color'><div class=\"av-masonry-outerimage-container\"><div class='av-masonry-image-container'  ><img decoding=\"async\" width=\"1536\" height=\"1024\" fetchpriority=\"high\" class=\"wp-image-3426 avia-img-lazy-loading-not-3426\"  src=\"https:\/\/www.xaviergranet.com\/wp-content\/uploads\/2024\/01\/photographe-evenementiel-organisation-gouvernement-1536x1024.jpg\" title=\"\" alt=\"Photographe \u00e9v\u00e9nementiel sur les rencontres internationales\" srcset=\"https:\/\/www.xaviergranet.com\/wp-content\/uploads\/2024\/01\/photographe-evenementiel-organisation-gouvernement-1536x1024.jpg 1536w, https:\/\/www.xaviergranet.com\/wp-content\/uploads\/2024\/01\/photographe-evenementiel-organisation-gouvernement-300x200.jpg 300w, https:\/\/www.xaviergranet.com\/wp-content\/uploads\/2024\/01\/photographe-evenementiel-organisation-gouvernement-1030x686.jpg 1030w, https:\/\/www.xaviergranet.com\/wp-content\/uploads\/2024\/01\/photographe-evenementiel-organisation-gouvernement-768x512.jpg 768w, https:\/\/www.xaviergranet.com\/wp-content\/uploads\/2024\/01\/photographe-evenementiel-organisation-gouvernement-1500x1000.jpg 1500w, https:\/\/www.xaviergranet.com\/wp-content\/uploads\/2024\/01\/photographe-evenementiel-organisation-gouvernement-705x470.jpg 705w, https:\/\/www.xaviergranet.com\/wp-content\/uploads\/2024\/01\/photographe-evenementiel-organisation-gouvernement-80x53.jpg 80w, https:\/\/www.xaviergranet.com\/wp-content\/uploads\/2024\/01\/photographe-evenementiel-organisation-gouvernement-1260x840.jpg 1260w, https:\/\/www.xaviergranet.com\/wp-content\/uploads\/2024\/01\/photographe-evenementiel-organisation-gouvernement-630x420.jpg 630w, https:\/\/www.xaviergranet.com\/wp-content\/uploads\/2024\/01\/photographe-evenementiel-organisation-gouvernement.jpg 2000w\" sizes=\"(max-width: 1536px) 100vw, 1536px\" \/><\/div><\/div><\/figure><\/a><!--end av-masonry entry--><a href=\"https:\/\/www.xaviergranet.com\/wp-content\/uploads\/2024\/01\/photographe-evenementiel-pourparler-1030x686.jpg\" data-srcset=\"https:\/\/www.xaviergranet.com\/wp-content\/uploads\/2024\/01\/photographe-evenementiel-pourparler-1030x686.jpg 1030w, https:\/\/www.xaviergranet.com\/wp-content\/uploads\/2024\/01\/photographe-evenementiel-pourparler-300x200.jpg 300w, https:\/\/www.xaviergranet.com\/wp-content\/uploads\/2024\/01\/photographe-evenementiel-pourparler-768x512.jpg 768w, https:\/\/www.xaviergranet.com\/wp-content\/uploads\/2024\/01\/photographe-evenementiel-pourparler-1536x1024.jpg 1536w, https:\/\/www.xaviergranet.com\/wp-content\/uploads\/2024\/01\/photographe-evenementiel-pourparler-1500x1000.jpg 1500w, https:\/\/www.xaviergranet.com\/wp-content\/uploads\/2024\/01\/photographe-evenementiel-pourparler-705x470.jpg 705w, https:\/\/www.xaviergranet.com\/wp-content\/uploads\/2024\/01\/photographe-evenementiel-pourparler-80x53.jpg 80w, https:\/\/www.xaviergranet.com\/wp-content\/uploads\/2024\/01\/photographe-evenementiel-pourparler-1260x840.jpg 1260w, https:\/\/www.xaviergranet.com\/wp-content\/uploads\/2024\/01\/photographe-evenementiel-pourparler-630x420.jpg 630w, https:\/\/www.xaviergranet.com\/wp-content\/uploads\/2024\/01\/photographe-evenementiel-pourparler.jpg 2000w\" data-sizes=\"(max-width: 1030px) 100vw, 1030px\"  aria-label=\"image Photo d&rsquo;un \u00e9change entre des repr\u00e9sentants de gouvernement\"  id='av-masonry-1-item-3427' data-av-masonry-item='3427' class='av-masonry-entry isotope-item post-3427 attachment type-attachment status-inherit hentry  av-masonry-item-with-image' title=\"\" alt=\"Photo d&#039;un \u00e9change entre des repr\u00e9sentants de gouvernement\"    itemprop=\"thumbnailUrl\" ><div class='av-inner-masonry-sizer'><\/div><figure class='av-inner-masonry main_color'><div class=\"av-masonry-outerimage-container\"><div class='av-masonry-image-container'  ><img decoding=\"async\" width=\"1536\" height=\"1024\" fetchpriority=\"high\" class=\"wp-image-3427 avia-img-lazy-loading-not-3427\"  src=\"https:\/\/www.xaviergranet.com\/wp-content\/uploads\/2024\/01\/photographe-evenementiel-pourparler-1536x1024.jpg\" title=\"\" alt=\"Photo d&#039;un \u00e9change entre des repr\u00e9sentants de gouvernement\" srcset=\"https:\/\/www.xaviergranet.com\/wp-content\/uploads\/2024\/01\/photographe-evenementiel-pourparler-1536x1024.jpg 1536w, https:\/\/www.xaviergranet.com\/wp-content\/uploads\/2024\/01\/photographe-evenementiel-pourparler-300x200.jpg 300w, https:\/\/www.xaviergranet.com\/wp-content\/uploads\/2024\/01\/photographe-evenementiel-pourparler-1030x686.jpg 1030w, https:\/\/www.xaviergranet.com\/wp-content\/uploads\/2024\/01\/photographe-evenementiel-pourparler-768x512.jpg 768w, https:\/\/www.xaviergranet.com\/wp-content\/uploads\/2024\/01\/photographe-evenementiel-pourparler-1500x1000.jpg 1500w, https:\/\/www.xaviergranet.com\/wp-content\/uploads\/2024\/01\/photographe-evenementiel-pourparler-705x470.jpg 705w, https:\/\/www.xaviergranet.com\/wp-content\/uploads\/2024\/01\/photographe-evenementiel-pourparler-80x53.jpg 80w, https:\/\/www.xaviergranet.com\/wp-content\/uploads\/2024\/01\/photographe-evenementiel-pourparler-1260x840.jpg 1260w, https:\/\/www.xaviergranet.com\/wp-content\/uploads\/2024\/01\/photographe-evenementiel-pourparler-630x420.jpg 630w, https:\/\/www.xaviergranet.com\/wp-content\/uploads\/2024\/01\/photographe-evenementiel-pourparler.jpg 2000w\" sizes=\"(max-width: 1536px) 100vw, 1536px\" \/><\/div><\/div><\/figure><\/a><!--end av-masonry entry--><a href=\"https:\/\/www.xaviergranet.com\/wp-content\/uploads\/2024\/01\/photographe-evenementiel-rencontre-au-sommet-1030x686.jpg\" data-srcset=\"https:\/\/www.xaviergranet.com\/wp-content\/uploads\/2024\/01\/photographe-evenementiel-rencontre-au-sommet-1030x686.jpg 1030w, https:\/\/www.xaviergranet.com\/wp-content\/uploads\/2024\/01\/photographe-evenementiel-rencontre-au-sommet-300x200.jpg 300w, https:\/\/www.xaviergranet.com\/wp-content\/uploads\/2024\/01\/photographe-evenementiel-rencontre-au-sommet-768x512.jpg 768w, https:\/\/www.xaviergranet.com\/wp-content\/uploads\/2024\/01\/photographe-evenementiel-rencontre-au-sommet-1536x1024.jpg 1536w, https:\/\/www.xaviergranet.com\/wp-content\/uploads\/2024\/01\/photographe-evenementiel-rencontre-au-sommet-1500x1000.jpg 1500w, https:\/\/www.xaviergranet.com\/wp-content\/uploads\/2024\/01\/photographe-evenementiel-rencontre-au-sommet-705x470.jpg 705w, https:\/\/www.xaviergranet.com\/wp-content\/uploads\/2024\/01\/photographe-evenementiel-rencontre-au-sommet-80x53.jpg 80w, https:\/\/www.xaviergranet.com\/wp-content\/uploads\/2024\/01\/photographe-evenementiel-rencontre-au-sommet-1260x840.jpg 1260w, https:\/\/www.xaviergranet.com\/wp-content\/uploads\/2024\/01\/photographe-evenementiel-rencontre-au-sommet-630x420.jpg 630w, https:\/\/www.xaviergranet.com\/wp-content\/uploads\/2024\/01\/photographe-evenementiel-rencontre-au-sommet.jpg 2000w\" data-sizes=\"(max-width: 1030px) 100vw, 1030px\"  aria-label=\"image Reportage photo en immersion sur un forum de dimension international\"  id='av-masonry-1-item-3428' data-av-masonry-item='3428' class='av-masonry-entry isotope-item post-3428 attachment type-attachment status-inherit hentry  av-masonry-item-with-image' title=\"\" alt=\"Reportage photo en immersion sur un forum de dimension international\"    itemprop=\"thumbnailUrl\" ><div class='av-inner-masonry-sizer'><\/div><figure class='av-inner-masonry main_color'><div class=\"av-masonry-outerimage-container\"><div class='av-masonry-image-container'  ><img decoding=\"async\" width=\"1536\" height=\"1024\" fetchpriority=\"high\" class=\"wp-image-3428 avia-img-lazy-loading-not-3428\"  src=\"https:\/\/www.xaviergranet.com\/wp-content\/uploads\/2024\/01\/photographe-evenementiel-rencontre-au-sommet-1536x1024.jpg\" title=\"\" alt=\"Reportage photo en immersion sur un forum de dimension international\" srcset=\"https:\/\/www.xaviergranet.com\/wp-content\/uploads\/2024\/01\/photographe-evenementiel-rencontre-au-sommet-1536x1024.jpg 1536w, https:\/\/www.xaviergranet.com\/wp-content\/uploads\/2024\/01\/photographe-evenementiel-rencontre-au-sommet-300x200.jpg 300w, https:\/\/www.xaviergranet.com\/wp-content\/uploads\/2024\/01\/photographe-evenementiel-rencontre-au-sommet-1030x686.jpg 1030w, https:\/\/www.xaviergranet.com\/wp-content\/uploads\/2024\/01\/photographe-evenementiel-rencontre-au-sommet-768x512.jpg 768w, https:\/\/www.xaviergranet.com\/wp-content\/uploads\/2024\/01\/photographe-evenementiel-rencontre-au-sommet-1500x1000.jpg 1500w, https:\/\/www.xaviergranet.com\/wp-content\/uploads\/2024\/01\/photographe-evenementiel-rencontre-au-sommet-705x470.jpg 705w, https:\/\/www.xaviergranet.com\/wp-content\/uploads\/2024\/01\/photographe-evenementiel-rencontre-au-sommet-80x53.jpg 80w, https:\/\/www.xaviergranet.com\/wp-content\/uploads\/2024\/01\/photographe-evenementiel-rencontre-au-sommet-1260x840.jpg 1260w, https:\/\/www.xaviergranet.com\/wp-content\/uploads\/2024\/01\/photographe-evenementiel-rencontre-au-sommet-630x420.jpg 630w, https:\/\/www.xaviergranet.com\/wp-content\/uploads\/2024\/01\/photographe-evenementiel-rencontre-au-sommet.jpg 2000w\" sizes=\"(max-width: 1536px) 100vw, 1536px\" \/><\/div><\/div><\/figure><\/a><!--end av-masonry entry--><a href=\"https:\/\/www.xaviergranet.com\/wp-content\/uploads\/2024\/01\/photographe-evenementiel-rencontre-entreprise-1-1030x686.jpg\" data-srcset=\"https:\/\/www.xaviergranet.com\/wp-content\/uploads\/2024\/01\/photographe-evenementiel-rencontre-entreprise-1-1030x686.jpg 1030w, https:\/\/www.xaviergranet.com\/wp-content\/uploads\/2024\/01\/photographe-evenementiel-rencontre-entreprise-1-300x200.jpg 300w, https:\/\/www.xaviergranet.com\/wp-content\/uploads\/2024\/01\/photographe-evenementiel-rencontre-entreprise-1-768x512.jpg 768w, https:\/\/www.xaviergranet.com\/wp-content\/uploads\/2024\/01\/photographe-evenementiel-rencontre-entreprise-1-1536x1024.jpg 1536w, https:\/\/www.xaviergranet.com\/wp-content\/uploads\/2024\/01\/photographe-evenementiel-rencontre-entreprise-1-1500x1000.jpg 1500w, https:\/\/www.xaviergranet.com\/wp-content\/uploads\/2024\/01\/photographe-evenementiel-rencontre-entreprise-1-705x470.jpg 705w, https:\/\/www.xaviergranet.com\/wp-content\/uploads\/2024\/01\/photographe-evenementiel-rencontre-entreprise-1-80x53.jpg 80w, https:\/\/www.xaviergranet.com\/wp-content\/uploads\/2024\/01\/photographe-evenementiel-rencontre-entreprise-1-1260x840.jpg 1260w, https:\/\/www.xaviergranet.com\/wp-content\/uploads\/2024\/01\/photographe-evenementiel-rencontre-entreprise-1-630x420.jpg 630w, https:\/\/www.xaviergranet.com\/wp-content\/uploads\/2024\/01\/photographe-evenementiel-rencontre-entreprise-1.jpg 2000w\" data-sizes=\"(max-width: 1030px) 100vw, 1030px\"  aria-label=\"image Reportage photo sur une conf\u00e9rences\"  id='av-masonry-1-item-3429' data-av-masonry-item='3429' class='av-masonry-entry isotope-item post-3429 attachment type-attachment status-inherit hentry  av-masonry-item-with-image' title=\"\" alt=\"Reportage photo sur une conf\u00e9rences\"    itemprop=\"thumbnailUrl\" ><div class='av-inner-masonry-sizer'><\/div><figure class='av-inner-masonry main_color'><div class=\"av-masonry-outerimage-container\"><div class='av-masonry-image-container'  ><img decoding=\"async\" width=\"1536\" height=\"1024\" fetchpriority=\"high\" class=\"wp-image-3429 avia-img-lazy-loading-not-3429\"  src=\"https:\/\/www.xaviergranet.com\/wp-content\/uploads\/2024\/01\/photographe-evenementiel-rencontre-entreprise-1-1536x1024.jpg\" title=\"\" alt=\"Reportage photo sur une conf\u00e9rences\" srcset=\"https:\/\/www.xaviergranet.com\/wp-content\/uploads\/2024\/01\/photographe-evenementiel-rencontre-entreprise-1-1536x1024.jpg 1536w, https:\/\/www.xaviergranet.com\/wp-content\/uploads\/2024\/01\/photographe-evenementiel-rencontre-entreprise-1-300x200.jpg 300w, https:\/\/www.xaviergranet.com\/wp-content\/uploads\/2024\/01\/photographe-evenementiel-rencontre-entreprise-1-1030x686.jpg 1030w, https:\/\/www.xaviergranet.com\/wp-content\/uploads\/2024\/01\/photographe-evenementiel-rencontre-entreprise-1-768x512.jpg 768w, https:\/\/www.xaviergranet.com\/wp-content\/uploads\/2024\/01\/photographe-evenementiel-rencontre-entreprise-1-1500x1000.jpg 1500w, https:\/\/www.xaviergranet.com\/wp-content\/uploads\/2024\/01\/photographe-evenementiel-rencontre-entreprise-1-705x470.jpg 705w, https:\/\/www.xaviergranet.com\/wp-content\/uploads\/2024\/01\/photographe-evenementiel-rencontre-entreprise-1-80x53.jpg 80w, https:\/\/www.xaviergranet.com\/wp-content\/uploads\/2024\/01\/photographe-evenementiel-rencontre-entreprise-1-1260x840.jpg 1260w, https:\/\/www.xaviergranet.com\/wp-content\/uploads\/2024\/01\/photographe-evenementiel-rencontre-entreprise-1-630x420.jpg 630w, https:\/\/www.xaviergranet.com\/wp-content\/uploads\/2024\/01\/photographe-evenementiel-rencontre-entreprise-1.jpg 2000w\" sizes=\"(max-width: 1536px) 100vw, 1536px\" \/><\/div><\/div><\/figure><\/a><!--end av-masonry entry--><a href=\"https:\/\/www.xaviergranet.com\/wp-content\/uploads\/2024\/01\/photographe-evenementiel-rencontre-inter-entreprise-1030x686.jpg\" data-srcset=\"https:\/\/www.xaviergranet.com\/wp-content\/uploads\/2024\/01\/photographe-evenementiel-rencontre-inter-entreprise-1030x686.jpg 1030w, https:\/\/www.xaviergranet.com\/wp-content\/uploads\/2024\/01\/photographe-evenementiel-rencontre-inter-entreprise-300x200.jpg 300w, https:\/\/www.xaviergranet.com\/wp-content\/uploads\/2024\/01\/photographe-evenementiel-rencontre-inter-entreprise-768x512.jpg 768w, https:\/\/www.xaviergranet.com\/wp-content\/uploads\/2024\/01\/photographe-evenementiel-rencontre-inter-entreprise-1536x1024.jpg 1536w, https:\/\/www.xaviergranet.com\/wp-content\/uploads\/2024\/01\/photographe-evenementiel-rencontre-inter-entreprise-1500x1000.jpg 1500w, https:\/\/www.xaviergranet.com\/wp-content\/uploads\/2024\/01\/photographe-evenementiel-rencontre-inter-entreprise-705x470.jpg 705w, https:\/\/www.xaviergranet.com\/wp-content\/uploads\/2024\/01\/photographe-evenementiel-rencontre-inter-entreprise-80x53.jpg 80w, https:\/\/www.xaviergranet.com\/wp-content\/uploads\/2024\/01\/photographe-evenementiel-rencontre-inter-entreprise-1260x840.jpg 1260w, https:\/\/www.xaviergranet.com\/wp-content\/uploads\/2024\/01\/photographe-evenementiel-rencontre-inter-entreprise-630x420.jpg 630w, https:\/\/www.xaviergranet.com\/wp-content\/uploads\/2024\/01\/photographe-evenementiel-rencontre-inter-entreprise.jpg 2000w\" data-sizes=\"(max-width: 1030px) 100vw, 1030px\"  aria-label=\"image Reportage photo institutionnel\"  id='av-masonry-1-item-3430' data-av-masonry-item='3430' class='av-masonry-entry isotope-item post-3430 attachment type-attachment status-inherit hentry  av-masonry-item-with-image' title=\"\" alt=\"Reportage photo institutionnel\"    itemprop=\"thumbnailUrl\" ><div class='av-inner-masonry-sizer'><\/div><figure class='av-inner-masonry main_color'><div class=\"av-masonry-outerimage-container\"><div class='av-masonry-image-container'  ><img decoding=\"async\" width=\"1536\" height=\"1024\" fetchpriority=\"high\" class=\"wp-image-3430 avia-img-lazy-loading-not-3430\"  src=\"https:\/\/www.xaviergranet.com\/wp-content\/uploads\/2024\/01\/photographe-evenementiel-rencontre-inter-entreprise-1536x1024.jpg\" title=\"\" alt=\"Reportage photo institutionnel\" srcset=\"https:\/\/www.xaviergranet.com\/wp-content\/uploads\/2024\/01\/photographe-evenementiel-rencontre-inter-entreprise-1536x1024.jpg 1536w, https:\/\/www.xaviergranet.com\/wp-content\/uploads\/2024\/01\/photographe-evenementiel-rencontre-inter-entreprise-300x200.jpg 300w, https:\/\/www.xaviergranet.com\/wp-content\/uploads\/2024\/01\/photographe-evenementiel-rencontre-inter-entreprise-1030x686.jpg 1030w, https:\/\/www.xaviergranet.com\/wp-content\/uploads\/2024\/01\/photographe-evenementiel-rencontre-inter-entreprise-768x512.jpg 768w, https:\/\/www.xaviergranet.com\/wp-content\/uploads\/2024\/01\/photographe-evenementiel-rencontre-inter-entreprise-1500x1000.jpg 1500w, https:\/\/www.xaviergranet.com\/wp-content\/uploads\/2024\/01\/photographe-evenementiel-rencontre-inter-entreprise-705x470.jpg 705w, https:\/\/www.xaviergranet.com\/wp-content\/uploads\/2024\/01\/photographe-evenementiel-rencontre-inter-entreprise-80x53.jpg 80w, https:\/\/www.xaviergranet.com\/wp-content\/uploads\/2024\/01\/photographe-evenementiel-rencontre-inter-entreprise-1260x840.jpg 1260w, https:\/\/www.xaviergranet.com\/wp-content\/uploads\/2024\/01\/photographe-evenementiel-rencontre-inter-entreprise-630x420.jpg 630w, https:\/\/www.xaviergranet.com\/wp-content\/uploads\/2024\/01\/photographe-evenementiel-rencontre-inter-entreprise.jpg 2000w\" sizes=\"(max-width: 1536px) 100vw, 1536px\" \/><\/div><\/div><\/figure><\/a><!--end av-masonry entry--><a href=\"https:\/\/www.xaviergranet.com\/wp-content\/uploads\/2024\/01\/photographe-evenementiel-rencontre-inter-etat-1030x686.jpg\" data-srcset=\"https:\/\/www.xaviergranet.com\/wp-content\/uploads\/2024\/01\/photographe-evenementiel-rencontre-inter-etat-1030x686.jpg 1030w, https:\/\/www.xaviergranet.com\/wp-content\/uploads\/2024\/01\/photographe-evenementiel-rencontre-inter-etat-300x200.jpg 300w, https:\/\/www.xaviergranet.com\/wp-content\/uploads\/2024\/01\/photographe-evenementiel-rencontre-inter-etat-768x512.jpg 768w, https:\/\/www.xaviergranet.com\/wp-content\/uploads\/2024\/01\/photographe-evenementiel-rencontre-inter-etat-1536x1024.jpg 1536w, https:\/\/www.xaviergranet.com\/wp-content\/uploads\/2024\/01\/photographe-evenementiel-rencontre-inter-etat-1500x1000.jpg 1500w, https:\/\/www.xaviergranet.com\/wp-content\/uploads\/2024\/01\/photographe-evenementiel-rencontre-inter-etat-705x470.jpg 705w, https:\/\/www.xaviergranet.com\/wp-content\/uploads\/2024\/01\/photographe-evenementiel-rencontre-inter-etat-80x53.jpg 80w, https:\/\/www.xaviergranet.com\/wp-content\/uploads\/2024\/01\/photographe-evenementiel-rencontre-inter-etat-1260x840.jpg 1260w, https:\/\/www.xaviergranet.com\/wp-content\/uploads\/2024\/01\/photographe-evenementiel-rencontre-inter-etat-630x420.jpg 630w, https:\/\/www.xaviergranet.com\/wp-content\/uploads\/2024\/01\/photographe-evenementiel-rencontre-inter-etat.jpg 2000w\" data-sizes=\"(max-width: 1030px) 100vw, 1030px\"  aria-label=\"image La conf\u00e9rence document\u00e9e par un reportage photo \u00e9v\u00e9nementiel\"  id='av-masonry-1-item-3431' data-av-masonry-item='3431' class='av-masonry-entry isotope-item post-3431 attachment type-attachment status-inherit hentry  av-masonry-item-with-image' title=\"\" alt=\"La conf\u00e9rence document\u00e9e par un reportage photo \u00e9v\u00e9nementiel\"    itemprop=\"thumbnailUrl\" ><div class='av-inner-masonry-sizer'><\/div><figure class='av-inner-masonry main_color'><div class=\"av-masonry-outerimage-container\"><div class='av-masonry-image-container'  ><img decoding=\"async\" width=\"1536\" height=\"1024\" fetchpriority=\"high\" class=\"wp-image-3431 avia-img-lazy-loading-not-3431\"  src=\"https:\/\/www.xaviergranet.com\/wp-content\/uploads\/2024\/01\/photographe-evenementiel-rencontre-inter-etat-1536x1024.jpg\" title=\"\" alt=\"La conf\u00e9rence document\u00e9e par un reportage photo \u00e9v\u00e9nementiel\" srcset=\"https:\/\/www.xaviergranet.com\/wp-content\/uploads\/2024\/01\/photographe-evenementiel-rencontre-inter-etat-1536x1024.jpg 1536w, https:\/\/www.xaviergranet.com\/wp-content\/uploads\/2024\/01\/photographe-evenementiel-rencontre-inter-etat-300x200.jpg 300w, https:\/\/www.xaviergranet.com\/wp-content\/uploads\/2024\/01\/photographe-evenementiel-rencontre-inter-etat-1030x686.jpg 1030w, https:\/\/www.xaviergranet.com\/wp-content\/uploads\/2024\/01\/photographe-evenementiel-rencontre-inter-etat-768x512.jpg 768w, https:\/\/www.xaviergranet.com\/wp-content\/uploads\/2024\/01\/photographe-evenementiel-rencontre-inter-etat-1500x1000.jpg 1500w, https:\/\/www.xaviergranet.com\/wp-content\/uploads\/2024\/01\/photographe-evenementiel-rencontre-inter-etat-705x470.jpg 705w, https:\/\/www.xaviergranet.com\/wp-content\/uploads\/2024\/01\/photographe-evenementiel-rencontre-inter-etat-80x53.jpg 80w, https:\/\/www.xaviergranet.com\/wp-content\/uploads\/2024\/01\/photographe-evenementiel-rencontre-inter-etat-1260x840.jpg 1260w, https:\/\/www.xaviergranet.com\/wp-content\/uploads\/2024\/01\/photographe-evenementiel-rencontre-inter-etat-630x420.jpg 630w, https:\/\/www.xaviergranet.com\/wp-content\/uploads\/2024\/01\/photographe-evenementiel-rencontre-inter-etat.jpg 2000w\" sizes=\"(max-width: 1536px) 100vw, 1536px\" \/><\/div><\/div><\/figure><\/a><!--end av-masonry entry--><a href=\"https:\/\/www.xaviergranet.com\/wp-content\/uploads\/2024\/01\/photographe-evenementiel-rencontre-paris-1030x686.jpg\" data-srcset=\"https:\/\/www.xaviergranet.com\/wp-content\/uploads\/2024\/01\/photographe-evenementiel-rencontre-paris-1030x686.jpg 1030w, https:\/\/www.xaviergranet.com\/wp-content\/uploads\/2024\/01\/photographe-evenementiel-rencontre-paris-300x200.jpg 300w, https:\/\/www.xaviergranet.com\/wp-content\/uploads\/2024\/01\/photographe-evenementiel-rencontre-paris-768x512.jpg 768w, https:\/\/www.xaviergranet.com\/wp-content\/uploads\/2024\/01\/photographe-evenementiel-rencontre-paris-1536x1024.jpg 1536w, https:\/\/www.xaviergranet.com\/wp-content\/uploads\/2024\/01\/photographe-evenementiel-rencontre-paris-1500x1000.jpg 1500w, https:\/\/www.xaviergranet.com\/wp-content\/uploads\/2024\/01\/photographe-evenementiel-rencontre-paris-705x470.jpg 705w, https:\/\/www.xaviergranet.com\/wp-content\/uploads\/2024\/01\/photographe-evenementiel-rencontre-paris-80x53.jpg 80w, https:\/\/www.xaviergranet.com\/wp-content\/uploads\/2024\/01\/photographe-evenementiel-rencontre-paris-1260x840.jpg 1260w, https:\/\/www.xaviergranet.com\/wp-content\/uploads\/2024\/01\/photographe-evenementiel-rencontre-paris-630x420.jpg 630w, https:\/\/www.xaviergranet.com\/wp-content\/uploads\/2024\/01\/photographe-evenementiel-rencontre-paris.jpg 2000w\" data-sizes=\"(max-width: 1030px) 100vw, 1030px\"  aria-label=\"image photo d&rsquo;une table ronde internationale sur les \u00e9changes commerciaux\"  id='av-masonry-1-item-3432' data-av-masonry-item='3432' class='av-masonry-entry isotope-item post-3432 attachment type-attachment status-inherit hentry  av-masonry-item-with-image' title=\"\" alt=\"photo d&#039;une table ronde internationale sur les \u00e9changes commerciaux\"    itemprop=\"thumbnailUrl\" ><div class='av-inner-masonry-sizer'><\/div><figure class='av-inner-masonry main_color'><div class=\"av-masonry-outerimage-container\"><div class='av-masonry-image-container'  ><img decoding=\"async\" width=\"1536\" height=\"1024\" fetchpriority=\"high\" class=\"wp-image-3432 avia-img-lazy-loading-not-3432\"  src=\"https:\/\/www.xaviergranet.com\/wp-content\/uploads\/2024\/01\/photographe-evenementiel-rencontre-paris-1536x1024.jpg\" title=\"\" alt=\"photo d&#039;une table ronde internationale sur les \u00e9changes commerciaux\" srcset=\"https:\/\/www.xaviergranet.com\/wp-content\/uploads\/2024\/01\/photographe-evenementiel-rencontre-paris-1536x1024.jpg 1536w, https:\/\/www.xaviergranet.com\/wp-content\/uploads\/2024\/01\/photographe-evenementiel-rencontre-paris-300x200.jpg 300w, https:\/\/www.xaviergranet.com\/wp-content\/uploads\/2024\/01\/photographe-evenementiel-rencontre-paris-1030x686.jpg 1030w, https:\/\/www.xaviergranet.com\/wp-content\/uploads\/2024\/01\/photographe-evenementiel-rencontre-paris-768x512.jpg 768w, https:\/\/www.xaviergranet.com\/wp-content\/uploads\/2024\/01\/photographe-evenementiel-rencontre-paris-1500x1000.jpg 1500w, https:\/\/www.xaviergranet.com\/wp-content\/uploads\/2024\/01\/photographe-evenementiel-rencontre-paris-705x470.jpg 705w, https:\/\/www.xaviergranet.com\/wp-content\/uploads\/2024\/01\/photographe-evenementiel-rencontre-paris-80x53.jpg 80w, https:\/\/www.xaviergranet.com\/wp-content\/uploads\/2024\/01\/photographe-evenementiel-rencontre-paris-1260x840.jpg 1260w, https:\/\/www.xaviergranet.com\/wp-content\/uploads\/2024\/01\/photographe-evenementiel-rencontre-paris-630x420.jpg 630w, https:\/\/www.xaviergranet.com\/wp-content\/uploads\/2024\/01\/photographe-evenementiel-rencontre-paris.jpg 2000w\" sizes=\"(max-width: 1536px) 100vw, 1536px\" \/><\/div><\/div><\/figure><\/a><!--end av-masonry entry--><a href=\"https:\/\/www.xaviergranet.com\/wp-content\/uploads\/2024\/01\/photographe-evenementiel-reportage-pleiniere-1030x686.jpg\" data-srcset=\"https:\/\/www.xaviergranet.com\/wp-content\/uploads\/2024\/01\/photographe-evenementiel-reportage-pleiniere-1030x686.jpg 1030w, https:\/\/www.xaviergranet.com\/wp-content\/uploads\/2024\/01\/photographe-evenementiel-reportage-pleiniere-300x200.jpg 300w, https:\/\/www.xaviergranet.com\/wp-content\/uploads\/2024\/01\/photographe-evenementiel-reportage-pleiniere-768x512.jpg 768w, https:\/\/www.xaviergranet.com\/wp-content\/uploads\/2024\/01\/photographe-evenementiel-reportage-pleiniere-1536x1024.jpg 1536w, https:\/\/www.xaviergranet.com\/wp-content\/uploads\/2024\/01\/photographe-evenementiel-reportage-pleiniere-1500x1000.jpg 1500w, https:\/\/www.xaviergranet.com\/wp-content\/uploads\/2024\/01\/photographe-evenementiel-reportage-pleiniere-705x470.jpg 705w, https:\/\/www.xaviergranet.com\/wp-content\/uploads\/2024\/01\/photographe-evenementiel-reportage-pleiniere-80x53.jpg 80w, https:\/\/www.xaviergranet.com\/wp-content\/uploads\/2024\/01\/photographe-evenementiel-reportage-pleiniere-1260x840.jpg 1260w, https:\/\/www.xaviergranet.com\/wp-content\/uploads\/2024\/01\/photographe-evenementiel-reportage-pleiniere-630x420.jpg 630w, https:\/\/www.xaviergranet.com\/wp-content\/uploads\/2024\/01\/photographe-evenementiel-reportage-pleiniere.jpg 2000w\" data-sizes=\"(max-width: 1030px) 100vw, 1030px\"  aria-label=\"image Reportage photo sur l&rsquo;intervention en pl\u00e9ni\u00e8re d&rsquo;un repr\u00e9sentant d&rsquo;une grande entreprise\"  id='av-masonry-1-item-3433' data-av-masonry-item='3433' class='av-masonry-entry isotope-item post-3433 attachment type-attachment status-inherit hentry  av-masonry-item-with-image' title=\"\" alt=\"Reportage photo sur l&#039;intervention en pl\u00e9ni\u00e8re d&#039;un repr\u00e9sentant d&#039;une grande entreprise\"    itemprop=\"thumbnailUrl\" ><div class='av-inner-masonry-sizer'><\/div><figure class='av-inner-masonry main_color'><div class=\"av-masonry-outerimage-container\"><div class='av-masonry-image-container'  ><img decoding=\"async\" width=\"1536\" height=\"1024\" fetchpriority=\"high\" class=\"wp-image-3433 avia-img-lazy-loading-not-3433\"  src=\"https:\/\/www.xaviergranet.com\/wp-content\/uploads\/2024\/01\/photographe-evenementiel-reportage-pleiniere-1536x1024.jpg\" title=\"\" alt=\"Reportage photo sur l&#039;intervention en pl\u00e9ni\u00e8re d&#039;un repr\u00e9sentant d&#039;une grande entreprise\" srcset=\"https:\/\/www.xaviergranet.com\/wp-content\/uploads\/2024\/01\/photographe-evenementiel-reportage-pleiniere-1536x1024.jpg 1536w, https:\/\/www.xaviergranet.com\/wp-content\/uploads\/2024\/01\/photographe-evenementiel-reportage-pleiniere-300x200.jpg 300w, https:\/\/www.xaviergranet.com\/wp-content\/uploads\/2024\/01\/photographe-evenementiel-reportage-pleiniere-1030x686.jpg 1030w, https:\/\/www.xaviergranet.com\/wp-content\/uploads\/2024\/01\/photographe-evenementiel-reportage-pleiniere-768x512.jpg 768w, https:\/\/www.xaviergranet.com\/wp-content\/uploads\/2024\/01\/photographe-evenementiel-reportage-pleiniere-1500x1000.jpg 1500w, https:\/\/www.xaviergranet.com\/wp-content\/uploads\/2024\/01\/photographe-evenementiel-reportage-pleiniere-705x470.jpg 705w, https:\/\/www.xaviergranet.com\/wp-content\/uploads\/2024\/01\/photographe-evenementiel-reportage-pleiniere-80x53.jpg 80w, https:\/\/www.xaviergranet.com\/wp-content\/uploads\/2024\/01\/photographe-evenementiel-reportage-pleiniere-1260x840.jpg 1260w, https:\/\/www.xaviergranet.com\/wp-content\/uploads\/2024\/01\/photographe-evenementiel-reportage-pleiniere-630x420.jpg 630w, https:\/\/www.xaviergranet.com\/wp-content\/uploads\/2024\/01\/photographe-evenementiel-reportage-pleiniere.jpg 2000w\" sizes=\"(max-width: 1536px) 100vw, 1536px\" \/><\/div><\/div><\/figure><\/a><!--end av-masonry entry--><a href=\"https:\/\/www.xaviergranet.com\/wp-content\/uploads\/2024\/01\/photographe-evenementiel-representant-gouvernement-1030x686.jpg\" data-srcset=\"https:\/\/www.xaviergranet.com\/wp-content\/uploads\/2024\/01\/photographe-evenementiel-representant-gouvernement-1030x686.jpg 1030w, https:\/\/www.xaviergranet.com\/wp-content\/uploads\/2024\/01\/photographe-evenementiel-representant-gouvernement-300x200.jpg 300w, https:\/\/www.xaviergranet.com\/wp-content\/uploads\/2024\/01\/photographe-evenementiel-representant-gouvernement-768x512.jpg 768w, https:\/\/www.xaviergranet.com\/wp-content\/uploads\/2024\/01\/photographe-evenementiel-representant-gouvernement-1536x1024.jpg 1536w, https:\/\/www.xaviergranet.com\/wp-content\/uploads\/2024\/01\/photographe-evenementiel-representant-gouvernement-1500x1000.jpg 1500w, https:\/\/www.xaviergranet.com\/wp-content\/uploads\/2024\/01\/photographe-evenementiel-representant-gouvernement-705x470.jpg 705w, https:\/\/www.xaviergranet.com\/wp-content\/uploads\/2024\/01\/photographe-evenementiel-representant-gouvernement-80x53.jpg 80w, https:\/\/www.xaviergranet.com\/wp-content\/uploads\/2024\/01\/photographe-evenementiel-representant-gouvernement-1260x840.jpg 1260w, https:\/\/www.xaviergranet.com\/wp-content\/uploads\/2024\/01\/photographe-evenementiel-representant-gouvernement-630x420.jpg 630w, https:\/\/www.xaviergranet.com\/wp-content\/uploads\/2024\/01\/photographe-evenementiel-representant-gouvernement.jpg 2000w\" data-sizes=\"(max-width: 1030px) 100vw, 1030px\"  aria-label=\"image Une photo repr\u00e9sentant les d\u00e9bats qui sont suivi en direct\"  id='av-masonry-1-item-3434' data-av-masonry-item='3434' class='av-masonry-entry isotope-item post-3434 attachment type-attachment status-inherit hentry  av-masonry-item-with-image' title=\"\" alt=\"Une photo repr\u00e9sentant les d\u00e9bats qui sont suivi en direct\"    itemprop=\"thumbnailUrl\" ><div class='av-inner-masonry-sizer'><\/div><figure class='av-inner-masonry main_color'><div class=\"av-masonry-outerimage-container\"><div class='av-masonry-image-container'  ><img decoding=\"async\" width=\"1536\" height=\"1024\" fetchpriority=\"high\" class=\"wp-image-3434 avia-img-lazy-loading-not-3434\"  src=\"https:\/\/www.xaviergranet.com\/wp-content\/uploads\/2024\/01\/photographe-evenementiel-representant-gouvernement-1536x1024.jpg\" title=\"\" alt=\"Une photo repr\u00e9sentant les d\u00e9bats qui sont suivi en direct\" srcset=\"https:\/\/www.xaviergranet.com\/wp-content\/uploads\/2024\/01\/photographe-evenementiel-representant-gouvernement-1536x1024.jpg 1536w, https:\/\/www.xaviergranet.com\/wp-content\/uploads\/2024\/01\/photographe-evenementiel-representant-gouvernement-300x200.jpg 300w, https:\/\/www.xaviergranet.com\/wp-content\/uploads\/2024\/01\/photographe-evenementiel-representant-gouvernement-1030x686.jpg 1030w, https:\/\/www.xaviergranet.com\/wp-content\/uploads\/2024\/01\/photographe-evenementiel-representant-gouvernement-768x512.jpg 768w, https:\/\/www.xaviergranet.com\/wp-content\/uploads\/2024\/01\/photographe-evenementiel-representant-gouvernement-1500x1000.jpg 1500w, https:\/\/www.xaviergranet.com\/wp-content\/uploads\/2024\/01\/photographe-evenementiel-representant-gouvernement-705x470.jpg 705w, https:\/\/www.xaviergranet.com\/wp-content\/uploads\/2024\/01\/photographe-evenementiel-representant-gouvernement-80x53.jpg 80w, https:\/\/www.xaviergranet.com\/wp-content\/uploads\/2024\/01\/photographe-evenementiel-representant-gouvernement-1260x840.jpg 1260w, https:\/\/www.xaviergranet.com\/wp-content\/uploads\/2024\/01\/photographe-evenementiel-representant-gouvernement-630x420.jpg 630w, https:\/\/www.xaviergranet.com\/wp-content\/uploads\/2024\/01\/photographe-evenementiel-representant-gouvernement.jpg 2000w\" sizes=\"(max-width: 1536px) 100vw, 1536px\" \/><\/div><\/div><\/figure><\/a><!--end av-masonry entry--><a href=\"https:\/\/www.xaviergranet.com\/wp-content\/uploads\/2024\/01\/photographe-evenementiel-responsable-gouvernement-1030x686.jpg\" data-srcset=\"https:\/\/www.xaviergranet.com\/wp-content\/uploads\/2024\/01\/photographe-evenementiel-responsable-gouvernement-1030x686.jpg 1030w, https:\/\/www.xaviergranet.com\/wp-content\/uploads\/2024\/01\/photographe-evenementiel-responsable-gouvernement-300x200.jpg 300w, https:\/\/www.xaviergranet.com\/wp-content\/uploads\/2024\/01\/photographe-evenementiel-responsable-gouvernement-768x512.jpg 768w, https:\/\/www.xaviergranet.com\/wp-content\/uploads\/2024\/01\/photographe-evenementiel-responsable-gouvernement-1536x1024.jpg 1536w, https:\/\/www.xaviergranet.com\/wp-content\/uploads\/2024\/01\/photographe-evenementiel-responsable-gouvernement-1500x1000.jpg 1500w, https:\/\/www.xaviergranet.com\/wp-content\/uploads\/2024\/01\/photographe-evenementiel-responsable-gouvernement-705x470.jpg 705w, https:\/\/www.xaviergranet.com\/wp-content\/uploads\/2024\/01\/photographe-evenementiel-responsable-gouvernement-80x53.jpg 80w, https:\/\/www.xaviergranet.com\/wp-content\/uploads\/2024\/01\/photographe-evenementiel-responsable-gouvernement-1260x840.jpg 1260w, https:\/\/www.xaviergranet.com\/wp-content\/uploads\/2024\/01\/photographe-evenementiel-responsable-gouvernement-630x420.jpg 630w, https:\/\/www.xaviergranet.com\/wp-content\/uploads\/2024\/01\/photographe-evenementiel-responsable-gouvernement.jpg 2000w\" data-sizes=\"(max-width: 1030px) 100vw, 1030px\"  aria-label=\"image Portrait photo du ministre pendant l&rsquo;\u00e9v\u00e9nement\"  id='av-masonry-1-item-3435' data-av-masonry-item='3435' class='av-masonry-entry isotope-item post-3435 attachment type-attachment status-inherit hentry  av-masonry-item-with-image' title=\"\" alt=\"Portrait photo du ministre pendant l&#039;\u00e9v\u00e9nement\"    itemprop=\"thumbnailUrl\" ><div class='av-inner-masonry-sizer'><\/div><figure class='av-inner-masonry main_color'><div class=\"av-masonry-outerimage-container\"><div class='av-masonry-image-container'  ><img decoding=\"async\" width=\"1536\" height=\"1024\" fetchpriority=\"high\" class=\"wp-image-3435 avia-img-lazy-loading-not-3435\"  src=\"https:\/\/www.xaviergranet.com\/wp-content\/uploads\/2024\/01\/photographe-evenementiel-responsable-gouvernement-1536x1024.jpg\" title=\"\" alt=\"Portrait photo du ministre pendant l&#039;\u00e9v\u00e9nement\" srcset=\"https:\/\/www.xaviergranet.com\/wp-content\/uploads\/2024\/01\/photographe-evenementiel-responsable-gouvernement-1536x1024.jpg 1536w, https:\/\/www.xaviergranet.com\/wp-content\/uploads\/2024\/01\/photographe-evenementiel-responsable-gouvernement-300x200.jpg 300w, https:\/\/www.xaviergranet.com\/wp-content\/uploads\/2024\/01\/photographe-evenementiel-responsable-gouvernement-1030x686.jpg 1030w, https:\/\/www.xaviergranet.com\/wp-content\/uploads\/2024\/01\/photographe-evenementiel-responsable-gouvernement-768x512.jpg 768w, https:\/\/www.xaviergranet.com\/wp-content\/uploads\/2024\/01\/photographe-evenementiel-responsable-gouvernement-1500x1000.jpg 1500w, https:\/\/www.xaviergranet.com\/wp-content\/uploads\/2024\/01\/photographe-evenementiel-responsable-gouvernement-705x470.jpg 705w, https:\/\/www.xaviergranet.com\/wp-content\/uploads\/2024\/01\/photographe-evenementiel-responsable-gouvernement-80x53.jpg 80w, https:\/\/www.xaviergranet.com\/wp-content\/uploads\/2024\/01\/photographe-evenementiel-responsable-gouvernement-1260x840.jpg 1260w, https:\/\/www.xaviergranet.com\/wp-content\/uploads\/2024\/01\/photographe-evenementiel-responsable-gouvernement-630x420.jpg 630w, https:\/\/www.xaviergranet.com\/wp-content\/uploads\/2024\/01\/photographe-evenementiel-responsable-gouvernement.jpg 2000w\" sizes=\"(max-width: 1536px) 100vw, 1536px\" \/><\/div><\/div><\/figure><\/a><!--end av-masonry entry--><a href=\"https:\/\/www.xaviergranet.com\/wp-content\/uploads\/2024\/01\/photographe-evenementiel-sommet-1030x686.jpg\" data-srcset=\"https:\/\/www.xaviergranet.com\/wp-content\/uploads\/2024\/01\/photographe-evenementiel-sommet-1030x686.jpg 1030w, https:\/\/www.xaviergranet.com\/wp-content\/uploads\/2024\/01\/photographe-evenementiel-sommet-300x200.jpg 300w, https:\/\/www.xaviergranet.com\/wp-content\/uploads\/2024\/01\/photographe-evenementiel-sommet-768x512.jpg 768w, https:\/\/www.xaviergranet.com\/wp-content\/uploads\/2024\/01\/photographe-evenementiel-sommet-1536x1024.jpg 1536w, https:\/\/www.xaviergranet.com\/wp-content\/uploads\/2024\/01\/photographe-evenementiel-sommet-1500x1000.jpg 1500w, https:\/\/www.xaviergranet.com\/wp-content\/uploads\/2024\/01\/photographe-evenementiel-sommet-705x470.jpg 705w, https:\/\/www.xaviergranet.com\/wp-content\/uploads\/2024\/01\/photographe-evenementiel-sommet-80x53.jpg 80w, https:\/\/www.xaviergranet.com\/wp-content\/uploads\/2024\/01\/photographe-evenementiel-sommet-1260x840.jpg 1260w, https:\/\/www.xaviergranet.com\/wp-content\/uploads\/2024\/01\/photographe-evenementiel-sommet-630x420.jpg 630w, https:\/\/www.xaviergranet.com\/wp-content\/uploads\/2024\/01\/photographe-evenementiel-sommet.jpg 2000w\" data-sizes=\"(max-width: 1030px) 100vw, 1030px\"  aria-label=\"image photographe \u00e9v\u00e9nementiel lors d&rsquo;un sommet international\"  id='av-masonry-1-item-3436' data-av-masonry-item='3436' class='av-masonry-entry isotope-item post-3436 attachment type-attachment status-inherit hentry  av-masonry-item-with-image' title=\"\" alt=\"photographe \u00e9v\u00e9nementiel lors d&#039;un sommet international\"    itemprop=\"thumbnailUrl\" ><div class='av-inner-masonry-sizer'><\/div><figure class='av-inner-masonry main_color'><div class=\"av-masonry-outerimage-container\"><div class='av-masonry-image-container'  ><img decoding=\"async\" width=\"1536\" height=\"1024\" fetchpriority=\"high\" class=\"wp-image-3436 avia-img-lazy-loading-not-3436\"  src=\"https:\/\/www.xaviergranet.com\/wp-content\/uploads\/2024\/01\/photographe-evenementiel-sommet-1536x1024.jpg\" title=\"\" alt=\"photographe \u00e9v\u00e9nementiel lors d&#039;un sommet international\" srcset=\"https:\/\/www.xaviergranet.com\/wp-content\/uploads\/2024\/01\/photographe-evenementiel-sommet-1536x1024.jpg 1536w, https:\/\/www.xaviergranet.com\/wp-content\/uploads\/2024\/01\/photographe-evenementiel-sommet-300x200.jpg 300w, https:\/\/www.xaviergranet.com\/wp-content\/uploads\/2024\/01\/photographe-evenementiel-sommet-1030x686.jpg 1030w, https:\/\/www.xaviergranet.com\/wp-content\/uploads\/2024\/01\/photographe-evenementiel-sommet-768x512.jpg 768w, https:\/\/www.xaviergranet.com\/wp-content\/uploads\/2024\/01\/photographe-evenementiel-sommet-1500x1000.jpg 1500w, https:\/\/www.xaviergranet.com\/wp-content\/uploads\/2024\/01\/photographe-evenementiel-sommet-705x470.jpg 705w, https:\/\/www.xaviergranet.com\/wp-content\/uploads\/2024\/01\/photographe-evenementiel-sommet-80x53.jpg 80w, https:\/\/www.xaviergranet.com\/wp-content\/uploads\/2024\/01\/photographe-evenementiel-sommet-1260x840.jpg 1260w, https:\/\/www.xaviergranet.com\/wp-content\/uploads\/2024\/01\/photographe-evenementiel-sommet-630x420.jpg 630w, https:\/\/www.xaviergranet.com\/wp-content\/uploads\/2024\/01\/photographe-evenementiel-sommet.jpg 2000w\" sizes=\"(max-width: 1536px) 100vw, 1536px\" \/><\/div><\/div><\/figure><\/a><!--end av-masonry entry--><a href=\"https:\/\/www.xaviergranet.com\/wp-content\/uploads\/2024\/01\/photographe-evenementiel-table-ronde-institutionnelle-1030x686.jpg\" data-srcset=\"https:\/\/www.xaviergranet.com\/wp-content\/uploads\/2024\/01\/photographe-evenementiel-table-ronde-institutionnelle-1030x686.jpg 1030w, https:\/\/www.xaviergranet.com\/wp-content\/uploads\/2024\/01\/photographe-evenementiel-table-ronde-institutionnelle-300x200.jpg 300w, https:\/\/www.xaviergranet.com\/wp-content\/uploads\/2024\/01\/photographe-evenementiel-table-ronde-institutionnelle-768x512.jpg 768w, https:\/\/www.xaviergranet.com\/wp-content\/uploads\/2024\/01\/photographe-evenementiel-table-ronde-institutionnelle-1536x1024.jpg 1536w, https:\/\/www.xaviergranet.com\/wp-content\/uploads\/2024\/01\/photographe-evenementiel-table-ronde-institutionnelle-1500x1000.jpg 1500w, https:\/\/www.xaviergranet.com\/wp-content\/uploads\/2024\/01\/photographe-evenementiel-table-ronde-institutionnelle-705x470.jpg 705w, https:\/\/www.xaviergranet.com\/wp-content\/uploads\/2024\/01\/photographe-evenementiel-table-ronde-institutionnelle-80x53.jpg 80w, https:\/\/www.xaviergranet.com\/wp-content\/uploads\/2024\/01\/photographe-evenementiel-table-ronde-institutionnelle-1260x840.jpg 1260w, https:\/\/www.xaviergranet.com\/wp-content\/uploads\/2024\/01\/photographe-evenementiel-table-ronde-institutionnelle-630x420.jpg 630w, https:\/\/www.xaviergranet.com\/wp-content\/uploads\/2024\/01\/photographe-evenementiel-table-ronde-institutionnelle.jpg 2000w\" data-sizes=\"(max-width: 1030px) 100vw, 1030px\"  aria-label=\"image photographe \u00e9v\u00e9nementiel lors d&rsquo;un rencontre institutionnelle\"  id='av-masonry-1-item-3437' data-av-masonry-item='3437' class='av-masonry-entry isotope-item post-3437 attachment type-attachment status-inherit hentry  av-masonry-item-with-image' title=\"\" alt=\"photographe \u00e9v\u00e9nementiel lors d&#039;un rencontre institutionnelle\"    itemprop=\"thumbnailUrl\" ><div class='av-inner-masonry-sizer'><\/div><figure class='av-inner-masonry main_color'><div class=\"av-masonry-outerimage-container\"><div class='av-masonry-image-container'  ><img decoding=\"async\" width=\"1536\" height=\"1024\" fetchpriority=\"high\" class=\"wp-image-3437 avia-img-lazy-loading-not-3437\"  src=\"https:\/\/www.xaviergranet.com\/wp-content\/uploads\/2024\/01\/photographe-evenementiel-table-ronde-institutionnelle-1536x1024.jpg\" title=\"\" alt=\"photographe \u00e9v\u00e9nementiel lors d&#039;un rencontre institutionnelle\" srcset=\"https:\/\/www.xaviergranet.com\/wp-content\/uploads\/2024\/01\/photographe-evenementiel-table-ronde-institutionnelle-1536x1024.jpg 1536w, https:\/\/www.xaviergranet.com\/wp-content\/uploads\/2024\/01\/photographe-evenementiel-table-ronde-institutionnelle-300x200.jpg 300w, https:\/\/www.xaviergranet.com\/wp-content\/uploads\/2024\/01\/photographe-evenementiel-table-ronde-institutionnelle-1030x686.jpg 1030w, https:\/\/www.xaviergranet.com\/wp-content\/uploads\/2024\/01\/photographe-evenementiel-table-ronde-institutionnelle-768x512.jpg 768w, https:\/\/www.xaviergranet.com\/wp-content\/uploads\/2024\/01\/photographe-evenementiel-table-ronde-institutionnelle-1500x1000.jpg 1500w, https:\/\/www.xaviergranet.com\/wp-content\/uploads\/2024\/01\/photographe-evenementiel-table-ronde-institutionnelle-705x470.jpg 705w, https:\/\/www.xaviergranet.com\/wp-content\/uploads\/2024\/01\/photographe-evenementiel-table-ronde-institutionnelle-80x53.jpg 80w, https:\/\/www.xaviergranet.com\/wp-content\/uploads\/2024\/01\/photographe-evenementiel-table-ronde-institutionnelle-1260x840.jpg 1260w, https:\/\/www.xaviergranet.com\/wp-content\/uploads\/2024\/01\/photographe-evenementiel-table-ronde-institutionnelle-630x420.jpg 630w, https:\/\/www.xaviergranet.com\/wp-content\/uploads\/2024\/01\/photographe-evenementiel-table-ronde-institutionnelle.jpg 2000w\" sizes=\"(max-width: 1536px) 100vw, 1536px\" \/><\/div><\/div><\/figure><\/a><!--end av-masonry entry--><a href=\"https:\/\/www.xaviergranet.com\/wp-content\/uploads\/2024\/01\/photographe-reportage-evenementiel-accords-bilateraux-1030x686.jpg\" data-srcset=\"https:\/\/www.xaviergranet.com\/wp-content\/uploads\/2024\/01\/photographe-reportage-evenementiel-accords-bilateraux-1030x686.jpg 1030w, https:\/\/www.xaviergranet.com\/wp-content\/uploads\/2024\/01\/photographe-reportage-evenementiel-accords-bilateraux-300x200.jpg 300w, https:\/\/www.xaviergranet.com\/wp-content\/uploads\/2024\/01\/photographe-reportage-evenementiel-accords-bilateraux-768x512.jpg 768w, https:\/\/www.xaviergranet.com\/wp-content\/uploads\/2024\/01\/photographe-reportage-evenementiel-accords-bilateraux-1536x1024.jpg 1536w, https:\/\/www.xaviergranet.com\/wp-content\/uploads\/2024\/01\/photographe-reportage-evenementiel-accords-bilateraux-1500x1000.jpg 1500w, https:\/\/www.xaviergranet.com\/wp-content\/uploads\/2024\/01\/photographe-reportage-evenementiel-accords-bilateraux-705x470.jpg 705w, https:\/\/www.xaviergranet.com\/wp-content\/uploads\/2024\/01\/photographe-reportage-evenementiel-accords-bilateraux-80x53.jpg 80w, https:\/\/www.xaviergranet.com\/wp-content\/uploads\/2024\/01\/photographe-reportage-evenementiel-accords-bilateraux-1260x840.jpg 1260w, https:\/\/www.xaviergranet.com\/wp-content\/uploads\/2024\/01\/photographe-reportage-evenementiel-accords-bilateraux-630x420.jpg 630w, https:\/\/www.xaviergranet.com\/wp-content\/uploads\/2024\/01\/photographe-reportage-evenementiel-accords-bilateraux.jpg 2000w\" data-sizes=\"(max-width: 1030px) 100vw, 1030px\"  aria-label=\"image photographe institutionel\"  id='av-masonry-1-item-3438' data-av-masonry-item='3438' class='av-masonry-entry isotope-item post-3438 attachment type-attachment status-inherit hentry  av-masonry-item-with-image' title=\"\" alt=\"photographe institutionel\"    itemprop=\"thumbnailUrl\" ><div class='av-inner-masonry-sizer'><\/div><figure class='av-inner-masonry main_color'><div class=\"av-masonry-outerimage-container\"><div class='av-masonry-image-container'  ><img decoding=\"async\" width=\"1536\" height=\"1024\" fetchpriority=\"high\" class=\"wp-image-3438 avia-img-lazy-loading-not-3438\"  src=\"https:\/\/www.xaviergranet.com\/wp-content\/uploads\/2024\/01\/photographe-reportage-evenementiel-accords-bilateraux-1536x1024.jpg\" title=\"\" alt=\"photographe institutionel\" srcset=\"https:\/\/www.xaviergranet.com\/wp-content\/uploads\/2024\/01\/photographe-reportage-evenementiel-accords-bilateraux-1536x1024.jpg 1536w, https:\/\/www.xaviergranet.com\/wp-content\/uploads\/2024\/01\/photographe-reportage-evenementiel-accords-bilateraux-300x200.jpg 300w, https:\/\/www.xaviergranet.com\/wp-content\/uploads\/2024\/01\/photographe-reportage-evenementiel-accords-bilateraux-1030x686.jpg 1030w, https:\/\/www.xaviergranet.com\/wp-content\/uploads\/2024\/01\/photographe-reportage-evenementiel-accords-bilateraux-768x512.jpg 768w, https:\/\/www.xaviergranet.com\/wp-content\/uploads\/2024\/01\/photographe-reportage-evenementiel-accords-bilateraux-1500x1000.jpg 1500w, https:\/\/www.xaviergranet.com\/wp-content\/uploads\/2024\/01\/photographe-reportage-evenementiel-accords-bilateraux-705x470.jpg 705w, https:\/\/www.xaviergranet.com\/wp-content\/uploads\/2024\/01\/photographe-reportage-evenementiel-accords-bilateraux-80x53.jpg 80w, https:\/\/www.xaviergranet.com\/wp-content\/uploads\/2024\/01\/photographe-reportage-evenementiel-accords-bilateraux-1260x840.jpg 1260w, https:\/\/www.xaviergranet.com\/wp-content\/uploads\/2024\/01\/photographe-reportage-evenementiel-accords-bilateraux-630x420.jpg 630w, https:\/\/www.xaviergranet.com\/wp-content\/uploads\/2024\/01\/photographe-reportage-evenementiel-accords-bilateraux.jpg 2000w\" sizes=\"(max-width: 1536px) 100vw, 1536px\" \/><\/div><\/div><\/figure><\/a><!--end av-masonry entry--><a href=\"https:\/\/www.xaviergranet.com\/wp-content\/uploads\/2024\/01\/photographe-reportage-evenementiel-accords-1030x686.jpg\" data-srcset=\"https:\/\/www.xaviergranet.com\/wp-content\/uploads\/2024\/01\/photographe-reportage-evenementiel-accords-1030x686.jpg 1030w, https:\/\/www.xaviergranet.com\/wp-content\/uploads\/2024\/01\/photographe-reportage-evenementiel-accords-300x200.jpg 300w, https:\/\/www.xaviergranet.com\/wp-content\/uploads\/2024\/01\/photographe-reportage-evenementiel-accords-768x512.jpg 768w, https:\/\/www.xaviergranet.com\/wp-content\/uploads\/2024\/01\/photographe-reportage-evenementiel-accords-1536x1024.jpg 1536w, https:\/\/www.xaviergranet.com\/wp-content\/uploads\/2024\/01\/photographe-reportage-evenementiel-accords-1500x1000.jpg 1500w, https:\/\/www.xaviergranet.com\/wp-content\/uploads\/2024\/01\/photographe-reportage-evenementiel-accords-705x470.jpg 705w, https:\/\/www.xaviergranet.com\/wp-content\/uploads\/2024\/01\/photographe-reportage-evenementiel-accords-80x53.jpg 80w, https:\/\/www.xaviergranet.com\/wp-content\/uploads\/2024\/01\/photographe-reportage-evenementiel-accords-1260x840.jpg 1260w, https:\/\/www.xaviergranet.com\/wp-content\/uploads\/2024\/01\/photographe-reportage-evenementiel-accords-630x420.jpg 630w, https:\/\/www.xaviergranet.com\/wp-content\/uploads\/2024\/01\/photographe-reportage-evenementiel-accords.jpg 2000w\" data-sizes=\"(max-width: 1030px) 100vw, 1030px\"  aria-label=\"image Photo institutionnelle\"  id='av-masonry-1-item-3440' data-av-masonry-item='3440' class='av-masonry-entry isotope-item post-3440 attachment type-attachment status-inherit hentry  av-masonry-item-with-image' title=\"\" alt=\"Photo institutionnelle\"    itemprop=\"thumbnailUrl\" ><div class='av-inner-masonry-sizer'><\/div><figure class='av-inner-masonry main_color'><div class=\"av-masonry-outerimage-container\"><div class='av-masonry-image-container'  ><img decoding=\"async\" width=\"1536\" height=\"1024\" fetchpriority=\"high\" class=\"wp-image-3440 avia-img-lazy-loading-not-3440\"  src=\"https:\/\/www.xaviergranet.com\/wp-content\/uploads\/2024\/01\/photographe-reportage-evenementiel-accords-1536x1024.jpg\" title=\"\" alt=\"Photo institutionnelle\" srcset=\"https:\/\/www.xaviergranet.com\/wp-content\/uploads\/2024\/01\/photographe-reportage-evenementiel-accords-1536x1024.jpg 1536w, https:\/\/www.xaviergranet.com\/wp-content\/uploads\/2024\/01\/photographe-reportage-evenementiel-accords-300x200.jpg 300w, https:\/\/www.xaviergranet.com\/wp-content\/uploads\/2024\/01\/photographe-reportage-evenementiel-accords-1030x686.jpg 1030w, https:\/\/www.xaviergranet.com\/wp-content\/uploads\/2024\/01\/photographe-reportage-evenementiel-accords-768x512.jpg 768w, https:\/\/www.xaviergranet.com\/wp-content\/uploads\/2024\/01\/photographe-reportage-evenementiel-accords-1500x1000.jpg 1500w, https:\/\/www.xaviergranet.com\/wp-content\/uploads\/2024\/01\/photographe-reportage-evenementiel-accords-705x470.jpg 705w, https:\/\/www.xaviergranet.com\/wp-content\/uploads\/2024\/01\/photographe-reportage-evenementiel-accords-80x53.jpg 80w, https:\/\/www.xaviergranet.com\/wp-content\/uploads\/2024\/01\/photographe-reportage-evenementiel-accords-1260x840.jpg 1260w, https:\/\/www.xaviergranet.com\/wp-content\/uploads\/2024\/01\/photographe-reportage-evenementiel-accords-630x420.jpg 630w, https:\/\/www.xaviergranet.com\/wp-content\/uploads\/2024\/01\/photographe-reportage-evenementiel-accords.jpg 2000w\" sizes=\"(max-width: 1536px) 100vw, 1536px\" \/><\/div><\/div><\/figure><\/a><!--end av-masonry entry--><a href=\"https:\/\/www.xaviergranet.com\/wp-content\/uploads\/2024\/01\/photographe-reportage-evenementiel-ambassadeur-1030x686.jpg\" data-srcset=\"https:\/\/www.xaviergranet.com\/wp-content\/uploads\/2024\/01\/photographe-reportage-evenementiel-ambassadeur-1030x686.jpg 1030w, https:\/\/www.xaviergranet.com\/wp-content\/uploads\/2024\/01\/photographe-reportage-evenementiel-ambassadeur-300x200.jpg 300w, https:\/\/www.xaviergranet.com\/wp-content\/uploads\/2024\/01\/photographe-reportage-evenementiel-ambassadeur-768x512.jpg 768w, https:\/\/www.xaviergranet.com\/wp-content\/uploads\/2024\/01\/photographe-reportage-evenementiel-ambassadeur-1536x1024.jpg 1536w, https:\/\/www.xaviergranet.com\/wp-content\/uploads\/2024\/01\/photographe-reportage-evenementiel-ambassadeur-1500x1000.jpg 1500w, https:\/\/www.xaviergranet.com\/wp-content\/uploads\/2024\/01\/photographe-reportage-evenementiel-ambassadeur-705x470.jpg 705w, https:\/\/www.xaviergranet.com\/wp-content\/uploads\/2024\/01\/photographe-reportage-evenementiel-ambassadeur-80x53.jpg 80w, https:\/\/www.xaviergranet.com\/wp-content\/uploads\/2024\/01\/photographe-reportage-evenementiel-ambassadeur-1260x840.jpg 1260w, https:\/\/www.xaviergranet.com\/wp-content\/uploads\/2024\/01\/photographe-reportage-evenementiel-ambassadeur-630x420.jpg 630w, https:\/\/www.xaviergranet.com\/wp-content\/uploads\/2024\/01\/photographe-reportage-evenementiel-ambassadeur.jpg 2000w\" data-sizes=\"(max-width: 1030px) 100vw, 1030px\"  aria-label=\"image Reportage \u00e9v\u00e9nementiel \u00e0 Paris\"  id='av-masonry-1-item-3441' data-av-masonry-item='3441' class='av-masonry-entry isotope-item post-3441 attachment type-attachment status-inherit hentry  av-masonry-item-with-image' title=\"\" alt=\"Reportage \u00e9v\u00e9nementiel \u00e0 Paris\"    itemprop=\"thumbnailUrl\" ><div class='av-inner-masonry-sizer'><\/div><figure class='av-inner-masonry main_color'><div class=\"av-masonry-outerimage-container\"><div class='av-masonry-image-container'  ><img decoding=\"async\" width=\"1536\" height=\"1024\" fetchpriority=\"high\" class=\"wp-image-3441 avia-img-lazy-loading-not-3441\"  src=\"https:\/\/www.xaviergranet.com\/wp-content\/uploads\/2024\/01\/photographe-reportage-evenementiel-ambassadeur-1536x1024.jpg\" title=\"\" alt=\"Reportage \u00e9v\u00e9nementiel \u00e0 Paris\" srcset=\"https:\/\/www.xaviergranet.com\/wp-content\/uploads\/2024\/01\/photographe-reportage-evenementiel-ambassadeur-1536x1024.jpg 1536w, https:\/\/www.xaviergranet.com\/wp-content\/uploads\/2024\/01\/photographe-reportage-evenementiel-ambassadeur-300x200.jpg 300w, https:\/\/www.xaviergranet.com\/wp-content\/uploads\/2024\/01\/photographe-reportage-evenementiel-ambassadeur-1030x686.jpg 1030w, https:\/\/www.xaviergranet.com\/wp-content\/uploads\/2024\/01\/photographe-reportage-evenementiel-ambassadeur-768x512.jpg 768w, https:\/\/www.xaviergranet.com\/wp-content\/uploads\/2024\/01\/photographe-reportage-evenementiel-ambassadeur-1500x1000.jpg 1500w, https:\/\/www.xaviergranet.com\/wp-content\/uploads\/2024\/01\/photographe-reportage-evenementiel-ambassadeur-705x470.jpg 705w, https:\/\/www.xaviergranet.com\/wp-content\/uploads\/2024\/01\/photographe-reportage-evenementiel-ambassadeur-80x53.jpg 80w, https:\/\/www.xaviergranet.com\/wp-content\/uploads\/2024\/01\/photographe-reportage-evenementiel-ambassadeur-1260x840.jpg 1260w, https:\/\/www.xaviergranet.com\/wp-content\/uploads\/2024\/01\/photographe-reportage-evenementiel-ambassadeur-630x420.jpg 630w, https:\/\/www.xaviergranet.com\/wp-content\/uploads\/2024\/01\/photographe-reportage-evenementiel-ambassadeur.jpg 2000w\" sizes=\"(max-width: 1536px) 100vw, 1536px\" \/><\/div><\/div><\/figure><\/a><!--end av-masonry entry--><a href=\"https:\/\/www.xaviergranet.com\/wp-content\/uploads\/2024\/01\/photographe-reportage-evenementiel-chine-1030x686.jpg\" data-srcset=\"https:\/\/www.xaviergranet.com\/wp-content\/uploads\/2024\/01\/photographe-reportage-evenementiel-chine-1030x686.jpg 1030w, https:\/\/www.xaviergranet.com\/wp-content\/uploads\/2024\/01\/photographe-reportage-evenementiel-chine-300x200.jpg 300w, https:\/\/www.xaviergranet.com\/wp-content\/uploads\/2024\/01\/photographe-reportage-evenementiel-chine-768x512.jpg 768w, https:\/\/www.xaviergranet.com\/wp-content\/uploads\/2024\/01\/photographe-reportage-evenementiel-chine-1536x1024.jpg 1536w, https:\/\/www.xaviergranet.com\/wp-content\/uploads\/2024\/01\/photographe-reportage-evenementiel-chine-1500x1000.jpg 1500w, https:\/\/www.xaviergranet.com\/wp-content\/uploads\/2024\/01\/photographe-reportage-evenementiel-chine-705x470.jpg 705w, https:\/\/www.xaviergranet.com\/wp-content\/uploads\/2024\/01\/photographe-reportage-evenementiel-chine-80x53.jpg 80w, https:\/\/www.xaviergranet.com\/wp-content\/uploads\/2024\/01\/photographe-reportage-evenementiel-chine-1260x840.jpg 1260w, https:\/\/www.xaviergranet.com\/wp-content\/uploads\/2024\/01\/photographe-reportage-evenementiel-chine-630x420.jpg 630w, https:\/\/www.xaviergranet.com\/wp-content\/uploads\/2024\/01\/photographe-reportage-evenementiel-chine.jpg 2000w\" data-sizes=\"(max-width: 1030px) 100vw, 1030px\"  aria-label=\"image Le photographe professionnel sur un \u00e9v\u00e9nement institutionnel\"  id='av-masonry-1-item-3442' data-av-masonry-item='3442' class='av-masonry-entry isotope-item post-3442 attachment type-attachment status-inherit hentry  av-masonry-item-with-image' title=\"\" alt=\"Le photographe professionnel sur un \u00e9v\u00e9nement institutionnel\"    itemprop=\"thumbnailUrl\" ><div class='av-inner-masonry-sizer'><\/div><figure class='av-inner-masonry main_color'><div class=\"av-masonry-outerimage-container\"><div class='av-masonry-image-container'  ><img decoding=\"async\" width=\"1536\" height=\"1024\" fetchpriority=\"high\" class=\"wp-image-3442 avia-img-lazy-loading-not-3442\"  src=\"https:\/\/www.xaviergranet.com\/wp-content\/uploads\/2024\/01\/photographe-reportage-evenementiel-chine-1536x1024.jpg\" title=\"\" alt=\"Le photographe professionnel sur un \u00e9v\u00e9nement institutionnel\" srcset=\"https:\/\/www.xaviergranet.com\/wp-content\/uploads\/2024\/01\/photographe-reportage-evenementiel-chine-1536x1024.jpg 1536w, https:\/\/www.xaviergranet.com\/wp-content\/uploads\/2024\/01\/photographe-reportage-evenementiel-chine-300x200.jpg 300w, https:\/\/www.xaviergranet.com\/wp-content\/uploads\/2024\/01\/photographe-reportage-evenementiel-chine-1030x686.jpg 1030w, https:\/\/www.xaviergranet.com\/wp-content\/uploads\/2024\/01\/photographe-reportage-evenementiel-chine-768x512.jpg 768w, https:\/\/www.xaviergranet.com\/wp-content\/uploads\/2024\/01\/photographe-reportage-evenementiel-chine-1500x1000.jpg 1500w, https:\/\/www.xaviergranet.com\/wp-content\/uploads\/2024\/01\/photographe-reportage-evenementiel-chine-705x470.jpg 705w, https:\/\/www.xaviergranet.com\/wp-content\/uploads\/2024\/01\/photographe-reportage-evenementiel-chine-80x53.jpg 80w, https:\/\/www.xaviergranet.com\/wp-content\/uploads\/2024\/01\/photographe-reportage-evenementiel-chine-1260x840.jpg 1260w, https:\/\/www.xaviergranet.com\/wp-content\/uploads\/2024\/01\/photographe-reportage-evenementiel-chine-630x420.jpg 630w, https:\/\/www.xaviergranet.com\/wp-content\/uploads\/2024\/01\/photographe-reportage-evenementiel-chine.jpg 2000w\" sizes=\"(max-width: 1536px) 100vw, 1536px\" \/><\/div><\/div><\/figure><\/a><!--end av-masonry entry--><a href=\"https:\/\/www.xaviergranet.com\/wp-content\/uploads\/2024\/01\/photographe-reportage-evenementiel-debat-1030x686.jpg\" data-srcset=\"https:\/\/www.xaviergranet.com\/wp-content\/uploads\/2024\/01\/photographe-reportage-evenementiel-debat-1030x686.jpg 1030w, https:\/\/www.xaviergranet.com\/wp-content\/uploads\/2024\/01\/photographe-reportage-evenementiel-debat-300x200.jpg 300w, https:\/\/www.xaviergranet.com\/wp-content\/uploads\/2024\/01\/photographe-reportage-evenementiel-debat-768x512.jpg 768w, https:\/\/www.xaviergranet.com\/wp-content\/uploads\/2024\/01\/photographe-reportage-evenementiel-debat-1536x1024.jpg 1536w, https:\/\/www.xaviergranet.com\/wp-content\/uploads\/2024\/01\/photographe-reportage-evenementiel-debat-1500x1000.jpg 1500w, https:\/\/www.xaviergranet.com\/wp-content\/uploads\/2024\/01\/photographe-reportage-evenementiel-debat-705x470.jpg 705w, https:\/\/www.xaviergranet.com\/wp-content\/uploads\/2024\/01\/photographe-reportage-evenementiel-debat-80x53.jpg 80w, https:\/\/www.xaviergranet.com\/wp-content\/uploads\/2024\/01\/photographe-reportage-evenementiel-debat-1260x840.jpg 1260w, https:\/\/www.xaviergranet.com\/wp-content\/uploads\/2024\/01\/photographe-reportage-evenementiel-debat-630x420.jpg 630w, https:\/\/www.xaviergranet.com\/wp-content\/uploads\/2024\/01\/photographe-reportage-evenementiel-debat.jpg 2000w\" data-sizes=\"(max-width: 1030px) 100vw, 1030px\"  aria-label=\"image Photographe professionnel sur les rencontres gouvernementales\"  id='av-masonry-1-item-3444' data-av-masonry-item='3444' class='av-masonry-entry isotope-item post-3444 attachment type-attachment status-inherit hentry  av-masonry-item-with-image' title=\"\" alt=\"Photographe professionnel sur les rencontres gouvernementales\"    itemprop=\"thumbnailUrl\" ><div class='av-inner-masonry-sizer'><\/div><figure class='av-inner-masonry main_color'><div class=\"av-masonry-outerimage-container\"><div class='av-masonry-image-container'  ><img decoding=\"async\" width=\"1536\" height=\"1024\" fetchpriority=\"high\" class=\"wp-image-3444 avia-img-lazy-loading-not-3444\"  src=\"https:\/\/www.xaviergranet.com\/wp-content\/uploads\/2024\/01\/photographe-reportage-evenementiel-debat-1536x1024.jpg\" title=\"\" alt=\"Photographe professionnel sur les rencontres gouvernementales\" srcset=\"https:\/\/www.xaviergranet.com\/wp-content\/uploads\/2024\/01\/photographe-reportage-evenementiel-debat-1536x1024.jpg 1536w, https:\/\/www.xaviergranet.com\/wp-content\/uploads\/2024\/01\/photographe-reportage-evenementiel-debat-300x200.jpg 300w, https:\/\/www.xaviergranet.com\/wp-content\/uploads\/2024\/01\/photographe-reportage-evenementiel-debat-1030x686.jpg 1030w, https:\/\/www.xaviergranet.com\/wp-content\/uploads\/2024\/01\/photographe-reportage-evenementiel-debat-768x512.jpg 768w, https:\/\/www.xaviergranet.com\/wp-content\/uploads\/2024\/01\/photographe-reportage-evenementiel-debat-1500x1000.jpg 1500w, https:\/\/www.xaviergranet.com\/wp-content\/uploads\/2024\/01\/photographe-reportage-evenementiel-debat-705x470.jpg 705w, https:\/\/www.xaviergranet.com\/wp-content\/uploads\/2024\/01\/photographe-reportage-evenementiel-debat-80x53.jpg 80w, https:\/\/www.xaviergranet.com\/wp-content\/uploads\/2024\/01\/photographe-reportage-evenementiel-debat-1260x840.jpg 1260w, https:\/\/www.xaviergranet.com\/wp-content\/uploads\/2024\/01\/photographe-reportage-evenementiel-debat-630x420.jpg 630w, https:\/\/www.xaviergranet.com\/wp-content\/uploads\/2024\/01\/photographe-reportage-evenementiel-debat.jpg 2000w\" sizes=\"(max-width: 1536px) 100vw, 1536px\" \/><\/div><\/div><\/figure><\/a><!--end av-masonry entry--><a href=\"https:\/\/www.xaviergranet.com\/wp-content\/uploads\/2024\/01\/photographe-reportage-evenementiel-discours-cloture-1030x686.jpg\" data-srcset=\"https:\/\/www.xaviergranet.com\/wp-content\/uploads\/2024\/01\/photographe-reportage-evenementiel-discours-cloture-1030x686.jpg 1030w, https:\/\/www.xaviergranet.com\/wp-content\/uploads\/2024\/01\/photographe-reportage-evenementiel-discours-cloture-300x200.jpg 300w, https:\/\/www.xaviergranet.com\/wp-content\/uploads\/2024\/01\/photographe-reportage-evenementiel-discours-cloture-768x512.jpg 768w, https:\/\/www.xaviergranet.com\/wp-content\/uploads\/2024\/01\/photographe-reportage-evenementiel-discours-cloture-1536x1024.jpg 1536w, https:\/\/www.xaviergranet.com\/wp-content\/uploads\/2024\/01\/photographe-reportage-evenementiel-discours-cloture-1500x1000.jpg 1500w, https:\/\/www.xaviergranet.com\/wp-content\/uploads\/2024\/01\/photographe-reportage-evenementiel-discours-cloture-705x470.jpg 705w, https:\/\/www.xaviergranet.com\/wp-content\/uploads\/2024\/01\/photographe-reportage-evenementiel-discours-cloture-80x53.jpg 80w, https:\/\/www.xaviergranet.com\/wp-content\/uploads\/2024\/01\/photographe-reportage-evenementiel-discours-cloture-1260x840.jpg 1260w, https:\/\/www.xaviergranet.com\/wp-content\/uploads\/2024\/01\/photographe-reportage-evenementiel-discours-cloture-630x420.jpg 630w, https:\/\/www.xaviergranet.com\/wp-content\/uploads\/2024\/01\/photographe-reportage-evenementiel-discours-cloture.jpg 2000w\" data-sizes=\"(max-width: 1030px) 100vw, 1030px\"  aria-label=\"image Photographe professionnel pour vos \u00e9v\u00e9nements\"  id='av-masonry-1-item-3445' data-av-masonry-item='3445' class='av-masonry-entry isotope-item post-3445 attachment type-attachment status-inherit hentry  av-masonry-item-with-image' title=\"\" alt=\"Photographe professionnel pour vos \u00e9v\u00e9nements\"    itemprop=\"thumbnailUrl\" ><div class='av-inner-masonry-sizer'><\/div><figure class='av-inner-masonry main_color'><div class=\"av-masonry-outerimage-container\"><div class='av-masonry-image-container'  ><img decoding=\"async\" width=\"1536\" height=\"1024\" fetchpriority=\"high\" class=\"wp-image-3445 avia-img-lazy-loading-not-3445\"  src=\"https:\/\/www.xaviergranet.com\/wp-content\/uploads\/2024\/01\/photographe-reportage-evenementiel-discours-cloture-1536x1024.jpg\" title=\"\" alt=\"Photographe professionnel pour vos \u00e9v\u00e9nements\" srcset=\"https:\/\/www.xaviergranet.com\/wp-content\/uploads\/2024\/01\/photographe-reportage-evenementiel-discours-cloture-1536x1024.jpg 1536w, https:\/\/www.xaviergranet.com\/wp-content\/uploads\/2024\/01\/photographe-reportage-evenementiel-discours-cloture-300x200.jpg 300w, https:\/\/www.xaviergranet.com\/wp-content\/uploads\/2024\/01\/photographe-reportage-evenementiel-discours-cloture-1030x686.jpg 1030w, https:\/\/www.xaviergranet.com\/wp-content\/uploads\/2024\/01\/photographe-reportage-evenementiel-discours-cloture-768x512.jpg 768w, https:\/\/www.xaviergranet.com\/wp-content\/uploads\/2024\/01\/photographe-reportage-evenementiel-discours-cloture-1500x1000.jpg 1500w, https:\/\/www.xaviergranet.com\/wp-content\/uploads\/2024\/01\/photographe-reportage-evenementiel-discours-cloture-705x470.jpg 705w, https:\/\/www.xaviergranet.com\/wp-content\/uploads\/2024\/01\/photographe-reportage-evenementiel-discours-cloture-80x53.jpg 80w, https:\/\/www.xaviergranet.com\/wp-content\/uploads\/2024\/01\/photographe-reportage-evenementiel-discours-cloture-1260x840.jpg 1260w, https:\/\/www.xaviergranet.com\/wp-content\/uploads\/2024\/01\/photographe-reportage-evenementiel-discours-cloture-630x420.jpg 630w, https:\/\/www.xaviergranet.com\/wp-content\/uploads\/2024\/01\/photographe-reportage-evenementiel-discours-cloture.jpg 2000w\" sizes=\"(max-width: 1536px) 100vw, 1536px\" \/><\/div><\/div><\/figure><\/a><!--end av-masonry entry--><a href=\"https:\/\/www.xaviergranet.com\/wp-content\/uploads\/2024\/01\/photographe-reportage-evenementiel-discours-1030x686.jpg\" data-srcset=\"https:\/\/www.xaviergranet.com\/wp-content\/uploads\/2024\/01\/photographe-reportage-evenementiel-discours-1030x686.jpg 1030w, https:\/\/www.xaviergranet.com\/wp-content\/uploads\/2024\/01\/photographe-reportage-evenementiel-discours-300x200.jpg 300w, https:\/\/www.xaviergranet.com\/wp-content\/uploads\/2024\/01\/photographe-reportage-evenementiel-discours-768x512.jpg 768w, https:\/\/www.xaviergranet.com\/wp-content\/uploads\/2024\/01\/photographe-reportage-evenementiel-discours-1536x1024.jpg 1536w, https:\/\/www.xaviergranet.com\/wp-content\/uploads\/2024\/01\/photographe-reportage-evenementiel-discours-1500x1000.jpg 1500w, https:\/\/www.xaviergranet.com\/wp-content\/uploads\/2024\/01\/photographe-reportage-evenementiel-discours-705x470.jpg 705w, https:\/\/www.xaviergranet.com\/wp-content\/uploads\/2024\/01\/photographe-reportage-evenementiel-discours-80x53.jpg 80w, https:\/\/www.xaviergranet.com\/wp-content\/uploads\/2024\/01\/photographe-reportage-evenementiel-discours-1260x840.jpg 1260w, https:\/\/www.xaviergranet.com\/wp-content\/uploads\/2024\/01\/photographe-reportage-evenementiel-discours-630x420.jpg 630w, https:\/\/www.xaviergranet.com\/wp-content\/uploads\/2024\/01\/photographe-reportage-evenementiel-discours.jpg 2000w\" data-sizes=\"(max-width: 1030px) 100vw, 1030px\"  aria-label=\"image Photographe professionnel de reportage \u00e9v\u00e9nementiel\"  id='av-masonry-1-item-3446' data-av-masonry-item='3446' class='av-masonry-entry isotope-item post-3446 attachment type-attachment status-inherit hentry  av-masonry-item-with-image' title=\"\" alt=\"Photographe professionnel de reportage \u00e9v\u00e9nementiel\"    itemprop=\"thumbnailUrl\" ><div class='av-inner-masonry-sizer'><\/div><figure class='av-inner-masonry main_color'><div class=\"av-masonry-outerimage-container\"><div class='av-masonry-image-container'  ><img decoding=\"async\" width=\"1536\" height=\"1024\" fetchpriority=\"high\" class=\"wp-image-3446 avia-img-lazy-loading-not-3446\"  src=\"https:\/\/www.xaviergranet.com\/wp-content\/uploads\/2024\/01\/photographe-reportage-evenementiel-discours-1536x1024.jpg\" title=\"\" alt=\"Photographe professionnel de reportage \u00e9v\u00e9nementiel\" srcset=\"https:\/\/www.xaviergranet.com\/wp-content\/uploads\/2024\/01\/photographe-reportage-evenementiel-discours-1536x1024.jpg 1536w, https:\/\/www.xaviergranet.com\/wp-content\/uploads\/2024\/01\/photographe-reportage-evenementiel-discours-300x200.jpg 300w, https:\/\/www.xaviergranet.com\/wp-content\/uploads\/2024\/01\/photographe-reportage-evenementiel-discours-1030x686.jpg 1030w, https:\/\/www.xaviergranet.com\/wp-content\/uploads\/2024\/01\/photographe-reportage-evenementiel-discours-768x512.jpg 768w, https:\/\/www.xaviergranet.com\/wp-content\/uploads\/2024\/01\/photographe-reportage-evenementiel-discours-1500x1000.jpg 1500w, https:\/\/www.xaviergranet.com\/wp-content\/uploads\/2024\/01\/photographe-reportage-evenementiel-discours-705x470.jpg 705w, https:\/\/www.xaviergranet.com\/wp-content\/uploads\/2024\/01\/photographe-reportage-evenementiel-discours-80x53.jpg 80w, https:\/\/www.xaviergranet.com\/wp-content\/uploads\/2024\/01\/photographe-reportage-evenementiel-discours-1260x840.jpg 1260w, https:\/\/www.xaviergranet.com\/wp-content\/uploads\/2024\/01\/photographe-reportage-evenementiel-discours-630x420.jpg 630w, https:\/\/www.xaviergranet.com\/wp-content\/uploads\/2024\/01\/photographe-reportage-evenementiel-discours.jpg 2000w\" sizes=\"(max-width: 1536px) 100vw, 1536px\" \/><\/div><\/div><\/figure><\/a><!--end av-masonry entry--><a href=\"https:\/\/www.xaviergranet.com\/wp-content\/uploads\/2024\/01\/photographe-reportage-evenementiel-echange-carte-de-visite-1030x686.jpg\" data-srcset=\"https:\/\/www.xaviergranet.com\/wp-content\/uploads\/2024\/01\/photographe-reportage-evenementiel-echange-carte-de-visite-1030x686.jpg 1030w, https:\/\/www.xaviergranet.com\/wp-content\/uploads\/2024\/01\/photographe-reportage-evenementiel-echange-carte-de-visite-300x200.jpg 300w, https:\/\/www.xaviergranet.com\/wp-content\/uploads\/2024\/01\/photographe-reportage-evenementiel-echange-carte-de-visite-768x512.jpg 768w, https:\/\/www.xaviergranet.com\/wp-content\/uploads\/2024\/01\/photographe-reportage-evenementiel-echange-carte-de-visite-1536x1024.jpg 1536w, https:\/\/www.xaviergranet.com\/wp-content\/uploads\/2024\/01\/photographe-reportage-evenementiel-echange-carte-de-visite-1500x1000.jpg 1500w, https:\/\/www.xaviergranet.com\/wp-content\/uploads\/2024\/01\/photographe-reportage-evenementiel-echange-carte-de-visite-705x470.jpg 705w, https:\/\/www.xaviergranet.com\/wp-content\/uploads\/2024\/01\/photographe-reportage-evenementiel-echange-carte-de-visite-80x53.jpg 80w, https:\/\/www.xaviergranet.com\/wp-content\/uploads\/2024\/01\/photographe-reportage-evenementiel-echange-carte-de-visite-1260x840.jpg 1260w, https:\/\/www.xaviergranet.com\/wp-content\/uploads\/2024\/01\/photographe-reportage-evenementiel-echange-carte-de-visite-630x420.jpg 630w, https:\/\/www.xaviergranet.com\/wp-content\/uploads\/2024\/01\/photographe-reportage-evenementiel-echange-carte-de-visite.jpg 2000w\" data-sizes=\"(max-width: 1030px) 100vw, 1030px\"  aria-label=\"image photographe de reportage \u00e9v\u00e9nementiel sur la conf\u00e9rence internationale\"  id='av-masonry-1-item-3447' data-av-masonry-item='3447' class='av-masonry-entry isotope-item post-3447 attachment type-attachment status-inherit hentry  av-masonry-item-with-image' title=\"\" alt=\"photographe de reportage \u00e9v\u00e9nementiel sur la conf\u00e9rence internationale\"    itemprop=\"thumbnailUrl\" ><div class='av-inner-masonry-sizer'><\/div><figure class='av-inner-masonry main_color'><div class=\"av-masonry-outerimage-container\"><div class='av-masonry-image-container'  ><img decoding=\"async\" width=\"1536\" height=\"1024\" fetchpriority=\"high\" class=\"wp-image-3447 avia-img-lazy-loading-not-3447\"  src=\"https:\/\/www.xaviergranet.com\/wp-content\/uploads\/2024\/01\/photographe-reportage-evenementiel-echange-carte-de-visite-1536x1024.jpg\" title=\"\" alt=\"photographe de reportage \u00e9v\u00e9nementiel sur la conf\u00e9rence internationale\" srcset=\"https:\/\/www.xaviergranet.com\/wp-content\/uploads\/2024\/01\/photographe-reportage-evenementiel-echange-carte-de-visite-1536x1024.jpg 1536w, https:\/\/www.xaviergranet.com\/wp-content\/uploads\/2024\/01\/photographe-reportage-evenementiel-echange-carte-de-visite-300x200.jpg 300w, https:\/\/www.xaviergranet.com\/wp-content\/uploads\/2024\/01\/photographe-reportage-evenementiel-echange-carte-de-visite-1030x686.jpg 1030w, https:\/\/www.xaviergranet.com\/wp-content\/uploads\/2024\/01\/photographe-reportage-evenementiel-echange-carte-de-visite-768x512.jpg 768w, https:\/\/www.xaviergranet.com\/wp-content\/uploads\/2024\/01\/photographe-reportage-evenementiel-echange-carte-de-visite-1500x1000.jpg 1500w, https:\/\/www.xaviergranet.com\/wp-content\/uploads\/2024\/01\/photographe-reportage-evenementiel-echange-carte-de-visite-705x470.jpg 705w, https:\/\/www.xaviergranet.com\/wp-content\/uploads\/2024\/01\/photographe-reportage-evenementiel-echange-carte-de-visite-80x53.jpg 80w, https:\/\/www.xaviergranet.com\/wp-content\/uploads\/2024\/01\/photographe-reportage-evenementiel-echange-carte-de-visite-1260x840.jpg 1260w, https:\/\/www.xaviergranet.com\/wp-content\/uploads\/2024\/01\/photographe-reportage-evenementiel-echange-carte-de-visite-630x420.jpg 630w, https:\/\/www.xaviergranet.com\/wp-content\/uploads\/2024\/01\/photographe-reportage-evenementiel-echange-carte-de-visite.jpg 2000w\" sizes=\"(max-width: 1536px) 100vw, 1536px\" \/><\/div><\/div><\/figure><\/a><!--end av-masonry entry--><a href=\"https:\/\/www.xaviergranet.com\/wp-content\/uploads\/2024\/01\/photographe-reportage-evenementiel-echange-entreprise-1030x686.jpg\" data-srcset=\"https:\/\/www.xaviergranet.com\/wp-content\/uploads\/2024\/01\/photographe-reportage-evenementiel-echange-entreprise-1030x686.jpg 1030w, https:\/\/www.xaviergranet.com\/wp-content\/uploads\/2024\/01\/photographe-reportage-evenementiel-echange-entreprise-300x200.jpg 300w, https:\/\/www.xaviergranet.com\/wp-content\/uploads\/2024\/01\/photographe-reportage-evenementiel-echange-entreprise-768x512.jpg 768w, https:\/\/www.xaviergranet.com\/wp-content\/uploads\/2024\/01\/photographe-reportage-evenementiel-echange-entreprise-1536x1024.jpg 1536w, https:\/\/www.xaviergranet.com\/wp-content\/uploads\/2024\/01\/photographe-reportage-evenementiel-echange-entreprise-1500x1000.jpg 1500w, https:\/\/www.xaviergranet.com\/wp-content\/uploads\/2024\/01\/photographe-reportage-evenementiel-echange-entreprise-705x470.jpg 705w, https:\/\/www.xaviergranet.com\/wp-content\/uploads\/2024\/01\/photographe-reportage-evenementiel-echange-entreprise-80x53.jpg 80w, https:\/\/www.xaviergranet.com\/wp-content\/uploads\/2024\/01\/photographe-reportage-evenementiel-echange-entreprise-1260x840.jpg 1260w, https:\/\/www.xaviergranet.com\/wp-content\/uploads\/2024\/01\/photographe-reportage-evenementiel-echange-entreprise-630x420.jpg 630w, https:\/\/www.xaviergranet.com\/wp-content\/uploads\/2024\/01\/photographe-reportage-evenementiel-echange-entreprise.jpg 2000w\" data-sizes=\"(max-width: 1030px) 100vw, 1030px\"  aria-label=\"image Photographe sur les \u00e9v\u00e9nements institutionnels\"  id='av-masonry-1-item-3448' data-av-masonry-item='3448' class='av-masonry-entry isotope-item post-3448 attachment type-attachment status-inherit hentry  av-masonry-item-with-image' title=\"\" alt=\"Photographe sur les \u00e9v\u00e9nements institutionnels\"    itemprop=\"thumbnailUrl\" ><div class='av-inner-masonry-sizer'><\/div><figure class='av-inner-masonry main_color'><div class=\"av-masonry-outerimage-container\"><div class='av-masonry-image-container'  ><img decoding=\"async\" width=\"1536\" height=\"1024\" fetchpriority=\"high\" class=\"wp-image-3448 avia-img-lazy-loading-not-3448\"  src=\"https:\/\/www.xaviergranet.com\/wp-content\/uploads\/2024\/01\/photographe-reportage-evenementiel-echange-entreprise-1536x1024.jpg\" title=\"\" alt=\"Photographe sur les \u00e9v\u00e9nements institutionnels\" srcset=\"https:\/\/www.xaviergranet.com\/wp-content\/uploads\/2024\/01\/photographe-reportage-evenementiel-echange-entreprise-1536x1024.jpg 1536w, https:\/\/www.xaviergranet.com\/wp-content\/uploads\/2024\/01\/photographe-reportage-evenementiel-echange-entreprise-300x200.jpg 300w, https:\/\/www.xaviergranet.com\/wp-content\/uploads\/2024\/01\/photographe-reportage-evenementiel-echange-entreprise-1030x686.jpg 1030w, https:\/\/www.xaviergranet.com\/wp-content\/uploads\/2024\/01\/photographe-reportage-evenementiel-echange-entreprise-768x512.jpg 768w, https:\/\/www.xaviergranet.com\/wp-content\/uploads\/2024\/01\/photographe-reportage-evenementiel-echange-entreprise-1500x1000.jpg 1500w, https:\/\/www.xaviergranet.com\/wp-content\/uploads\/2024\/01\/photographe-reportage-evenementiel-echange-entreprise-705x470.jpg 705w, https:\/\/www.xaviergranet.com\/wp-content\/uploads\/2024\/01\/photographe-reportage-evenementiel-echange-entreprise-80x53.jpg 80w, https:\/\/www.xaviergranet.com\/wp-content\/uploads\/2024\/01\/photographe-reportage-evenementiel-echange-entreprise-1260x840.jpg 1260w, https:\/\/www.xaviergranet.com\/wp-content\/uploads\/2024\/01\/photographe-reportage-evenementiel-echange-entreprise-630x420.jpg 630w, https:\/\/www.xaviergranet.com\/wp-content\/uploads\/2024\/01\/photographe-reportage-evenementiel-echange-entreprise.jpg 2000w\" sizes=\"(max-width: 1536px) 100vw, 1536px\" \/><\/div><\/div><\/figure><\/a><!--end av-masonry entry--><a href=\"https:\/\/www.xaviergranet.com\/wp-content\/uploads\/2024\/01\/photographe-reportage-evenementiel-entreprise-1030x686.jpg\" data-srcset=\"https:\/\/www.xaviergranet.com\/wp-content\/uploads\/2024\/01\/photographe-reportage-evenementiel-entreprise-1030x686.jpg 1030w, https:\/\/www.xaviergranet.com\/wp-content\/uploads\/2024\/01\/photographe-reportage-evenementiel-entreprise-300x200.jpg 300w, https:\/\/www.xaviergranet.com\/wp-content\/uploads\/2024\/01\/photographe-reportage-evenementiel-entreprise-768x512.jpg 768w, https:\/\/www.xaviergranet.com\/wp-content\/uploads\/2024\/01\/photographe-reportage-evenementiel-entreprise-1536x1024.jpg 1536w, https:\/\/www.xaviergranet.com\/wp-content\/uploads\/2024\/01\/photographe-reportage-evenementiel-entreprise-1500x1000.jpg 1500w, https:\/\/www.xaviergranet.com\/wp-content\/uploads\/2024\/01\/photographe-reportage-evenementiel-entreprise-705x470.jpg 705w, https:\/\/www.xaviergranet.com\/wp-content\/uploads\/2024\/01\/photographe-reportage-evenementiel-entreprise-80x53.jpg 80w, https:\/\/www.xaviergranet.com\/wp-content\/uploads\/2024\/01\/photographe-reportage-evenementiel-entreprise-1260x840.jpg 1260w, https:\/\/www.xaviergranet.com\/wp-content\/uploads\/2024\/01\/photographe-reportage-evenementiel-entreprise-630x420.jpg 630w, https:\/\/www.xaviergranet.com\/wp-content\/uploads\/2024\/01\/photographe-reportage-evenementiel-entreprise.jpg 2000w\" data-sizes=\"(max-width: 1030px) 100vw, 1030px\"  aria-label=\"image Photo reportage institutionnel\"  id='av-masonry-1-item-3449' data-av-masonry-item='3449' class='av-masonry-entry isotope-item post-3449 attachment type-attachment status-inherit hentry  av-masonry-item-with-image' title=\"\" alt=\"Photo reportage institutionnel\"    itemprop=\"thumbnailUrl\" ><div class='av-inner-masonry-sizer'><\/div><figure class='av-inner-masonry main_color'><div class=\"av-masonry-outerimage-container\"><div class='av-masonry-image-container'  ><img decoding=\"async\" width=\"1536\" height=\"1024\" fetchpriority=\"high\" class=\"wp-image-3449 avia-img-lazy-loading-not-3449\"  src=\"https:\/\/www.xaviergranet.com\/wp-content\/uploads\/2024\/01\/photographe-reportage-evenementiel-entreprise-1536x1024.jpg\" title=\"\" alt=\"Photo reportage institutionnel\" srcset=\"https:\/\/www.xaviergranet.com\/wp-content\/uploads\/2024\/01\/photographe-reportage-evenementiel-entreprise-1536x1024.jpg 1536w, https:\/\/www.xaviergranet.com\/wp-content\/uploads\/2024\/01\/photographe-reportage-evenementiel-entreprise-300x200.jpg 300w, https:\/\/www.xaviergranet.com\/wp-content\/uploads\/2024\/01\/photographe-reportage-evenementiel-entreprise-1030x686.jpg 1030w, https:\/\/www.xaviergranet.com\/wp-content\/uploads\/2024\/01\/photographe-reportage-evenementiel-entreprise-768x512.jpg 768w, https:\/\/www.xaviergranet.com\/wp-content\/uploads\/2024\/01\/photographe-reportage-evenementiel-entreprise-1500x1000.jpg 1500w, https:\/\/www.xaviergranet.com\/wp-content\/uploads\/2024\/01\/photographe-reportage-evenementiel-entreprise-705x470.jpg 705w, https:\/\/www.xaviergranet.com\/wp-content\/uploads\/2024\/01\/photographe-reportage-evenementiel-entreprise-80x53.jpg 80w, https:\/\/www.xaviergranet.com\/wp-content\/uploads\/2024\/01\/photographe-reportage-evenementiel-entreprise-1260x840.jpg 1260w, https:\/\/www.xaviergranet.com\/wp-content\/uploads\/2024\/01\/photographe-reportage-evenementiel-entreprise-630x420.jpg 630w, https:\/\/www.xaviergranet.com\/wp-content\/uploads\/2024\/01\/photographe-reportage-evenementiel-entreprise.jpg 2000w\" sizes=\"(max-width: 1536px) 100vw, 1536px\" \/><\/div><\/div><\/figure><\/a><!--end av-masonry entry--><a href=\"https:\/\/www.xaviergranet.com\/wp-content\/uploads\/2024\/01\/photographe-reportage-evenementiel-grand-compte-1030x686.jpg\" data-srcset=\"https:\/\/www.xaviergranet.com\/wp-content\/uploads\/2024\/01\/photographe-reportage-evenementiel-grand-compte-1030x686.jpg 1030w, https:\/\/www.xaviergranet.com\/wp-content\/uploads\/2024\/01\/photographe-reportage-evenementiel-grand-compte-300x200.jpg 300w, https:\/\/www.xaviergranet.com\/wp-content\/uploads\/2024\/01\/photographe-reportage-evenementiel-grand-compte-768x512.jpg 768w, https:\/\/www.xaviergranet.com\/wp-content\/uploads\/2024\/01\/photographe-reportage-evenementiel-grand-compte-1536x1024.jpg 1536w, https:\/\/www.xaviergranet.com\/wp-content\/uploads\/2024\/01\/photographe-reportage-evenementiel-grand-compte-1500x1000.jpg 1500w, https:\/\/www.xaviergranet.com\/wp-content\/uploads\/2024\/01\/photographe-reportage-evenementiel-grand-compte-705x470.jpg 705w, https:\/\/www.xaviergranet.com\/wp-content\/uploads\/2024\/01\/photographe-reportage-evenementiel-grand-compte-80x53.jpg 80w, https:\/\/www.xaviergranet.com\/wp-content\/uploads\/2024\/01\/photographe-reportage-evenementiel-grand-compte-1260x840.jpg 1260w, https:\/\/www.xaviergranet.com\/wp-content\/uploads\/2024\/01\/photographe-reportage-evenementiel-grand-compte-630x420.jpg 630w, https:\/\/www.xaviergranet.com\/wp-content\/uploads\/2024\/01\/photographe-reportage-evenementiel-grand-compte.jpg 2000w\" data-sizes=\"(max-width: 1030px) 100vw, 1030px\"  aria-label=\"image Le photographe saisit les moments cl\u00e9s des rencontres\"  id='av-masonry-1-item-3450' data-av-masonry-item='3450' class='av-masonry-entry isotope-item post-3450 attachment type-attachment status-inherit hentry  av-masonry-item-with-image' title=\"\" alt=\"Le photographe saisit les moments cl\u00e9s des rencontres\"    itemprop=\"thumbnailUrl\" ><div class='av-inner-masonry-sizer'><\/div><figure class='av-inner-masonry main_color'><div class=\"av-masonry-outerimage-container\"><div class='av-masonry-image-container'  ><img decoding=\"async\" width=\"1536\" height=\"1024\" fetchpriority=\"high\" class=\"wp-image-3450 avia-img-lazy-loading-not-3450\"  src=\"https:\/\/www.xaviergranet.com\/wp-content\/uploads\/2024\/01\/photographe-reportage-evenementiel-grand-compte-1536x1024.jpg\" title=\"\" alt=\"Le photographe saisit les moments cl\u00e9s des rencontres\" srcset=\"https:\/\/www.xaviergranet.com\/wp-content\/uploads\/2024\/01\/photographe-reportage-evenementiel-grand-compte-1536x1024.jpg 1536w, https:\/\/www.xaviergranet.com\/wp-content\/uploads\/2024\/01\/photographe-reportage-evenementiel-grand-compte-300x200.jpg 300w, https:\/\/www.xaviergranet.com\/wp-content\/uploads\/2024\/01\/photographe-reportage-evenementiel-grand-compte-1030x686.jpg 1030w, https:\/\/www.xaviergranet.com\/wp-content\/uploads\/2024\/01\/photographe-reportage-evenementiel-grand-compte-768x512.jpg 768w, https:\/\/www.xaviergranet.com\/wp-content\/uploads\/2024\/01\/photographe-reportage-evenementiel-grand-compte-1500x1000.jpg 1500w, https:\/\/www.xaviergranet.com\/wp-content\/uploads\/2024\/01\/photographe-reportage-evenementiel-grand-compte-705x470.jpg 705w, https:\/\/www.xaviergranet.com\/wp-content\/uploads\/2024\/01\/photographe-reportage-evenementiel-grand-compte-80x53.jpg 80w, https:\/\/www.xaviergranet.com\/wp-content\/uploads\/2024\/01\/photographe-reportage-evenementiel-grand-compte-1260x840.jpg 1260w, https:\/\/www.xaviergranet.com\/wp-content\/uploads\/2024\/01\/photographe-reportage-evenementiel-grand-compte-630x420.jpg 630w, https:\/\/www.xaviergranet.com\/wp-content\/uploads\/2024\/01\/photographe-reportage-evenementiel-grand-compte.jpg 2000w\" sizes=\"(max-width: 1536px) 100vw, 1536px\" \/><\/div><\/div><\/figure><\/a><!--end av-masonry entry--><a href=\"https:\/\/www.xaviergranet.com\/wp-content\/uploads\/2024\/01\/photographe-reportage-evenementiel-intervention-au-sommet-1030x686.jpg\" data-srcset=\"https:\/\/www.xaviergranet.com\/wp-content\/uploads\/2024\/01\/photographe-reportage-evenementiel-intervention-au-sommet-1030x686.jpg 1030w, https:\/\/www.xaviergranet.com\/wp-content\/uploads\/2024\/01\/photographe-reportage-evenementiel-intervention-au-sommet-300x200.jpg 300w, https:\/\/www.xaviergranet.com\/wp-content\/uploads\/2024\/01\/photographe-reportage-evenementiel-intervention-au-sommet-768x512.jpg 768w, https:\/\/www.xaviergranet.com\/wp-content\/uploads\/2024\/01\/photographe-reportage-evenementiel-intervention-au-sommet-1536x1024.jpg 1536w, https:\/\/www.xaviergranet.com\/wp-content\/uploads\/2024\/01\/photographe-reportage-evenementiel-intervention-au-sommet-1500x1000.jpg 1500w, https:\/\/www.xaviergranet.com\/wp-content\/uploads\/2024\/01\/photographe-reportage-evenementiel-intervention-au-sommet-705x470.jpg 705w, https:\/\/www.xaviergranet.com\/wp-content\/uploads\/2024\/01\/photographe-reportage-evenementiel-intervention-au-sommet-80x53.jpg 80w, https:\/\/www.xaviergranet.com\/wp-content\/uploads\/2024\/01\/photographe-reportage-evenementiel-intervention-au-sommet-1260x840.jpg 1260w, https:\/\/www.xaviergranet.com\/wp-content\/uploads\/2024\/01\/photographe-reportage-evenementiel-intervention-au-sommet-630x420.jpg 630w, https:\/\/www.xaviergranet.com\/wp-content\/uploads\/2024\/01\/photographe-reportage-evenementiel-intervention-au-sommet.jpg 2000w\" data-sizes=\"(max-width: 1030px) 100vw, 1030px\"  aria-label=\"image Photo reportage institutionnel \u00e0 Paris\"  id='av-masonry-1-item-3451' data-av-masonry-item='3451' class='av-masonry-entry isotope-item post-3451 attachment type-attachment status-inherit hentry  av-masonry-item-with-image' title=\"\" alt=\"Photo reportage institutionnel \u00e0 Paris\"    itemprop=\"thumbnailUrl\" ><div class='av-inner-masonry-sizer'><\/div><figure class='av-inner-masonry main_color'><div class=\"av-masonry-outerimage-container\"><div class='av-masonry-image-container'  ><img decoding=\"async\" width=\"1536\" height=\"1024\" fetchpriority=\"high\" class=\"wp-image-3451 avia-img-lazy-loading-not-3451\"  src=\"https:\/\/www.xaviergranet.com\/wp-content\/uploads\/2024\/01\/photographe-reportage-evenementiel-intervention-au-sommet-1536x1024.jpg\" title=\"\" alt=\"Photo reportage institutionnel \u00e0 Paris\" srcset=\"https:\/\/www.xaviergranet.com\/wp-content\/uploads\/2024\/01\/photographe-reportage-evenementiel-intervention-au-sommet-1536x1024.jpg 1536w, https:\/\/www.xaviergranet.com\/wp-content\/uploads\/2024\/01\/photographe-reportage-evenementiel-intervention-au-sommet-300x200.jpg 300w, https:\/\/www.xaviergranet.com\/wp-content\/uploads\/2024\/01\/photographe-reportage-evenementiel-intervention-au-sommet-1030x686.jpg 1030w, https:\/\/www.xaviergranet.com\/wp-content\/uploads\/2024\/01\/photographe-reportage-evenementiel-intervention-au-sommet-768x512.jpg 768w, https:\/\/www.xaviergranet.com\/wp-content\/uploads\/2024\/01\/photographe-reportage-evenementiel-intervention-au-sommet-1500x1000.jpg 1500w, https:\/\/www.xaviergranet.com\/wp-content\/uploads\/2024\/01\/photographe-reportage-evenementiel-intervention-au-sommet-705x470.jpg 705w, https:\/\/www.xaviergranet.com\/wp-content\/uploads\/2024\/01\/photographe-reportage-evenementiel-intervention-au-sommet-80x53.jpg 80w, https:\/\/www.xaviergranet.com\/wp-content\/uploads\/2024\/01\/photographe-reportage-evenementiel-intervention-au-sommet-1260x840.jpg 1260w, https:\/\/www.xaviergranet.com\/wp-content\/uploads\/2024\/01\/photographe-reportage-evenementiel-intervention-au-sommet-630x420.jpg 630w, https:\/\/www.xaviergranet.com\/wp-content\/uploads\/2024\/01\/photographe-reportage-evenementiel-intervention-au-sommet.jpg 2000w\" sizes=\"(max-width: 1536px) 100vw, 1536px\" \/><\/div><\/div><\/figure><\/a><!--end av-masonry entry--><a href=\"https:\/\/www.xaviergranet.com\/wp-content\/uploads\/2024\/01\/photographe-reportage-evenementiel-intervention-1030x686.jpg\" data-srcset=\"https:\/\/www.xaviergranet.com\/wp-content\/uploads\/2024\/01\/photographe-reportage-evenementiel-intervention-1030x686.jpg 1030w, https:\/\/www.xaviergranet.com\/wp-content\/uploads\/2024\/01\/photographe-reportage-evenementiel-intervention-300x200.jpg 300w, https:\/\/www.xaviergranet.com\/wp-content\/uploads\/2024\/01\/photographe-reportage-evenementiel-intervention-768x512.jpg 768w, https:\/\/www.xaviergranet.com\/wp-content\/uploads\/2024\/01\/photographe-reportage-evenementiel-intervention-1536x1024.jpg 1536w, https:\/\/www.xaviergranet.com\/wp-content\/uploads\/2024\/01\/photographe-reportage-evenementiel-intervention-1500x1000.jpg 1500w, https:\/\/www.xaviergranet.com\/wp-content\/uploads\/2024\/01\/photographe-reportage-evenementiel-intervention-705x470.jpg 705w, https:\/\/www.xaviergranet.com\/wp-content\/uploads\/2024\/01\/photographe-reportage-evenementiel-intervention-80x53.jpg 80w, https:\/\/www.xaviergranet.com\/wp-content\/uploads\/2024\/01\/photographe-reportage-evenementiel-intervention-1260x840.jpg 1260w, https:\/\/www.xaviergranet.com\/wp-content\/uploads\/2024\/01\/photographe-reportage-evenementiel-intervention-630x420.jpg 630w, https:\/\/www.xaviergranet.com\/wp-content\/uploads\/2024\/01\/photographe-reportage-evenementiel-intervention.jpg 2000w\" data-sizes=\"(max-width: 1030px) 100vw, 1030px\"  aria-label=\"image Reportage photo sur les discussions des leaders mondiaux\"  id='av-masonry-1-item-3452' data-av-masonry-item='3452' class='av-masonry-entry isotope-item post-3452 attachment type-attachment status-inherit hentry  av-masonry-item-with-image' title=\"\" alt=\"Reportage photo sur les discussions des leaders mondiaux\"    itemprop=\"thumbnailUrl\" ><div class='av-inner-masonry-sizer'><\/div><figure class='av-inner-masonry main_color'><div class=\"av-masonry-outerimage-container\"><div class='av-masonry-image-container'  ><img decoding=\"async\" width=\"1536\" height=\"1024\" fetchpriority=\"high\" class=\"wp-image-3452 avia-img-lazy-loading-not-3452\"  src=\"https:\/\/www.xaviergranet.com\/wp-content\/uploads\/2024\/01\/photographe-reportage-evenementiel-intervention-1536x1024.jpg\" title=\"\" alt=\"Reportage photo sur les discussions des leaders mondiaux\" srcset=\"https:\/\/www.xaviergranet.com\/wp-content\/uploads\/2024\/01\/photographe-reportage-evenementiel-intervention-1536x1024.jpg 1536w, https:\/\/www.xaviergranet.com\/wp-content\/uploads\/2024\/01\/photographe-reportage-evenementiel-intervention-300x200.jpg 300w, https:\/\/www.xaviergranet.com\/wp-content\/uploads\/2024\/01\/photographe-reportage-evenementiel-intervention-1030x686.jpg 1030w, https:\/\/www.xaviergranet.com\/wp-content\/uploads\/2024\/01\/photographe-reportage-evenementiel-intervention-768x512.jpg 768w, https:\/\/www.xaviergranet.com\/wp-content\/uploads\/2024\/01\/photographe-reportage-evenementiel-intervention-1500x1000.jpg 1500w, https:\/\/www.xaviergranet.com\/wp-content\/uploads\/2024\/01\/photographe-reportage-evenementiel-intervention-705x470.jpg 705w, https:\/\/www.xaviergranet.com\/wp-content\/uploads\/2024\/01\/photographe-reportage-evenementiel-intervention-80x53.jpg 80w, https:\/\/www.xaviergranet.com\/wp-content\/uploads\/2024\/01\/photographe-reportage-evenementiel-intervention-1260x840.jpg 1260w, https:\/\/www.xaviergranet.com\/wp-content\/uploads\/2024\/01\/photographe-reportage-evenementiel-intervention-630x420.jpg 630w, https:\/\/www.xaviergranet.com\/wp-content\/uploads\/2024\/01\/photographe-reportage-evenementiel-intervention.jpg 2000w\" sizes=\"(max-width: 1536px) 100vw, 1536px\" \/><\/div><\/div><\/figure><\/a><!--end av-masonry entry--><a href=\"https:\/\/www.xaviergranet.com\/wp-content\/uploads\/2024\/01\/photographe-reportage-evenementiel-media-1030x686.jpg\" data-srcset=\"https:\/\/www.xaviergranet.com\/wp-content\/uploads\/2024\/01\/photographe-reportage-evenementiel-media-1030x686.jpg 1030w, https:\/\/www.xaviergranet.com\/wp-content\/uploads\/2024\/01\/photographe-reportage-evenementiel-media-300x200.jpg 300w, https:\/\/www.xaviergranet.com\/wp-content\/uploads\/2024\/01\/photographe-reportage-evenementiel-media-768x512.jpg 768w, https:\/\/www.xaviergranet.com\/wp-content\/uploads\/2024\/01\/photographe-reportage-evenementiel-media-1536x1024.jpg 1536w, https:\/\/www.xaviergranet.com\/wp-content\/uploads\/2024\/01\/photographe-reportage-evenementiel-media-1500x1000.jpg 1500w, https:\/\/www.xaviergranet.com\/wp-content\/uploads\/2024\/01\/photographe-reportage-evenementiel-media-705x470.jpg 705w, https:\/\/www.xaviergranet.com\/wp-content\/uploads\/2024\/01\/photographe-reportage-evenementiel-media-80x53.jpg 80w, https:\/\/www.xaviergranet.com\/wp-content\/uploads\/2024\/01\/photographe-reportage-evenementiel-media-1260x840.jpg 1260w, https:\/\/www.xaviergranet.com\/wp-content\/uploads\/2024\/01\/photographe-reportage-evenementiel-media-630x420.jpg 630w, https:\/\/www.xaviergranet.com\/wp-content\/uploads\/2024\/01\/photographe-reportage-evenementiel-media.jpg 2000w\" data-sizes=\"(max-width: 1030px) 100vw, 1030px\"  aria-label=\"image La rencontre institutionnelle internationale est illustr\u00e9e par un photo reportage \u00e9v\u00e9nementiel\"  id='av-masonry-1-item-3453' data-av-masonry-item='3453' class='av-masonry-entry isotope-item post-3453 attachment type-attachment status-inherit hentry  av-masonry-item-with-image' title=\"\" alt=\"La rencontre institutionnelle internationale est illustr\u00e9e par un photo reportage \u00e9v\u00e9nementiel\"    itemprop=\"thumbnailUrl\" ><div class='av-inner-masonry-sizer'><\/div><figure class='av-inner-masonry main_color'><div class=\"av-masonry-outerimage-container\"><div class='av-masonry-image-container'  ><img decoding=\"async\" width=\"1536\" height=\"1024\" fetchpriority=\"high\" class=\"wp-image-3453 avia-img-lazy-loading-not-3453\"  src=\"https:\/\/www.xaviergranet.com\/wp-content\/uploads\/2024\/01\/photographe-reportage-evenementiel-media-1536x1024.jpg\" title=\"\" alt=\"La rencontre institutionnelle internationale est illustr\u00e9e par un photo reportage \u00e9v\u00e9nementiel\" srcset=\"https:\/\/www.xaviergranet.com\/wp-content\/uploads\/2024\/01\/photographe-reportage-evenementiel-media-1536x1024.jpg 1536w, https:\/\/www.xaviergranet.com\/wp-content\/uploads\/2024\/01\/photographe-reportage-evenementiel-media-300x200.jpg 300w, https:\/\/www.xaviergranet.com\/wp-content\/uploads\/2024\/01\/photographe-reportage-evenementiel-media-1030x686.jpg 1030w, https:\/\/www.xaviergranet.com\/wp-content\/uploads\/2024\/01\/photographe-reportage-evenementiel-media-768x512.jpg 768w, https:\/\/www.xaviergranet.com\/wp-content\/uploads\/2024\/01\/photographe-reportage-evenementiel-media-1500x1000.jpg 1500w, https:\/\/www.xaviergranet.com\/wp-content\/uploads\/2024\/01\/photographe-reportage-evenementiel-media-705x470.jpg 705w, https:\/\/www.xaviergranet.com\/wp-content\/uploads\/2024\/01\/photographe-reportage-evenementiel-media-80x53.jpg 80w, https:\/\/www.xaviergranet.com\/wp-content\/uploads\/2024\/01\/photographe-reportage-evenementiel-media-1260x840.jpg 1260w, https:\/\/www.xaviergranet.com\/wp-content\/uploads\/2024\/01\/photographe-reportage-evenementiel-media-630x420.jpg 630w, https:\/\/www.xaviergranet.com\/wp-content\/uploads\/2024\/01\/photographe-reportage-evenementiel-media.jpg 2000w\" sizes=\"(max-width: 1536px) 100vw, 1536px\" \/><\/div><\/div><\/figure><\/a><!--end av-masonry entry--><a href=\"https:\/\/www.xaviergranet.com\/wp-content\/uploads\/2024\/01\/photographe-reportage-evenementiel-meeting-1030x686.jpg\" data-srcset=\"https:\/\/www.xaviergranet.com\/wp-content\/uploads\/2024\/01\/photographe-reportage-evenementiel-meeting-1030x686.jpg 1030w, https:\/\/www.xaviergranet.com\/wp-content\/uploads\/2024\/01\/photographe-reportage-evenementiel-meeting-300x200.jpg 300w, https:\/\/www.xaviergranet.com\/wp-content\/uploads\/2024\/01\/photographe-reportage-evenementiel-meeting-768x512.jpg 768w, https:\/\/www.xaviergranet.com\/wp-content\/uploads\/2024\/01\/photographe-reportage-evenementiel-meeting-1536x1024.jpg 1536w, https:\/\/www.xaviergranet.com\/wp-content\/uploads\/2024\/01\/photographe-reportage-evenementiel-meeting-1500x1000.jpg 1500w, https:\/\/www.xaviergranet.com\/wp-content\/uploads\/2024\/01\/photographe-reportage-evenementiel-meeting-705x470.jpg 705w, https:\/\/www.xaviergranet.com\/wp-content\/uploads\/2024\/01\/photographe-reportage-evenementiel-meeting-80x53.jpg 80w, https:\/\/www.xaviergranet.com\/wp-content\/uploads\/2024\/01\/photographe-reportage-evenementiel-meeting-1260x840.jpg 1260w, https:\/\/www.xaviergranet.com\/wp-content\/uploads\/2024\/01\/photographe-reportage-evenementiel-meeting-630x420.jpg 630w, https:\/\/www.xaviergranet.com\/wp-content\/uploads\/2024\/01\/photographe-reportage-evenementiel-meeting.jpg 2000w\" data-sizes=\"(max-width: 1030px) 100vw, 1030px\"  aria-label=\"image Reportage photo illustrant les \u00e9changes entre repr\u00e9sentants gouvernementaux\"  id='av-masonry-1-item-3454' data-av-masonry-item='3454' class='av-masonry-entry isotope-item post-3454 attachment type-attachment status-inherit hentry  av-masonry-item-with-image' title=\"\" alt=\"Reportage photo illustrant les \u00e9changes entre repr\u00e9sentants gouvernementaux\"    itemprop=\"thumbnailUrl\" ><div class='av-inner-masonry-sizer'><\/div><figure class='av-inner-masonry main_color'><div class=\"av-masonry-outerimage-container\"><div class='av-masonry-image-container'  ><img decoding=\"async\" width=\"1536\" height=\"1024\" fetchpriority=\"high\" class=\"wp-image-3454 avia-img-lazy-loading-not-3454\"  src=\"https:\/\/www.xaviergranet.com\/wp-content\/uploads\/2024\/01\/photographe-reportage-evenementiel-meeting-1536x1024.jpg\" title=\"\" alt=\"Reportage photo illustrant les \u00e9changes entre repr\u00e9sentants gouvernementaux\" srcset=\"https:\/\/www.xaviergranet.com\/wp-content\/uploads\/2024\/01\/photographe-reportage-evenementiel-meeting-1536x1024.jpg 1536w, https:\/\/www.xaviergranet.com\/wp-content\/uploads\/2024\/01\/photographe-reportage-evenementiel-meeting-300x200.jpg 300w, https:\/\/www.xaviergranet.com\/wp-content\/uploads\/2024\/01\/photographe-reportage-evenementiel-meeting-1030x686.jpg 1030w, https:\/\/www.xaviergranet.com\/wp-content\/uploads\/2024\/01\/photographe-reportage-evenementiel-meeting-768x512.jpg 768w, https:\/\/www.xaviergranet.com\/wp-content\/uploads\/2024\/01\/photographe-reportage-evenementiel-meeting-1500x1000.jpg 1500w, https:\/\/www.xaviergranet.com\/wp-content\/uploads\/2024\/01\/photographe-reportage-evenementiel-meeting-705x470.jpg 705w, https:\/\/www.xaviergranet.com\/wp-content\/uploads\/2024\/01\/photographe-reportage-evenementiel-meeting-80x53.jpg 80w, https:\/\/www.xaviergranet.com\/wp-content\/uploads\/2024\/01\/photographe-reportage-evenementiel-meeting-1260x840.jpg 1260w, https:\/\/www.xaviergranet.com\/wp-content\/uploads\/2024\/01\/photographe-reportage-evenementiel-meeting-630x420.jpg 630w, https:\/\/www.xaviergranet.com\/wp-content\/uploads\/2024\/01\/photographe-reportage-evenementiel-meeting.jpg 2000w\" sizes=\"(max-width: 1536px) 100vw, 1536px\" \/><\/div><\/div><\/figure><\/a><!--end av-masonry entry--><a href=\"https:\/\/www.xaviergranet.com\/wp-content\/uploads\/2024\/01\/photographe-reportage-evenementiel-ministere-1030x686.jpg\" data-srcset=\"https:\/\/www.xaviergranet.com\/wp-content\/uploads\/2024\/01\/photographe-reportage-evenementiel-ministere-1030x686.jpg 1030w, https:\/\/www.xaviergranet.com\/wp-content\/uploads\/2024\/01\/photographe-reportage-evenementiel-ministere-300x200.jpg 300w, https:\/\/www.xaviergranet.com\/wp-content\/uploads\/2024\/01\/photographe-reportage-evenementiel-ministere-768x512.jpg 768w, https:\/\/www.xaviergranet.com\/wp-content\/uploads\/2024\/01\/photographe-reportage-evenementiel-ministere-1536x1024.jpg 1536w, https:\/\/www.xaviergranet.com\/wp-content\/uploads\/2024\/01\/photographe-reportage-evenementiel-ministere-1500x1000.jpg 1500w, https:\/\/www.xaviergranet.com\/wp-content\/uploads\/2024\/01\/photographe-reportage-evenementiel-ministere-705x470.jpg 705w, https:\/\/www.xaviergranet.com\/wp-content\/uploads\/2024\/01\/photographe-reportage-evenementiel-ministere-80x53.jpg 80w, https:\/\/www.xaviergranet.com\/wp-content\/uploads\/2024\/01\/photographe-reportage-evenementiel-ministere-1260x840.jpg 1260w, https:\/\/www.xaviergranet.com\/wp-content\/uploads\/2024\/01\/photographe-reportage-evenementiel-ministere-630x420.jpg 630w, https:\/\/www.xaviergranet.com\/wp-content\/uploads\/2024\/01\/photographe-reportage-evenementiel-ministere.jpg 2000w\" data-sizes=\"(max-width: 1030px) 100vw, 1030px\"  aria-label=\"image Reportage photo lors de rencontres entre dirigeants d&rsquo;entreprises\"  id='av-masonry-1-item-3455' data-av-masonry-item='3455' class='av-masonry-entry isotope-item post-3455 attachment type-attachment status-inherit hentry  av-masonry-item-with-image' title=\"\" alt=\"Reportage photo lors de rencontres entre dirigeants d&#039;entreprises\"    itemprop=\"thumbnailUrl\" ><div class='av-inner-masonry-sizer'><\/div><figure class='av-inner-masonry main_color'><div class=\"av-masonry-outerimage-container\"><div class='av-masonry-image-container'  ><img decoding=\"async\" width=\"1536\" height=\"1024\" fetchpriority=\"high\" class=\"wp-image-3455 avia-img-lazy-loading-not-3455\"  src=\"https:\/\/www.xaviergranet.com\/wp-content\/uploads\/2024\/01\/photographe-reportage-evenementiel-ministere-1536x1024.jpg\" title=\"\" alt=\"Reportage photo lors de rencontres entre dirigeants d&#039;entreprises\" srcset=\"https:\/\/www.xaviergranet.com\/wp-content\/uploads\/2024\/01\/photographe-reportage-evenementiel-ministere-1536x1024.jpg 1536w, https:\/\/www.xaviergranet.com\/wp-content\/uploads\/2024\/01\/photographe-reportage-evenementiel-ministere-300x200.jpg 300w, https:\/\/www.xaviergranet.com\/wp-content\/uploads\/2024\/01\/photographe-reportage-evenementiel-ministere-1030x686.jpg 1030w, https:\/\/www.xaviergranet.com\/wp-content\/uploads\/2024\/01\/photographe-reportage-evenementiel-ministere-768x512.jpg 768w, https:\/\/www.xaviergranet.com\/wp-content\/uploads\/2024\/01\/photographe-reportage-evenementiel-ministere-1500x1000.jpg 1500w, https:\/\/www.xaviergranet.com\/wp-content\/uploads\/2024\/01\/photographe-reportage-evenementiel-ministere-705x470.jpg 705w, https:\/\/www.xaviergranet.com\/wp-content\/uploads\/2024\/01\/photographe-reportage-evenementiel-ministere-80x53.jpg 80w, https:\/\/www.xaviergranet.com\/wp-content\/uploads\/2024\/01\/photographe-reportage-evenementiel-ministere-1260x840.jpg 1260w, https:\/\/www.xaviergranet.com\/wp-content\/uploads\/2024\/01\/photographe-reportage-evenementiel-ministere-630x420.jpg 630w, https:\/\/www.xaviergranet.com\/wp-content\/uploads\/2024\/01\/photographe-reportage-evenementiel-ministere.jpg 2000w\" sizes=\"(max-width: 1536px) 100vw, 1536px\" \/><\/div><\/div><\/figure><\/a><!--end av-masonry entry--><a href=\"https:\/\/www.xaviergranet.com\/wp-content\/uploads\/2024\/01\/photographe-reportage-evenementiel-paris-1030x686.jpg\" data-srcset=\"https:\/\/www.xaviergranet.com\/wp-content\/uploads\/2024\/01\/photographe-reportage-evenementiel-paris-1030x686.jpg 1030w, https:\/\/www.xaviergranet.com\/wp-content\/uploads\/2024\/01\/photographe-reportage-evenementiel-paris-300x200.jpg 300w, https:\/\/www.xaviergranet.com\/wp-content\/uploads\/2024\/01\/photographe-reportage-evenementiel-paris-768x512.jpg 768w, https:\/\/www.xaviergranet.com\/wp-content\/uploads\/2024\/01\/photographe-reportage-evenementiel-paris-1536x1024.jpg 1536w, https:\/\/www.xaviergranet.com\/wp-content\/uploads\/2024\/01\/photographe-reportage-evenementiel-paris-1500x1000.jpg 1500w, https:\/\/www.xaviergranet.com\/wp-content\/uploads\/2024\/01\/photographe-reportage-evenementiel-paris-705x470.jpg 705w, https:\/\/www.xaviergranet.com\/wp-content\/uploads\/2024\/01\/photographe-reportage-evenementiel-paris-80x53.jpg 80w, https:\/\/www.xaviergranet.com\/wp-content\/uploads\/2024\/01\/photographe-reportage-evenementiel-paris-1260x840.jpg 1260w, https:\/\/www.xaviergranet.com\/wp-content\/uploads\/2024\/01\/photographe-reportage-evenementiel-paris-630x420.jpg 630w, https:\/\/www.xaviergranet.com\/wp-content\/uploads\/2024\/01\/photographe-reportage-evenementiel-paris.jpg 2000w\" data-sizes=\"(max-width: 1030px) 100vw, 1030px\"  aria-label=\"image Le photographe professionnel documente les discussions entre les leaders \u00e9conomiques\"  id='av-masonry-1-item-3456' data-av-masonry-item='3456' class='av-masonry-entry isotope-item post-3456 attachment type-attachment status-inherit hentry  av-masonry-item-with-image' title=\"\" alt=\"Le photographe professionnel documente les discussions entre les leaders \u00e9conomiques\"    itemprop=\"thumbnailUrl\" ><div class='av-inner-masonry-sizer'><\/div><figure class='av-inner-masonry main_color'><div class=\"av-masonry-outerimage-container\"><div class='av-masonry-image-container'  ><img decoding=\"async\" width=\"1536\" height=\"1024\" fetchpriority=\"high\" class=\"wp-image-3456 avia-img-lazy-loading-not-3456\"  src=\"https:\/\/www.xaviergranet.com\/wp-content\/uploads\/2024\/01\/photographe-reportage-evenementiel-paris-1536x1024.jpg\" title=\"\" alt=\"Le photographe professionnel documente les discussions entre les leaders \u00e9conomiques\" srcset=\"https:\/\/www.xaviergranet.com\/wp-content\/uploads\/2024\/01\/photographe-reportage-evenementiel-paris-1536x1024.jpg 1536w, https:\/\/www.xaviergranet.com\/wp-content\/uploads\/2024\/01\/photographe-reportage-evenementiel-paris-300x200.jpg 300w, https:\/\/www.xaviergranet.com\/wp-content\/uploads\/2024\/01\/photographe-reportage-evenementiel-paris-1030x686.jpg 1030w, https:\/\/www.xaviergranet.com\/wp-content\/uploads\/2024\/01\/photographe-reportage-evenementiel-paris-768x512.jpg 768w, https:\/\/www.xaviergranet.com\/wp-content\/uploads\/2024\/01\/photographe-reportage-evenementiel-paris-1500x1000.jpg 1500w, https:\/\/www.xaviergranet.com\/wp-content\/uploads\/2024\/01\/photographe-reportage-evenementiel-paris-705x470.jpg 705w, https:\/\/www.xaviergranet.com\/wp-content\/uploads\/2024\/01\/photographe-reportage-evenementiel-paris-80x53.jpg 80w, https:\/\/www.xaviergranet.com\/wp-content\/uploads\/2024\/01\/photographe-reportage-evenementiel-paris-1260x840.jpg 1260w, https:\/\/www.xaviergranet.com\/wp-content\/uploads\/2024\/01\/photographe-reportage-evenementiel-paris-630x420.jpg 630w, https:\/\/www.xaviergranet.com\/wp-content\/uploads\/2024\/01\/photographe-reportage-evenementiel-paris.jpg 2000w\" sizes=\"(max-width: 1536px) 100vw, 1536px\" \/><\/div><\/div><\/figure><\/a><!--end av-masonry entry--><a href=\"https:\/\/www.xaviergranet.com\/wp-content\/uploads\/2024\/01\/photographe-reportage-evenementiel-programme-1030x686.jpg\" data-srcset=\"https:\/\/www.xaviergranet.com\/wp-content\/uploads\/2024\/01\/photographe-reportage-evenementiel-programme-1030x686.jpg 1030w, https:\/\/www.xaviergranet.com\/wp-content\/uploads\/2024\/01\/photographe-reportage-evenementiel-programme-300x200.jpg 300w, https:\/\/www.xaviergranet.com\/wp-content\/uploads\/2024\/01\/photographe-reportage-evenementiel-programme-768x512.jpg 768w, https:\/\/www.xaviergranet.com\/wp-content\/uploads\/2024\/01\/photographe-reportage-evenementiel-programme-1536x1024.jpg 1536w, https:\/\/www.xaviergranet.com\/wp-content\/uploads\/2024\/01\/photographe-reportage-evenementiel-programme-1500x1000.jpg 1500w, https:\/\/www.xaviergranet.com\/wp-content\/uploads\/2024\/01\/photographe-reportage-evenementiel-programme-705x470.jpg 705w, https:\/\/www.xaviergranet.com\/wp-content\/uploads\/2024\/01\/photographe-reportage-evenementiel-programme-80x53.jpg 80w, https:\/\/www.xaviergranet.com\/wp-content\/uploads\/2024\/01\/photographe-reportage-evenementiel-programme-1260x840.jpg 1260w, https:\/\/www.xaviergranet.com\/wp-content\/uploads\/2024\/01\/photographe-reportage-evenementiel-programme-630x420.jpg 630w, https:\/\/www.xaviergranet.com\/wp-content\/uploads\/2024\/01\/photographe-reportage-evenementiel-programme.jpg 2000w\" data-sizes=\"(max-width: 1030px) 100vw, 1030px\"  aria-label=\"image Cette photo illustre le programme propos\u00e9 lors de la rencontre au sommet\"  id='av-masonry-1-item-3457' data-av-masonry-item='3457' class='av-masonry-entry isotope-item post-3457 attachment type-attachment status-inherit hentry  av-masonry-item-with-image' title=\"\" alt=\"Cette photo illustre le programme propos\u00e9 lors de la rencontre au sommet\"    itemprop=\"thumbnailUrl\" ><div class='av-inner-masonry-sizer'><\/div><figure class='av-inner-masonry main_color'><div class=\"av-masonry-outerimage-container\"><div class='av-masonry-image-container'  ><img decoding=\"async\" width=\"1536\" height=\"1024\" fetchpriority=\"high\" class=\"wp-image-3457 avia-img-lazy-loading-not-3457\"  src=\"https:\/\/www.xaviergranet.com\/wp-content\/uploads\/2024\/01\/photographe-reportage-evenementiel-programme-1536x1024.jpg\" title=\"\" alt=\"Cette photo illustre le programme propos\u00e9 lors de la rencontre au sommet\" srcset=\"https:\/\/www.xaviergranet.com\/wp-content\/uploads\/2024\/01\/photographe-reportage-evenementiel-programme-1536x1024.jpg 1536w, https:\/\/www.xaviergranet.com\/wp-content\/uploads\/2024\/01\/photographe-reportage-evenementiel-programme-300x200.jpg 300w, https:\/\/www.xaviergranet.com\/wp-content\/uploads\/2024\/01\/photographe-reportage-evenementiel-programme-1030x686.jpg 1030w, https:\/\/www.xaviergranet.com\/wp-content\/uploads\/2024\/01\/photographe-reportage-evenementiel-programme-768x512.jpg 768w, https:\/\/www.xaviergranet.com\/wp-content\/uploads\/2024\/01\/photographe-reportage-evenementiel-programme-1500x1000.jpg 1500w, https:\/\/www.xaviergranet.com\/wp-content\/uploads\/2024\/01\/photographe-reportage-evenementiel-programme-705x470.jpg 705w, https:\/\/www.xaviergranet.com\/wp-content\/uploads\/2024\/01\/photographe-reportage-evenementiel-programme-80x53.jpg 80w, https:\/\/www.xaviergranet.com\/wp-content\/uploads\/2024\/01\/photographe-reportage-evenementiel-programme-1260x840.jpg 1260w, https:\/\/www.xaviergranet.com\/wp-content\/uploads\/2024\/01\/photographe-reportage-evenementiel-programme-630x420.jpg 630w, https:\/\/www.xaviergranet.com\/wp-content\/uploads\/2024\/01\/photographe-reportage-evenementiel-programme.jpg 2000w\" sizes=\"(max-width: 1536px) 100vw, 1536px\" \/><\/div><\/div><\/figure><\/a><!--end av-masonry entry--><a href=\"https:\/\/www.xaviergranet.com\/wp-content\/uploads\/2024\/01\/photographe-reportage-evenementiel-question-public-1030x686.jpg\" data-srcset=\"https:\/\/www.xaviergranet.com\/wp-content\/uploads\/2024\/01\/photographe-reportage-evenementiel-question-public-1030x686.jpg 1030w, https:\/\/www.xaviergranet.com\/wp-content\/uploads\/2024\/01\/photographe-reportage-evenementiel-question-public-300x200.jpg 300w, https:\/\/www.xaviergranet.com\/wp-content\/uploads\/2024\/01\/photographe-reportage-evenementiel-question-public-768x512.jpg 768w, https:\/\/www.xaviergranet.com\/wp-content\/uploads\/2024\/01\/photographe-reportage-evenementiel-question-public-1536x1024.jpg 1536w, https:\/\/www.xaviergranet.com\/wp-content\/uploads\/2024\/01\/photographe-reportage-evenementiel-question-public-1500x1000.jpg 1500w, https:\/\/www.xaviergranet.com\/wp-content\/uploads\/2024\/01\/photographe-reportage-evenementiel-question-public-705x470.jpg 705w, https:\/\/www.xaviergranet.com\/wp-content\/uploads\/2024\/01\/photographe-reportage-evenementiel-question-public-80x53.jpg 80w, https:\/\/www.xaviergranet.com\/wp-content\/uploads\/2024\/01\/photographe-reportage-evenementiel-question-public-1260x840.jpg 1260w, https:\/\/www.xaviergranet.com\/wp-content\/uploads\/2024\/01\/photographe-reportage-evenementiel-question-public-630x420.jpg 630w, https:\/\/www.xaviergranet.com\/wp-content\/uploads\/2024\/01\/photographe-reportage-evenementiel-question-public.jpg 2000w\" data-sizes=\"(max-width: 1030px) 100vw, 1030px\"  aria-label=\"image La photo met en avant la contribution de chaque participant\"  id='av-masonry-1-item-3458' data-av-masonry-item='3458' class='av-masonry-entry isotope-item post-3458 attachment type-attachment status-inherit hentry  av-masonry-item-with-image' title=\"\" alt=\"La photo met en avant la contribution de chaque participant\"    itemprop=\"thumbnailUrl\" ><div class='av-inner-masonry-sizer'><\/div><figure class='av-inner-masonry main_color'><div class=\"av-masonry-outerimage-container\"><div class='av-masonry-image-container'  ><img decoding=\"async\" width=\"1536\" height=\"1024\" fetchpriority=\"high\" class=\"wp-image-3458 avia-img-lazy-loading-not-3458\"  src=\"https:\/\/www.xaviergranet.com\/wp-content\/uploads\/2024\/01\/photographe-reportage-evenementiel-question-public-1536x1024.jpg\" title=\"\" alt=\"La photo met en avant la contribution de chaque participant\" srcset=\"https:\/\/www.xaviergranet.com\/wp-content\/uploads\/2024\/01\/photographe-reportage-evenementiel-question-public-1536x1024.jpg 1536w, https:\/\/www.xaviergranet.com\/wp-content\/uploads\/2024\/01\/photographe-reportage-evenementiel-question-public-300x200.jpg 300w, https:\/\/www.xaviergranet.com\/wp-content\/uploads\/2024\/01\/photographe-reportage-evenementiel-question-public-1030x686.jpg 1030w, https:\/\/www.xaviergranet.com\/wp-content\/uploads\/2024\/01\/photographe-reportage-evenementiel-question-public-768x512.jpg 768w, https:\/\/www.xaviergranet.com\/wp-content\/uploads\/2024\/01\/photographe-reportage-evenementiel-question-public-1500x1000.jpg 1500w, https:\/\/www.xaviergranet.com\/wp-content\/uploads\/2024\/01\/photographe-reportage-evenementiel-question-public-705x470.jpg 705w, https:\/\/www.xaviergranet.com\/wp-content\/uploads\/2024\/01\/photographe-reportage-evenementiel-question-public-80x53.jpg 80w, https:\/\/www.xaviergranet.com\/wp-content\/uploads\/2024\/01\/photographe-reportage-evenementiel-question-public-1260x840.jpg 1260w, https:\/\/www.xaviergranet.com\/wp-content\/uploads\/2024\/01\/photographe-reportage-evenementiel-question-public-630x420.jpg 630w, https:\/\/www.xaviergranet.com\/wp-content\/uploads\/2024\/01\/photographe-reportage-evenementiel-question-public.jpg 2000w\" sizes=\"(max-width: 1536px) 100vw, 1536px\" \/><\/div><\/div><\/figure><\/a><!--end av-masonry entry--><a href=\"https:\/\/www.xaviergranet.com\/wp-content\/uploads\/2024\/01\/photographe-reportage-evenementiel-rencontre-etat-1030x686.jpg\" data-srcset=\"https:\/\/www.xaviergranet.com\/wp-content\/uploads\/2024\/01\/photographe-reportage-evenementiel-rencontre-etat-1030x686.jpg 1030w, https:\/\/www.xaviergranet.com\/wp-content\/uploads\/2024\/01\/photographe-reportage-evenementiel-rencontre-etat-300x200.jpg 300w, https:\/\/www.xaviergranet.com\/wp-content\/uploads\/2024\/01\/photographe-reportage-evenementiel-rencontre-etat-768x512.jpg 768w, https:\/\/www.xaviergranet.com\/wp-content\/uploads\/2024\/01\/photographe-reportage-evenementiel-rencontre-etat-1536x1024.jpg 1536w, https:\/\/www.xaviergranet.com\/wp-content\/uploads\/2024\/01\/photographe-reportage-evenementiel-rencontre-etat-1500x1000.jpg 1500w, https:\/\/www.xaviergranet.com\/wp-content\/uploads\/2024\/01\/photographe-reportage-evenementiel-rencontre-etat-705x470.jpg 705w, https:\/\/www.xaviergranet.com\/wp-content\/uploads\/2024\/01\/photographe-reportage-evenementiel-rencontre-etat-80x53.jpg 80w, https:\/\/www.xaviergranet.com\/wp-content\/uploads\/2024\/01\/photographe-reportage-evenementiel-rencontre-etat-1260x840.jpg 1260w, https:\/\/www.xaviergranet.com\/wp-content\/uploads\/2024\/01\/photographe-reportage-evenementiel-rencontre-etat-630x420.jpg 630w, https:\/\/www.xaviergranet.com\/wp-content\/uploads\/2024\/01\/photographe-reportage-evenementiel-rencontre-etat.jpg 2000w\" data-sizes=\"(max-width: 1030px) 100vw, 1030px\"  aria-label=\"image Les participants internationaux sont mis en avant dans les photos\"  id='av-masonry-1-item-3459' data-av-masonry-item='3459' class='av-masonry-entry isotope-item post-3459 attachment type-attachment status-inherit hentry  av-masonry-item-with-image' title=\"\" alt=\"Les participants internationaux sont mis en avant dans les photos\"    itemprop=\"thumbnailUrl\" ><div class='av-inner-masonry-sizer'><\/div><figure class='av-inner-masonry main_color'><div class=\"av-masonry-outerimage-container\"><div class='av-masonry-image-container'  ><img decoding=\"async\" width=\"1536\" height=\"1024\" fetchpriority=\"high\" class=\"wp-image-3459 avia-img-lazy-loading-not-3459\"  src=\"https:\/\/www.xaviergranet.com\/wp-content\/uploads\/2024\/01\/photographe-reportage-evenementiel-rencontre-etat-1536x1024.jpg\" title=\"\" alt=\"Les participants internationaux sont mis en avant dans les photos\" srcset=\"https:\/\/www.xaviergranet.com\/wp-content\/uploads\/2024\/01\/photographe-reportage-evenementiel-rencontre-etat-1536x1024.jpg 1536w, https:\/\/www.xaviergranet.com\/wp-content\/uploads\/2024\/01\/photographe-reportage-evenementiel-rencontre-etat-300x200.jpg 300w, https:\/\/www.xaviergranet.com\/wp-content\/uploads\/2024\/01\/photographe-reportage-evenementiel-rencontre-etat-1030x686.jpg 1030w, https:\/\/www.xaviergranet.com\/wp-content\/uploads\/2024\/01\/photographe-reportage-evenementiel-rencontre-etat-768x512.jpg 768w, https:\/\/www.xaviergranet.com\/wp-content\/uploads\/2024\/01\/photographe-reportage-evenementiel-rencontre-etat-1500x1000.jpg 1500w, https:\/\/www.xaviergranet.com\/wp-content\/uploads\/2024\/01\/photographe-reportage-evenementiel-rencontre-etat-705x470.jpg 705w, https:\/\/www.xaviergranet.com\/wp-content\/uploads\/2024\/01\/photographe-reportage-evenementiel-rencontre-etat-80x53.jpg 80w, https:\/\/www.xaviergranet.com\/wp-content\/uploads\/2024\/01\/photographe-reportage-evenementiel-rencontre-etat-1260x840.jpg 1260w, https:\/\/www.xaviergranet.com\/wp-content\/uploads\/2024\/01\/photographe-reportage-evenementiel-rencontre-etat-630x420.jpg 630w, https:\/\/www.xaviergranet.com\/wp-content\/uploads\/2024\/01\/photographe-reportage-evenementiel-rencontre-etat.jpg 2000w\" sizes=\"(max-width: 1536px) 100vw, 1536px\" \/><\/div><\/div><\/figure><\/a><!--end av-masonry entry--><a href=\"https:\/\/www.xaviergranet.com\/wp-content\/uploads\/2024\/01\/photographe-reportage-evenementiel-rencontre-internationale-1030x686.jpg\" data-srcset=\"https:\/\/www.xaviergranet.com\/wp-content\/uploads\/2024\/01\/photographe-reportage-evenementiel-rencontre-internationale-1030x686.jpg 1030w, https:\/\/www.xaviergranet.com\/wp-content\/uploads\/2024\/01\/photographe-reportage-evenementiel-rencontre-internationale-300x200.jpg 300w, https:\/\/www.xaviergranet.com\/wp-content\/uploads\/2024\/01\/photographe-reportage-evenementiel-rencontre-internationale-768x512.jpg 768w, https:\/\/www.xaviergranet.com\/wp-content\/uploads\/2024\/01\/photographe-reportage-evenementiel-rencontre-internationale-1536x1024.jpg 1536w, https:\/\/www.xaviergranet.com\/wp-content\/uploads\/2024\/01\/photographe-reportage-evenementiel-rencontre-internationale-1500x1000.jpg 1500w, https:\/\/www.xaviergranet.com\/wp-content\/uploads\/2024\/01\/photographe-reportage-evenementiel-rencontre-internationale-705x470.jpg 705w, https:\/\/www.xaviergranet.com\/wp-content\/uploads\/2024\/01\/photographe-reportage-evenementiel-rencontre-internationale-80x53.jpg 80w, https:\/\/www.xaviergranet.com\/wp-content\/uploads\/2024\/01\/photographe-reportage-evenementiel-rencontre-internationale-1260x840.jpg 1260w, https:\/\/www.xaviergranet.com\/wp-content\/uploads\/2024\/01\/photographe-reportage-evenementiel-rencontre-internationale-630x420.jpg 630w, https:\/\/www.xaviergranet.com\/wp-content\/uploads\/2024\/01\/photographe-reportage-evenementiel-rencontre-internationale.jpg 2000w\" data-sizes=\"(max-width: 1030px) 100vw, 1030px\"  aria-label=\"image Le photographe capture l&rsquo;esprit de coop\u00e9ration entre les responsables gouvernementaux\"  id='av-masonry-1-item-3460' data-av-masonry-item='3460' class='av-masonry-entry isotope-item post-3460 attachment type-attachment status-inherit hentry  av-masonry-item-with-image' title=\"\" alt=\"Le photographe capture l&#039;esprit de coop\u00e9ration entre les responsables gouvernementaux\"    itemprop=\"thumbnailUrl\" ><div class='av-inner-masonry-sizer'><\/div><figure class='av-inner-masonry main_color'><div class=\"av-masonry-outerimage-container\"><div class='av-masonry-image-container'  ><img decoding=\"async\" width=\"1536\" height=\"1024\" fetchpriority=\"high\" class=\"wp-image-3460 avia-img-lazy-loading-not-3460\"  src=\"https:\/\/www.xaviergranet.com\/wp-content\/uploads\/2024\/01\/photographe-reportage-evenementiel-rencontre-internationale-1536x1024.jpg\" title=\"\" alt=\"Le photographe capture l&#039;esprit de coop\u00e9ration entre les responsables gouvernementaux\" srcset=\"https:\/\/www.xaviergranet.com\/wp-content\/uploads\/2024\/01\/photographe-reportage-evenementiel-rencontre-internationale-1536x1024.jpg 1536w, https:\/\/www.xaviergranet.com\/wp-content\/uploads\/2024\/01\/photographe-reportage-evenementiel-rencontre-internationale-300x200.jpg 300w, https:\/\/www.xaviergranet.com\/wp-content\/uploads\/2024\/01\/photographe-reportage-evenementiel-rencontre-internationale-1030x686.jpg 1030w, https:\/\/www.xaviergranet.com\/wp-content\/uploads\/2024\/01\/photographe-reportage-evenementiel-rencontre-internationale-768x512.jpg 768w, https:\/\/www.xaviergranet.com\/wp-content\/uploads\/2024\/01\/photographe-reportage-evenementiel-rencontre-internationale-1500x1000.jpg 1500w, https:\/\/www.xaviergranet.com\/wp-content\/uploads\/2024\/01\/photographe-reportage-evenementiel-rencontre-internationale-705x470.jpg 705w, https:\/\/www.xaviergranet.com\/wp-content\/uploads\/2024\/01\/photographe-reportage-evenementiel-rencontre-internationale-80x53.jpg 80w, https:\/\/www.xaviergranet.com\/wp-content\/uploads\/2024\/01\/photographe-reportage-evenementiel-rencontre-internationale-1260x840.jpg 1260w, https:\/\/www.xaviergranet.com\/wp-content\/uploads\/2024\/01\/photographe-reportage-evenementiel-rencontre-internationale-630x420.jpg 630w, https:\/\/www.xaviergranet.com\/wp-content\/uploads\/2024\/01\/photographe-reportage-evenementiel-rencontre-internationale.jpg 2000w\" sizes=\"(max-width: 1536px) 100vw, 1536px\" \/><\/div><\/div><\/figure><\/a><!--end av-masonry entry--><a href=\"https:\/\/www.xaviergranet.com\/wp-content\/uploads\/2024\/01\/photographe-reportage-evenementiel-retransmission-1030x686.jpg\" data-srcset=\"https:\/\/www.xaviergranet.com\/wp-content\/uploads\/2024\/01\/photographe-reportage-evenementiel-retransmission-1030x686.jpg 1030w, https:\/\/www.xaviergranet.com\/wp-content\/uploads\/2024\/01\/photographe-reportage-evenementiel-retransmission-300x200.jpg 300w, https:\/\/www.xaviergranet.com\/wp-content\/uploads\/2024\/01\/photographe-reportage-evenementiel-retransmission-768x512.jpg 768w, https:\/\/www.xaviergranet.com\/wp-content\/uploads\/2024\/01\/photographe-reportage-evenementiel-retransmission-1536x1024.jpg 1536w, https:\/\/www.xaviergranet.com\/wp-content\/uploads\/2024\/01\/photographe-reportage-evenementiel-retransmission-1500x1000.jpg 1500w, https:\/\/www.xaviergranet.com\/wp-content\/uploads\/2024\/01\/photographe-reportage-evenementiel-retransmission-705x470.jpg 705w, https:\/\/www.xaviergranet.com\/wp-content\/uploads\/2024\/01\/photographe-reportage-evenementiel-retransmission-80x53.jpg 80w, https:\/\/www.xaviergranet.com\/wp-content\/uploads\/2024\/01\/photographe-reportage-evenementiel-retransmission-1260x840.jpg 1260w, https:\/\/www.xaviergranet.com\/wp-content\/uploads\/2024\/01\/photographe-reportage-evenementiel-retransmission-630x420.jpg 630w, https:\/\/www.xaviergranet.com\/wp-content\/uploads\/2024\/01\/photographe-reportage-evenementiel-retransmission.jpg 2000w\" data-sizes=\"(max-width: 1030px) 100vw, 1030px\"  aria-label=\"image Le photo reportage documentent l&rsquo;influence des leaders \u00e9conomiques mondiaux\"  id='av-masonry-1-item-3462' data-av-masonry-item='3462' class='av-masonry-entry isotope-item post-3462 attachment type-attachment status-inherit hentry  av-masonry-item-with-image' title=\"\" alt=\"Le photo reportage documentent l&#039;influence des leaders \u00e9conomiques mondiaux\"    itemprop=\"thumbnailUrl\" ><div class='av-inner-masonry-sizer'><\/div><figure class='av-inner-masonry main_color'><div class=\"av-masonry-outerimage-container\"><div class='av-masonry-image-container'  ><img decoding=\"async\" width=\"1536\" height=\"1024\" fetchpriority=\"high\" class=\"wp-image-3462 avia-img-lazy-loading-not-3462\"  src=\"https:\/\/www.xaviergranet.com\/wp-content\/uploads\/2024\/01\/photographe-reportage-evenementiel-retransmission-1536x1024.jpg\" title=\"\" alt=\"Le photo reportage documentent l&#039;influence des leaders \u00e9conomiques mondiaux\" srcset=\"https:\/\/www.xaviergranet.com\/wp-content\/uploads\/2024\/01\/photographe-reportage-evenementiel-retransmission-1536x1024.jpg 1536w, https:\/\/www.xaviergranet.com\/wp-content\/uploads\/2024\/01\/photographe-reportage-evenementiel-retransmission-300x200.jpg 300w, https:\/\/www.xaviergranet.com\/wp-content\/uploads\/2024\/01\/photographe-reportage-evenementiel-retransmission-1030x686.jpg 1030w, https:\/\/www.xaviergranet.com\/wp-content\/uploads\/2024\/01\/photographe-reportage-evenementiel-retransmission-768x512.jpg 768w, https:\/\/www.xaviergranet.com\/wp-content\/uploads\/2024\/01\/photographe-reportage-evenementiel-retransmission-1500x1000.jpg 1500w, https:\/\/www.xaviergranet.com\/wp-content\/uploads\/2024\/01\/photographe-reportage-evenementiel-retransmission-705x470.jpg 705w, https:\/\/www.xaviergranet.com\/wp-content\/uploads\/2024\/01\/photographe-reportage-evenementiel-retransmission-80x53.jpg 80w, https:\/\/www.xaviergranet.com\/wp-content\/uploads\/2024\/01\/photographe-reportage-evenementiel-retransmission-1260x840.jpg 1260w, https:\/\/www.xaviergranet.com\/wp-content\/uploads\/2024\/01\/photographe-reportage-evenementiel-retransmission-630x420.jpg 630w, https:\/\/www.xaviergranet.com\/wp-content\/uploads\/2024\/01\/photographe-reportage-evenementiel-retransmission.jpg 2000w\" sizes=\"(max-width: 1536px) 100vw, 1536px\" \/><\/div><\/div><\/figure><\/a><!--end av-masonry entry--><a href=\"https:\/\/www.xaviergranet.com\/wp-content\/uploads\/2024\/01\/photographe-reportage-evenementiel-signature-1030x686.jpg\" data-srcset=\"https:\/\/www.xaviergranet.com\/wp-content\/uploads\/2024\/01\/photographe-reportage-evenementiel-signature-1030x686.jpg 1030w, https:\/\/www.xaviergranet.com\/wp-content\/uploads\/2024\/01\/photographe-reportage-evenementiel-signature-300x200.jpg 300w, https:\/\/www.xaviergranet.com\/wp-content\/uploads\/2024\/01\/photographe-reportage-evenementiel-signature-768x512.jpg 768w, https:\/\/www.xaviergranet.com\/wp-content\/uploads\/2024\/01\/photographe-reportage-evenementiel-signature-1536x1024.jpg 1536w, https:\/\/www.xaviergranet.com\/wp-content\/uploads\/2024\/01\/photographe-reportage-evenementiel-signature-1500x1000.jpg 1500w, https:\/\/www.xaviergranet.com\/wp-content\/uploads\/2024\/01\/photographe-reportage-evenementiel-signature-705x470.jpg 705w, https:\/\/www.xaviergranet.com\/wp-content\/uploads\/2024\/01\/photographe-reportage-evenementiel-signature-80x53.jpg 80w, https:\/\/www.xaviergranet.com\/wp-content\/uploads\/2024\/01\/photographe-reportage-evenementiel-signature-1260x840.jpg 1260w, https:\/\/www.xaviergranet.com\/wp-content\/uploads\/2024\/01\/photographe-reportage-evenementiel-signature-630x420.jpg 630w, https:\/\/www.xaviergranet.com\/wp-content\/uploads\/2024\/01\/photographe-reportage-evenementiel-signature.jpg 2000w\" data-sizes=\"(max-width: 1030px) 100vw, 1030px\"  aria-label=\"image Le photographe met en lumi\u00e8re l&rsquo;interaction positive des leaders mondiaux\"  id='av-masonry-1-item-3463' data-av-masonry-item='3463' class='av-masonry-entry isotope-item post-3463 attachment type-attachment status-inherit hentry  av-masonry-item-with-image' title=\"\" alt=\"Le photographe met en lumi\u00e8re l&#039;interaction positive des leaders mondiaux\"    itemprop=\"thumbnailUrl\" ><div class='av-inner-masonry-sizer'><\/div><figure class='av-inner-masonry main_color'><div class=\"av-masonry-outerimage-container\"><div class='av-masonry-image-container'  ><img decoding=\"async\" width=\"1536\" height=\"1024\" fetchpriority=\"high\" class=\"wp-image-3463 avia-img-lazy-loading-not-3463\"  src=\"https:\/\/www.xaviergranet.com\/wp-content\/uploads\/2024\/01\/photographe-reportage-evenementiel-signature-1536x1024.jpg\" title=\"\" alt=\"Le photographe met en lumi\u00e8re l&#039;interaction positive des leaders mondiaux\" srcset=\"https:\/\/www.xaviergranet.com\/wp-content\/uploads\/2024\/01\/photographe-reportage-evenementiel-signature-1536x1024.jpg 1536w, https:\/\/www.xaviergranet.com\/wp-content\/uploads\/2024\/01\/photographe-reportage-evenementiel-signature-300x200.jpg 300w, https:\/\/www.xaviergranet.com\/wp-content\/uploads\/2024\/01\/photographe-reportage-evenementiel-signature-1030x686.jpg 1030w, https:\/\/www.xaviergranet.com\/wp-content\/uploads\/2024\/01\/photographe-reportage-evenementiel-signature-768x512.jpg 768w, https:\/\/www.xaviergranet.com\/wp-content\/uploads\/2024\/01\/photographe-reportage-evenementiel-signature-1500x1000.jpg 1500w, https:\/\/www.xaviergranet.com\/wp-content\/uploads\/2024\/01\/photographe-reportage-evenementiel-signature-705x470.jpg 705w, https:\/\/www.xaviergranet.com\/wp-content\/uploads\/2024\/01\/photographe-reportage-evenementiel-signature-80x53.jpg 80w, https:\/\/www.xaviergranet.com\/wp-content\/uploads\/2024\/01\/photographe-reportage-evenementiel-signature-1260x840.jpg 1260w, https:\/\/www.xaviergranet.com\/wp-content\/uploads\/2024\/01\/photographe-reportage-evenementiel-signature-630x420.jpg 630w, https:\/\/www.xaviergranet.com\/wp-content\/uploads\/2024\/01\/photographe-reportage-evenementiel-signature.jpg 2000w\" sizes=\"(max-width: 1536px) 100vw, 1536px\" \/><\/div><\/div><\/figure><\/a><!--end av-masonry entry--><a href=\"https:\/\/www.xaviergranet.com\/wp-content\/uploads\/2024\/01\/photographe-reportage-evenementiel-speaker-1030x686.jpg\" data-srcset=\"https:\/\/www.xaviergranet.com\/wp-content\/uploads\/2024\/01\/photographe-reportage-evenementiel-speaker-1030x686.jpg 1030w, https:\/\/www.xaviergranet.com\/wp-content\/uploads\/2024\/01\/photographe-reportage-evenementiel-speaker-300x200.jpg 300w, https:\/\/www.xaviergranet.com\/wp-content\/uploads\/2024\/01\/photographe-reportage-evenementiel-speaker-768x512.jpg 768w, https:\/\/www.xaviergranet.com\/wp-content\/uploads\/2024\/01\/photographe-reportage-evenementiel-speaker-1536x1024.jpg 1536w, https:\/\/www.xaviergranet.com\/wp-content\/uploads\/2024\/01\/photographe-reportage-evenementiel-speaker-1500x1000.jpg 1500w, https:\/\/www.xaviergranet.com\/wp-content\/uploads\/2024\/01\/photographe-reportage-evenementiel-speaker-705x470.jpg 705w, https:\/\/www.xaviergranet.com\/wp-content\/uploads\/2024\/01\/photographe-reportage-evenementiel-speaker-80x53.jpg 80w, https:\/\/www.xaviergranet.com\/wp-content\/uploads\/2024\/01\/photographe-reportage-evenementiel-speaker-1260x840.jpg 1260w, https:\/\/www.xaviergranet.com\/wp-content\/uploads\/2024\/01\/photographe-reportage-evenementiel-speaker-630x420.jpg 630w, https:\/\/www.xaviergranet.com\/wp-content\/uploads\/2024\/01\/photographe-reportage-evenementiel-speaker.jpg 2000w\" data-sizes=\"(max-width: 1030px) 100vw, 1030px\"  aria-label=\"image Le photographe professionnel immortalise la collaboration entre les repr\u00e9sentants mondiaux\"  id='av-masonry-1-item-3464' data-av-masonry-item='3464' class='av-masonry-entry isotope-item post-3464 attachment type-attachment status-inherit hentry  av-masonry-item-with-image' title=\"\" alt=\"Le photographe professionnel immortalise la collaboration entre les repr\u00e9sentants mondiaux\"    itemprop=\"thumbnailUrl\" ><div class='av-inner-masonry-sizer'><\/div><figure class='av-inner-masonry main_color'><div class=\"av-masonry-outerimage-container\"><div class='av-masonry-image-container'  ><img decoding=\"async\" width=\"1536\" height=\"1024\" fetchpriority=\"high\" class=\"wp-image-3464 avia-img-lazy-loading-not-3464\"  src=\"https:\/\/www.xaviergranet.com\/wp-content\/uploads\/2024\/01\/photographe-reportage-evenementiel-speaker-1536x1024.jpg\" title=\"\" alt=\"Le photographe professionnel immortalise la collaboration entre les repr\u00e9sentants mondiaux\" srcset=\"https:\/\/www.xaviergranet.com\/wp-content\/uploads\/2024\/01\/photographe-reportage-evenementiel-speaker-1536x1024.jpg 1536w, https:\/\/www.xaviergranet.com\/wp-content\/uploads\/2024\/01\/photographe-reportage-evenementiel-speaker-300x200.jpg 300w, https:\/\/www.xaviergranet.com\/wp-content\/uploads\/2024\/01\/photographe-reportage-evenementiel-speaker-1030x686.jpg 1030w, https:\/\/www.xaviergranet.com\/wp-content\/uploads\/2024\/01\/photographe-reportage-evenementiel-speaker-768x512.jpg 768w, https:\/\/www.xaviergranet.com\/wp-content\/uploads\/2024\/01\/photographe-reportage-evenementiel-speaker-1500x1000.jpg 1500w, https:\/\/www.xaviergranet.com\/wp-content\/uploads\/2024\/01\/photographe-reportage-evenementiel-speaker-705x470.jpg 705w, https:\/\/www.xaviergranet.com\/wp-content\/uploads\/2024\/01\/photographe-reportage-evenementiel-speaker-80x53.jpg 80w, https:\/\/www.xaviergranet.com\/wp-content\/uploads\/2024\/01\/photographe-reportage-evenementiel-speaker-1260x840.jpg 1260w, https:\/\/www.xaviergranet.com\/wp-content\/uploads\/2024\/01\/photographe-reportage-evenementiel-speaker-630x420.jpg 630w, https:\/\/www.xaviergranet.com\/wp-content\/uploads\/2024\/01\/photographe-reportage-evenementiel-speaker.jpg 2000w\" sizes=\"(max-width: 1536px) 100vw, 1536px\" \/><\/div><\/div><\/figure><\/a><!--end av-masonry entry--><a href=\"https:\/\/www.xaviergranet.com\/wp-content\/uploads\/2024\/01\/photographe-reportage-evenementiel-rencontre-1030x686.jpg\" data-srcset=\"https:\/\/www.xaviergranet.com\/wp-content\/uploads\/2024\/01\/photographe-reportage-evenementiel-rencontre-1030x686.jpg 1030w, https:\/\/www.xaviergranet.com\/wp-content\/uploads\/2024\/01\/photographe-reportage-evenementiel-rencontre-300x200.jpg 300w, https:\/\/www.xaviergranet.com\/wp-content\/uploads\/2024\/01\/photographe-reportage-evenementiel-rencontre-768x512.jpg 768w, https:\/\/www.xaviergranet.com\/wp-content\/uploads\/2024\/01\/photographe-reportage-evenementiel-rencontre-1536x1024.jpg 1536w, https:\/\/www.xaviergranet.com\/wp-content\/uploads\/2024\/01\/photographe-reportage-evenementiel-rencontre-1500x1000.jpg 1500w, https:\/\/www.xaviergranet.com\/wp-content\/uploads\/2024\/01\/photographe-reportage-evenementiel-rencontre-705x470.jpg 705w, https:\/\/www.xaviergranet.com\/wp-content\/uploads\/2024\/01\/photographe-reportage-evenementiel-rencontre-80x53.jpg 80w, https:\/\/www.xaviergranet.com\/wp-content\/uploads\/2024\/01\/photographe-reportage-evenementiel-rencontre-1260x840.jpg 1260w, https:\/\/www.xaviergranet.com\/wp-content\/uploads\/2024\/01\/photographe-reportage-evenementiel-rencontre-630x420.jpg 630w, https:\/\/www.xaviergranet.com\/wp-content\/uploads\/2024\/01\/photographe-reportage-evenementiel-rencontre.jpg 2000w\" data-sizes=\"(max-width: 1030px) 100vw, 1030px\"  aria-label=\"image Le photographe professionnel souligne l&rsquo;importance des d\u00e9bats sur l&rsquo;\u00e9conomie mondiale\"  id='av-masonry-1-item-3461' data-av-masonry-item='3461' class='av-masonry-entry isotope-item post-3461 attachment type-attachment status-inherit hentry  av-masonry-item-with-image' title=\"\" alt=\"Le photographe professionnel souligne l&#039;importance des d\u00e9bats sur l&#039;\u00e9conomie mondiale\"    itemprop=\"thumbnailUrl\" ><div class='av-inner-masonry-sizer'><\/div><figure class='av-inner-masonry main_color'><div class=\"av-masonry-outerimage-container\"><div class='av-masonry-image-container'  ><img decoding=\"async\" width=\"1536\" height=\"1024\" fetchpriority=\"high\" class=\"wp-image-3461 avia-img-lazy-loading-not-3461\"  src=\"https:\/\/www.xaviergranet.com\/wp-content\/uploads\/2024\/01\/photographe-reportage-evenementiel-rencontre-1536x1024.jpg\" title=\"\" alt=\"Le photographe professionnel souligne l&#039;importance des d\u00e9bats sur l&#039;\u00e9conomie mondiale\" srcset=\"https:\/\/www.xaviergranet.com\/wp-content\/uploads\/2024\/01\/photographe-reportage-evenementiel-rencontre-1536x1024.jpg 1536w, https:\/\/www.xaviergranet.com\/wp-content\/uploads\/2024\/01\/photographe-reportage-evenementiel-rencontre-300x200.jpg 300w, https:\/\/www.xaviergranet.com\/wp-content\/uploads\/2024\/01\/photographe-reportage-evenementiel-rencontre-1030x686.jpg 1030w, https:\/\/www.xaviergranet.com\/wp-content\/uploads\/2024\/01\/photographe-reportage-evenementiel-rencontre-768x512.jpg 768w, https:\/\/www.xaviergranet.com\/wp-content\/uploads\/2024\/01\/photographe-reportage-evenementiel-rencontre-1500x1000.jpg 1500w, https:\/\/www.xaviergranet.com\/wp-content\/uploads\/2024\/01\/photographe-reportage-evenementiel-rencontre-705x470.jpg 705w, https:\/\/www.xaviergranet.com\/wp-content\/uploads\/2024\/01\/photographe-reportage-evenementiel-rencontre-80x53.jpg 80w, https:\/\/www.xaviergranet.com\/wp-content\/uploads\/2024\/01\/photographe-reportage-evenementiel-rencontre-1260x840.jpg 1260w, https:\/\/www.xaviergranet.com\/wp-content\/uploads\/2024\/01\/photographe-reportage-evenementiel-rencontre-630x420.jpg 630w, https:\/\/www.xaviergranet.com\/wp-content\/uploads\/2024\/01\/photographe-reportage-evenementiel-rencontre.jpg 2000w\" sizes=\"(max-width: 1536px) 100vw, 1536px\" \/><\/div><\/div><\/figure><\/a><!--end av-masonry entry--><a href=\"https:\/\/www.xaviergranet.com\/wp-content\/uploads\/2024\/01\/photographe-reportage-evenementiel-accords-signature-1030x686.jpg\" data-srcset=\"https:\/\/www.xaviergranet.com\/wp-content\/uploads\/2024\/01\/photographe-reportage-evenementiel-accords-signature-1030x686.jpg 1030w, https:\/\/www.xaviergranet.com\/wp-content\/uploads\/2024\/01\/photographe-reportage-evenementiel-accords-signature-300x200.jpg 300w, https:\/\/www.xaviergranet.com\/wp-content\/uploads\/2024\/01\/photographe-reportage-evenementiel-accords-signature-768x512.jpg 768w, https:\/\/www.xaviergranet.com\/wp-content\/uploads\/2024\/01\/photographe-reportage-evenementiel-accords-signature-1536x1024.jpg 1536w, https:\/\/www.xaviergranet.com\/wp-content\/uploads\/2024\/01\/photographe-reportage-evenementiel-accords-signature-1500x1000.jpg 1500w, https:\/\/www.xaviergranet.com\/wp-content\/uploads\/2024\/01\/photographe-reportage-evenementiel-accords-signature-705x470.jpg 705w, https:\/\/www.xaviergranet.com\/wp-content\/uploads\/2024\/01\/photographe-reportage-evenementiel-accords-signature-80x53.jpg 80w, https:\/\/www.xaviergranet.com\/wp-content\/uploads\/2024\/01\/photographe-reportage-evenementiel-accords-signature-1260x840.jpg 1260w, https:\/\/www.xaviergranet.com\/wp-content\/uploads\/2024\/01\/photographe-reportage-evenementiel-accords-signature-630x420.jpg 630w, https:\/\/www.xaviergranet.com\/wp-content\/uploads\/2024\/01\/photographe-reportage-evenementiel-accords-signature.jpg 2000w\" data-sizes=\"(max-width: 1030px) 100vw, 1030px\"  aria-label=\"image Reportage photo institutionnel sur une rencontre \u00e0 Paris\"  id='av-masonry-1-item-3439' data-av-masonry-item='3439' class='av-masonry-entry isotope-item post-3439 attachment type-attachment status-inherit hentry  av-masonry-item-with-image' title=\"\" alt=\"Reportage photo institutionnel sur une rencontre \u00e0 Paris\"    itemprop=\"thumbnailUrl\" ><div class='av-inner-masonry-sizer'><\/div><figure class='av-inner-masonry main_color'><div class=\"av-masonry-outerimage-container\"><div class='av-masonry-image-container'  ><img decoding=\"async\" width=\"1536\" height=\"1024\" fetchpriority=\"high\" class=\"wp-image-3439 avia-img-lazy-loading-not-3439\"  src=\"https:\/\/www.xaviergranet.com\/wp-content\/uploads\/2024\/01\/photographe-reportage-evenementiel-accords-signature-1536x1024.jpg\" title=\"\" alt=\"Reportage photo institutionnel sur une rencontre \u00e0 Paris\" srcset=\"https:\/\/www.xaviergranet.com\/wp-content\/uploads\/2024\/01\/photographe-reportage-evenementiel-accords-signature-1536x1024.jpg 1536w, https:\/\/www.xaviergranet.com\/wp-content\/uploads\/2024\/01\/photographe-reportage-evenementiel-accords-signature-300x200.jpg 300w, https:\/\/www.xaviergranet.com\/wp-content\/uploads\/2024\/01\/photographe-reportage-evenementiel-accords-signature-1030x686.jpg 1030w, https:\/\/www.xaviergranet.com\/wp-content\/uploads\/2024\/01\/photographe-reportage-evenementiel-accords-signature-768x512.jpg 768w, https:\/\/www.xaviergranet.com\/wp-content\/uploads\/2024\/01\/photographe-reportage-evenementiel-accords-signature-1500x1000.jpg 1500w, https:\/\/www.xaviergranet.com\/wp-content\/uploads\/2024\/01\/photographe-reportage-evenementiel-accords-signature-705x470.jpg 705w, https:\/\/www.xaviergranet.com\/wp-content\/uploads\/2024\/01\/photographe-reportage-evenementiel-accords-signature-80x53.jpg 80w, https:\/\/www.xaviergranet.com\/wp-content\/uploads\/2024\/01\/photographe-reportage-evenementiel-accords-signature-1260x840.jpg 1260w, https:\/\/www.xaviergranet.com\/wp-content\/uploads\/2024\/01\/photographe-reportage-evenementiel-accords-signature-630x420.jpg 630w, https:\/\/www.xaviergranet.com\/wp-content\/uploads\/2024\/01\/photographe-reportage-evenementiel-accords-signature.jpg 2000w\" sizes=\"(max-width: 1536px) 100vw, 1536px\" \/><\/div><\/div><\/figure><\/a><!--end av-masonry entry--><\/div><\/div>\n[av_section min_height='' min_height_pc='25' min_height_px='500px' shadow='no-border-styling' bottom_border='no-border-styling' bottom_border_diagonal_color='#333333' bottom_border_diagonal_direction='' bottom_border_style='' padding='large' custom_margin='0px' custom_margin_sync='true' av-desktop-custom_margin='' av-desktop-custom_margin_sync='true' av-medium-custom_margin='' av-medium-custom_margin_sync='true' av-small-custom_margin='' av-small-custom_margin_sync='true' av-mini-custom_margin='' av-mini-custom_margin_sync='true' svg_div_top='' svg_div_top_color='#333333' svg_div_top_width='100' svg_div_top_height='50' svg_div_top_max_height='none' svg_div_top_opacity='' svg_div_bottom='' svg_div_bottom_color='#333333' svg_div_bottom_width='100' svg_div_bottom_height='50' svg_div_bottom_max_height='none' svg_div_bottom_opacity='' fold_type='' fold_height='' fold_more='Lire la suite' fold_less='Read less' fold_text_style='' fold_btn_align='' color='main_color' background='bg_gradient' custom_bg='#000000' background_gradient_direction='vertical_rev' background_gradient_color1='#000000' background_gradient_color2='#697e99' background_gradient_color3='' src='' attachment='' attachment_size='' attach='scroll' position='top left' repeat='no-repeat' video='' video_ratio='16:9' overlay_enable='aviaTBoverlay_enable' overlay_opacity='0.8' overlay_color='#000000' overlay_pattern='' overlay_custom_pattern='' custom_arrow_bg='' fold_overlay_color='' fold_text_color='' fold_btn_color='theme-color' fold_btn_bg_color='' fold_btn_font_color='' size-btn-text='' av-desktop-font-size-btn-text='' av-medium-font-size-btn-text='' av-small-font-size-btn-text='' av-mini-font-size-btn-text='' fold_timer='' z_index_fold='' css_position_z_index='' av-desktop-css_position_z_index='' av-medium-css_position_z_index='' av-small-css_position_z_index='' av-mini-css_position_z_index='' id='custom-section' custom_class='' template_class='' aria_label='' av_element_hidden_in_editor='0' av_uid='av-1h38sa' sc_version='1.0']\r\n\r\n[av_one_fifth first min_height='' vertical_alignment='av-align-top' space='no_margin' row_boxshadow_width='10' row_boxshadow_color='' custom_margin='aviaTBcustom_margin' margin='0px' margin_sync='true' av-desktop-margin='' av-desktop-margin_sync='true' av-medium-margin='' av-medium-margin_sync='true' av-small-margin='' av-small-margin_sync='true' av-mini-margin='' av-mini-margin_sync='true' mobile_breaking='' mobile_column_order='' border='' border_style='solid' border_color='' radius='10' radius_sync='true' min_col_height='' padding='' padding_sync='true' av-desktop-padding='' av-desktop-padding_sync='true' av-medium-padding='' av-medium-padding_sync='true' av-small-padding='' av-small-padding_sync='true' av-mini-padding='' av-mini-padding_sync='true' svg_div_top='' svg_div_top_color='#333333' svg_div_top_width='100' svg_div_top_height='50' svg_div_top_max_height='none' svg_div_top_opacity='' svg_div_bottom='' svg_div_bottom_color='#333333' svg_div_bottom_width='100' svg_div_bottom_height='50' svg_div_bottom_max_height='none' svg_div_bottom_opacity='' fold_type='' fold_height='' fold_more='Lire la suite' fold_less='Read less' fold_text_style='' fold_btn_align='' column_boxshadow_width='10' column_boxshadow_color='' background='bg_color' background_color='' background_gradient_direction='vertical_rev' background_gradient_color1='#000000' background_gradient_color2='#ffffff' background_gradient_color3='' src='' attachment='' attachment_size='' background_position='top left' background_repeat='no-repeat' highlight_size='1.1' fold_overlay_color='' fold_text_color='' fold_btn_color='theme-color' fold_btn_bg_color='' fold_btn_font_color='' size-btn-text='' av-desktop-font-size-btn-text='' av-medium-font-size-btn-text='' av-small-font-size-btn-text='' av-mini-font-size-btn-text='' animation='' animation_duration='' animation_custom_bg_color='' animation_z_index_curtain='100' parallax_parallax='' parallax_parallax_speed='' av-desktop-parallax_parallax='' av-desktop-parallax_parallax_speed='' av-medium-parallax_parallax='' av-medium-parallax_parallax_speed='' av-small-parallax_parallax='' av-small-parallax_parallax_speed='' av-mini-parallax_parallax='' av-mini-parallax_parallax_speed='' fold_timer='' z_index_fold='' css_position='' css_position_location=',,,' css_position_z_index='' av-desktop-css_position='' av-desktop-css_position_location=',,,' av-desktop-css_position_z_index='' av-medium-css_position='' av-medium-css_position_location=',,,' av-medium-css_position_z_index='' av-small-css_position='' av-small-css_position_location=',,,' av-small-css_position_z_index='' av-mini-css_position='' av-mini-css_position_location=',,,' av-mini-css_position_z_index='' link='page,1284' linktarget='' link_hover='opacity80' title_attr='' alt_attr='' mobile_display='' mobile_col_pos='0' id='' custom_class='one-sixth' template_class='' aria_label='' av_uid='av-16m896' sc_version='1.0']\r\n\r\n[av_heading heading='Corporate' tag='h5' style='blockquote modern-quote' subheading_active='' show_icon='' icon='ue800' font='entypo-fontello' size='' av-desktop-font-size-title='' av-medium-font-size-title='' av-small-font-size-title='' av-mini-font-size-title='' subheading_size='' av-desktop-font-size='' av-medium-font-size='' av-small-font-size='' av-mini-font-size='' icon_size='' av-desktop-font-size-1='' av-medium-font-size-1='' av-small-font-size-1='' av-mini-font-size-1='' color='' custom_font='' subheading_color='' seperator_color='' icon_color='' margin='20,,,' av-desktop-margin='' av-desktop-margin_sync='true' av-medium-margin='' av-medium-margin_sync='true' av-small-margin='' av-small-margin_sync='true' av-mini-margin='' av-mini-margin_sync='true' headline_padding='' headline_padding_sync='true' av-desktop-headline_padding='' av-desktop-headline_padding_sync='true' av-medium-headline_padding='' av-medium-headline_padding_sync='true' av-small-headline_padding='' av-small-headline_padding_sync='true' av-mini-headline_padding='' av-mini-headline_padding_sync='true' padding='5' av-desktop-padding='' av-medium-padding='' av-small-padding='' av-mini-padding='' icon_padding='10' av-desktop-icon_padding='' av-medium-icon_padding='' av-small-icon_padding='' av-mini-icon_padding='' link='' link_target='' id='' custom_class='' template_class='' av_uid='av-nqj9mi' sc_version='1.0' admin_preview_bg=''][\/av_heading]\r\n\r\n[av_image src='https:\/\/xavierr.cluster026.hosting.ovh.net\/wp-content\/uploads\/2023\/09\/photographe-corporate-entreprise-1-1260x709.jpg' attachment='1095' attachment_size='16:9' copyright='' caption='' image_size='16:9' styling='' box_shadow='none' box_shadow_width='10' box_shadow_color='' align='center' font_size='' overlay_opacity='0.4' overlay_color='#000000' overlay_text_color='#ffffff' link='' target='' animation='no-animation' animation_duration='' animation_custom_bg_color='' animation_z_index_curtain='100' parallax_parallax='' parallax_parallax_speed='' av-desktop-parallax_parallax='' av-desktop-parallax_parallax_speed='' av-medium-parallax_parallax='' av-medium-parallax_parallax_speed='' av-small-parallax_parallax='' av-small-parallax_parallax_speed='' av-mini-parallax_parallax='' av-mini-parallax_parallax_speed='' hover='' blur_image='' grayscale_image='' fade_image='' appearance='' css_position='' css_position_location=',,,' css_position_z_index='' av-desktop-css_position='' av-desktop-css_position_location=',,,' av-desktop-css_position_z_index='' av-medium-css_position='' av-medium-css_position_location=',,,' av-medium-css_position_z_index='' av-small-css_position='' av-small-css_position_location=',,,' av-small-css_position_z_index='' av-mini-css_position='' av-mini-css_position_location=',,,' av-mini-css_position_z_index='' transform_perspective='' transform_rotation=',,,' transform_scale=',,' transform_skew=',' transform_translate=',,' av-desktop-transform_perspective='' av-desktop-transform_rotation=',,,' av-desktop-transform_scale=',,' av-desktop-transform_skew=',' av-desktop-transform_translate=',,' av-medium-transform_perspective='' av-medium-transform_rotation=',,,' av-medium-transform_scale=',,' av-medium-transform_skew=',' av-medium-transform_translate=',,' av-small-transform_perspective='' av-small-transform_rotation=',,,' av-small-transform_scale=',,' av-small-transform_skew=',' av-small-transform_translate=',,' av-mini-transform_perspective='' av-mini-transform_rotation=',,,' av-mini-transform_scale=',,' av-mini-transform_skew=',' av-mini-transform_translate=',,' mask_overlay='' mask_overlay_shape='blob' mask_overlay_size='contain' mask_overlay_scale='100%' mask_overlay_position='center center' mask_overlay_repeat='no-repeat' mask_overlay_rotate='' mask_overlay_rad_shape='circle' mask_overlay_rad_position='center center' mask_overlay_opacity1='0' mask_overlay_opacity2='1' mask_overlay_opacity3='' title_attr='' alt_attr='' img_scrset='' lazy_loading='disabled' id='' custom_class='' template_class='' av_element_hidden_in_editor='0' av_uid='av-ls1uvpw8' sc_version='1.0' admin_preview_bg='']\r\nCorporate\r\n[\/av_image]\r\n\r\n[\/av_one_fifth][av_one_fifth min_height='' vertical_alignment='av-align-top' space='no_margin' row_boxshadow_width='10' row_boxshadow_color='' custom_margin='aviaTBcustom_margin' margin='0px' margin_sync='true' av-desktop-margin='' av-desktop-margin_sync='true' av-medium-margin='' av-medium-margin_sync='true' av-small-margin='' av-small-margin_sync='true' av-mini-margin='' av-mini-margin_sync='true' mobile_breaking='' mobile_column_order='' border='' border_style='solid' border_color='' radius='10' radius_sync='true' min_col_height='' padding='' padding_sync='true' av-desktop-padding='' av-desktop-padding_sync='true' av-medium-padding='' av-medium-padding_sync='true' av-small-padding='' av-small-padding_sync='true' av-mini-padding='' av-mini-padding_sync='true' svg_div_top='' svg_div_top_color='#333333' svg_div_top_width='100' svg_div_top_height='50' svg_div_top_max_height='none' svg_div_top_opacity='' svg_div_bottom='' svg_div_bottom_color='#333333' svg_div_bottom_width='100' svg_div_bottom_height='50' svg_div_bottom_max_height='none' svg_div_bottom_opacity='' fold_type='' fold_height='' fold_more='Lire la suite' fold_less='Read less' fold_text_style='' fold_btn_align='' column_boxshadow_width='10' column_boxshadow_color='' background='bg_color' background_color='' background_gradient_direction='vertical_rev' background_gradient_color1='#000000' background_gradient_color2='#ffffff' background_gradient_color3='' src='' attachment='' attachment_size='' background_position='top left' background_repeat='no-repeat' highlight_size='1.1' fold_overlay_color='' fold_text_color='' fold_btn_color='theme-color' fold_btn_bg_color='' fold_btn_font_color='' size-btn-text='' av-desktop-font-size-btn-text='' av-medium-font-size-btn-text='' av-small-font-size-btn-text='' av-mini-font-size-btn-text='' animation='' animation_duration='' animation_custom_bg_color='' animation_z_index_curtain='100' parallax_parallax='' parallax_parallax_speed='' av-desktop-parallax_parallax='' av-desktop-parallax_parallax_speed='' av-medium-parallax_parallax='' av-medium-parallax_parallax_speed='' av-small-parallax_parallax='' av-small-parallax_parallax_speed='' av-mini-parallax_parallax='' av-mini-parallax_parallax_speed='' fold_timer='' z_index_fold='' css_position='' css_position_location=',,,' css_position_z_index='' av-desktop-css_position='' av-desktop-css_position_location=',,,' av-desktop-css_position_z_index='' av-medium-css_position='' av-medium-css_position_location=',,,' av-medium-css_position_z_index='' av-small-css_position='' av-small-css_position_location=',,,' av-small-css_position_z_index='' av-mini-css_position='' av-mini-css_position_location=',,,' av-mini-css_position_z_index='' link='page,1275' linktarget='' link_hover='opacity80' title_attr='' alt_attr='' mobile_display='' mobile_col_pos='0' id='' custom_class='one-sixth' template_class='' aria_label='' av_uid='av-q14ay2' sc_version='1.0']\r\n\r\n[av_heading heading='Industriel' tag='h5' style='blockquote modern-quote' subheading_active='' show_icon='' icon='ue800' font='entypo-fontello' size='' av-desktop-font-size-title='' av-medium-font-size-title='' av-small-font-size-title='' av-mini-font-size-title='' subheading_size='' av-desktop-font-size='' av-medium-font-size='' av-small-font-size='' av-mini-font-size='' icon_size='' av-desktop-font-size-1='' av-medium-font-size-1='' av-small-font-size-1='' av-mini-font-size-1='' color='' custom_font='' subheading_color='' seperator_color='' icon_color='' margin='20,,,' av-desktop-margin='' av-desktop-margin_sync='true' av-medium-margin='' av-medium-margin_sync='true' av-small-margin='' av-small-margin_sync='true' av-mini-margin='' av-mini-margin_sync='true' headline_padding='' headline_padding_sync='true' av-desktop-headline_padding='' av-desktop-headline_padding_sync='true' av-medium-headline_padding='' av-medium-headline_padding_sync='true' av-small-headline_padding='' av-small-headline_padding_sync='true' av-mini-headline_padding='' av-mini-headline_padding_sync='true' padding='5' av-desktop-padding='' av-medium-padding='' av-small-padding='' av-mini-padding='' icon_padding='10' av-desktop-icon_padding='' av-medium-icon_padding='' av-small-icon_padding='' av-mini-icon_padding='' link='' link_target='' id='' custom_class='' template_class='' av_uid='av-bqh3u' sc_version='1.0' admin_preview_bg=''][\/av_heading]\r\n\r\n[av_image src='https:\/\/xavierr.cluster026.hosting.ovh.net\/wp-content\/uploads\/2023\/09\/photographe-industriel.jpg' attachment='940' attachment_size='full' copyright='' caption='' image_size='16:9' styling='' box_shadow='none' box_shadow_width='10' box_shadow_color='' align='center' font_size='' overlay_opacity='0.4' overlay_color='#000000' overlay_text_color='#ffffff' link='' target='' animation='no-animation' animation_duration='' animation_custom_bg_color='' animation_z_index_curtain='100' parallax_parallax='' parallax_parallax_speed='' av-desktop-parallax_parallax='' av-desktop-parallax_parallax_speed='' av-medium-parallax_parallax='' av-medium-parallax_parallax_speed='' av-small-parallax_parallax='' av-small-parallax_parallax_speed='' av-mini-parallax_parallax='' av-mini-parallax_parallax_speed='' hover='' blur_image='' grayscale_image='' fade_image='' appearance='' css_position='' css_position_location=',,,' css_position_z_index='' av-desktop-css_position='' av-desktop-css_position_location=',,,' av-desktop-css_position_z_index='' av-medium-css_position='' av-medium-css_position_location=',,,' av-medium-css_position_z_index='' av-small-css_position='' av-small-css_position_location=',,,' av-small-css_position_z_index='' av-mini-css_position='' av-mini-css_position_location=',,,' av-mini-css_position_z_index='' transform_perspective='' transform_rotation=',,,' transform_scale=',,' transform_skew=',' transform_translate=',,' av-desktop-transform_perspective='' av-desktop-transform_rotation=',,,' av-desktop-transform_scale=',,' av-desktop-transform_skew=',' av-desktop-transform_translate=',,' av-medium-transform_perspective='' av-medium-transform_rotation=',,,' av-medium-transform_scale=',,' av-medium-transform_skew=',' av-medium-transform_translate=',,' av-small-transform_perspective='' av-small-transform_rotation=',,,' av-small-transform_scale=',,' av-small-transform_skew=',' av-small-transform_translate=',,' av-mini-transform_perspective='' av-mini-transform_rotation=',,,' av-mini-transform_scale=',,' av-mini-transform_skew=',' av-mini-transform_translate=',,' mask_overlay='' mask_overlay_shape='blob' mask_overlay_size='contain' mask_overlay_scale='100%' mask_overlay_position='center center' mask_overlay_repeat='no-repeat' mask_overlay_rotate='' mask_overlay_rad_shape='circle' mask_overlay_rad_position='center center' mask_overlay_opacity1='0' mask_overlay_opacity2='1' mask_overlay_opacity3='' title_attr='' alt_attr='' img_scrset='' lazy_loading='disabled' id='' custom_class='' template_class='' av_element_hidden_in_editor='0' av_uid='av-lsteoq' sc_version='1.0' admin_preview_bg=''][\/av_image]\r\n\r\n[\/av_one_fifth][av_one_fifth min_height='' vertical_alignment='av-align-top' space='no_margin' row_boxshadow_width='10' row_boxshadow_color='' custom_margin='aviaTBcustom_margin' margin='0px' margin_sync='true' av-desktop-margin='' av-desktop-margin_sync='true' av-medium-margin='' av-medium-margin_sync='true' av-small-margin='' av-small-margin_sync='true' av-mini-margin='' av-mini-margin_sync='true' mobile_breaking='' mobile_column_order='' border='' border_style='solid' border_color='' radius='10' radius_sync='true' min_col_height='' padding='' padding_sync='true' av-desktop-padding='' av-desktop-padding_sync='true' av-medium-padding='' av-medium-padding_sync='true' av-small-padding='' av-small-padding_sync='true' av-mini-padding='' av-mini-padding_sync='true' svg_div_top='' svg_div_top_color='#333333' svg_div_top_width='100' svg_div_top_height='50' svg_div_top_max_height='none' svg_div_top_opacity='' svg_div_bottom='' svg_div_bottom_color='#333333' svg_div_bottom_width='100' svg_div_bottom_height='50' svg_div_bottom_max_height='none' svg_div_bottom_opacity='' fold_type='' fold_height='' fold_more='Lire la suite' fold_less='Read less' fold_text_style='' fold_btn_align='' column_boxshadow_width='10' column_boxshadow_color='' background='bg_color' background_color='' background_gradient_direction='vertical_rev' background_gradient_color1='#000000' background_gradient_color2='#ffffff' background_gradient_color3='' src='' attachment='' attachment_size='' background_position='top left' background_repeat='no-repeat' highlight_size='1.1' fold_overlay_color='' fold_text_color='' fold_btn_color='theme-color' fold_btn_bg_color='' fold_btn_font_color='' size-btn-text='' av-desktop-font-size-btn-text='' av-medium-font-size-btn-text='' av-small-font-size-btn-text='' av-mini-font-size-btn-text='' animation='' animation_duration='' animation_custom_bg_color='' animation_z_index_curtain='100' parallax_parallax='' parallax_parallax_speed='' av-desktop-parallax_parallax='' av-desktop-parallax_parallax_speed='' av-medium-parallax_parallax='' av-medium-parallax_parallax_speed='' av-small-parallax_parallax='' av-small-parallax_parallax_speed='' av-mini-parallax_parallax='' av-mini-parallax_parallax_speed='' fold_timer='' z_index_fold='' css_position='' css_position_location=',,,' css_position_z_index='' av-desktop-css_position='' av-desktop-css_position_location=',,,' av-desktop-css_position_z_index='' av-medium-css_position='' av-medium-css_position_location=',,,' av-medium-css_position_z_index='' av-small-css_position='' av-small-css_position_location=',,,' av-small-css_position_z_index='' av-mini-css_position='' av-mini-css_position_location=',,,' av-mini-css_position_z_index='' link='page,1298' linktarget='' link_hover='opacity80' title_attr='' alt_attr='' mobile_display='' mobile_col_pos='0' id='' custom_class='one-sixth' template_class='' aria_label='' av_uid='av-kznlh6' sc_version='1.0']\r\n\r\n[av_heading heading='\u00c9v\u00e9nementiel' tag='h5' style='blockquote modern-quote' subheading_active='' show_icon='' icon='ue800' font='entypo-fontello' size='' av-desktop-font-size-title='' av-medium-font-size-title='' av-small-font-size-title='' av-mini-font-size-title='' subheading_size='' av-desktop-font-size='' av-medium-font-size='' av-small-font-size='' av-mini-font-size='' icon_size='' av-desktop-font-size-1='' av-medium-font-size-1='' av-small-font-size-1='' av-mini-font-size-1='' color='' custom_font='' subheading_color='' seperator_color='' icon_color='' margin='20,,,' av-desktop-margin='' av-desktop-margin_sync='true' av-medium-margin='' av-medium-margin_sync='true' av-small-margin='' av-small-margin_sync='true' av-mini-margin='' av-mini-margin_sync='true' headline_padding='' headline_padding_sync='true' av-desktop-headline_padding='' av-desktop-headline_padding_sync='true' av-medium-headline_padding='' av-medium-headline_padding_sync='true' av-small-headline_padding='' av-small-headline_padding_sync='true' av-mini-headline_padding='' av-mini-headline_padding_sync='true' padding='5' av-desktop-padding='' av-medium-padding='' av-small-padding='' av-mini-padding='' icon_padding='10' av-desktop-icon_padding='' av-medium-icon_padding='' av-small-icon_padding='' av-mini-icon_padding='' link='' link_target='' id='' custom_class='' template_class='' av_uid='av-1wmfyi' sc_version='1.0' admin_preview_bg=''][\/av_heading]\r\n\r\n[av_image src='https:\/\/xavierr.cluster026.hosting.ovh.net\/wp-content\/uploads\/2023\/09\/photographe-evenementiel.png' attachment='938' attachment_size='full' copyright='' caption='' image_size='16:9' styling='' box_shadow='none' box_shadow_width='10' box_shadow_color='' align='center' font_size='' overlay_opacity='0.4' overlay_color='#000000' overlay_text_color='#ffffff' link='' target='' animation='no-animation' animation_duration='' animation_custom_bg_color='' animation_z_index_curtain='100' parallax_parallax='' parallax_parallax_speed='' av-desktop-parallax_parallax='' av-desktop-parallax_parallax_speed='' av-medium-parallax_parallax='' av-medium-parallax_parallax_speed='' av-small-parallax_parallax='' av-small-parallax_parallax_speed='' av-mini-parallax_parallax='' av-mini-parallax_parallax_speed='' hover='' blur_image='' grayscale_image='' fade_image='' appearance='' css_position='' css_position_location=',,,' css_position_z_index='' av-desktop-css_position='' av-desktop-css_position_location=',,,' av-desktop-css_position_z_index='' av-medium-css_position='' av-medium-css_position_location=',,,' av-medium-css_position_z_index='' av-small-css_position='' av-small-css_position_location=',,,' av-small-css_position_z_index='' av-mini-css_position='' av-mini-css_position_location=',,,' av-mini-css_position_z_index='' transform_perspective='' transform_rotation=',,,' transform_scale=',,' transform_skew=',' transform_translate=',,' av-desktop-transform_perspective='' av-desktop-transform_rotation=',,,' av-desktop-transform_scale=',,' av-desktop-transform_skew=',' av-desktop-transform_translate=',,' av-medium-transform_perspective='' av-medium-transform_rotation=',,,' av-medium-transform_scale=',,' av-medium-transform_skew=',' av-medium-transform_translate=',,' av-small-transform_perspective='' av-small-transform_rotation=',,,' av-small-transform_scale=',,' av-small-transform_skew=',' av-small-transform_translate=',,' av-mini-transform_perspective='' av-mini-transform_rotation=',,,' av-mini-transform_scale=',,' av-mini-transform_skew=',' av-mini-transform_translate=',,' mask_overlay='' mask_overlay_shape='blob' mask_overlay_size='contain' mask_overlay_scale='100%' mask_overlay_position='center center' mask_overlay_repeat='no-repeat' mask_overlay_rotate='' mask_overlay_rad_shape='circle' mask_overlay_rad_position='center center' mask_overlay_opacity1='0' mask_overlay_opacity2='1' mask_overlay_opacity3='' title_attr='' alt_attr='' img_scrset='' lazy_loading='disabled' id='' custom_class='' template_class='' av_element_hidden_in_editor='0' av_uid='av-i1xvay' sc_version='1.0' admin_preview_bg=''][\/av_image]\r\n\r\n[\/av_one_fifth][av_one_fifth min_height='' vertical_alignment='av-align-top' space='no_margin' row_boxshadow_width='10' row_boxshadow_color='' custom_margin='aviaTBcustom_margin' margin='0px' margin_sync='true' av-desktop-margin='' av-desktop-margin_sync='true' av-medium-margin='' av-medium-margin_sync='true' av-small-margin='' av-small-margin_sync='true' av-mini-margin='' av-mini-margin_sync='true' mobile_breaking='' mobile_column_order='' border='' border_style='solid' border_color='' radius='10' radius_sync='true' min_col_height='' padding='' padding_sync='true' av-desktop-padding='' av-desktop-padding_sync='true' av-medium-padding='' av-medium-padding_sync='true' av-small-padding='' av-small-padding_sync='true' av-mini-padding='' av-mini-padding_sync='true' svg_div_top='' svg_div_top_color='#333333' svg_div_top_width='100' svg_div_top_height='50' svg_div_top_max_height='none' svg_div_top_opacity='' svg_div_bottom='' svg_div_bottom_color='#333333' svg_div_bottom_width='100' svg_div_bottom_height='50' svg_div_bottom_max_height='none' svg_div_bottom_opacity='' fold_type='' fold_height='' fold_more='Lire la suite' fold_less='Read less' fold_text_style='' fold_btn_align='' column_boxshadow_width='10' column_boxshadow_color='' background='bg_color' background_color='' background_gradient_direction='vertical_rev' background_gradient_color1='#000000' background_gradient_color2='#ffffff' background_gradient_color3='' src='' attachment='' attachment_size='' background_position='top left' background_repeat='no-repeat' highlight_size='1.1' fold_overlay_color='' fold_text_color='' fold_btn_color='theme-color' fold_btn_bg_color='' fold_btn_font_color='' size-btn-text='' av-desktop-font-size-btn-text='' av-medium-font-size-btn-text='' av-small-font-size-btn-text='' av-mini-font-size-btn-text='' animation='' animation_duration='' animation_custom_bg_color='' animation_z_index_curtain='100' parallax_parallax='' parallax_parallax_speed='' av-desktop-parallax_parallax='' av-desktop-parallax_parallax_speed='' av-medium-parallax_parallax='' av-medium-parallax_parallax_speed='' av-small-parallax_parallax='' av-small-parallax_parallax_speed='' av-mini-parallax_parallax='' av-mini-parallax_parallax_speed='' fold_timer='' z_index_fold='' css_position='' css_position_location=',,,' css_position_z_index='' av-desktop-css_position='' av-desktop-css_position_location=',,,' av-desktop-css_position_z_index='' av-medium-css_position='' av-medium-css_position_location=',,,' av-medium-css_position_z_index='' av-small-css_position='' av-small-css_position_location=',,,' av-small-css_position_z_index='' av-mini-css_position='' av-mini-css_position_location=',,,' av-mini-css_position_z_index='' link='page,1311' linktarget='' link_hover='opacity80' title_attr='' alt_attr='' mobile_display='' mobile_col_pos='0' id='' custom_class='one-sixth' template_class='' aria_label='' av_uid='av-g0uwsq' sc_version='1.0']\r\n\r\n[av_heading heading='Portrait' tag='h5' style='blockquote modern-quote' subheading_active='' show_icon='' icon='ue800' font='entypo-fontello' size='' av-desktop-font-size-title='' av-medium-font-size-title='' av-small-font-size-title='' av-mini-font-size-title='' subheading_size='' av-desktop-font-size='' av-medium-font-size='' av-small-font-size='' av-mini-font-size='' icon_size='' av-desktop-font-size-1='' av-medium-font-size-1='' av-small-font-size-1='' av-mini-font-size-1='' color='' custom_font='' subheading_color='' seperator_color='' icon_color='' margin='20,,,' av-desktop-margin='' av-desktop-margin_sync='true' av-medium-margin='' av-medium-margin_sync='true' av-small-margin='' av-small-margin_sync='true' av-mini-margin='' av-mini-margin_sync='true' headline_padding='' headline_padding_sync='true' av-desktop-headline_padding='' av-desktop-headline_padding_sync='true' av-medium-headline_padding='' av-medium-headline_padding_sync='true' av-small-headline_padding='' av-small-headline_padding_sync='true' av-mini-headline_padding='' av-mini-headline_padding_sync='true' padding='5' av-desktop-padding='' av-medium-padding='' av-small-padding='' av-mini-padding='' icon_padding='10' av-desktop-icon_padding='' av-medium-icon_padding='' av-small-icon_padding='' av-mini-icon_padding='' link='' link_target='' id='' custom_class='' template_class='' av_uid='av-dm9uai' sc_version='1.0' admin_preview_bg=''][\/av_heading]\r\n\r\n[av_image src='https:\/\/xavierr.cluster026.hosting.ovh.net\/wp-content\/uploads\/2023\/09\/portrait-corporate-en-entreprise.jpg' attachment='933' attachment_size='full' copyright='' caption='' image_size='16:9' styling='' box_shadow='none' box_shadow_width='10' box_shadow_color='' align='center' font_size='' overlay_opacity='0.4' overlay_color='#000000' overlay_text_color='#ffffff' link='' target='' animation='no-animation' animation_duration='' animation_custom_bg_color='' animation_z_index_curtain='100' parallax_parallax='' parallax_parallax_speed='' av-desktop-parallax_parallax='' av-desktop-parallax_parallax_speed='' av-medium-parallax_parallax='' av-medium-parallax_parallax_speed='' av-small-parallax_parallax='' av-small-parallax_parallax_speed='' av-mini-parallax_parallax='' av-mini-parallax_parallax_speed='' hover='' blur_image='' grayscale_image='' fade_image='' appearance='' css_position='' css_position_location=',,,' css_position_z_index='' av-desktop-css_position='' av-desktop-css_position_location=',,,' av-desktop-css_position_z_index='' av-medium-css_position='' av-medium-css_position_location=',,,' av-medium-css_position_z_index='' av-small-css_position='' av-small-css_position_location=',,,' av-small-css_position_z_index='' av-mini-css_position='' av-mini-css_position_location=',,,' av-mini-css_position_z_index='' transform_perspective='' transform_rotation=',,,' transform_scale=',,' transform_skew=',' transform_translate=',,' av-desktop-transform_perspective='' av-desktop-transform_rotation=',,,' av-desktop-transform_scale=',,' av-desktop-transform_skew=',' av-desktop-transform_translate=',,' av-medium-transform_perspective='' av-medium-transform_rotation=',,,' av-medium-transform_scale=',,' av-medium-transform_skew=',' av-medium-transform_translate=',,' av-small-transform_perspective='' av-small-transform_rotation=',,,' av-small-transform_scale=',,' av-small-transform_skew=',' av-small-transform_translate=',,' av-mini-transform_perspective='' av-mini-transform_rotation=',,,' av-mini-transform_scale=',,' av-mini-transform_skew=',' av-mini-transform_translate=',,' mask_overlay='' mask_overlay_shape='blob' mask_overlay_size='contain' mask_overlay_scale='100%' mask_overlay_position='center center' mask_overlay_repeat='no-repeat' mask_overlay_rotate='' mask_overlay_rad_shape='circle' mask_overlay_rad_position='center center' mask_overlay_opacity1='0' mask_overlay_opacity2='1' mask_overlay_opacity3='' title_attr='' alt_attr='' img_scrset='' lazy_loading='disabled' id='' custom_class='' template_class='' av_element_hidden_in_editor='0' av_uid='av-cwppai' sc_version='1.0' admin_preview_bg=''][\/av_image]\r\n\r\n[\/av_one_fifth][av_one_fifth min_height='' vertical_alignment='av-align-top' space='no_margin' row_boxshadow_width='10' row_boxshadow_color='' custom_margin='aviaTBcustom_margin' margin='0px' margin_sync='true' av-desktop-margin='' av-desktop-margin_sync='true' av-medium-margin='' av-medium-margin_sync='true' av-small-margin='' av-small-margin_sync='true' av-mini-margin='' av-mini-margin_sync='true' mobile_breaking='' mobile_column_order='' border='' border_style='solid' border_color='' radius='10' radius_sync='true' min_col_height='' padding='' padding_sync='true' av-desktop-padding='' av-desktop-padding_sync='true' av-medium-padding='' av-medium-padding_sync='true' av-small-padding='' av-small-padding_sync='true' av-mini-padding='' av-mini-padding_sync='true' svg_div_top='' svg_div_top_color='#333333' svg_div_top_width='100' svg_div_top_height='50' svg_div_top_max_height='none' svg_div_top_opacity='' svg_div_bottom='' svg_div_bottom_color='#333333' svg_div_bottom_width='100' svg_div_bottom_height='50' svg_div_bottom_max_height='none' svg_div_bottom_opacity='' fold_type='' fold_height='' fold_more='Lire la suite' fold_less='Read less' fold_text_style='' fold_btn_align='' column_boxshadow_width='10' column_boxshadow_color='' background='bg_color' background_color='' background_gradient_direction='vertical_rev' background_gradient_color1='#000000' background_gradient_color2='#ffffff' background_gradient_color3='' src='' attachment='' attachment_size='' background_position='top left' background_repeat='no-repeat' highlight_size='1.1' fold_overlay_color='' fold_text_color='' fold_btn_color='theme-color' fold_btn_bg_color='' fold_btn_font_color='' size-btn-text='' av-desktop-font-size-btn-text='' av-medium-font-size-btn-text='' av-small-font-size-btn-text='' av-mini-font-size-btn-text='' animation='' animation_duration='' animation_custom_bg_color='' animation_z_index_curtain='100' parallax_parallax='' parallax_parallax_speed='' av-desktop-parallax_parallax='' av-desktop-parallax_parallax_speed='' av-medium-parallax_parallax='' av-medium-parallax_parallax_speed='' av-small-parallax_parallax='' av-small-parallax_parallax_speed='' av-mini-parallax_parallax='' av-mini-parallax_parallax_speed='' fold_timer='' z_index_fold='' css_position='' css_position_location=',,,' css_position_z_index='' av-desktop-css_position='' av-desktop-css_position_location=',,,' av-desktop-css_position_z_index='' av-medium-css_position='' av-medium-css_position_location=',,,' av-medium-css_position_z_index='' av-small-css_position='' av-small-css_position_location=',,,' av-small-css_position_z_index='' av-mini-css_position='' av-mini-css_position_location=',,,' av-mini-css_position_z_index='' link='page,2834' linktarget='' link_hover='opacity80' title_attr='' alt_attr='' mobile_display='' mobile_col_pos='0' id='' custom_class='one-sixth' template_class='' aria_label='' av_uid='av-bfmozu' sc_version='1.0']\r\n\r\n[av_heading heading='Trombinoscope' tag='h5' style='blockquote modern-quote' subheading_active='' show_icon='' icon='ue800' font='entypo-fontello' size='' av-desktop-font-size-title='' av-medium-font-size-title='' av-small-font-size-title='' av-mini-font-size-title='' subheading_size='' av-desktop-font-size='' av-medium-font-size='' av-small-font-size='' av-mini-font-size='' icon_size='' av-desktop-font-size-1='' av-medium-font-size-1='' av-small-font-size-1='' av-mini-font-size-1='' color='' custom_font='' subheading_color='' seperator_color='' icon_color='' margin='20,,,' av-desktop-margin='' av-desktop-margin_sync='true' av-medium-margin='' av-medium-margin_sync='true' av-small-margin='' av-small-margin_sync='true' av-mini-margin='' av-mini-margin_sync='true' headline_padding='' headline_padding_sync='true' av-desktop-headline_padding='' av-desktop-headline_padding_sync='true' av-medium-headline_padding='' av-medium-headline_padding_sync='true' av-small-headline_padding='' av-small-headline_padding_sync='true' av-mini-headline_padding='' av-mini-headline_padding_sync='true' padding='5' av-desktop-padding='' av-medium-padding='' av-small-padding='' av-mini-padding='' icon_padding='10' av-desktop-icon_padding='' av-medium-icon_padding='' av-small-icon_padding='' av-mini-icon_padding='' link='' link_target='' id='' custom_class='' template_class='' av_uid='av-9ro4nu' sc_version='1.0' admin_preview_bg=''][\/av_heading]\r\n\r\n[av_image src='https:\/\/xavierr.cluster026.hosting.ovh.net\/wp-content\/uploads\/2023\/09\/photographe-de-trombinoscope.png' attachment='942' attachment_size='full' copyright='' caption='' image_size='16:9' styling='' box_shadow='none' box_shadow_width='10' box_shadow_color='' align='center' font_size='' overlay_opacity='0.4' overlay_color='#000000' overlay_text_color='#ffffff' link='' target='' animation='no-animation' animation_duration='' animation_custom_bg_color='' animation_z_index_curtain='100' parallax_parallax='' parallax_parallax_speed='' av-desktop-parallax_parallax='' av-desktop-parallax_parallax_speed='' av-medium-parallax_parallax='' av-medium-parallax_parallax_speed='' av-small-parallax_parallax='' av-small-parallax_parallax_speed='' av-mini-parallax_parallax='' av-mini-parallax_parallax_speed='' hover='' blur_image='' grayscale_image='' fade_image='' appearance='' css_position='' css_position_location=',,,' css_position_z_index='' av-desktop-css_position='' av-desktop-css_position_location=',,,' av-desktop-css_position_z_index='' av-medium-css_position='' av-medium-css_position_location=',,,' av-medium-css_position_z_index='' av-small-css_position='' av-small-css_position_location=',,,' av-small-css_position_z_index='' av-mini-css_position='' av-mini-css_position_location=',,,' av-mini-css_position_z_index='' transform_perspective='' transform_rotation=',,,' transform_scale=',,' transform_skew=',' transform_translate=',,' av-desktop-transform_perspective='' av-desktop-transform_rotation=',,,' av-desktop-transform_scale=',,' av-desktop-transform_skew=',' av-desktop-transform_translate=',,' av-medium-transform_perspective='' av-medium-transform_rotation=',,,' av-medium-transform_scale=',,' av-medium-transform_skew=',' av-medium-transform_translate=',,' av-small-transform_perspective='' av-small-transform_rotation=',,,' av-small-transform_scale=',,' av-small-transform_skew=',' av-small-transform_translate=',,' av-mini-transform_perspective='' av-mini-transform_rotation=',,,' av-mini-transform_scale=',,' av-mini-transform_skew=',' av-mini-transform_translate=',,' mask_overlay='' mask_overlay_shape='blob' mask_overlay_size='contain' mask_overlay_scale='100%' mask_overlay_position='center center' mask_overlay_repeat='no-repeat' mask_overlay_rotate='' mask_overlay_rad_shape='circle' mask_overlay_rad_position='center center' mask_overlay_opacity1='0' mask_overlay_opacity2='1' mask_overlay_opacity3='' title_attr='' alt_attr='' img_scrset='' lazy_loading='disabled' id='' custom_class='' template_class='' av_element_hidden_in_editor='0' av_uid='av-85vkyy' sc_version='1.0' admin_preview_bg=''][\/av_image]\r\n\r\n[\/av_one_fifth][av_one_fifth first min_height='' vertical_alignment='av-align-top' space='no_margin' row_boxshadow_width='10' row_boxshadow_color='' custom_margin='aviaTBcustom_margin' margin='0px' margin_sync='true' av-desktop-margin='' av-desktop-margin_sync='true' av-medium-margin='' av-medium-margin_sync='true' av-small-margin='' av-small-margin_sync='true' av-mini-margin='' av-mini-margin_sync='true' mobile_breaking='' mobile_column_order='' border='' border_style='solid' border_color='' radius='10' radius_sync='true' min_col_height='' padding='' padding_sync='true' av-desktop-padding='' av-desktop-padding_sync='true' av-medium-padding='' av-medium-padding_sync='true' av-small-padding='' av-small-padding_sync='true' av-mini-padding='' av-mini-padding_sync='true' svg_div_top='' svg_div_top_color='#333333' svg_div_top_width='100' svg_div_top_height='50' svg_div_top_max_height='none' svg_div_top_opacity='' svg_div_bottom='' svg_div_bottom_color='#333333' svg_div_bottom_width='100' svg_div_bottom_height='50' svg_div_bottom_max_height='none' svg_div_bottom_opacity='' fold_type='' fold_height='' fold_more='Lire la suite' fold_less='Read less' fold_text_style='' fold_btn_align='' column_boxshadow_width='10' column_boxshadow_color='' background='bg_color' background_color='' background_gradient_direction='vertical_rev' background_gradient_color1='#000000' background_gradient_color2='#ffffff' background_gradient_color3='' src='' attachment='' attachment_size='' background_position='top left' background_repeat='no-repeat' highlight_size='1.1' fold_overlay_color='' fold_text_color='' fold_btn_color='theme-color' fold_btn_bg_color='' fold_btn_font_color='' size-btn-text='' av-desktop-font-size-btn-text='' av-medium-font-size-btn-text='' av-small-font-size-btn-text='' av-mini-font-size-btn-text='' animation='' animation_duration='' animation_custom_bg_color='' animation_z_index_curtain='100' parallax_parallax='' parallax_parallax_speed='' av-desktop-parallax_parallax='' av-desktop-parallax_parallax_speed='' av-medium-parallax_parallax='' av-medium-parallax_parallax_speed='' av-small-parallax_parallax='' av-small-parallax_parallax_speed='' av-mini-parallax_parallax='' av-mini-parallax_parallax_speed='' fold_timer='' z_index_fold='' css_position='' css_position_location=',,,' css_position_z_index='' av-desktop-css_position='' av-desktop-css_position_location=',,,' av-desktop-css_position_z_index='' av-medium-css_position='' av-medium-css_position_location=',,,' av-medium-css_position_z_index='' av-small-css_position='' av-small-css_position_location=',,,' av-small-css_position_z_index='' av-mini-css_position='' av-mini-css_position_location=',,,' av-mini-css_position_z_index='' link='page,1324' linktarget='' link_hover='opacity80' title_attr='' alt_attr='' mobile_display='' mobile_col_pos='0' id='' custom_class='one-sixth' template_class='' aria_label='' av_uid='av-5dk1je' sc_version='1.0']\r\n\r\n[av_heading heading='Presse' tag='h5' style='blockquote modern-quote' subheading_active='' show_icon='' icon='ue800' font='entypo-fontello' size='' av-desktop-font-size-title='' av-medium-font-size-title='' av-small-font-size-title='' av-mini-font-size-title='' subheading_size='' av-desktop-font-size='' av-medium-font-size='' av-small-font-size='' av-mini-font-size='' icon_size='' av-desktop-font-size-1='' av-medium-font-size-1='' av-small-font-size-1='' av-mini-font-size-1='' color='' custom_font='' subheading_color='' seperator_color='' icon_color='' margin='20,,,' av-desktop-margin='' av-desktop-margin_sync='true' av-medium-margin='' av-medium-margin_sync='true' av-small-margin='' av-small-margin_sync='true' av-mini-margin='' av-mini-margin_sync='true' headline_padding='' headline_padding_sync='true' av-desktop-headline_padding='' av-desktop-headline_padding_sync='true' av-medium-headline_padding='' av-medium-headline_padding_sync='true' av-small-headline_padding='' av-small-headline_padding_sync='true' av-mini-headline_padding='' av-mini-headline_padding_sync='true' padding='5' av-desktop-padding='' av-medium-padding='' av-small-padding='' av-mini-padding='' icon_padding='10' av-desktop-icon_padding='' av-medium-icon_padding='' av-small-icon_padding='' av-mini-icon_padding='' link='' link_target='' id='' custom_class='' template_class='' av_uid='av-4chley' sc_version='1.0' admin_preview_bg=''][\/av_heading]\r\n\r\n[av_image src='https:\/\/xavierr.cluster026.hosting.ovh.net\/wp-content\/uploads\/2024\/01\/communication-vignette.jpg' attachment='4469' attachment_size='full' copyright='' caption='' image_size='16:9' styling='' box_shadow='none' box_shadow_width='10' box_shadow_color='' align='center' font_size='' overlay_opacity='0.4' overlay_color='#000000' overlay_text_color='#ffffff' link='' target='' animation='no-animation' animation_duration='' animation_custom_bg_color='' animation_z_index_curtain='100' parallax_parallax='' parallax_parallax_speed='' av-desktop-parallax_parallax='' av-desktop-parallax_parallax_speed='' av-medium-parallax_parallax='' av-medium-parallax_parallax_speed='' av-small-parallax_parallax='' av-small-parallax_parallax_speed='' av-mini-parallax_parallax='' av-mini-parallax_parallax_speed='' hover='' blur_image='' grayscale_image='' fade_image='' appearance='' css_position='' css_position_location=',,,' css_position_z_index='' av-desktop-css_position='' av-desktop-css_position_location=',,,' av-desktop-css_position_z_index='' av-medium-css_position='' av-medium-css_position_location=',,,' av-medium-css_position_z_index='' av-small-css_position='' av-small-css_position_location=',,,' av-small-css_position_z_index='' av-mini-css_position='' av-mini-css_position_location=',,,' av-mini-css_position_z_index='' transform_perspective='' transform_rotation=',,,' transform_scale=',,' transform_skew=',' transform_translate=',,' av-desktop-transform_perspective='' av-desktop-transform_rotation=',,,' av-desktop-transform_scale=',,' av-desktop-transform_skew=',' av-desktop-transform_translate=',,' av-medium-transform_perspective='' av-medium-transform_rotation=',,,' av-medium-transform_scale=',,' av-medium-transform_skew=',' av-medium-transform_translate=',,' av-small-transform_perspective='' av-small-transform_rotation=',,,' av-small-transform_scale=',,' av-small-transform_skew=',' av-small-transform_translate=',,' av-mini-transform_perspective='' av-mini-transform_rotation=',,,' av-mini-transform_scale=',,' av-mini-transform_skew=',' av-mini-transform_translate=',,' mask_overlay='' mask_overlay_shape='blob' mask_overlay_size='contain' mask_overlay_scale='100%' mask_overlay_position='center center' mask_overlay_repeat='no-repeat' mask_overlay_rotate='' mask_overlay_rad_shape='circle' mask_overlay_rad_position='center center' mask_overlay_opacity1='0' mask_overlay_opacity2='1' mask_overlay_opacity3='' title_attr='' alt_attr='' img_scrset='' lazy_loading='disabled' id='' custom_class='' template_class='' av_element_hidden_in_editor='0' av_uid='av-2boxa2' sc_version='1.0' admin_preview_bg=''][\/av_image]\r\n\r\n[\/av_one_fifth][\/av_section]<\/p>\n","protected":false},"excerpt":{"rendered":"","protected":false},"author":2,"featured_media":3416,"comment_status":"open","ping_status":"closed","template":"","meta":{"_seopress_titles_title":"Photo \u00e9v\u00e9nementiel %%page%% - D\u00e9bat au sommet, rencontre institutionnel","_seopress_titles_desc":"Je r\u00e9alise des reportages \u00e9v\u00e9nementiels, immortalisant l&#039;essence de vos rencontres professionnelles avec cr\u00e9ativit\u00e9 et assurance","_seopress_robots_index":"","_seopress_robots_follow":"","_seopress_robots_imageindex":"","_seopress_robots_snippet":"","_seopress_robots_primary_cat":"","_seopress_robots_breadcrumbs":"","_seopress_robots_freeze_modified_date":"","_seopress_robots_custom_modified_date":"","_seopress_robots_canonical":"","_seopress_social_fb_title":"","_seopress_social_fb_desc":"","_seopress_social_fb_img":"","_seopress_social_fb_img_attachment_id":0,"_seopress_social_fb_img_width":0,"_seopress_social_fb_img_height":0,"_seopress_social_twitter_title":"","_seopress_social_twitter_desc":"","_seopress_social_twitter_img":"","_seopress_social_twitter_img_attachment_id":0,"_seopress_social_twitter_img_width":0,"_seopress_social_twitter_img_height":0,"_seopress_redirections_value":"","_seopress_redirections_enabled":"","_seopress_redirections_enabled_regex":"","_seopress_redirections_logged_status":"","_seopress_redirections_param":"","_seopress_redirections_type":0,"_seopress_analysis_target_kw":"","_seopress_news_disabled":"","_seopress_video_disabled":"","_seopress_video":[],"_seopress_pro_schemas_manual":[],"_seopress_pro_rich_snippets_disable_all":"","_seopress_pro_rich_snippets_disable":[],"_seopress_pro_schemas":[],"inline_featured_image":false,"footnotes":""},"tags":[],"portfolio_entries":[26],"class_list":["post-3411","portfolio","type-portfolio","status-publish","has-post-thumbnail","hentry","portfolio_entries-reportage-photo-evenementiel"],"_links":{"self":[{"href":"https:\/\/www.xaviergranet.com\/en\/wp-json\/wp\/v2\/portfolio\/3411","targetHints":{"allow":["GET"]}}],"collection":[{"href":"https:\/\/www.xaviergranet.com\/en\/wp-json\/wp\/v2\/portfolio"}],"about":[{"href":"https:\/\/www.xaviergranet.com\/en\/wp-json\/wp\/v2\/types\/portfolio"}],"author":[{"embeddable":true,"href":"https:\/\/www.xaviergranet.com\/en\/wp-json\/wp\/v2\/users\/2"}],"replies":[{"embeddable":true,"href":"https:\/\/www.xaviergranet.com\/en\/wp-json\/wp\/v2\/comments?post=3411"}],"version-history":[{"count":0,"href":"https:\/\/www.xaviergranet.com\/en\/wp-json\/wp\/v2\/portfolio\/3411\/revisions"}],"wp:featuredmedia":[{"embeddable":true,"href":"https:\/\/www.xaviergranet.com\/en\/wp-json\/wp\/v2\/media\/3416"}],"wp:attachment":[{"href":"https:\/\/www.xaviergranet.com\/en\/wp-json\/wp\/v2\/media?parent=3411"}],"wp:term":[{"taxonomy":"post_tag","embeddable":true,"href":"https:\/\/www.xaviergranet.com\/en\/wp-json\/wp\/v2\/tags?post=3411"},{"taxonomy":"portfolio_entries","embeddable":true,"href":"https:\/\/www.xaviergranet.com\/en\/wp-json\/wp\/v2\/portfolio_entries?post=3411"}],"curies":[{"name":"wp","href":"https:\/\/api.w.org\/{rel}","templated":true}]}}