{"id":7106,"date":"2025-11-28T14:13:46","date_gmt":"2025-11-28T13:13:46","guid":{"rendered":"https:\/\/www.xaviergranet.com\/?post_type=portfolio&#038;p=7106"},"modified":"2026-03-06T17:55:26","modified_gmt":"2026-03-06T16:55:26","slug":"photographe-ministere-italien","status":"publish","type":"portfolio","link":"https:\/\/www.xaviergranet.com\/en\/projet-video-photo\/photographe-ministere-italien\/","title":{"rendered":"Ministerial meeting"},"content":{"rendered":"\n<style type=\"text\/css\" data-created_by=\"avia_inline_auto\" id=\"style-css-av-ofwuq-e20bacce345b3308f02b97c9292eaba5\">\n.avia-section.av-ofwuq-e20bacce345b3308f02b97c9292eaba5{\nbackground-color:#000000;\nbackground:linear-gradient( to top, #000000, #000000, #697e99 );\n}\n.avia-section.av-ofwuq-e20bacce345b3308f02b97c9292eaba5 .av-section-color-overlay{\nopacity:0.4;\nbackground-color:#000000;\n}\n<\/style>\n<div id='av_section_1'  class='avia-section av-ofwuq-e20bacce345b3308f02b97c9292eaba5 alternate_color avia-section-default avia-no-border-styling  avia-builder-el-0  el_before_av_postcontent  avia-builder-el-first  avia-bg-style-scroll av-section-color-overlay-active av-minimum-height av-minimum-height-100 av-height-100  container_wrap fullsize'   data-av_minimum_height_pc='100' data-av_min_height_opt='100'><div class=\"av-section-color-overlay-wrap\"><div class=\"av-section-color-overlay\"><\/div><div class='container av-section-cont-open' ><main  role=\"main\" itemprop=\"mainContentOfPage\"  class='template-page content  av-content-full alpha units'><div class='post-entry post-entry-type-page post-entry-7106'><div class='entry-content-wrapper clearfix'>\n\n<style type=\"text\/css\" data-created_by=\"avia_inline_auto\" id=\"style-css-av-emosy-b0cd7ac44bd2438297b98274a2dfbbae\">\n.flex_column.av-emosy-b0cd7ac44bd2438297b98274a2dfbbae{\nwidth:32.333333333333%;\n}\n<\/style>\n<div  class='flex_column av-emosy-b0cd7ac44bd2438297b98274a2dfbbae av_one_third  avia-builder-el-1  el_before_av_two_third  avia-builder-el-first  first av-break-at-tablet flex_column_div  '     ><style type=\"text\/css\" data-created_by=\"avia_inline_auto\" id=\"style-css-av-n479e-0ce6ed3d57c0f4060e9f81c1db5370a2\">\n#top .av-special-heading.av-n479e-0ce6ed3d57c0f4060e9f81c1db5370a2{\npadding-bottom:10px;\ncolor:#ffffff;\n}\nbody .av-special-heading.av-n479e-0ce6ed3d57c0f4060e9f81c1db5370a2 .av-special-heading-tag .heading-char{\nfont-size:25px;\n}\n.av-special-heading.av-n479e-0ce6ed3d57c0f4060e9f81c1db5370a2 .special-heading-inner-border{\nborder-color:#ffffff;\n}\n.av-special-heading.av-n479e-0ce6ed3d57c0f4060e9f81c1db5370a2 .av-subheading{\nfont-size:15px;\n}\n<\/style>\n<div  class='av-special-heading av-n479e-0ce6ed3d57c0f4060e9f81c1db5370a2 av-special-heading-h1 custom-color-heading blockquote modern-quote  avia-builder-el-2  avia-builder-el-no-sibling '><div class='av_custom_color av-subheading av-subheading_above'><p>\u00c9v\u00e9nementiel<\/p>\n<\/div><h1 class='av-special-heading-tag '  itemprop=\"headline\"  >Un photo reportage institutionnel, le suivi de Mme La ministre italienne Elisabetta Casellati<\/h1><div class=\"special-heading-border\"><div class=\"special-heading-inner-border\"><\/div><\/div><\/div><\/div>\n<style type=\"text\/css\" data-created_by=\"avia_inline_auto\" id=\"style-css-av-a7xiy-93373ba05616880abf0574c2d2d8e570\">\n.flex_column.av-a7xiy-93373ba05616880abf0574c2d2d8e570{\nwidth:66.166666666667%;\nmargin-left:1.5%;\n}\n<\/style>\n<div  class='flex_column av-a7xiy-93373ba05616880abf0574c2d2d8e570 av_two_third  avia-builder-el-3  el_after_av_one_third  el_before_av_masonry_gallery  avia-builder-el-last  av-break-at-tablet flex_column_div  '     ><style type=\"text\/css\" data-created_by=\"avia_inline_auto\" id=\"style-css-av-f7oz6-8f1e7a97ac952e0cd7128866e6bbb52b\">\n#top .av_textblock_section.av-f7oz6-8f1e7a97ac952e0cd7128866e6bbb52b .avia_textblock{\ncolor:#ffffff;\n}\n<\/style>\n<section  class='av_textblock_section av-f7oz6-8f1e7a97ac952e0cd7128866e6bbb52b '   itemscope=\"itemscope\" itemtype=\"https:\/\/schema.org\/CreativeWork\" ><div class='avia_textblock av_inherit_color'  itemprop=\"text\" ><p>Reportage photo d\u00e9di\u00e9 au suivi de Mme la ministre italienne Elisabetta Casellati en d\u00e9placement \u00e0 Paris pour rencontrer ses homologues du gouvernement et les principaux pr\u00e9sident des corps institutionnels fran\u00e7ais. Cette mission a permis de documenter les \u00e9changes, les rencontres bilat\u00e9rales et les moments cl\u00e9s de cette visite officielle.<br data-start=\"458\" data-end=\"461\" \/>Mon travail de photographe de reportage consiste \u00e0 capturer avec pr\u00e9cision l\u2019environnement de cette \u00e9v\u00e9nement diplomatique, les interactions strat\u00e9giques et les temps forts du protocole, afin de fournir un r\u00e9cit visuel fid\u00e8le, utile pour la communication gouvernementale et m\u00e9diatique. Un exemple, pendant le d\u00e9roulement des rencontres, la transmission des images pendant le reportage a permis \u00e0 la responsable de communication d&rsquo;illustrer les nombreux posts sur X.<\/p>\n<\/div><\/section><\/div><div id='av-masonry-1' class='av-masonry av-8iptm-0b7b54f5b0927fc081638c3e1c30f9b6 noHover av-flex-size av-large-gap av-hover-overlay- av-masonry-animation- av-masonry-col-2 av-caption-always av-caption-style- av-masonry-gallery ' data-post_id=\"7106\"><div class=\"av-masonry-container isotope av-js-disabled\"><div class='av-masonry-entry isotope-item av-masonry-item-no-image '><\/div><a href=\"https:\/\/www.xaviergranet.com\/wp-content\/uploads\/2025\/11\/photo-conference-presse-1-1030x687.jpg\" data-srcset=\"https:\/\/www.xaviergranet.com\/wp-content\/uploads\/2025\/11\/photo-conference-presse-1-1030x687.jpg 1030w, https:\/\/www.xaviergranet.com\/wp-content\/uploads\/2025\/11\/photo-conference-presse-1-300x200.jpg 300w, https:\/\/www.xaviergranet.com\/wp-content\/uploads\/2025\/11\/photo-conference-presse-1-768x512.jpg 768w, https:\/\/www.xaviergranet.com\/wp-content\/uploads\/2025\/11\/photo-conference-presse-1-1536x1025.jpg 1536w, https:\/\/www.xaviergranet.com\/wp-content\/uploads\/2025\/11\/photo-conference-presse-1-1500x1001.jpg 1500w, https:\/\/www.xaviergranet.com\/wp-content\/uploads\/2025\/11\/photo-conference-presse-1-705x470.jpg 705w, https:\/\/www.xaviergranet.com\/wp-content\/uploads\/2025\/11\/photo-conference-presse-1-80x53.jpg 80w, https:\/\/www.xaviergranet.com\/wp-content\/uploads\/2025\/11\/photo-conference-presse-1-1260x840.jpg 1260w, https:\/\/www.xaviergranet.com\/wp-content\/uploads\/2025\/11\/photo-conference-presse-1-630x420.jpg 630w, https:\/\/www.xaviergranet.com\/wp-content\/uploads\/2025\/11\/photo-conference-presse-1.jpg 2000w\" data-sizes=\"(max-width: 1030px) 100vw, 1030px\"  aria-label=\"image Reportage photo sur la conf\u00e9rence de presse \u00e0 l&rsquo;ambassade d&rsquo;Italie\"  id='av-masonry-1-item-7108' data-av-masonry-item='7108' class='av-masonry-entry isotope-item post-7108 attachment type-attachment status-inherit hentry  av-masonry-item-with-image' title=\"\" alt=\"Reportage photo sur la conf\u00e9rence de presse \u00e0 l&#039;ambassade d&#039;Italie\"    itemprop=\"thumbnailUrl\" ><div class='av-inner-masonry-sizer'><\/div><figure class='av-inner-masonry main_color'><div class=\"av-masonry-outerimage-container\"><div class='av-masonry-image-container'  ><img decoding=\"async\" width=\"1536\" height=\"1025\" fetchpriority=\"high\" class=\"wp-image-7108 avia-img-lazy-loading-not-7108\"  src=\"https:\/\/www.xaviergranet.com\/wp-content\/uploads\/2025\/11\/photo-conference-presse-1-1536x1025.jpg\" title=\"\" alt=\"Reportage photo sur la conf\u00e9rence de presse \u00e0 l&#039;ambassade d&#039;Italie\" srcset=\"https:\/\/www.xaviergranet.com\/wp-content\/uploads\/2025\/11\/photo-conference-presse-1-1536x1025.jpg 1536w, https:\/\/www.xaviergranet.com\/wp-content\/uploads\/2025\/11\/photo-conference-presse-1-300x200.jpg 300w, https:\/\/www.xaviergranet.com\/wp-content\/uploads\/2025\/11\/photo-conference-presse-1-1030x687.jpg 1030w, https:\/\/www.xaviergranet.com\/wp-content\/uploads\/2025\/11\/photo-conference-presse-1-768x512.jpg 768w, https:\/\/www.xaviergranet.com\/wp-content\/uploads\/2025\/11\/photo-conference-presse-1-1500x1001.jpg 1500w, https:\/\/www.xaviergranet.com\/wp-content\/uploads\/2025\/11\/photo-conference-presse-1-705x470.jpg 705w, https:\/\/www.xaviergranet.com\/wp-content\/uploads\/2025\/11\/photo-conference-presse-1-80x53.jpg 80w, https:\/\/www.xaviergranet.com\/wp-content\/uploads\/2025\/11\/photo-conference-presse-1-1260x840.jpg 1260w, https:\/\/www.xaviergranet.com\/wp-content\/uploads\/2025\/11\/photo-conference-presse-1-630x420.jpg 630w, https:\/\/www.xaviergranet.com\/wp-content\/uploads\/2025\/11\/photo-conference-presse-1.jpg 2000w\" sizes=\"(max-width: 1536px) 100vw, 1536px\" \/><\/div><\/div><\/figure><\/a><!--end av-masonry entry--><a href=\"https:\/\/www.xaviergranet.com\/wp-content\/uploads\/2025\/11\/photo-ministre-elisabetta-casellati-1-1030x687.jpg\" data-srcset=\"https:\/\/www.xaviergranet.com\/wp-content\/uploads\/2025\/11\/photo-ministre-elisabetta-casellati-1-1030x687.jpg 1030w, https:\/\/www.xaviergranet.com\/wp-content\/uploads\/2025\/11\/photo-ministre-elisabetta-casellati-1-300x200.jpg 300w, https:\/\/www.xaviergranet.com\/wp-content\/uploads\/2025\/11\/photo-ministre-elisabetta-casellati-1-768x512.jpg 768w, https:\/\/www.xaviergranet.com\/wp-content\/uploads\/2025\/11\/photo-ministre-elisabetta-casellati-1-1536x1025.jpg 1536w, https:\/\/www.xaviergranet.com\/wp-content\/uploads\/2025\/11\/photo-ministre-elisabetta-casellati-1-1500x1001.jpg 1500w, https:\/\/www.xaviergranet.com\/wp-content\/uploads\/2025\/11\/photo-ministre-elisabetta-casellati-1-705x470.jpg 705w, https:\/\/www.xaviergranet.com\/wp-content\/uploads\/2025\/11\/photo-ministre-elisabetta-casellati-1-80x53.jpg 80w, https:\/\/www.xaviergranet.com\/wp-content\/uploads\/2025\/11\/photo-ministre-elisabetta-casellati-1-1260x840.jpg 1260w, https:\/\/www.xaviergranet.com\/wp-content\/uploads\/2025\/11\/photo-ministre-elisabetta-casellati-1-630x420.jpg 630w, https:\/\/www.xaviergranet.com\/wp-content\/uploads\/2025\/11\/photo-ministre-elisabetta-casellati-1.jpg 2000w\" data-sizes=\"(max-width: 1030px) 100vw, 1030px\"  aria-label=\"image photo portrait de la ministre Elisabetta Casellati\"  id='av-masonry-1-item-7118' data-av-masonry-item='7118' class='av-masonry-entry isotope-item post-7118 attachment type-attachment status-inherit hentry  av-masonry-item-with-image' title=\"\" alt=\"photo portrait de la ministre Elisabetta Casellati\"    itemprop=\"thumbnailUrl\" ><div class='av-inner-masonry-sizer'><\/div><figure class='av-inner-masonry main_color'><div class=\"av-masonry-outerimage-container\"><div class='av-masonry-image-container'  ><img decoding=\"async\" width=\"1536\" height=\"1025\" fetchpriority=\"high\" class=\"wp-image-7118 avia-img-lazy-loading-not-7118\"  src=\"https:\/\/www.xaviergranet.com\/wp-content\/uploads\/2025\/11\/photo-ministre-elisabetta-casellati-1-1536x1025.jpg\" title=\"\" alt=\"photo portrait de la ministre Elisabetta Casellati\" srcset=\"https:\/\/www.xaviergranet.com\/wp-content\/uploads\/2025\/11\/photo-ministre-elisabetta-casellati-1-1536x1025.jpg 1536w, https:\/\/www.xaviergranet.com\/wp-content\/uploads\/2025\/11\/photo-ministre-elisabetta-casellati-1-300x200.jpg 300w, https:\/\/www.xaviergranet.com\/wp-content\/uploads\/2025\/11\/photo-ministre-elisabetta-casellati-1-1030x687.jpg 1030w, https:\/\/www.xaviergranet.com\/wp-content\/uploads\/2025\/11\/photo-ministre-elisabetta-casellati-1-768x512.jpg 768w, https:\/\/www.xaviergranet.com\/wp-content\/uploads\/2025\/11\/photo-ministre-elisabetta-casellati-1-1500x1001.jpg 1500w, https:\/\/www.xaviergranet.com\/wp-content\/uploads\/2025\/11\/photo-ministre-elisabetta-casellati-1-705x470.jpg 705w, https:\/\/www.xaviergranet.com\/wp-content\/uploads\/2025\/11\/photo-ministre-elisabetta-casellati-1-80x53.jpg 80w, https:\/\/www.xaviergranet.com\/wp-content\/uploads\/2025\/11\/photo-ministre-elisabetta-casellati-1-1260x840.jpg 1260w, https:\/\/www.xaviergranet.com\/wp-content\/uploads\/2025\/11\/photo-ministre-elisabetta-casellati-1-630x420.jpg 630w, https:\/\/www.xaviergranet.com\/wp-content\/uploads\/2025\/11\/photo-ministre-elisabetta-casellati-1.jpg 2000w\" sizes=\"(max-width: 1536px) 100vw, 1536px\" \/><\/div><\/div><\/figure><\/a><!--end av-masonry entry--><a href=\"https:\/\/www.xaviergranet.com\/wp-content\/uploads\/2025\/11\/photo-president-senat-1-1030x687.jpg\" data-srcset=\"https:\/\/www.xaviergranet.com\/wp-content\/uploads\/2025\/11\/photo-president-senat-1-1030x687.jpg 1030w, https:\/\/www.xaviergranet.com\/wp-content\/uploads\/2025\/11\/photo-president-senat-1-300x200.jpg 300w, https:\/\/www.xaviergranet.com\/wp-content\/uploads\/2025\/11\/photo-president-senat-1-768x512.jpg 768w, https:\/\/www.xaviergranet.com\/wp-content\/uploads\/2025\/11\/photo-president-senat-1-1536x1025.jpg 1536w, https:\/\/www.xaviergranet.com\/wp-content\/uploads\/2025\/11\/photo-president-senat-1-1500x1001.jpg 1500w, https:\/\/www.xaviergranet.com\/wp-content\/uploads\/2025\/11\/photo-president-senat-1-705x470.jpg 705w, https:\/\/www.xaviergranet.com\/wp-content\/uploads\/2025\/11\/photo-president-senat-1-80x53.jpg 80w, https:\/\/www.xaviergranet.com\/wp-content\/uploads\/2025\/11\/photo-president-senat-1-1260x840.jpg 1260w, https:\/\/www.xaviergranet.com\/wp-content\/uploads\/2025\/11\/photo-president-senat-1-630x420.jpg 630w, https:\/\/www.xaviergranet.com\/wp-content\/uploads\/2025\/11\/photo-president-senat-1.jpg 2000w\" data-sizes=\"(max-width: 1030px) 100vw, 1030px\"  aria-label=\"image Reportage photo au s\u00e9nat et portrait de G\u00e9rard Larcher\"  id='av-masonry-1-item-7129' data-av-masonry-item='7129' class='av-masonry-entry isotope-item post-7129 attachment type-attachment status-inherit hentry  av-masonry-item-with-image' title=\"\" alt=\"Reportage photo au s\u00e9nat et portrait de G\u00e9rard Larcher\"    itemprop=\"thumbnailUrl\" ><div class='av-inner-masonry-sizer'><\/div><figure class='av-inner-masonry main_color'><div class=\"av-masonry-outerimage-container\"><div class='av-masonry-image-container'  ><img decoding=\"async\" width=\"1536\" height=\"1025\" fetchpriority=\"high\" class=\"wp-image-7129 avia-img-lazy-loading-not-7129\"  src=\"https:\/\/www.xaviergranet.com\/wp-content\/uploads\/2025\/11\/photo-president-senat-1-1536x1025.jpg\" title=\"\" alt=\"Reportage photo au s\u00e9nat et portrait de G\u00e9rard Larcher\" srcset=\"https:\/\/www.xaviergranet.com\/wp-content\/uploads\/2025\/11\/photo-president-senat-1-1536x1025.jpg 1536w, https:\/\/www.xaviergranet.com\/wp-content\/uploads\/2025\/11\/photo-president-senat-1-300x200.jpg 300w, https:\/\/www.xaviergranet.com\/wp-content\/uploads\/2025\/11\/photo-president-senat-1-1030x687.jpg 1030w, https:\/\/www.xaviergranet.com\/wp-content\/uploads\/2025\/11\/photo-president-senat-1-768x512.jpg 768w, https:\/\/www.xaviergranet.com\/wp-content\/uploads\/2025\/11\/photo-president-senat-1-1500x1001.jpg 1500w, https:\/\/www.xaviergranet.com\/wp-content\/uploads\/2025\/11\/photo-president-senat-1-705x470.jpg 705w, https:\/\/www.xaviergranet.com\/wp-content\/uploads\/2025\/11\/photo-president-senat-1-80x53.jpg 80w, https:\/\/www.xaviergranet.com\/wp-content\/uploads\/2025\/11\/photo-president-senat-1-1260x840.jpg 1260w, https:\/\/www.xaviergranet.com\/wp-content\/uploads\/2025\/11\/photo-president-senat-1-630x420.jpg 630w, https:\/\/www.xaviergranet.com\/wp-content\/uploads\/2025\/11\/photo-president-senat-1.jpg 2000w\" sizes=\"(max-width: 1536px) 100vw, 1536px\" \/><\/div><\/div><\/figure><\/a><!--end av-masonry entry--><a href=\"https:\/\/www.xaviergranet.com\/wp-content\/uploads\/2025\/11\/photo-rencotre-president-ministre-1-1030x687.jpg\" data-srcset=\"https:\/\/www.xaviergranet.com\/wp-content\/uploads\/2025\/11\/photo-rencotre-president-ministre-1-1030x687.jpg 1030w, https:\/\/www.xaviergranet.com\/wp-content\/uploads\/2025\/11\/photo-rencotre-president-ministre-1-300x200.jpg 300w, https:\/\/www.xaviergranet.com\/wp-content\/uploads\/2025\/11\/photo-rencotre-president-ministre-1-768x512.jpg 768w, https:\/\/www.xaviergranet.com\/wp-content\/uploads\/2025\/11\/photo-rencotre-president-ministre-1-1536x1025.jpg 1536w, https:\/\/www.xaviergranet.com\/wp-content\/uploads\/2025\/11\/photo-rencotre-president-ministre-1-1500x1001.jpg 1500w, https:\/\/www.xaviergranet.com\/wp-content\/uploads\/2025\/11\/photo-rencotre-president-ministre-1-705x470.jpg 705w, https:\/\/www.xaviergranet.com\/wp-content\/uploads\/2025\/11\/photo-rencotre-president-ministre-1-80x53.jpg 80w, https:\/\/www.xaviergranet.com\/wp-content\/uploads\/2025\/11\/photo-rencotre-president-ministre-1-1260x840.jpg 1260w, https:\/\/www.xaviergranet.com\/wp-content\/uploads\/2025\/11\/photo-rencotre-president-ministre-1-630x420.jpg 630w, https:\/\/www.xaviergranet.com\/wp-content\/uploads\/2025\/11\/photo-rencotre-president-ministre-1.jpg 2000w\" data-sizes=\"(max-width: 1030px) 100vw, 1030px\"  aria-label=\"image Reportage photographe institutionnel G\u00e9rard Larcher\"  id='av-masonry-1-item-7139' data-av-masonry-item='7139' class='av-masonry-entry isotope-item post-7139 attachment type-attachment status-inherit hentry  av-masonry-item-with-image' title=\"\" alt=\"Reportage photographe institutionnel G\u00e9rard Larcher\"    itemprop=\"thumbnailUrl\" ><div class='av-inner-masonry-sizer'><\/div><figure class='av-inner-masonry main_color'><div class=\"av-masonry-outerimage-container\"><div class='av-masonry-image-container'  ><img decoding=\"async\" width=\"1536\" height=\"1025\" fetchpriority=\"high\" class=\"wp-image-7139 avia-img-lazy-loading-not-7139\"  src=\"https:\/\/www.xaviergranet.com\/wp-content\/uploads\/2025\/11\/photo-rencotre-president-ministre-1-1536x1025.jpg\" title=\"\" alt=\"Reportage photographe institutionnel G\u00e9rard Larcher\" srcset=\"https:\/\/www.xaviergranet.com\/wp-content\/uploads\/2025\/11\/photo-rencotre-president-ministre-1-1536x1025.jpg 1536w, https:\/\/www.xaviergranet.com\/wp-content\/uploads\/2025\/11\/photo-rencotre-president-ministre-1-300x200.jpg 300w, https:\/\/www.xaviergranet.com\/wp-content\/uploads\/2025\/11\/photo-rencotre-president-ministre-1-1030x687.jpg 1030w, https:\/\/www.xaviergranet.com\/wp-content\/uploads\/2025\/11\/photo-rencotre-president-ministre-1-768x512.jpg 768w, https:\/\/www.xaviergranet.com\/wp-content\/uploads\/2025\/11\/photo-rencotre-president-ministre-1-1500x1001.jpg 1500w, https:\/\/www.xaviergranet.com\/wp-content\/uploads\/2025\/11\/photo-rencotre-president-ministre-1-705x470.jpg 705w, https:\/\/www.xaviergranet.com\/wp-content\/uploads\/2025\/11\/photo-rencotre-president-ministre-1-80x53.jpg 80w, https:\/\/www.xaviergranet.com\/wp-content\/uploads\/2025\/11\/photo-rencotre-president-ministre-1-1260x840.jpg 1260w, https:\/\/www.xaviergranet.com\/wp-content\/uploads\/2025\/11\/photo-rencotre-president-ministre-1-630x420.jpg 630w, https:\/\/www.xaviergranet.com\/wp-content\/uploads\/2025\/11\/photo-rencotre-president-ministre-1.jpg 2000w\" sizes=\"(max-width: 1536px) 100vw, 1536px\" \/><\/div><\/div><\/figure><\/a><!--end av-masonry entry--><a href=\"https:\/\/www.xaviergranet.com\/wp-content\/uploads\/2025\/11\/photo-rencontre-officiel-1-1030x687.jpg\" data-srcset=\"https:\/\/www.xaviergranet.com\/wp-content\/uploads\/2025\/11\/photo-rencontre-officiel-1-1030x687.jpg 1030w, https:\/\/www.xaviergranet.com\/wp-content\/uploads\/2025\/11\/photo-rencontre-officiel-1-300x200.jpg 300w, https:\/\/www.xaviergranet.com\/wp-content\/uploads\/2025\/11\/photo-rencontre-officiel-1-768x512.jpg 768w, https:\/\/www.xaviergranet.com\/wp-content\/uploads\/2025\/11\/photo-rencontre-officiel-1-1536x1025.jpg 1536w, https:\/\/www.xaviergranet.com\/wp-content\/uploads\/2025\/11\/photo-rencontre-officiel-1-1500x1001.jpg 1500w, https:\/\/www.xaviergranet.com\/wp-content\/uploads\/2025\/11\/photo-rencontre-officiel-1-705x470.jpg 705w, https:\/\/www.xaviergranet.com\/wp-content\/uploads\/2025\/11\/photo-rencontre-officiel-1-80x53.jpg 80w, https:\/\/www.xaviergranet.com\/wp-content\/uploads\/2025\/11\/photo-rencontre-officiel-1-1260x840.jpg 1260w, https:\/\/www.xaviergranet.com\/wp-content\/uploads\/2025\/11\/photo-rencontre-officiel-1-630x420.jpg 630w, https:\/\/www.xaviergranet.com\/wp-content\/uploads\/2025\/11\/photo-rencontre-officiel-1.jpg 2000w\" data-sizes=\"(max-width: 1030px) 100vw, 1030px\"  aria-label=\"image Reportage photographe rencontre officielle\"  id='av-masonry-1-item-7137' data-av-masonry-item='7137' class='av-masonry-entry isotope-item post-7137 attachment type-attachment status-inherit hentry  av-masonry-item-with-image' title=\"\" alt=\"Reportage photographe rencontre officielle\"    itemprop=\"thumbnailUrl\" ><div class='av-inner-masonry-sizer'><\/div><figure class='av-inner-masonry main_color'><div class=\"av-masonry-outerimage-container\"><div class='av-masonry-image-container'  ><img decoding=\"async\" width=\"1536\" height=\"1025\" fetchpriority=\"high\" class=\"wp-image-7137 avia-img-lazy-loading-not-7137\"  src=\"https:\/\/www.xaviergranet.com\/wp-content\/uploads\/2025\/11\/photo-rencontre-officiel-1-1536x1025.jpg\" title=\"\" alt=\"Reportage photographe rencontre officielle\" srcset=\"https:\/\/www.xaviergranet.com\/wp-content\/uploads\/2025\/11\/photo-rencontre-officiel-1-1536x1025.jpg 1536w, https:\/\/www.xaviergranet.com\/wp-content\/uploads\/2025\/11\/photo-rencontre-officiel-1-300x200.jpg 300w, https:\/\/www.xaviergranet.com\/wp-content\/uploads\/2025\/11\/photo-rencontre-officiel-1-1030x687.jpg 1030w, https:\/\/www.xaviergranet.com\/wp-content\/uploads\/2025\/11\/photo-rencontre-officiel-1-768x512.jpg 768w, https:\/\/www.xaviergranet.com\/wp-content\/uploads\/2025\/11\/photo-rencontre-officiel-1-1500x1001.jpg 1500w, https:\/\/www.xaviergranet.com\/wp-content\/uploads\/2025\/11\/photo-rencontre-officiel-1-705x470.jpg 705w, https:\/\/www.xaviergranet.com\/wp-content\/uploads\/2025\/11\/photo-rencontre-officiel-1-80x53.jpg 80w, https:\/\/www.xaviergranet.com\/wp-content\/uploads\/2025\/11\/photo-rencontre-officiel-1-1260x840.jpg 1260w, https:\/\/www.xaviergranet.com\/wp-content\/uploads\/2025\/11\/photo-rencontre-officiel-1-630x420.jpg 630w, https:\/\/www.xaviergranet.com\/wp-content\/uploads\/2025\/11\/photo-rencontre-officiel-1.jpg 2000w\" sizes=\"(max-width: 1536px) 100vw, 1536px\" \/><\/div><\/div><\/figure><\/a><!--end av-masonry entry--><a href=\"https:\/\/www.xaviergranet.com\/wp-content\/uploads\/2025\/11\/photo-ministre-poignee-de-main-2-1030x687.jpg\" data-srcset=\"https:\/\/www.xaviergranet.com\/wp-content\/uploads\/2025\/11\/photo-ministre-poignee-de-main-2-1030x687.jpg 1030w, https:\/\/www.xaviergranet.com\/wp-content\/uploads\/2025\/11\/photo-ministre-poignee-de-main-2-300x200.jpg 300w, https:\/\/www.xaviergranet.com\/wp-content\/uploads\/2025\/11\/photo-ministre-poignee-de-main-2-768x512.jpg 768w, https:\/\/www.xaviergranet.com\/wp-content\/uploads\/2025\/11\/photo-ministre-poignee-de-main-2-1536x1025.jpg 1536w, https:\/\/www.xaviergranet.com\/wp-content\/uploads\/2025\/11\/photo-ministre-poignee-de-main-2-1500x1001.jpg 1500w, https:\/\/www.xaviergranet.com\/wp-content\/uploads\/2025\/11\/photo-ministre-poignee-de-main-2-705x470.jpg 705w, https:\/\/www.xaviergranet.com\/wp-content\/uploads\/2025\/11\/photo-ministre-poignee-de-main-2-80x53.jpg 80w, https:\/\/www.xaviergranet.com\/wp-content\/uploads\/2025\/11\/photo-ministre-poignee-de-main-2-1260x840.jpg 1260w, https:\/\/www.xaviergranet.com\/wp-content\/uploads\/2025\/11\/photo-ministre-poignee-de-main-2-630x420.jpg 630w, https:\/\/www.xaviergranet.com\/wp-content\/uploads\/2025\/11\/photo-ministre-poignee-de-main-2.jpg 2000w\" data-sizes=\"(max-width: 1030px) 100vw, 1030px\"  aria-label=\"image Reportage photographe institutionnel rencontre \u00e9v\u00e9nement OCDE\"  id='av-masonry-1-item-7123' data-av-masonry-item='7123' class='av-masonry-entry isotope-item post-7123 attachment type-attachment status-inherit hentry  av-masonry-item-with-image' title=\"\" alt=\"Reportage photographe institutionnel rencontre \u00e9v\u00e9nement OCDE\"    itemprop=\"thumbnailUrl\" ><div class='av-inner-masonry-sizer'><\/div><figure class='av-inner-masonry main_color'><div class=\"av-masonry-outerimage-container\"><div class='av-masonry-image-container'  ><img decoding=\"async\" width=\"1536\" height=\"1025\" fetchpriority=\"high\" class=\"wp-image-7123 avia-img-lazy-loading-not-7123\"  src=\"https:\/\/www.xaviergranet.com\/wp-content\/uploads\/2025\/11\/photo-ministre-poignee-de-main-2-1536x1025.jpg\" title=\"\" alt=\"Reportage photographe institutionnel rencontre \u00e9v\u00e9nement OCDE\" srcset=\"https:\/\/www.xaviergranet.com\/wp-content\/uploads\/2025\/11\/photo-ministre-poignee-de-main-2-1536x1025.jpg 1536w, https:\/\/www.xaviergranet.com\/wp-content\/uploads\/2025\/11\/photo-ministre-poignee-de-main-2-300x200.jpg 300w, https:\/\/www.xaviergranet.com\/wp-content\/uploads\/2025\/11\/photo-ministre-poignee-de-main-2-1030x687.jpg 1030w, https:\/\/www.xaviergranet.com\/wp-content\/uploads\/2025\/11\/photo-ministre-poignee-de-main-2-768x512.jpg 768w, https:\/\/www.xaviergranet.com\/wp-content\/uploads\/2025\/11\/photo-ministre-poignee-de-main-2-1500x1001.jpg 1500w, https:\/\/www.xaviergranet.com\/wp-content\/uploads\/2025\/11\/photo-ministre-poignee-de-main-2-705x470.jpg 705w, https:\/\/www.xaviergranet.com\/wp-content\/uploads\/2025\/11\/photo-ministre-poignee-de-main-2-80x53.jpg 80w, https:\/\/www.xaviergranet.com\/wp-content\/uploads\/2025\/11\/photo-ministre-poignee-de-main-2-1260x840.jpg 1260w, https:\/\/www.xaviergranet.com\/wp-content\/uploads\/2025\/11\/photo-ministre-poignee-de-main-2-630x420.jpg 630w, https:\/\/www.xaviergranet.com\/wp-content\/uploads\/2025\/11\/photo-ministre-poignee-de-main-2.jpg 2000w\" sizes=\"(max-width: 1536px) 100vw, 1536px\" \/><\/div><\/div><\/figure><\/a><!--end av-masonry entry--><a href=\"https:\/\/www.xaviergranet.com\/wp-content\/uploads\/2025\/11\/photo-ministre-discours-1-1030x687.jpg\" data-srcset=\"https:\/\/www.xaviergranet.com\/wp-content\/uploads\/2025\/11\/photo-ministre-discours-1-1030x687.jpg 1030w, https:\/\/www.xaviergranet.com\/wp-content\/uploads\/2025\/11\/photo-ministre-discours-1-300x200.jpg 300w, https:\/\/www.xaviergranet.com\/wp-content\/uploads\/2025\/11\/photo-ministre-discours-1-768x512.jpg 768w, https:\/\/www.xaviergranet.com\/wp-content\/uploads\/2025\/11\/photo-ministre-discours-1-1536x1025.jpg 1536w, https:\/\/www.xaviergranet.com\/wp-content\/uploads\/2025\/11\/photo-ministre-discours-1-1500x1001.jpg 1500w, https:\/\/www.xaviergranet.com\/wp-content\/uploads\/2025\/11\/photo-ministre-discours-1-705x470.jpg 705w, https:\/\/www.xaviergranet.com\/wp-content\/uploads\/2025\/11\/photo-ministre-discours-1-80x53.jpg 80w, https:\/\/www.xaviergranet.com\/wp-content\/uploads\/2025\/11\/photo-ministre-discours-1-1260x840.jpg 1260w, https:\/\/www.xaviergranet.com\/wp-content\/uploads\/2025\/11\/photo-ministre-discours-1-630x420.jpg 630w, https:\/\/www.xaviergranet.com\/wp-content\/uploads\/2025\/11\/photo-ministre-discours-1.jpg 2000w\" data-sizes=\"(max-width: 1030px) 100vw, 1030px\"  aria-label=\"image Reportage photo de la conf\u00e9rence \u00e0 l&rsquo;OCDE\"  id='av-masonry-1-item-7116' data-av-masonry-item='7116' class='av-masonry-entry isotope-item post-7116 attachment type-attachment status-inherit hentry  av-masonry-item-with-image' title=\"\" alt=\"Reportage photo de la conf\u00e9rence \u00e0 l&#039;OCDE\"    itemprop=\"thumbnailUrl\" ><div class='av-inner-masonry-sizer'><\/div><figure class='av-inner-masonry main_color'><div class=\"av-masonry-outerimage-container\"><div class='av-masonry-image-container'  ><img decoding=\"async\" width=\"1536\" height=\"1025\" fetchpriority=\"high\" class=\"wp-image-7116 avia-img-lazy-loading-not-7116\"  src=\"https:\/\/www.xaviergranet.com\/wp-content\/uploads\/2025\/11\/photo-ministre-discours-1-1536x1025.jpg\" title=\"\" alt=\"Reportage photo de la conf\u00e9rence \u00e0 l&#039;OCDE\" srcset=\"https:\/\/www.xaviergranet.com\/wp-content\/uploads\/2025\/11\/photo-ministre-discours-1-1536x1025.jpg 1536w, https:\/\/www.xaviergranet.com\/wp-content\/uploads\/2025\/11\/photo-ministre-discours-1-300x200.jpg 300w, https:\/\/www.xaviergranet.com\/wp-content\/uploads\/2025\/11\/photo-ministre-discours-1-1030x687.jpg 1030w, https:\/\/www.xaviergranet.com\/wp-content\/uploads\/2025\/11\/photo-ministre-discours-1-768x512.jpg 768w, https:\/\/www.xaviergranet.com\/wp-content\/uploads\/2025\/11\/photo-ministre-discours-1-1500x1001.jpg 1500w, https:\/\/www.xaviergranet.com\/wp-content\/uploads\/2025\/11\/photo-ministre-discours-1-705x470.jpg 705w, https:\/\/www.xaviergranet.com\/wp-content\/uploads\/2025\/11\/photo-ministre-discours-1-80x53.jpg 80w, https:\/\/www.xaviergranet.com\/wp-content\/uploads\/2025\/11\/photo-ministre-discours-1-1260x840.jpg 1260w, https:\/\/www.xaviergranet.com\/wp-content\/uploads\/2025\/11\/photo-ministre-discours-1-630x420.jpg 630w, https:\/\/www.xaviergranet.com\/wp-content\/uploads\/2025\/11\/photo-ministre-discours-1.jpg 2000w\" sizes=\"(max-width: 1536px) 100vw, 1536px\" \/><\/div><\/div><\/figure><\/a><!--end av-masonry entry--><a href=\"https:\/\/www.xaviergranet.com\/wp-content\/uploads\/2025\/11\/photo-vue-ensemble-ocde-1-1030x687.jpg\" data-srcset=\"https:\/\/www.xaviergranet.com\/wp-content\/uploads\/2025\/11\/photo-vue-ensemble-ocde-1-1030x687.jpg 1030w, https:\/\/www.xaviergranet.com\/wp-content\/uploads\/2025\/11\/photo-vue-ensemble-ocde-1-300x200.jpg 300w, https:\/\/www.xaviergranet.com\/wp-content\/uploads\/2025\/11\/photo-vue-ensemble-ocde-1-768x512.jpg 768w, https:\/\/www.xaviergranet.com\/wp-content\/uploads\/2025\/11\/photo-vue-ensemble-ocde-1-1536x1025.jpg 1536w, https:\/\/www.xaviergranet.com\/wp-content\/uploads\/2025\/11\/photo-vue-ensemble-ocde-1-1500x1001.jpg 1500w, https:\/\/www.xaviergranet.com\/wp-content\/uploads\/2025\/11\/photo-vue-ensemble-ocde-1-705x470.jpg 705w, https:\/\/www.xaviergranet.com\/wp-content\/uploads\/2025\/11\/photo-vue-ensemble-ocde-1-80x53.jpg 80w, https:\/\/www.xaviergranet.com\/wp-content\/uploads\/2025\/11\/photo-vue-ensemble-ocde-1-1260x840.jpg 1260w, https:\/\/www.xaviergranet.com\/wp-content\/uploads\/2025\/11\/photo-vue-ensemble-ocde-1-630x420.jpg 630w, https:\/\/www.xaviergranet.com\/wp-content\/uploads\/2025\/11\/photo-vue-ensemble-ocde-1.jpg 2000w\" data-sizes=\"(max-width: 1030px) 100vw, 1030px\"  aria-label=\"image Reportage photographe institutionnel OCDE\"  id='av-masonry-1-item-7143' data-av-masonry-item='7143' class='av-masonry-entry isotope-item post-7143 attachment type-attachment status-inherit hentry  av-masonry-item-with-image' title=\"\" alt=\"Reportage photographe institutionnel OCDE\"    itemprop=\"thumbnailUrl\" ><div class='av-inner-masonry-sizer'><\/div><figure class='av-inner-masonry main_color'><div class=\"av-masonry-outerimage-container\"><div class='av-masonry-image-container'  ><img decoding=\"async\" width=\"1536\" height=\"1025\" fetchpriority=\"high\" class=\"wp-image-7143 avia-img-lazy-loading-not-7143\"  src=\"https:\/\/www.xaviergranet.com\/wp-content\/uploads\/2025\/11\/photo-vue-ensemble-ocde-1-1536x1025.jpg\" title=\"\" alt=\"Reportage photographe institutionnel OCDE\" srcset=\"https:\/\/www.xaviergranet.com\/wp-content\/uploads\/2025\/11\/photo-vue-ensemble-ocde-1-1536x1025.jpg 1536w, https:\/\/www.xaviergranet.com\/wp-content\/uploads\/2025\/11\/photo-vue-ensemble-ocde-1-300x200.jpg 300w, https:\/\/www.xaviergranet.com\/wp-content\/uploads\/2025\/11\/photo-vue-ensemble-ocde-1-1030x687.jpg 1030w, https:\/\/www.xaviergranet.com\/wp-content\/uploads\/2025\/11\/photo-vue-ensemble-ocde-1-768x512.jpg 768w, https:\/\/www.xaviergranet.com\/wp-content\/uploads\/2025\/11\/photo-vue-ensemble-ocde-1-1500x1001.jpg 1500w, https:\/\/www.xaviergranet.com\/wp-content\/uploads\/2025\/11\/photo-vue-ensemble-ocde-1-705x470.jpg 705w, https:\/\/www.xaviergranet.com\/wp-content\/uploads\/2025\/11\/photo-vue-ensemble-ocde-1-80x53.jpg 80w, https:\/\/www.xaviergranet.com\/wp-content\/uploads\/2025\/11\/photo-vue-ensemble-ocde-1-1260x840.jpg 1260w, https:\/\/www.xaviergranet.com\/wp-content\/uploads\/2025\/11\/photo-vue-ensemble-ocde-1-630x420.jpg 630w, https:\/\/www.xaviergranet.com\/wp-content\/uploads\/2025\/11\/photo-vue-ensemble-ocde-1.jpg 2000w\" sizes=\"(max-width: 1536px) 100vw, 1536px\" \/><\/div><\/div><\/figure><\/a><!--end av-masonry entry--><a href=\"https:\/\/www.xaviergranet.com\/wp-content\/uploads\/2025\/11\/photo-ministre-forum-ocde-1-1030x687.jpg\" data-srcset=\"https:\/\/www.xaviergranet.com\/wp-content\/uploads\/2025\/11\/photo-ministre-forum-ocde-1-1030x687.jpg 1030w, https:\/\/www.xaviergranet.com\/wp-content\/uploads\/2025\/11\/photo-ministre-forum-ocde-1-300x200.jpg 300w, https:\/\/www.xaviergranet.com\/wp-content\/uploads\/2025\/11\/photo-ministre-forum-ocde-1-768x512.jpg 768w, https:\/\/www.xaviergranet.com\/wp-content\/uploads\/2025\/11\/photo-ministre-forum-ocde-1-1536x1025.jpg 1536w, https:\/\/www.xaviergranet.com\/wp-content\/uploads\/2025\/11\/photo-ministre-forum-ocde-1-1500x1001.jpg 1500w, https:\/\/www.xaviergranet.com\/wp-content\/uploads\/2025\/11\/photo-ministre-forum-ocde-1-705x470.jpg 705w, https:\/\/www.xaviergranet.com\/wp-content\/uploads\/2025\/11\/photo-ministre-forum-ocde-1-80x53.jpg 80w, https:\/\/www.xaviergranet.com\/wp-content\/uploads\/2025\/11\/photo-ministre-forum-ocde-1-1260x840.jpg 1260w, https:\/\/www.xaviergranet.com\/wp-content\/uploads\/2025\/11\/photo-ministre-forum-ocde-1-630x420.jpg 630w, https:\/\/www.xaviergranet.com\/wp-content\/uploads\/2025\/11\/photo-ministre-forum-ocde-1.jpg 2000w\" data-sizes=\"(max-width: 1030px) 100vw, 1030px\"  aria-label=\"image Photographe institutionnel sur le forum \u00e0 l&rsquo;OCDE\"  id='av-masonry-1-item-7120' data-av-masonry-item='7120' class='av-masonry-entry isotope-item post-7120 attachment type-attachment status-inherit hentry  av-masonry-item-with-image' title=\"\" alt=\"Photographe institutionnel sur le forum \u00e0 l&#039;OCDE\"    itemprop=\"thumbnailUrl\" ><div class='av-inner-masonry-sizer'><\/div><figure class='av-inner-masonry main_color'><div class=\"av-masonry-outerimage-container\"><div class='av-masonry-image-container'  ><img decoding=\"async\" width=\"1536\" height=\"1025\" fetchpriority=\"high\" class=\"wp-image-7120 avia-img-lazy-loading-not-7120\"  src=\"https:\/\/www.xaviergranet.com\/wp-content\/uploads\/2025\/11\/photo-ministre-forum-ocde-1-1536x1025.jpg\" title=\"\" alt=\"Photographe institutionnel sur le forum \u00e0 l&#039;OCDE\" srcset=\"https:\/\/www.xaviergranet.com\/wp-content\/uploads\/2025\/11\/photo-ministre-forum-ocde-1-1536x1025.jpg 1536w, https:\/\/www.xaviergranet.com\/wp-content\/uploads\/2025\/11\/photo-ministre-forum-ocde-1-300x200.jpg 300w, https:\/\/www.xaviergranet.com\/wp-content\/uploads\/2025\/11\/photo-ministre-forum-ocde-1-1030x687.jpg 1030w, https:\/\/www.xaviergranet.com\/wp-content\/uploads\/2025\/11\/photo-ministre-forum-ocde-1-768x512.jpg 768w, https:\/\/www.xaviergranet.com\/wp-content\/uploads\/2025\/11\/photo-ministre-forum-ocde-1-1500x1001.jpg 1500w, https:\/\/www.xaviergranet.com\/wp-content\/uploads\/2025\/11\/photo-ministre-forum-ocde-1-705x470.jpg 705w, https:\/\/www.xaviergranet.com\/wp-content\/uploads\/2025\/11\/photo-ministre-forum-ocde-1-80x53.jpg 80w, https:\/\/www.xaviergranet.com\/wp-content\/uploads\/2025\/11\/photo-ministre-forum-ocde-1-1260x840.jpg 1260w, https:\/\/www.xaviergranet.com\/wp-content\/uploads\/2025\/11\/photo-ministre-forum-ocde-1-630x420.jpg 630w, https:\/\/www.xaviergranet.com\/wp-content\/uploads\/2025\/11\/photo-ministre-forum-ocde-1.jpg 2000w\" sizes=\"(max-width: 1536px) 100vw, 1536px\" \/><\/div><\/div><\/figure><\/a><!--end av-masonry entry--><a href=\"https:\/\/www.xaviergranet.com\/wp-content\/uploads\/2025\/11\/photo-forum-ocde-1-1030x687.jpg\" data-srcset=\"https:\/\/www.xaviergranet.com\/wp-content\/uploads\/2025\/11\/photo-forum-ocde-1-1030x687.jpg 1030w, https:\/\/www.xaviergranet.com\/wp-content\/uploads\/2025\/11\/photo-forum-ocde-1-300x200.jpg 300w, https:\/\/www.xaviergranet.com\/wp-content\/uploads\/2025\/11\/photo-forum-ocde-1-768x512.jpg 768w, https:\/\/www.xaviergranet.com\/wp-content\/uploads\/2025\/11\/photo-forum-ocde-1-1536x1025.jpg 1536w, https:\/\/www.xaviergranet.com\/wp-content\/uploads\/2025\/11\/photo-forum-ocde-1-1500x1001.jpg 1500w, https:\/\/www.xaviergranet.com\/wp-content\/uploads\/2025\/11\/photo-forum-ocde-1-705x470.jpg 705w, https:\/\/www.xaviergranet.com\/wp-content\/uploads\/2025\/11\/photo-forum-ocde-1-80x53.jpg 80w, https:\/\/www.xaviergranet.com\/wp-content\/uploads\/2025\/11\/photo-forum-ocde-1-1260x840.jpg 1260w, https:\/\/www.xaviergranet.com\/wp-content\/uploads\/2025\/11\/photo-forum-ocde-1-630x420.jpg 630w, https:\/\/www.xaviergranet.com\/wp-content\/uploads\/2025\/11\/photo-forum-ocde-1.jpg 2000w\" data-sizes=\"(max-width: 1030px) 100vw, 1030px\"  aria-label=\"image Reportage forum OCDE\"  id='av-masonry-1-item-7113' data-av-masonry-item='7113' class='av-masonry-entry isotope-item post-7113 attachment type-attachment status-inherit hentry  av-masonry-item-with-image' title=\"\" alt=\"Reportage forum OCDE\"    itemprop=\"thumbnailUrl\" ><div class='av-inner-masonry-sizer'><\/div><figure class='av-inner-masonry main_color'><div class=\"av-masonry-outerimage-container\"><div class='av-masonry-image-container'  ><img decoding=\"async\" width=\"1536\" height=\"1025\" fetchpriority=\"high\" class=\"wp-image-7113 avia-img-lazy-loading-not-7113\"  src=\"https:\/\/www.xaviergranet.com\/wp-content\/uploads\/2025\/11\/photo-forum-ocde-1-1536x1025.jpg\" title=\"\" alt=\"Reportage forum OCDE\" srcset=\"https:\/\/www.xaviergranet.com\/wp-content\/uploads\/2025\/11\/photo-forum-ocde-1-1536x1025.jpg 1536w, https:\/\/www.xaviergranet.com\/wp-content\/uploads\/2025\/11\/photo-forum-ocde-1-300x200.jpg 300w, https:\/\/www.xaviergranet.com\/wp-content\/uploads\/2025\/11\/photo-forum-ocde-1-1030x687.jpg 1030w, https:\/\/www.xaviergranet.com\/wp-content\/uploads\/2025\/11\/photo-forum-ocde-1-768x512.jpg 768w, https:\/\/www.xaviergranet.com\/wp-content\/uploads\/2025\/11\/photo-forum-ocde-1-1500x1001.jpg 1500w, https:\/\/www.xaviergranet.com\/wp-content\/uploads\/2025\/11\/photo-forum-ocde-1-705x470.jpg 705w, https:\/\/www.xaviergranet.com\/wp-content\/uploads\/2025\/11\/photo-forum-ocde-1-80x53.jpg 80w, https:\/\/www.xaviergranet.com\/wp-content\/uploads\/2025\/11\/photo-forum-ocde-1-1260x840.jpg 1260w, https:\/\/www.xaviergranet.com\/wp-content\/uploads\/2025\/11\/photo-forum-ocde-1-630x420.jpg 630w, https:\/\/www.xaviergranet.com\/wp-content\/uploads\/2025\/11\/photo-forum-ocde-1.jpg 2000w\" sizes=\"(max-width: 1536px) 100vw, 1536px\" \/><\/div><\/div><\/figure><\/a><!--end av-masonry entry--><a href=\"https:\/\/www.xaviergranet.com\/wp-content\/uploads\/2025\/11\/photo-intervention-ministre-1-1030x687.jpg\" data-srcset=\"https:\/\/www.xaviergranet.com\/wp-content\/uploads\/2025\/11\/photo-intervention-ministre-1-1030x687.jpg 1030w, https:\/\/www.xaviergranet.com\/wp-content\/uploads\/2025\/11\/photo-intervention-ministre-1-300x200.jpg 300w, https:\/\/www.xaviergranet.com\/wp-content\/uploads\/2025\/11\/photo-intervention-ministre-1-768x512.jpg 768w, https:\/\/www.xaviergranet.com\/wp-content\/uploads\/2025\/11\/photo-intervention-ministre-1-1536x1025.jpg 1536w, https:\/\/www.xaviergranet.com\/wp-content\/uploads\/2025\/11\/photo-intervention-ministre-1-1500x1001.jpg 1500w, https:\/\/www.xaviergranet.com\/wp-content\/uploads\/2025\/11\/photo-intervention-ministre-1-705x470.jpg 705w, https:\/\/www.xaviergranet.com\/wp-content\/uploads\/2025\/11\/photo-intervention-ministre-1-80x53.jpg 80w, https:\/\/www.xaviergranet.com\/wp-content\/uploads\/2025\/11\/photo-intervention-ministre-1-1260x840.jpg 1260w, https:\/\/www.xaviergranet.com\/wp-content\/uploads\/2025\/11\/photo-intervention-ministre-1-630x420.jpg 630w, https:\/\/www.xaviergranet.com\/wp-content\/uploads\/2025\/11\/photo-intervention-ministre-1.jpg 2000w\" data-sizes=\"(max-width: 1030px) 100vw, 1030px\"  aria-label=\"image Reportage institutionnel OCDE\"  id='av-masonry-1-item-7114' data-av-masonry-item='7114' class='av-masonry-entry isotope-item post-7114 attachment type-attachment status-inherit hentry  av-masonry-item-with-image' title=\"\" alt=\"Reportage institutionnel OCDE\"    itemprop=\"thumbnailUrl\" ><div class='av-inner-masonry-sizer'><\/div><figure class='av-inner-masonry main_color'><div class=\"av-masonry-outerimage-container\"><div class='av-masonry-image-container'  ><img decoding=\"async\" width=\"1536\" height=\"1025\" fetchpriority=\"high\" class=\"wp-image-7114 avia-img-lazy-loading-not-7114\"  src=\"https:\/\/www.xaviergranet.com\/wp-content\/uploads\/2025\/11\/photo-intervention-ministre-1-1536x1025.jpg\" title=\"\" alt=\"Reportage institutionnel OCDE\" srcset=\"https:\/\/www.xaviergranet.com\/wp-content\/uploads\/2025\/11\/photo-intervention-ministre-1-1536x1025.jpg 1536w, https:\/\/www.xaviergranet.com\/wp-content\/uploads\/2025\/11\/photo-intervention-ministre-1-300x200.jpg 300w, https:\/\/www.xaviergranet.com\/wp-content\/uploads\/2025\/11\/photo-intervention-ministre-1-1030x687.jpg 1030w, https:\/\/www.xaviergranet.com\/wp-content\/uploads\/2025\/11\/photo-intervention-ministre-1-768x512.jpg 768w, https:\/\/www.xaviergranet.com\/wp-content\/uploads\/2025\/11\/photo-intervention-ministre-1-1500x1001.jpg 1500w, https:\/\/www.xaviergranet.com\/wp-content\/uploads\/2025\/11\/photo-intervention-ministre-1-705x470.jpg 705w, https:\/\/www.xaviergranet.com\/wp-content\/uploads\/2025\/11\/photo-intervention-ministre-1-80x53.jpg 80w, https:\/\/www.xaviergranet.com\/wp-content\/uploads\/2025\/11\/photo-intervention-ministre-1-1260x840.jpg 1260w, https:\/\/www.xaviergranet.com\/wp-content\/uploads\/2025\/11\/photo-intervention-ministre-1-630x420.jpg 630w, https:\/\/www.xaviergranet.com\/wp-content\/uploads\/2025\/11\/photo-intervention-ministre-1.jpg 2000w\" sizes=\"(max-width: 1536px) 100vw, 1536px\" \/><\/div><\/div><\/figure><\/a><!--end av-masonry entry--><a href=\"https:\/\/www.xaviergranet.com\/wp-content\/uploads\/2025\/11\/photo-rencontre-institutionnelle-1-1030x687.jpg\" data-srcset=\"https:\/\/www.xaviergranet.com\/wp-content\/uploads\/2025\/11\/photo-rencontre-institutionnelle-1-1030x687.jpg 1030w, https:\/\/www.xaviergranet.com\/wp-content\/uploads\/2025\/11\/photo-rencontre-institutionnelle-1-300x200.jpg 300w, https:\/\/www.xaviergranet.com\/wp-content\/uploads\/2025\/11\/photo-rencontre-institutionnelle-1-768x512.jpg 768w, https:\/\/www.xaviergranet.com\/wp-content\/uploads\/2025\/11\/photo-rencontre-institutionnelle-1-1536x1025.jpg 1536w, https:\/\/www.xaviergranet.com\/wp-content\/uploads\/2025\/11\/photo-rencontre-institutionnelle-1-1500x1001.jpg 1500w, https:\/\/www.xaviergranet.com\/wp-content\/uploads\/2025\/11\/photo-rencontre-institutionnelle-1-705x470.jpg 705w, https:\/\/www.xaviergranet.com\/wp-content\/uploads\/2025\/11\/photo-rencontre-institutionnelle-1-80x53.jpg 80w, https:\/\/www.xaviergranet.com\/wp-content\/uploads\/2025\/11\/photo-rencontre-institutionnelle-1-1260x840.jpg 1260w, https:\/\/www.xaviergranet.com\/wp-content\/uploads\/2025\/11\/photo-rencontre-institutionnelle-1-630x420.jpg 630w, https:\/\/www.xaviergranet.com\/wp-content\/uploads\/2025\/11\/photo-rencontre-institutionnelle-1.jpg 2000w\" data-sizes=\"(max-width: 1030px) 100vw, 1030px\"  aria-label=\"image Reportage photo \u00e0 l&rsquo;Ambassade d&rsquo;Italie\"  id='av-masonry-1-item-7132' data-av-masonry-item='7132' class='av-masonry-entry isotope-item post-7132 attachment type-attachment status-inherit hentry  av-masonry-item-with-image' title=\"\" alt=\"Reportage photo \u00e0 l&#039;Ambassade d&#039;Italie\"    itemprop=\"thumbnailUrl\" ><div class='av-inner-masonry-sizer'><\/div><figure class='av-inner-masonry main_color'><div class=\"av-masonry-outerimage-container\"><div class='av-masonry-image-container'  ><img decoding=\"async\" width=\"1536\" height=\"1025\" fetchpriority=\"high\" class=\"wp-image-7132 avia-img-lazy-loading-not-7132\"  src=\"https:\/\/www.xaviergranet.com\/wp-content\/uploads\/2025\/11\/photo-rencontre-institutionnelle-1-1536x1025.jpg\" title=\"\" alt=\"Reportage photo \u00e0 l&#039;Ambassade d&#039;Italie\" srcset=\"https:\/\/www.xaviergranet.com\/wp-content\/uploads\/2025\/11\/photo-rencontre-institutionnelle-1-1536x1025.jpg 1536w, https:\/\/www.xaviergranet.com\/wp-content\/uploads\/2025\/11\/photo-rencontre-institutionnelle-1-300x200.jpg 300w, https:\/\/www.xaviergranet.com\/wp-content\/uploads\/2025\/11\/photo-rencontre-institutionnelle-1-1030x687.jpg 1030w, https:\/\/www.xaviergranet.com\/wp-content\/uploads\/2025\/11\/photo-rencontre-institutionnelle-1-768x512.jpg 768w, https:\/\/www.xaviergranet.com\/wp-content\/uploads\/2025\/11\/photo-rencontre-institutionnelle-1-1500x1001.jpg 1500w, https:\/\/www.xaviergranet.com\/wp-content\/uploads\/2025\/11\/photo-rencontre-institutionnelle-1-705x470.jpg 705w, https:\/\/www.xaviergranet.com\/wp-content\/uploads\/2025\/11\/photo-rencontre-institutionnelle-1-80x53.jpg 80w, https:\/\/www.xaviergranet.com\/wp-content\/uploads\/2025\/11\/photo-rencontre-institutionnelle-1-1260x840.jpg 1260w, https:\/\/www.xaviergranet.com\/wp-content\/uploads\/2025\/11\/photo-rencontre-institutionnelle-1-630x420.jpg 630w, https:\/\/www.xaviergranet.com\/wp-content\/uploads\/2025\/11\/photo-rencontre-institutionnelle-1.jpg 2000w\" sizes=\"(max-width: 1536px) 100vw, 1536px\" \/><\/div><\/div><\/figure><\/a><!--end av-masonry entry--><a href=\"https:\/\/www.xaviergranet.com\/wp-content\/uploads\/2025\/11\/photo-echange-idees-1-1030x687.jpg\" data-srcset=\"https:\/\/www.xaviergranet.com\/wp-content\/uploads\/2025\/11\/photo-echange-idees-1-1030x687.jpg 1030w, https:\/\/www.xaviergranet.com\/wp-content\/uploads\/2025\/11\/photo-echange-idees-1-300x200.jpg 300w, https:\/\/www.xaviergranet.com\/wp-content\/uploads\/2025\/11\/photo-echange-idees-1-768x512.jpg 768w, https:\/\/www.xaviergranet.com\/wp-content\/uploads\/2025\/11\/photo-echange-idees-1-1536x1025.jpg 1536w, https:\/\/www.xaviergranet.com\/wp-content\/uploads\/2025\/11\/photo-echange-idees-1-1500x1001.jpg 1500w, https:\/\/www.xaviergranet.com\/wp-content\/uploads\/2025\/11\/photo-echange-idees-1-705x470.jpg 705w, https:\/\/www.xaviergranet.com\/wp-content\/uploads\/2025\/11\/photo-echange-idees-1-80x53.jpg 80w, https:\/\/www.xaviergranet.com\/wp-content\/uploads\/2025\/11\/photo-echange-idees-1-1260x840.jpg 1260w, https:\/\/www.xaviergranet.com\/wp-content\/uploads\/2025\/11\/photo-echange-idees-1-630x420.jpg 630w, https:\/\/www.xaviergranet.com\/wp-content\/uploads\/2025\/11\/photo-echange-idees-1.jpg 2000w\" data-sizes=\"(max-width: 1030px) 100vw, 1030px\"  aria-label=\"image Reportage photo \u00e0 l&rsquo;Ambassade d&rsquo;Italie\"  id='av-masonry-1-item-7111' data-av-masonry-item='7111' class='av-masonry-entry isotope-item post-7111 attachment type-attachment status-inherit hentry  av-masonry-item-with-image' title=\"\" alt=\"Reportage photo \u00e0 l&#039;Ambassade d&#039;Italie\"    itemprop=\"thumbnailUrl\" ><div class='av-inner-masonry-sizer'><\/div><figure class='av-inner-masonry main_color'><div class=\"av-masonry-outerimage-container\"><div class='av-masonry-image-container'  ><img decoding=\"async\" width=\"1536\" height=\"1025\" fetchpriority=\"high\" class=\"wp-image-7111 avia-img-lazy-loading-not-7111\"  src=\"https:\/\/www.xaviergranet.com\/wp-content\/uploads\/2025\/11\/photo-echange-idees-1-1536x1025.jpg\" title=\"\" alt=\"Reportage photo \u00e0 l&#039;Ambassade d&#039;Italie\" srcset=\"https:\/\/www.xaviergranet.com\/wp-content\/uploads\/2025\/11\/photo-echange-idees-1-1536x1025.jpg 1536w, https:\/\/www.xaviergranet.com\/wp-content\/uploads\/2025\/11\/photo-echange-idees-1-300x200.jpg 300w, https:\/\/www.xaviergranet.com\/wp-content\/uploads\/2025\/11\/photo-echange-idees-1-1030x687.jpg 1030w, https:\/\/www.xaviergranet.com\/wp-content\/uploads\/2025\/11\/photo-echange-idees-1-768x512.jpg 768w, https:\/\/www.xaviergranet.com\/wp-content\/uploads\/2025\/11\/photo-echange-idees-1-1500x1001.jpg 1500w, https:\/\/www.xaviergranet.com\/wp-content\/uploads\/2025\/11\/photo-echange-idees-1-705x470.jpg 705w, https:\/\/www.xaviergranet.com\/wp-content\/uploads\/2025\/11\/photo-echange-idees-1-80x53.jpg 80w, https:\/\/www.xaviergranet.com\/wp-content\/uploads\/2025\/11\/photo-echange-idees-1-1260x840.jpg 1260w, https:\/\/www.xaviergranet.com\/wp-content\/uploads\/2025\/11\/photo-echange-idees-1-630x420.jpg 630w, https:\/\/www.xaviergranet.com\/wp-content\/uploads\/2025\/11\/photo-echange-idees-1.jpg 2000w\" sizes=\"(max-width: 1536px) 100vw, 1536px\" \/><\/div><\/div><\/figure><\/a><!--end av-masonry entry--><a href=\"https:\/\/www.xaviergranet.com\/wp-content\/uploads\/2025\/11\/photo-coulisse-rencontre-1-1030x687.jpg\" data-srcset=\"https:\/\/www.xaviergranet.com\/wp-content\/uploads\/2025\/11\/photo-coulisse-rencontre-1-1030x687.jpg 1030w, https:\/\/www.xaviergranet.com\/wp-content\/uploads\/2025\/11\/photo-coulisse-rencontre-1-300x200.jpg 300w, https:\/\/www.xaviergranet.com\/wp-content\/uploads\/2025\/11\/photo-coulisse-rencontre-1-768x512.jpg 768w, https:\/\/www.xaviergranet.com\/wp-content\/uploads\/2025\/11\/photo-coulisse-rencontre-1-1536x1025.jpg 1536w, https:\/\/www.xaviergranet.com\/wp-content\/uploads\/2025\/11\/photo-coulisse-rencontre-1-1500x1001.jpg 1500w, https:\/\/www.xaviergranet.com\/wp-content\/uploads\/2025\/11\/photo-coulisse-rencontre-1-705x470.jpg 705w, https:\/\/www.xaviergranet.com\/wp-content\/uploads\/2025\/11\/photo-coulisse-rencontre-1-80x53.jpg 80w, https:\/\/www.xaviergranet.com\/wp-content\/uploads\/2025\/11\/photo-coulisse-rencontre-1-1260x840.jpg 1260w, https:\/\/www.xaviergranet.com\/wp-content\/uploads\/2025\/11\/photo-coulisse-rencontre-1-630x420.jpg 630w, https:\/\/www.xaviergranet.com\/wp-content\/uploads\/2025\/11\/photo-coulisse-rencontre-1.jpg 2000w\" data-sizes=\"(max-width: 1030px) 100vw, 1030px\"  aria-label=\"image Photographe institutionnel pour l&rsquo;Ambassade d&rsquo;Italie\"  id='av-masonry-1-item-7109' data-av-masonry-item='7109' class='av-masonry-entry isotope-item post-7109 attachment type-attachment status-inherit hentry  av-masonry-item-with-image' title=\"\" alt=\"Photographe institutionnel pour l&#039;Ambassade d&#039;Italie\"    itemprop=\"thumbnailUrl\" ><div class='av-inner-masonry-sizer'><\/div><figure class='av-inner-masonry main_color'><div class=\"av-masonry-outerimage-container\"><div class='av-masonry-image-container'  ><img decoding=\"async\" width=\"1536\" height=\"1025\" fetchpriority=\"high\" class=\"wp-image-7109 avia-img-lazy-loading-not-7109\"  src=\"https:\/\/www.xaviergranet.com\/wp-content\/uploads\/2025\/11\/photo-coulisse-rencontre-1-1536x1025.jpg\" title=\"\" alt=\"Photographe institutionnel pour l&#039;Ambassade d&#039;Italie\" srcset=\"https:\/\/www.xaviergranet.com\/wp-content\/uploads\/2025\/11\/photo-coulisse-rencontre-1-1536x1025.jpg 1536w, https:\/\/www.xaviergranet.com\/wp-content\/uploads\/2025\/11\/photo-coulisse-rencontre-1-300x200.jpg 300w, https:\/\/www.xaviergranet.com\/wp-content\/uploads\/2025\/11\/photo-coulisse-rencontre-1-1030x687.jpg 1030w, https:\/\/www.xaviergranet.com\/wp-content\/uploads\/2025\/11\/photo-coulisse-rencontre-1-768x512.jpg 768w, https:\/\/www.xaviergranet.com\/wp-content\/uploads\/2025\/11\/photo-coulisse-rencontre-1-1500x1001.jpg 1500w, https:\/\/www.xaviergranet.com\/wp-content\/uploads\/2025\/11\/photo-coulisse-rencontre-1-705x470.jpg 705w, https:\/\/www.xaviergranet.com\/wp-content\/uploads\/2025\/11\/photo-coulisse-rencontre-1-80x53.jpg 80w, https:\/\/www.xaviergranet.com\/wp-content\/uploads\/2025\/11\/photo-coulisse-rencontre-1-1260x840.jpg 1260w, https:\/\/www.xaviergranet.com\/wp-content\/uploads\/2025\/11\/photo-coulisse-rencontre-1-630x420.jpg 630w, https:\/\/www.xaviergranet.com\/wp-content\/uploads\/2025\/11\/photo-coulisse-rencontre-1.jpg 2000w\" sizes=\"(max-width: 1536px) 100vw, 1536px\" \/><\/div><\/div><\/figure><\/a><!--end av-masonry entry--><a href=\"https:\/\/www.xaviergranet.com\/wp-content\/uploads\/2025\/11\/photo-portrait-ministre-1-1030x687.jpg\" data-srcset=\"https:\/\/www.xaviergranet.com\/wp-content\/uploads\/2025\/11\/photo-portrait-ministre-1-1030x687.jpg 1030w, https:\/\/www.xaviergranet.com\/wp-content\/uploads\/2025\/11\/photo-portrait-ministre-1-300x200.jpg 300w, https:\/\/www.xaviergranet.com\/wp-content\/uploads\/2025\/11\/photo-portrait-ministre-1-768x512.jpg 768w, https:\/\/www.xaviergranet.com\/wp-content\/uploads\/2025\/11\/photo-portrait-ministre-1-1536x1024.jpg 1536w, https:\/\/www.xaviergranet.com\/wp-content\/uploads\/2025\/11\/photo-portrait-ministre-1-2048x1366.jpg 2048w, https:\/\/www.xaviergranet.com\/wp-content\/uploads\/2025\/11\/photo-portrait-ministre-1-1500x1000.jpg 1500w, https:\/\/www.xaviergranet.com\/wp-content\/uploads\/2025\/11\/photo-portrait-ministre-1-705x470.jpg 705w, https:\/\/www.xaviergranet.com\/wp-content\/uploads\/2025\/11\/photo-portrait-ministre-1-80x53.jpg 80w, https:\/\/www.xaviergranet.com\/wp-content\/uploads\/2025\/11\/photo-portrait-ministre-1-1260x840.jpg 1260w, https:\/\/www.xaviergranet.com\/wp-content\/uploads\/2025\/11\/photo-portrait-ministre-1-630x420.jpg 630w\" data-sizes=\"(max-width: 1030px) 100vw, 1030px\"  aria-label=\"image Photographe institutionnel rencontre ministerielle\"  id='av-masonry-1-item-7128' data-av-masonry-item='7128' class='av-masonry-entry isotope-item post-7128 attachment type-attachment status-inherit hentry  av-masonry-item-with-image' title=\"\" alt=\"Photographe institutionnel rencontre ministerielle\"    itemprop=\"thumbnailUrl\" ><div class='av-inner-masonry-sizer'><\/div><figure class='av-inner-masonry main_color'><div class=\"av-masonry-outerimage-container\"><div class='av-masonry-image-container'  ><img decoding=\"async\" width=\"1536\" height=\"1024\" fetchpriority=\"high\" class=\"wp-image-7128 avia-img-lazy-loading-not-7128\"  src=\"https:\/\/www.xaviergranet.com\/wp-content\/uploads\/2025\/11\/photo-portrait-ministre-1-1536x1024.jpg\" title=\"\" alt=\"Photographe institutionnel rencontre ministerielle\" srcset=\"https:\/\/www.xaviergranet.com\/wp-content\/uploads\/2025\/11\/photo-portrait-ministre-1-1536x1024.jpg 1536w, https:\/\/www.xaviergranet.com\/wp-content\/uploads\/2025\/11\/photo-portrait-ministre-1-300x200.jpg 300w, https:\/\/www.xaviergranet.com\/wp-content\/uploads\/2025\/11\/photo-portrait-ministre-1-1030x687.jpg 1030w, https:\/\/www.xaviergranet.com\/wp-content\/uploads\/2025\/11\/photo-portrait-ministre-1-768x512.jpg 768w, https:\/\/www.xaviergranet.com\/wp-content\/uploads\/2025\/11\/photo-portrait-ministre-1-2048x1366.jpg 2048w, https:\/\/www.xaviergranet.com\/wp-content\/uploads\/2025\/11\/photo-portrait-ministre-1-1500x1000.jpg 1500w, https:\/\/www.xaviergranet.com\/wp-content\/uploads\/2025\/11\/photo-portrait-ministre-1-705x470.jpg 705w, https:\/\/www.xaviergranet.com\/wp-content\/uploads\/2025\/11\/photo-portrait-ministre-1-80x53.jpg 80w, https:\/\/www.xaviergranet.com\/wp-content\/uploads\/2025\/11\/photo-portrait-ministre-1-1260x840.jpg 1260w, https:\/\/www.xaviergranet.com\/wp-content\/uploads\/2025\/11\/photo-portrait-ministre-1-630x420.jpg 630w\" sizes=\"(max-width: 1536px) 100vw, 1536px\" \/><\/div><\/div><\/figure><\/a><!--end av-masonry entry--><a href=\"https:\/\/www.xaviergranet.com\/wp-content\/uploads\/2025\/11\/photo-rencontre-ministeriel-1-1030x687.jpg\" data-srcset=\"https:\/\/www.xaviergranet.com\/wp-content\/uploads\/2025\/11\/photo-rencontre-ministeriel-1-1030x687.jpg 1030w, https:\/\/www.xaviergranet.com\/wp-content\/uploads\/2025\/11\/photo-rencontre-ministeriel-1-300x200.jpg 300w, https:\/\/www.xaviergranet.com\/wp-content\/uploads\/2025\/11\/photo-rencontre-ministeriel-1-768x512.jpg 768w, https:\/\/www.xaviergranet.com\/wp-content\/uploads\/2025\/11\/photo-rencontre-ministeriel-1-1536x1025.jpg 1536w, https:\/\/www.xaviergranet.com\/wp-content\/uploads\/2025\/11\/photo-rencontre-ministeriel-1-1500x1001.jpg 1500w, https:\/\/www.xaviergranet.com\/wp-content\/uploads\/2025\/11\/photo-rencontre-ministeriel-1-705x470.jpg 705w, https:\/\/www.xaviergranet.com\/wp-content\/uploads\/2025\/11\/photo-rencontre-ministeriel-1-80x53.jpg 80w, https:\/\/www.xaviergranet.com\/wp-content\/uploads\/2025\/11\/photo-rencontre-ministeriel-1-1260x840.jpg 1260w, https:\/\/www.xaviergranet.com\/wp-content\/uploads\/2025\/11\/photo-rencontre-ministeriel-1-630x420.jpg 630w, https:\/\/www.xaviergranet.com\/wp-content\/uploads\/2025\/11\/photo-rencontre-ministeriel-1.jpg 2000w\" data-sizes=\"(max-width: 1030px) 100vw, 1030px\"  aria-label=\"image Reportage photo de la Rencontre avec la Ministre de l&rsquo;\u00e9conomie\"  id='av-masonry-1-item-7135' data-av-masonry-item='7135' class='av-masonry-entry isotope-item post-7135 attachment type-attachment status-inherit hentry  av-masonry-item-with-image' title=\"\" alt=\"Reportage photo de la Rencontre avec la Ministre de l&#039;\u00e9conomie\"    itemprop=\"thumbnailUrl\" ><div class='av-inner-masonry-sizer'><\/div><figure class='av-inner-masonry main_color'><div class=\"av-masonry-outerimage-container\"><div class='av-masonry-image-container'  ><img decoding=\"async\" width=\"1536\" height=\"1025\" fetchpriority=\"high\" class=\"wp-image-7135 avia-img-lazy-loading-not-7135\"  src=\"https:\/\/www.xaviergranet.com\/wp-content\/uploads\/2025\/11\/photo-rencontre-ministeriel-1-1536x1025.jpg\" title=\"\" alt=\"Reportage photo de la Rencontre avec la Ministre de l&#039;\u00e9conomie\" srcset=\"https:\/\/www.xaviergranet.com\/wp-content\/uploads\/2025\/11\/photo-rencontre-ministeriel-1-1536x1025.jpg 1536w, https:\/\/www.xaviergranet.com\/wp-content\/uploads\/2025\/11\/photo-rencontre-ministeriel-1-300x200.jpg 300w, https:\/\/www.xaviergranet.com\/wp-content\/uploads\/2025\/11\/photo-rencontre-ministeriel-1-1030x687.jpg 1030w, https:\/\/www.xaviergranet.com\/wp-content\/uploads\/2025\/11\/photo-rencontre-ministeriel-1-768x512.jpg 768w, https:\/\/www.xaviergranet.com\/wp-content\/uploads\/2025\/11\/photo-rencontre-ministeriel-1-1500x1001.jpg 1500w, https:\/\/www.xaviergranet.com\/wp-content\/uploads\/2025\/11\/photo-rencontre-ministeriel-1-705x470.jpg 705w, https:\/\/www.xaviergranet.com\/wp-content\/uploads\/2025\/11\/photo-rencontre-ministeriel-1-80x53.jpg 80w, https:\/\/www.xaviergranet.com\/wp-content\/uploads\/2025\/11\/photo-rencontre-ministeriel-1-1260x840.jpg 1260w, https:\/\/www.xaviergranet.com\/wp-content\/uploads\/2025\/11\/photo-rencontre-ministeriel-1-630x420.jpg 630w, https:\/\/www.xaviergranet.com\/wp-content\/uploads\/2025\/11\/photo-rencontre-ministeriel-1.jpg 2000w\" sizes=\"(max-width: 1536px) 100vw, 1536px\" \/><\/div><\/div><\/figure><\/a><!--end av-masonry entry--><a href=\"https:\/\/www.xaviergranet.com\/wp-content\/uploads\/2025\/11\/photo-ministre-discution-1-1030x687.jpg\" data-srcset=\"https:\/\/www.xaviergranet.com\/wp-content\/uploads\/2025\/11\/photo-ministre-discution-1-1030x687.jpg 1030w, https:\/\/www.xaviergranet.com\/wp-content\/uploads\/2025\/11\/photo-ministre-discution-1-300x200.jpg 300w, https:\/\/www.xaviergranet.com\/wp-content\/uploads\/2025\/11\/photo-ministre-discution-1-768x512.jpg 768w, https:\/\/www.xaviergranet.com\/wp-content\/uploads\/2025\/11\/photo-ministre-discution-1-1536x1025.jpg 1536w, https:\/\/www.xaviergranet.com\/wp-content\/uploads\/2025\/11\/photo-ministre-discution-1-1500x1001.jpg 1500w, https:\/\/www.xaviergranet.com\/wp-content\/uploads\/2025\/11\/photo-ministre-discution-1-705x470.jpg 705w, https:\/\/www.xaviergranet.com\/wp-content\/uploads\/2025\/11\/photo-ministre-discution-1-80x53.jpg 80w, https:\/\/www.xaviergranet.com\/wp-content\/uploads\/2025\/11\/photo-ministre-discution-1-1260x840.jpg 1260w, https:\/\/www.xaviergranet.com\/wp-content\/uploads\/2025\/11\/photo-ministre-discution-1-630x420.jpg 630w, https:\/\/www.xaviergranet.com\/wp-content\/uploads\/2025\/11\/photo-ministre-discution-1.jpg 2000w\" data-sizes=\"(max-width: 1030px) 100vw, 1030px\"  aria-label=\"image Reportage minist\u00e8re de l&rsquo;\u00e9conomie et du budget\"  id='av-masonry-1-item-7117' data-av-masonry-item='7117' class='av-masonry-entry isotope-item post-7117 attachment type-attachment status-inherit hentry  av-masonry-item-with-image' title=\"\" alt=\"Reportage minist\u00e8re de l&#039;\u00e9conomie et du budget\"    itemprop=\"thumbnailUrl\" ><div class='av-inner-masonry-sizer'><\/div><figure class='av-inner-masonry main_color'><div class=\"av-masonry-outerimage-container\"><div class='av-masonry-image-container'  ><img decoding=\"async\" width=\"1536\" height=\"1025\" fetchpriority=\"high\" class=\"wp-image-7117 avia-img-lazy-loading-not-7117\"  src=\"https:\/\/www.xaviergranet.com\/wp-content\/uploads\/2025\/11\/photo-ministre-discution-1-1536x1025.jpg\" title=\"\" alt=\"Reportage minist\u00e8re de l&#039;\u00e9conomie et du budget\" srcset=\"https:\/\/www.xaviergranet.com\/wp-content\/uploads\/2025\/11\/photo-ministre-discution-1-1536x1025.jpg 1536w, https:\/\/www.xaviergranet.com\/wp-content\/uploads\/2025\/11\/photo-ministre-discution-1-300x200.jpg 300w, https:\/\/www.xaviergranet.com\/wp-content\/uploads\/2025\/11\/photo-ministre-discution-1-1030x687.jpg 1030w, https:\/\/www.xaviergranet.com\/wp-content\/uploads\/2025\/11\/photo-ministre-discution-1-768x512.jpg 768w, https:\/\/www.xaviergranet.com\/wp-content\/uploads\/2025\/11\/photo-ministre-discution-1-1500x1001.jpg 1500w, https:\/\/www.xaviergranet.com\/wp-content\/uploads\/2025\/11\/photo-ministre-discution-1-705x470.jpg 705w, https:\/\/www.xaviergranet.com\/wp-content\/uploads\/2025\/11\/photo-ministre-discution-1-80x53.jpg 80w, https:\/\/www.xaviergranet.com\/wp-content\/uploads\/2025\/11\/photo-ministre-discution-1-1260x840.jpg 1260w, https:\/\/www.xaviergranet.com\/wp-content\/uploads\/2025\/11\/photo-ministre-discution-1-630x420.jpg 630w, https:\/\/www.xaviergranet.com\/wp-content\/uploads\/2025\/11\/photo-ministre-discution-1.jpg 2000w\" sizes=\"(max-width: 1536px) 100vw, 1536px\" \/><\/div><\/div><\/figure><\/a><!--end av-masonry entry--><a href=\"https:\/\/www.xaviergranet.com\/wp-content\/uploads\/2025\/11\/photo-rencontre-table-ronde-ministres-1-1030x687.jpg\" data-srcset=\"https:\/\/www.xaviergranet.com\/wp-content\/uploads\/2025\/11\/photo-rencontre-table-ronde-ministres-1-1030x687.jpg 1030w, https:\/\/www.xaviergranet.com\/wp-content\/uploads\/2025\/11\/photo-rencontre-table-ronde-ministres-1-300x200.jpg 300w, https:\/\/www.xaviergranet.com\/wp-content\/uploads\/2025\/11\/photo-rencontre-table-ronde-ministres-1-768x512.jpg 768w, https:\/\/www.xaviergranet.com\/wp-content\/uploads\/2025\/11\/photo-rencontre-table-ronde-ministres-1-1536x1025.jpg 1536w, https:\/\/www.xaviergranet.com\/wp-content\/uploads\/2025\/11\/photo-rencontre-table-ronde-ministres-1-1500x1001.jpg 1500w, https:\/\/www.xaviergranet.com\/wp-content\/uploads\/2025\/11\/photo-rencontre-table-ronde-ministres-1-705x470.jpg 705w, https:\/\/www.xaviergranet.com\/wp-content\/uploads\/2025\/11\/photo-rencontre-table-ronde-ministres-1-80x53.jpg 80w, https:\/\/www.xaviergranet.com\/wp-content\/uploads\/2025\/11\/photo-rencontre-table-ronde-ministres-1-1260x840.jpg 1260w, https:\/\/www.xaviergranet.com\/wp-content\/uploads\/2025\/11\/photo-rencontre-table-ronde-ministres-1-630x420.jpg 630w, https:\/\/www.xaviergranet.com\/wp-content\/uploads\/2025\/11\/photo-rencontre-table-ronde-ministres-1.jpg 2000w\" data-sizes=\"(max-width: 1030px) 100vw, 1030px\"  aria-label=\"image Photographe institutionnel Minist\u00e8re de l&rsquo;\u00e9conomie\"  id='av-masonry-1-item-7138' data-av-masonry-item='7138' class='av-masonry-entry isotope-item post-7138 attachment type-attachment status-inherit hentry  av-masonry-item-with-image' title=\"\" alt=\"Photographe institutionnel Minist\u00e8re de l&#039;\u00e9conomie\"    itemprop=\"thumbnailUrl\" ><div class='av-inner-masonry-sizer'><\/div><figure class='av-inner-masonry main_color'><div class=\"av-masonry-outerimage-container\"><div class='av-masonry-image-container'  ><img decoding=\"async\" width=\"1536\" height=\"1025\" fetchpriority=\"high\" class=\"wp-image-7138 avia-img-lazy-loading-not-7138\"  src=\"https:\/\/www.xaviergranet.com\/wp-content\/uploads\/2025\/11\/photo-rencontre-table-ronde-ministres-1-1536x1025.jpg\" title=\"\" alt=\"Photographe institutionnel Minist\u00e8re de l&#039;\u00e9conomie\" srcset=\"https:\/\/www.xaviergranet.com\/wp-content\/uploads\/2025\/11\/photo-rencontre-table-ronde-ministres-1-1536x1025.jpg 1536w, https:\/\/www.xaviergranet.com\/wp-content\/uploads\/2025\/11\/photo-rencontre-table-ronde-ministres-1-300x200.jpg 300w, https:\/\/www.xaviergranet.com\/wp-content\/uploads\/2025\/11\/photo-rencontre-table-ronde-ministres-1-1030x687.jpg 1030w, https:\/\/www.xaviergranet.com\/wp-content\/uploads\/2025\/11\/photo-rencontre-table-ronde-ministres-1-768x512.jpg 768w, https:\/\/www.xaviergranet.com\/wp-content\/uploads\/2025\/11\/photo-rencontre-table-ronde-ministres-1-1500x1001.jpg 1500w, https:\/\/www.xaviergranet.com\/wp-content\/uploads\/2025\/11\/photo-rencontre-table-ronde-ministres-1-705x470.jpg 705w, https:\/\/www.xaviergranet.com\/wp-content\/uploads\/2025\/11\/photo-rencontre-table-ronde-ministres-1-80x53.jpg 80w, https:\/\/www.xaviergranet.com\/wp-content\/uploads\/2025\/11\/photo-rencontre-table-ronde-ministres-1-1260x840.jpg 1260w, https:\/\/www.xaviergranet.com\/wp-content\/uploads\/2025\/11\/photo-rencontre-table-ronde-ministres-1-630x420.jpg 630w, https:\/\/www.xaviergranet.com\/wp-content\/uploads\/2025\/11\/photo-rencontre-table-ronde-ministres-1.jpg 2000w\" sizes=\"(max-width: 1536px) 100vw, 1536px\" \/><\/div><\/div><\/figure><\/a><!--end av-masonry entry--><a href=\"https:\/\/www.xaviergranet.com\/wp-content\/uploads\/2025\/11\/photo-ministre-italienne-1-1030x687.jpg\" data-srcset=\"https:\/\/www.xaviergranet.com\/wp-content\/uploads\/2025\/11\/photo-ministre-italienne-1-1030x687.jpg 1030w, https:\/\/www.xaviergranet.com\/wp-content\/uploads\/2025\/11\/photo-ministre-italienne-1-300x200.jpg 300w, https:\/\/www.xaviergranet.com\/wp-content\/uploads\/2025\/11\/photo-ministre-italienne-1-768x512.jpg 768w, https:\/\/www.xaviergranet.com\/wp-content\/uploads\/2025\/11\/photo-ministre-italienne-1-1536x1025.jpg 1536w, https:\/\/www.xaviergranet.com\/wp-content\/uploads\/2025\/11\/photo-ministre-italienne-1-1500x1001.jpg 1500w, https:\/\/www.xaviergranet.com\/wp-content\/uploads\/2025\/11\/photo-ministre-italienne-1-705x470.jpg 705w, https:\/\/www.xaviergranet.com\/wp-content\/uploads\/2025\/11\/photo-ministre-italienne-1-80x53.jpg 80w, https:\/\/www.xaviergranet.com\/wp-content\/uploads\/2025\/11\/photo-ministre-italienne-1-1260x840.jpg 1260w, https:\/\/www.xaviergranet.com\/wp-content\/uploads\/2025\/11\/photo-ministre-italienne-1-630x420.jpg 630w, https:\/\/www.xaviergranet.com\/wp-content\/uploads\/2025\/11\/photo-ministre-italienne-1.jpg 2000w\" data-sizes=\"(max-width: 1030px) 100vw, 1030px\"  aria-label=\"image Reportage photographe institutionnel au minist\u00e8re de l&rsquo;\u00e9conomie et du budget\"  id='av-masonry-1-item-7122' data-av-masonry-item='7122' class='av-masonry-entry isotope-item post-7122 attachment type-attachment status-inherit hentry  av-masonry-item-with-image' title=\"\" alt=\"Reportage photographe institutionnel au minist\u00e8re de l&#039;\u00e9conomie et du budget\"    itemprop=\"thumbnailUrl\" ><div class='av-inner-masonry-sizer'><\/div><figure class='av-inner-masonry main_color'><div class=\"av-masonry-outerimage-container\"><div class='av-masonry-image-container'  ><img decoding=\"async\" width=\"1536\" height=\"1025\" fetchpriority=\"high\" class=\"wp-image-7122 avia-img-lazy-loading-not-7122\"  src=\"https:\/\/www.xaviergranet.com\/wp-content\/uploads\/2025\/11\/photo-ministre-italienne-1-1536x1025.jpg\" title=\"\" alt=\"Reportage photographe institutionnel au minist\u00e8re de l&#039;\u00e9conomie et du budget\" srcset=\"https:\/\/www.xaviergranet.com\/wp-content\/uploads\/2025\/11\/photo-ministre-italienne-1-1536x1025.jpg 1536w, https:\/\/www.xaviergranet.com\/wp-content\/uploads\/2025\/11\/photo-ministre-italienne-1-300x200.jpg 300w, https:\/\/www.xaviergranet.com\/wp-content\/uploads\/2025\/11\/photo-ministre-italienne-1-1030x687.jpg 1030w, https:\/\/www.xaviergranet.com\/wp-content\/uploads\/2025\/11\/photo-ministre-italienne-1-768x512.jpg 768w, https:\/\/www.xaviergranet.com\/wp-content\/uploads\/2025\/11\/photo-ministre-italienne-1-1500x1001.jpg 1500w, https:\/\/www.xaviergranet.com\/wp-content\/uploads\/2025\/11\/photo-ministre-italienne-1-705x470.jpg 705w, https:\/\/www.xaviergranet.com\/wp-content\/uploads\/2025\/11\/photo-ministre-italienne-1-80x53.jpg 80w, https:\/\/www.xaviergranet.com\/wp-content\/uploads\/2025\/11\/photo-ministre-italienne-1-1260x840.jpg 1260w, https:\/\/www.xaviergranet.com\/wp-content\/uploads\/2025\/11\/photo-ministre-italienne-1-630x420.jpg 630w, https:\/\/www.xaviergranet.com\/wp-content\/uploads\/2025\/11\/photo-ministre-italienne-1.jpg 2000w\" sizes=\"(max-width: 1536px) 100vw, 1536px\" \/><\/div><\/div><\/figure><\/a><!--end av-masonry entry--><a href=\"https:\/\/www.xaviergranet.com\/wp-content\/uploads\/2025\/11\/photo-rencontre-inter-ministerielle-1-1030x687.jpg\" data-srcset=\"https:\/\/www.xaviergranet.com\/wp-content\/uploads\/2025\/11\/photo-rencontre-inter-ministerielle-1-1030x687.jpg 1030w, https:\/\/www.xaviergranet.com\/wp-content\/uploads\/2025\/11\/photo-rencontre-inter-ministerielle-1-300x200.jpg 300w, https:\/\/www.xaviergranet.com\/wp-content\/uploads\/2025\/11\/photo-rencontre-inter-ministerielle-1-768x512.jpg 768w, https:\/\/www.xaviergranet.com\/wp-content\/uploads\/2025\/11\/photo-rencontre-inter-ministerielle-1-1536x1025.jpg 1536w, https:\/\/www.xaviergranet.com\/wp-content\/uploads\/2025\/11\/photo-rencontre-inter-ministerielle-1-1500x1001.jpg 1500w, https:\/\/www.xaviergranet.com\/wp-content\/uploads\/2025\/11\/photo-rencontre-inter-ministerielle-1-705x470.jpg 705w, https:\/\/www.xaviergranet.com\/wp-content\/uploads\/2025\/11\/photo-rencontre-inter-ministerielle-1-80x53.jpg 80w, https:\/\/www.xaviergranet.com\/wp-content\/uploads\/2025\/11\/photo-rencontre-inter-ministerielle-1-1260x840.jpg 1260w, https:\/\/www.xaviergranet.com\/wp-content\/uploads\/2025\/11\/photo-rencontre-inter-ministerielle-1-630x420.jpg 630w, https:\/\/www.xaviergranet.com\/wp-content\/uploads\/2025\/11\/photo-rencontre-inter-ministerielle-1.jpg 2000w\" data-sizes=\"(max-width: 1030px) 100vw, 1030px\"  aria-label=\"image Reportage photo au Minist\u00e8re de l&rsquo;\u00e9conomie\"  id='av-masonry-1-item-7133' data-av-masonry-item='7133' class='av-masonry-entry isotope-item post-7133 attachment type-attachment status-inherit hentry  av-masonry-item-with-image' title=\"\" alt=\"Reportage photo au Minist\u00e8re de l&#039;\u00e9conomie\"    itemprop=\"thumbnailUrl\" ><div class='av-inner-masonry-sizer'><\/div><figure class='av-inner-masonry main_color'><div class=\"av-masonry-outerimage-container\"><div class='av-masonry-image-container'  ><img decoding=\"async\" width=\"1536\" height=\"1025\" fetchpriority=\"high\" class=\"wp-image-7133 avia-img-lazy-loading-not-7133\"  src=\"https:\/\/www.xaviergranet.com\/wp-content\/uploads\/2025\/11\/photo-rencontre-inter-ministerielle-1-1536x1025.jpg\" title=\"\" alt=\"Reportage photo au Minist\u00e8re de l&#039;\u00e9conomie\" srcset=\"https:\/\/www.xaviergranet.com\/wp-content\/uploads\/2025\/11\/photo-rencontre-inter-ministerielle-1-1536x1025.jpg 1536w, https:\/\/www.xaviergranet.com\/wp-content\/uploads\/2025\/11\/photo-rencontre-inter-ministerielle-1-300x200.jpg 300w, https:\/\/www.xaviergranet.com\/wp-content\/uploads\/2025\/11\/photo-rencontre-inter-ministerielle-1-1030x687.jpg 1030w, https:\/\/www.xaviergranet.com\/wp-content\/uploads\/2025\/11\/photo-rencontre-inter-ministerielle-1-768x512.jpg 768w, https:\/\/www.xaviergranet.com\/wp-content\/uploads\/2025\/11\/photo-rencontre-inter-ministerielle-1-1500x1001.jpg 1500w, https:\/\/www.xaviergranet.com\/wp-content\/uploads\/2025\/11\/photo-rencontre-inter-ministerielle-1-705x470.jpg 705w, https:\/\/www.xaviergranet.com\/wp-content\/uploads\/2025\/11\/photo-rencontre-inter-ministerielle-1-80x53.jpg 80w, https:\/\/www.xaviergranet.com\/wp-content\/uploads\/2025\/11\/photo-rencontre-inter-ministerielle-1-1260x840.jpg 1260w, https:\/\/www.xaviergranet.com\/wp-content\/uploads\/2025\/11\/photo-rencontre-inter-ministerielle-1-630x420.jpg 630w, https:\/\/www.xaviergranet.com\/wp-content\/uploads\/2025\/11\/photo-rencontre-inter-ministerielle-1.jpg 2000w\" sizes=\"(max-width: 1536px) 100vw, 1536px\" \/><\/div><\/div><\/figure><\/a><!--end av-masonry entry--><a href=\"https:\/\/www.xaviergranet.com\/wp-content\/uploads\/2025\/11\/photo-ministre-finances-1-1030x687.jpg\" data-srcset=\"https:\/\/www.xaviergranet.com\/wp-content\/uploads\/2025\/11\/photo-ministre-finances-1-1030x687.jpg 1030w, https:\/\/www.xaviergranet.com\/wp-content\/uploads\/2025\/11\/photo-ministre-finances-1-300x200.jpg 300w, https:\/\/www.xaviergranet.com\/wp-content\/uploads\/2025\/11\/photo-ministre-finances-1-768x512.jpg 768w, https:\/\/www.xaviergranet.com\/wp-content\/uploads\/2025\/11\/photo-ministre-finances-1-1536x1024.jpg 1536w, https:\/\/www.xaviergranet.com\/wp-content\/uploads\/2025\/11\/photo-ministre-finances-1-2048x1366.jpg 2048w, https:\/\/www.xaviergranet.com\/wp-content\/uploads\/2025\/11\/photo-ministre-finances-1-1500x1000.jpg 1500w, https:\/\/www.xaviergranet.com\/wp-content\/uploads\/2025\/11\/photo-ministre-finances-1-705x470.jpg 705w, https:\/\/www.xaviergranet.com\/wp-content\/uploads\/2025\/11\/photo-ministre-finances-1-80x53.jpg 80w, https:\/\/www.xaviergranet.com\/wp-content\/uploads\/2025\/11\/photo-ministre-finances-1-1260x840.jpg 1260w, https:\/\/www.xaviergranet.com\/wp-content\/uploads\/2025\/11\/photo-ministre-finances-1-630x420.jpg 630w\" data-sizes=\"(max-width: 1030px) 100vw, 1030px\"  aria-label=\"image Reportage photographe institutionnel minist\u00e8re de l&rsquo;\u00e9conomie et du budget\"  id='av-masonry-1-item-7119' data-av-masonry-item='7119' class='av-masonry-entry isotope-item post-7119 attachment type-attachment status-inherit hentry  av-masonry-item-with-image' title=\"\" alt=\"Reportage photographe institutionnel minist\u00e8re de l&#039;\u00e9conomie et du budget\"    itemprop=\"thumbnailUrl\" ><div class='av-inner-masonry-sizer'><\/div><figure class='av-inner-masonry main_color'><div class=\"av-masonry-outerimage-container\"><div class='av-masonry-image-container'  ><img decoding=\"async\" width=\"1536\" height=\"1024\" fetchpriority=\"high\" class=\"wp-image-7119 avia-img-lazy-loading-not-7119\"  src=\"https:\/\/www.xaviergranet.com\/wp-content\/uploads\/2025\/11\/photo-ministre-finances-1-1536x1024.jpg\" title=\"\" alt=\"Reportage photographe institutionnel minist\u00e8re de l&#039;\u00e9conomie et du budget\" srcset=\"https:\/\/www.xaviergranet.com\/wp-content\/uploads\/2025\/11\/photo-ministre-finances-1-1536x1024.jpg 1536w, https:\/\/www.xaviergranet.com\/wp-content\/uploads\/2025\/11\/photo-ministre-finances-1-300x200.jpg 300w, https:\/\/www.xaviergranet.com\/wp-content\/uploads\/2025\/11\/photo-ministre-finances-1-1030x687.jpg 1030w, https:\/\/www.xaviergranet.com\/wp-content\/uploads\/2025\/11\/photo-ministre-finances-1-768x512.jpg 768w, https:\/\/www.xaviergranet.com\/wp-content\/uploads\/2025\/11\/photo-ministre-finances-1-2048x1366.jpg 2048w, https:\/\/www.xaviergranet.com\/wp-content\/uploads\/2025\/11\/photo-ministre-finances-1-1500x1000.jpg 1500w, https:\/\/www.xaviergranet.com\/wp-content\/uploads\/2025\/11\/photo-ministre-finances-1-705x470.jpg 705w, https:\/\/www.xaviergranet.com\/wp-content\/uploads\/2025\/11\/photo-ministre-finances-1-80x53.jpg 80w, https:\/\/www.xaviergranet.com\/wp-content\/uploads\/2025\/11\/photo-ministre-finances-1-1260x840.jpg 1260w, https:\/\/www.xaviergranet.com\/wp-content\/uploads\/2025\/11\/photo-ministre-finances-1-630x420.jpg 630w\" sizes=\"(max-width: 1536px) 100vw, 1536px\" \/><\/div><\/div><\/figure><\/a><!--end av-masonry entry--><a href=\"https:\/\/www.xaviergranet.com\/wp-content\/uploads\/2025\/11\/photo-echange-point-de-vue-rencontre-1-1030x687.jpg\" data-srcset=\"https:\/\/www.xaviergranet.com\/wp-content\/uploads\/2025\/11\/photo-echange-point-de-vue-rencontre-1-1030x687.jpg 1030w, https:\/\/www.xaviergranet.com\/wp-content\/uploads\/2025\/11\/photo-echange-point-de-vue-rencontre-1-300x200.jpg 300w, https:\/\/www.xaviergranet.com\/wp-content\/uploads\/2025\/11\/photo-echange-point-de-vue-rencontre-1-768x512.jpg 768w, https:\/\/www.xaviergranet.com\/wp-content\/uploads\/2025\/11\/photo-echange-point-de-vue-rencontre-1-1536x1025.jpg 1536w, https:\/\/www.xaviergranet.com\/wp-content\/uploads\/2025\/11\/photo-echange-point-de-vue-rencontre-1-1500x1001.jpg 1500w, https:\/\/www.xaviergranet.com\/wp-content\/uploads\/2025\/11\/photo-echange-point-de-vue-rencontre-1-705x470.jpg 705w, https:\/\/www.xaviergranet.com\/wp-content\/uploads\/2025\/11\/photo-echange-point-de-vue-rencontre-1-80x53.jpg 80w, https:\/\/www.xaviergranet.com\/wp-content\/uploads\/2025\/11\/photo-echange-point-de-vue-rencontre-1-1260x840.jpg 1260w, https:\/\/www.xaviergranet.com\/wp-content\/uploads\/2025\/11\/photo-echange-point-de-vue-rencontre-1-630x420.jpg 630w, https:\/\/www.xaviergranet.com\/wp-content\/uploads\/2025\/11\/photo-echange-point-de-vue-rencontre-1.jpg 2000w\" data-sizes=\"(max-width: 1030px) 100vw, 1030px\"  aria-label=\"image Photo reportage institutionel\"  id='av-masonry-1-item-7112' data-av-masonry-item='7112' class='av-masonry-entry isotope-item post-7112 attachment type-attachment status-inherit hentry  av-masonry-item-with-image' title=\"\" alt=\"Photo reportage institutionel\"    itemprop=\"thumbnailUrl\" ><div class='av-inner-masonry-sizer'><\/div><figure class='av-inner-masonry main_color'><div class=\"av-masonry-outerimage-container\"><div class='av-masonry-image-container'  ><img decoding=\"async\" width=\"1536\" height=\"1025\" fetchpriority=\"high\" class=\"wp-image-7112 avia-img-lazy-loading-not-7112\"  src=\"https:\/\/www.xaviergranet.com\/wp-content\/uploads\/2025\/11\/photo-echange-point-de-vue-rencontre-1-1536x1025.jpg\" title=\"\" alt=\"Photo reportage institutionel\" srcset=\"https:\/\/www.xaviergranet.com\/wp-content\/uploads\/2025\/11\/photo-echange-point-de-vue-rencontre-1-1536x1025.jpg 1536w, https:\/\/www.xaviergranet.com\/wp-content\/uploads\/2025\/11\/photo-echange-point-de-vue-rencontre-1-300x200.jpg 300w, https:\/\/www.xaviergranet.com\/wp-content\/uploads\/2025\/11\/photo-echange-point-de-vue-rencontre-1-1030x687.jpg 1030w, https:\/\/www.xaviergranet.com\/wp-content\/uploads\/2025\/11\/photo-echange-point-de-vue-rencontre-1-768x512.jpg 768w, https:\/\/www.xaviergranet.com\/wp-content\/uploads\/2025\/11\/photo-echange-point-de-vue-rencontre-1-1500x1001.jpg 1500w, https:\/\/www.xaviergranet.com\/wp-content\/uploads\/2025\/11\/photo-echange-point-de-vue-rencontre-1-705x470.jpg 705w, https:\/\/www.xaviergranet.com\/wp-content\/uploads\/2025\/11\/photo-echange-point-de-vue-rencontre-1-80x53.jpg 80w, https:\/\/www.xaviergranet.com\/wp-content\/uploads\/2025\/11\/photo-echange-point-de-vue-rencontre-1-1260x840.jpg 1260w, https:\/\/www.xaviergranet.com\/wp-content\/uploads\/2025\/11\/photo-echange-point-de-vue-rencontre-1-630x420.jpg 630w, https:\/\/www.xaviergranet.com\/wp-content\/uploads\/2025\/11\/photo-echange-point-de-vue-rencontre-1.jpg 2000w\" sizes=\"(max-width: 1536px) 100vw, 1536px\" \/><\/div><\/div><\/figure><\/a><!--end av-masonry entry--><a href=\"https:\/\/www.xaviergranet.com\/wp-content\/uploads\/2025\/11\/photo-ministre-franco-italien-1-1030x687.jpg\" data-srcset=\"https:\/\/www.xaviergranet.com\/wp-content\/uploads\/2025\/11\/photo-ministre-franco-italien-1-1030x687.jpg 1030w, https:\/\/www.xaviergranet.com\/wp-content\/uploads\/2025\/11\/photo-ministre-franco-italien-1-300x200.jpg 300w, https:\/\/www.xaviergranet.com\/wp-content\/uploads\/2025\/11\/photo-ministre-franco-italien-1-768x512.jpg 768w, https:\/\/www.xaviergranet.com\/wp-content\/uploads\/2025\/11\/photo-ministre-franco-italien-1-1536x1024.jpg 1536w, https:\/\/www.xaviergranet.com\/wp-content\/uploads\/2025\/11\/photo-ministre-franco-italien-1-2048x1366.jpg 2048w, https:\/\/www.xaviergranet.com\/wp-content\/uploads\/2025\/11\/photo-ministre-franco-italien-1-1500x1000.jpg 1500w, https:\/\/www.xaviergranet.com\/wp-content\/uploads\/2025\/11\/photo-ministre-franco-italien-1-705x470.jpg 705w, https:\/\/www.xaviergranet.com\/wp-content\/uploads\/2025\/11\/photo-ministre-franco-italien-1-80x53.jpg 80w, https:\/\/www.xaviergranet.com\/wp-content\/uploads\/2025\/11\/photo-ministre-franco-italien-1-1260x840.jpg 1260w, https:\/\/www.xaviergranet.com\/wp-content\/uploads\/2025\/11\/photo-ministre-franco-italien-1-630x420.jpg 630w\" data-sizes=\"(max-width: 1030px) 100vw, 1030px\"  aria-label=\"image photographe institutionnel, portrait du  ministre Laurent Marcangeli\"  id='av-masonry-1-item-7121' data-av-masonry-item='7121' class='av-masonry-entry isotope-item post-7121 attachment type-attachment status-inherit hentry  av-masonry-item-with-image' title=\"\" alt=\"photographe institutionnel, portrait du ministre Laurent Marcangeli\"    itemprop=\"thumbnailUrl\" ><div class='av-inner-masonry-sizer'><\/div><figure class='av-inner-masonry main_color'><div class=\"av-masonry-outerimage-container\"><div class='av-masonry-image-container'  ><img decoding=\"async\" width=\"1536\" height=\"1024\" fetchpriority=\"high\" class=\"wp-image-7121 avia-img-lazy-loading-not-7121\"  src=\"https:\/\/www.xaviergranet.com\/wp-content\/uploads\/2025\/11\/photo-ministre-franco-italien-1-1536x1024.jpg\" title=\"\" alt=\"photographe institutionnel, portrait du ministre Laurent Marcangeli\" srcset=\"https:\/\/www.xaviergranet.com\/wp-content\/uploads\/2025\/11\/photo-ministre-franco-italien-1-1536x1024.jpg 1536w, https:\/\/www.xaviergranet.com\/wp-content\/uploads\/2025\/11\/photo-ministre-franco-italien-1-300x200.jpg 300w, https:\/\/www.xaviergranet.com\/wp-content\/uploads\/2025\/11\/photo-ministre-franco-italien-1-1030x687.jpg 1030w, https:\/\/www.xaviergranet.com\/wp-content\/uploads\/2025\/11\/photo-ministre-franco-italien-1-768x512.jpg 768w, https:\/\/www.xaviergranet.com\/wp-content\/uploads\/2025\/11\/photo-ministre-franco-italien-1-2048x1366.jpg 2048w, https:\/\/www.xaviergranet.com\/wp-content\/uploads\/2025\/11\/photo-ministre-franco-italien-1-1500x1000.jpg 1500w, https:\/\/www.xaviergranet.com\/wp-content\/uploads\/2025\/11\/photo-ministre-franco-italien-1-705x470.jpg 705w, https:\/\/www.xaviergranet.com\/wp-content\/uploads\/2025\/11\/photo-ministre-franco-italien-1-80x53.jpg 80w, https:\/\/www.xaviergranet.com\/wp-content\/uploads\/2025\/11\/photo-ministre-franco-italien-1-1260x840.jpg 1260w, https:\/\/www.xaviergranet.com\/wp-content\/uploads\/2025\/11\/photo-ministre-franco-italien-1-630x420.jpg 630w\" sizes=\"(max-width: 1536px) 100vw, 1536px\" \/><\/div><\/div><\/figure><\/a><!--end av-masonry entry--><a href=\"https:\/\/www.xaviergranet.com\/wp-content\/uploads\/2025\/11\/photo-ministre-presentation-1-1030x687.jpg\" data-srcset=\"https:\/\/www.xaviergranet.com\/wp-content\/uploads\/2025\/11\/photo-ministre-presentation-1-1030x687.jpg 1030w, https:\/\/www.xaviergranet.com\/wp-content\/uploads\/2025\/11\/photo-ministre-presentation-1-300x200.jpg 300w, https:\/\/www.xaviergranet.com\/wp-content\/uploads\/2025\/11\/photo-ministre-presentation-1-768x512.jpg 768w, https:\/\/www.xaviergranet.com\/wp-content\/uploads\/2025\/11\/photo-ministre-presentation-1-1536x1025.jpg 1536w, https:\/\/www.xaviergranet.com\/wp-content\/uploads\/2025\/11\/photo-ministre-presentation-1-1500x1001.jpg 1500w, https:\/\/www.xaviergranet.com\/wp-content\/uploads\/2025\/11\/photo-ministre-presentation-1-705x470.jpg 705w, https:\/\/www.xaviergranet.com\/wp-content\/uploads\/2025\/11\/photo-ministre-presentation-1-80x53.jpg 80w, https:\/\/www.xaviergranet.com\/wp-content\/uploads\/2025\/11\/photo-ministre-presentation-1-1260x840.jpg 1260w, https:\/\/www.xaviergranet.com\/wp-content\/uploads\/2025\/11\/photo-ministre-presentation-1-630x420.jpg 630w, https:\/\/www.xaviergranet.com\/wp-content\/uploads\/2025\/11\/photo-ministre-presentation-1.jpg 2000w\" data-sizes=\"(max-width: 1030px) 100vw, 1030px\"  aria-label=\"image Reportage photographe avec la ministre Elisabetta Casellati\"  id='av-masonry-1-item-7125' data-av-masonry-item='7125' class='av-masonry-entry isotope-item post-7125 attachment type-attachment status-inherit hentry  av-masonry-item-with-image' title=\"\" alt=\"Reportage photographe avec la ministre Elisabetta Casellati\"    itemprop=\"thumbnailUrl\" ><div class='av-inner-masonry-sizer'><\/div><figure class='av-inner-masonry main_color'><div class=\"av-masonry-outerimage-container\"><div class='av-masonry-image-container'  ><img decoding=\"async\" width=\"1536\" height=\"1025\" fetchpriority=\"high\" class=\"wp-image-7125 avia-img-lazy-loading-not-7125\"  src=\"https:\/\/www.xaviergranet.com\/wp-content\/uploads\/2025\/11\/photo-ministre-presentation-1-1536x1025.jpg\" title=\"\" alt=\"Reportage photographe avec la ministre Elisabetta Casellati\" srcset=\"https:\/\/www.xaviergranet.com\/wp-content\/uploads\/2025\/11\/photo-ministre-presentation-1-1536x1025.jpg 1536w, https:\/\/www.xaviergranet.com\/wp-content\/uploads\/2025\/11\/photo-ministre-presentation-1-300x200.jpg 300w, https:\/\/www.xaviergranet.com\/wp-content\/uploads\/2025\/11\/photo-ministre-presentation-1-1030x687.jpg 1030w, https:\/\/www.xaviergranet.com\/wp-content\/uploads\/2025\/11\/photo-ministre-presentation-1-768x512.jpg 768w, https:\/\/www.xaviergranet.com\/wp-content\/uploads\/2025\/11\/photo-ministre-presentation-1-1500x1001.jpg 1500w, https:\/\/www.xaviergranet.com\/wp-content\/uploads\/2025\/11\/photo-ministre-presentation-1-705x470.jpg 705w, https:\/\/www.xaviergranet.com\/wp-content\/uploads\/2025\/11\/photo-ministre-presentation-1-80x53.jpg 80w, https:\/\/www.xaviergranet.com\/wp-content\/uploads\/2025\/11\/photo-ministre-presentation-1-1260x840.jpg 1260w, https:\/\/www.xaviergranet.com\/wp-content\/uploads\/2025\/11\/photo-ministre-presentation-1-630x420.jpg 630w, https:\/\/www.xaviergranet.com\/wp-content\/uploads\/2025\/11\/photo-ministre-presentation-1.jpg 2000w\" sizes=\"(max-width: 1536px) 100vw, 1536px\" \/><\/div><\/div><\/figure><\/a><!--end av-masonry entry--><a href=\"https:\/\/www.xaviergranet.com\/wp-content\/uploads\/2025\/11\/photo-ministre-poignee-de-main-3-1030x687.jpg\" data-srcset=\"https:\/\/www.xaviergranet.com\/wp-content\/uploads\/2025\/11\/photo-ministre-poignee-de-main-3-1030x687.jpg 1030w, https:\/\/www.xaviergranet.com\/wp-content\/uploads\/2025\/11\/photo-ministre-poignee-de-main-3-300x200.jpg 300w, https:\/\/www.xaviergranet.com\/wp-content\/uploads\/2025\/11\/photo-ministre-poignee-de-main-3-768x512.jpg 768w, https:\/\/www.xaviergranet.com\/wp-content\/uploads\/2025\/11\/photo-ministre-poignee-de-main-3-1536x1025.jpg 1536w, https:\/\/www.xaviergranet.com\/wp-content\/uploads\/2025\/11\/photo-ministre-poignee-de-main-3-1500x1001.jpg 1500w, https:\/\/www.xaviergranet.com\/wp-content\/uploads\/2025\/11\/photo-ministre-poignee-de-main-3-705x470.jpg 705w, https:\/\/www.xaviergranet.com\/wp-content\/uploads\/2025\/11\/photo-ministre-poignee-de-main-3-80x53.jpg 80w, https:\/\/www.xaviergranet.com\/wp-content\/uploads\/2025\/11\/photo-ministre-poignee-de-main-3-1260x840.jpg 1260w, https:\/\/www.xaviergranet.com\/wp-content\/uploads\/2025\/11\/photo-ministre-poignee-de-main-3-630x420.jpg 630w, https:\/\/www.xaviergranet.com\/wp-content\/uploads\/2025\/11\/photo-ministre-poignee-de-main-3.jpg 2000w\" data-sizes=\"(max-width: 1030px) 100vw, 1030px\"  aria-label=\"image Reportage photo d&rsquo;un \u00e9v\u00e9nement \u00e0 l&rsquo;OCDE\"  id='av-masonry-1-item-7124' data-av-masonry-item='7124' class='av-masonry-entry isotope-item post-7124 attachment type-attachment status-inherit hentry  av-masonry-item-with-image' title=\"\" alt=\"Reportage photo d&#039;un \u00e9v\u00e9nement \u00e0 l&#039;OCDE\"    itemprop=\"thumbnailUrl\" ><div class='av-inner-masonry-sizer'><\/div><figure class='av-inner-masonry main_color'><div class=\"av-masonry-outerimage-container\"><div class='av-masonry-image-container'  ><img decoding=\"async\" width=\"1536\" height=\"1025\" fetchpriority=\"high\" class=\"wp-image-7124 avia-img-lazy-loading-not-7124\"  src=\"https:\/\/www.xaviergranet.com\/wp-content\/uploads\/2025\/11\/photo-ministre-poignee-de-main-3-1536x1025.jpg\" title=\"\" alt=\"Reportage photo d&#039;un \u00e9v\u00e9nement \u00e0 l&#039;OCDE\" srcset=\"https:\/\/www.xaviergranet.com\/wp-content\/uploads\/2025\/11\/photo-ministre-poignee-de-main-3-1536x1025.jpg 1536w, https:\/\/www.xaviergranet.com\/wp-content\/uploads\/2025\/11\/photo-ministre-poignee-de-main-3-300x200.jpg 300w, https:\/\/www.xaviergranet.com\/wp-content\/uploads\/2025\/11\/photo-ministre-poignee-de-main-3-1030x687.jpg 1030w, https:\/\/www.xaviergranet.com\/wp-content\/uploads\/2025\/11\/photo-ministre-poignee-de-main-3-768x512.jpg 768w, https:\/\/www.xaviergranet.com\/wp-content\/uploads\/2025\/11\/photo-ministre-poignee-de-main-3-1500x1001.jpg 1500w, https:\/\/www.xaviergranet.com\/wp-content\/uploads\/2025\/11\/photo-ministre-poignee-de-main-3-705x470.jpg 705w, https:\/\/www.xaviergranet.com\/wp-content\/uploads\/2025\/11\/photo-ministre-poignee-de-main-3-80x53.jpg 80w, https:\/\/www.xaviergranet.com\/wp-content\/uploads\/2025\/11\/photo-ministre-poignee-de-main-3-1260x840.jpg 1260w, https:\/\/www.xaviergranet.com\/wp-content\/uploads\/2025\/11\/photo-ministre-poignee-de-main-3-630x420.jpg 630w, https:\/\/www.xaviergranet.com\/wp-content\/uploads\/2025\/11\/photo-ministre-poignee-de-main-3.jpg 2000w\" sizes=\"(max-width: 1536px) 100vw, 1536px\" \/><\/div><\/div><\/figure><\/a><!--end av-masonry entry--><a href=\"https:\/\/www.xaviergranet.com\/wp-content\/uploads\/2025\/11\/photo-rencontre-inde-italie-ministre-1-1030x687.jpg\" data-srcset=\"https:\/\/www.xaviergranet.com\/wp-content\/uploads\/2025\/11\/photo-rencontre-inde-italie-ministre-1-1030x687.jpg 1030w, https:\/\/www.xaviergranet.com\/wp-content\/uploads\/2025\/11\/photo-rencontre-inde-italie-ministre-1-300x200.jpg 300w, https:\/\/www.xaviergranet.com\/wp-content\/uploads\/2025\/11\/photo-rencontre-inde-italie-ministre-1-768x512.jpg 768w, https:\/\/www.xaviergranet.com\/wp-content\/uploads\/2025\/11\/photo-rencontre-inde-italie-ministre-1-1536x1025.jpg 1536w, https:\/\/www.xaviergranet.com\/wp-content\/uploads\/2025\/11\/photo-rencontre-inde-italie-ministre-1-1500x1001.jpg 1500w, https:\/\/www.xaviergranet.com\/wp-content\/uploads\/2025\/11\/photo-rencontre-inde-italie-ministre-1-705x470.jpg 705w, https:\/\/www.xaviergranet.com\/wp-content\/uploads\/2025\/11\/photo-rencontre-inde-italie-ministre-1-80x53.jpg 80w, https:\/\/www.xaviergranet.com\/wp-content\/uploads\/2025\/11\/photo-rencontre-inde-italie-ministre-1-1260x840.jpg 1260w, https:\/\/www.xaviergranet.com\/wp-content\/uploads\/2025\/11\/photo-rencontre-inde-italie-ministre-1-630x420.jpg 630w, https:\/\/www.xaviergranet.com\/wp-content\/uploads\/2025\/11\/photo-rencontre-inde-italie-ministre-1.jpg 2000w\" data-sizes=\"(max-width: 1030px) 100vw, 1030px\"  aria-label=\"image Reportage photo rencontre au si\u00e8ge de l&rsquo;OCDE\"  id='av-masonry-1-item-7131' data-av-masonry-item='7131' class='av-masonry-entry isotope-item post-7131 attachment type-attachment status-inherit hentry  av-masonry-item-with-image' title=\"\" alt=\"Reportage photo rencontre au si\u00e8ge de l&#039;OCDE\"    itemprop=\"thumbnailUrl\" ><div class='av-inner-masonry-sizer'><\/div><figure class='av-inner-masonry main_color'><div class=\"av-masonry-outerimage-container\"><div class='av-masonry-image-container'  ><img decoding=\"async\" width=\"1536\" height=\"1025\" fetchpriority=\"high\" class=\"wp-image-7131 avia-img-lazy-loading-not-7131\"  src=\"https:\/\/www.xaviergranet.com\/wp-content\/uploads\/2025\/11\/photo-rencontre-inde-italie-ministre-1-1536x1025.jpg\" title=\"\" alt=\"Reportage photo rencontre au si\u00e8ge de l&#039;OCDE\" srcset=\"https:\/\/www.xaviergranet.com\/wp-content\/uploads\/2025\/11\/photo-rencontre-inde-italie-ministre-1-1536x1025.jpg 1536w, https:\/\/www.xaviergranet.com\/wp-content\/uploads\/2025\/11\/photo-rencontre-inde-italie-ministre-1-300x200.jpg 300w, https:\/\/www.xaviergranet.com\/wp-content\/uploads\/2025\/11\/photo-rencontre-inde-italie-ministre-1-1030x687.jpg 1030w, https:\/\/www.xaviergranet.com\/wp-content\/uploads\/2025\/11\/photo-rencontre-inde-italie-ministre-1-768x512.jpg 768w, https:\/\/www.xaviergranet.com\/wp-content\/uploads\/2025\/11\/photo-rencontre-inde-italie-ministre-1-1500x1001.jpg 1500w, https:\/\/www.xaviergranet.com\/wp-content\/uploads\/2025\/11\/photo-rencontre-inde-italie-ministre-1-705x470.jpg 705w, https:\/\/www.xaviergranet.com\/wp-content\/uploads\/2025\/11\/photo-rencontre-inde-italie-ministre-1-80x53.jpg 80w, https:\/\/www.xaviergranet.com\/wp-content\/uploads\/2025\/11\/photo-rencontre-inde-italie-ministre-1-1260x840.jpg 1260w, https:\/\/www.xaviergranet.com\/wp-content\/uploads\/2025\/11\/photo-rencontre-inde-italie-ministre-1-630x420.jpg 630w, https:\/\/www.xaviergranet.com\/wp-content\/uploads\/2025\/11\/photo-rencontre-inde-italie-ministre-1.jpg 2000w\" sizes=\"(max-width: 1536px) 100vw, 1536px\" \/><\/div><\/div><\/figure><\/a><!--end av-masonry entry--><a href=\"https:\/\/www.xaviergranet.com\/wp-content\/uploads\/2025\/11\/photo-table-ronde-echange-international-1-1030x686.jpg\" data-srcset=\"https:\/\/www.xaviergranet.com\/wp-content\/uploads\/2025\/11\/photo-table-ronde-echange-international-1-1030x686.jpg 1030w, https:\/\/www.xaviergranet.com\/wp-content\/uploads\/2025\/11\/photo-table-ronde-echange-international-1-300x200.jpg 300w, https:\/\/www.xaviergranet.com\/wp-content\/uploads\/2025\/11\/photo-table-ronde-echange-international-1-768x512.jpg 768w, https:\/\/www.xaviergranet.com\/wp-content\/uploads\/2025\/11\/photo-table-ronde-echange-international-1-1536x1024.jpg 1536w, https:\/\/www.xaviergranet.com\/wp-content\/uploads\/2025\/11\/photo-table-ronde-echange-international-1-2048x1365.jpg 2048w, https:\/\/www.xaviergranet.com\/wp-content\/uploads\/2025\/11\/photo-table-ronde-echange-international-1-1500x1000.jpg 1500w, https:\/\/www.xaviergranet.com\/wp-content\/uploads\/2025\/11\/photo-table-ronde-echange-international-1-705x470.jpg 705w, https:\/\/www.xaviergranet.com\/wp-content\/uploads\/2025\/11\/photo-table-ronde-echange-international-1-80x53.jpg 80w, https:\/\/www.xaviergranet.com\/wp-content\/uploads\/2025\/11\/photo-table-ronde-echange-international-1-1260x840.jpg 1260w, https:\/\/www.xaviergranet.com\/wp-content\/uploads\/2025\/11\/photo-table-ronde-echange-international-1-630x420.jpg 630w\" data-sizes=\"(max-width: 1030px) 100vw, 1030px\"  aria-label=\"image Reportage photo institutionnel OCDE\"  id='av-masonry-1-item-7142' data-av-masonry-item='7142' class='av-masonry-entry isotope-item post-7142 attachment type-attachment status-inherit hentry  av-masonry-item-with-image' title=\"\" alt=\"Reportage photo institutionnel OCDE\"    itemprop=\"thumbnailUrl\" ><div class='av-inner-masonry-sizer'><\/div><figure class='av-inner-masonry main_color'><div class=\"av-masonry-outerimage-container\"><div class='av-masonry-image-container'  ><img decoding=\"async\" width=\"1536\" height=\"1024\" fetchpriority=\"high\" class=\"wp-image-7142 avia-img-lazy-loading-not-7142\"  src=\"https:\/\/www.xaviergranet.com\/wp-content\/uploads\/2025\/11\/photo-table-ronde-echange-international-1-1536x1024.jpg\" title=\"\" alt=\"Reportage photo institutionnel OCDE\" srcset=\"https:\/\/www.xaviergranet.com\/wp-content\/uploads\/2025\/11\/photo-table-ronde-echange-international-1-1536x1024.jpg 1536w, https:\/\/www.xaviergranet.com\/wp-content\/uploads\/2025\/11\/photo-table-ronde-echange-international-1-300x200.jpg 300w, https:\/\/www.xaviergranet.com\/wp-content\/uploads\/2025\/11\/photo-table-ronde-echange-international-1-1030x686.jpg 1030w, https:\/\/www.xaviergranet.com\/wp-content\/uploads\/2025\/11\/photo-table-ronde-echange-international-1-768x512.jpg 768w, https:\/\/www.xaviergranet.com\/wp-content\/uploads\/2025\/11\/photo-table-ronde-echange-international-1-2048x1365.jpg 2048w, https:\/\/www.xaviergranet.com\/wp-content\/uploads\/2025\/11\/photo-table-ronde-echange-international-1-1500x1000.jpg 1500w, https:\/\/www.xaviergranet.com\/wp-content\/uploads\/2025\/11\/photo-table-ronde-echange-international-1-705x470.jpg 705w, https:\/\/www.xaviergranet.com\/wp-content\/uploads\/2025\/11\/photo-table-ronde-echange-international-1-80x53.jpg 80w, https:\/\/www.xaviergranet.com\/wp-content\/uploads\/2025\/11\/photo-table-ronde-echange-international-1-1260x840.jpg 1260w, https:\/\/www.xaviergranet.com\/wp-content\/uploads\/2025\/11\/photo-table-ronde-echange-international-1-630x420.jpg 630w\" sizes=\"(max-width: 1536px) 100vw, 1536px\" \/><\/div><\/div><\/figure><\/a><!--end av-masonry entry--><a href=\"https:\/\/www.xaviergranet.com\/wp-content\/uploads\/2025\/11\/photo-salle-rencontre-huit-clos-ministre-1-1030x687.jpg\" data-srcset=\"https:\/\/www.xaviergranet.com\/wp-content\/uploads\/2025\/11\/photo-salle-rencontre-huit-clos-ministre-1-1030x687.jpg 1030w, https:\/\/www.xaviergranet.com\/wp-content\/uploads\/2025\/11\/photo-salle-rencontre-huit-clos-ministre-1-300x200.jpg 300w, https:\/\/www.xaviergranet.com\/wp-content\/uploads\/2025\/11\/photo-salle-rencontre-huit-clos-ministre-1-768x512.jpg 768w, https:\/\/www.xaviergranet.com\/wp-content\/uploads\/2025\/11\/photo-salle-rencontre-huit-clos-ministre-1-1536x1024.jpg 1536w, https:\/\/www.xaviergranet.com\/wp-content\/uploads\/2025\/11\/photo-salle-rencontre-huit-clos-ministre-1-2048x1366.jpg 2048w, https:\/\/www.xaviergranet.com\/wp-content\/uploads\/2025\/11\/photo-salle-rencontre-huit-clos-ministre-1-1500x1000.jpg 1500w, https:\/\/www.xaviergranet.com\/wp-content\/uploads\/2025\/11\/photo-salle-rencontre-huit-clos-ministre-1-705x470.jpg 705w, https:\/\/www.xaviergranet.com\/wp-content\/uploads\/2025\/11\/photo-salle-rencontre-huit-clos-ministre-1-80x53.jpg 80w, https:\/\/www.xaviergranet.com\/wp-content\/uploads\/2025\/11\/photo-salle-rencontre-huit-clos-ministre-1-1260x840.jpg 1260w, https:\/\/www.xaviergranet.com\/wp-content\/uploads\/2025\/11\/photo-salle-rencontre-huit-clos-ministre-1-630x420.jpg 630w\" data-sizes=\"(max-width: 1030px) 100vw, 1030px\"  aria-label=\"image Reportage photo d&rsquo;un huit-clos avec le ministre\"  id='av-masonry-1-item-7141' data-av-masonry-item='7141' class='av-masonry-entry isotope-item post-7141 attachment type-attachment status-inherit hentry  av-masonry-item-with-image' title=\"\" alt=\"Reportage photo d&#039;un huit-clos avec le ministre\"    itemprop=\"thumbnailUrl\" ><div class='av-inner-masonry-sizer'><\/div><figure class='av-inner-masonry main_color'><div class=\"av-masonry-outerimage-container\"><div class='av-masonry-image-container'  ><img decoding=\"async\" width=\"1536\" height=\"1024\" fetchpriority=\"high\" class=\"wp-image-7141 avia-img-lazy-loading-not-7141\"  src=\"https:\/\/www.xaviergranet.com\/wp-content\/uploads\/2025\/11\/photo-salle-rencontre-huit-clos-ministre-1-1536x1024.jpg\" title=\"\" alt=\"Reportage photo d&#039;un huit-clos avec le ministre\" srcset=\"https:\/\/www.xaviergranet.com\/wp-content\/uploads\/2025\/11\/photo-salle-rencontre-huit-clos-ministre-1-1536x1024.jpg 1536w, https:\/\/www.xaviergranet.com\/wp-content\/uploads\/2025\/11\/photo-salle-rencontre-huit-clos-ministre-1-300x200.jpg 300w, https:\/\/www.xaviergranet.com\/wp-content\/uploads\/2025\/11\/photo-salle-rencontre-huit-clos-ministre-1-1030x687.jpg 1030w, https:\/\/www.xaviergranet.com\/wp-content\/uploads\/2025\/11\/photo-salle-rencontre-huit-clos-ministre-1-768x512.jpg 768w, https:\/\/www.xaviergranet.com\/wp-content\/uploads\/2025\/11\/photo-salle-rencontre-huit-clos-ministre-1-2048x1366.jpg 2048w, https:\/\/www.xaviergranet.com\/wp-content\/uploads\/2025\/11\/photo-salle-rencontre-huit-clos-ministre-1-1500x1000.jpg 1500w, https:\/\/www.xaviergranet.com\/wp-content\/uploads\/2025\/11\/photo-salle-rencontre-huit-clos-ministre-1-705x470.jpg 705w, https:\/\/www.xaviergranet.com\/wp-content\/uploads\/2025\/11\/photo-salle-rencontre-huit-clos-ministre-1-80x53.jpg 80w, https:\/\/www.xaviergranet.com\/wp-content\/uploads\/2025\/11\/photo-salle-rencontre-huit-clos-ministre-1-1260x840.jpg 1260w, https:\/\/www.xaviergranet.com\/wp-content\/uploads\/2025\/11\/photo-salle-rencontre-huit-clos-ministre-1-630x420.jpg 630w\" sizes=\"(max-width: 1536px) 100vw, 1536px\" \/><\/div><\/div><\/figure><\/a><!--end av-masonry entry--><a href=\"https:\/\/www.xaviergranet.com\/wp-content\/uploads\/2025\/11\/photo-rendez-vous-ministeriel-1-1030x687.jpg\" data-srcset=\"https:\/\/www.xaviergranet.com\/wp-content\/uploads\/2025\/11\/photo-rendez-vous-ministeriel-1-1030x687.jpg 1030w, https:\/\/www.xaviergranet.com\/wp-content\/uploads\/2025\/11\/photo-rendez-vous-ministeriel-1-300x200.jpg 300w, https:\/\/www.xaviergranet.com\/wp-content\/uploads\/2025\/11\/photo-rendez-vous-ministeriel-1-768x512.jpg 768w, https:\/\/www.xaviergranet.com\/wp-content\/uploads\/2025\/11\/photo-rendez-vous-ministeriel-1-1536x1025.jpg 1536w, https:\/\/www.xaviergranet.com\/wp-content\/uploads\/2025\/11\/photo-rendez-vous-ministeriel-1-1500x1001.jpg 1500w, https:\/\/www.xaviergranet.com\/wp-content\/uploads\/2025\/11\/photo-rendez-vous-ministeriel-1-705x470.jpg 705w, https:\/\/www.xaviergranet.com\/wp-content\/uploads\/2025\/11\/photo-rendez-vous-ministeriel-1-80x53.jpg 80w, https:\/\/www.xaviergranet.com\/wp-content\/uploads\/2025\/11\/photo-rendez-vous-ministeriel-1-1260x840.jpg 1260w, https:\/\/www.xaviergranet.com\/wp-content\/uploads\/2025\/11\/photo-rendez-vous-ministeriel-1-630x420.jpg 630w, https:\/\/www.xaviergranet.com\/wp-content\/uploads\/2025\/11\/photo-rendez-vous-ministeriel-1.jpg 2000w\" data-sizes=\"(max-width: 1030px) 100vw, 1030px\"  aria-label=\"image Reportage photographe institutionnel au sein de l&rsquo;OCDE\"  id='av-masonry-1-item-7140' data-av-masonry-item='7140' class='av-masonry-entry isotope-item post-7140 attachment type-attachment status-inherit hentry  av-masonry-item-with-image' title=\"\" alt=\"Reportage photographe institutionnel au sein de l&#039;OCDE\"    itemprop=\"thumbnailUrl\" ><div class='av-inner-masonry-sizer'><\/div><figure class='av-inner-masonry main_color'><div class=\"av-masonry-outerimage-container\"><div class='av-masonry-image-container'  ><img decoding=\"async\" width=\"1536\" height=\"1025\" fetchpriority=\"high\" class=\"wp-image-7140 avia-img-lazy-loading-not-7140\"  src=\"https:\/\/www.xaviergranet.com\/wp-content\/uploads\/2025\/11\/photo-rendez-vous-ministeriel-1-1536x1025.jpg\" title=\"\" alt=\"Reportage photographe institutionnel au sein de l&#039;OCDE\" srcset=\"https:\/\/www.xaviergranet.com\/wp-content\/uploads\/2025\/11\/photo-rendez-vous-ministeriel-1-1536x1025.jpg 1536w, https:\/\/www.xaviergranet.com\/wp-content\/uploads\/2025\/11\/photo-rendez-vous-ministeriel-1-300x200.jpg 300w, https:\/\/www.xaviergranet.com\/wp-content\/uploads\/2025\/11\/photo-rendez-vous-ministeriel-1-1030x687.jpg 1030w, https:\/\/www.xaviergranet.com\/wp-content\/uploads\/2025\/11\/photo-rendez-vous-ministeriel-1-768x512.jpg 768w, https:\/\/www.xaviergranet.com\/wp-content\/uploads\/2025\/11\/photo-rendez-vous-ministeriel-1-1500x1001.jpg 1500w, https:\/\/www.xaviergranet.com\/wp-content\/uploads\/2025\/11\/photo-rendez-vous-ministeriel-1-705x470.jpg 705w, https:\/\/www.xaviergranet.com\/wp-content\/uploads\/2025\/11\/photo-rendez-vous-ministeriel-1-80x53.jpg 80w, https:\/\/www.xaviergranet.com\/wp-content\/uploads\/2025\/11\/photo-rendez-vous-ministeriel-1-1260x840.jpg 1260w, https:\/\/www.xaviergranet.com\/wp-content\/uploads\/2025\/11\/photo-rendez-vous-ministeriel-1-630x420.jpg 630w, https:\/\/www.xaviergranet.com\/wp-content\/uploads\/2025\/11\/photo-rendez-vous-ministeriel-1.jpg 2000w\" sizes=\"(max-width: 1536px) 100vw, 1536px\" \/><\/div><\/div><\/figure><\/a><!--end av-masonry entry--><a href=\"https:\/\/www.xaviergranet.com\/wp-content\/uploads\/2025\/11\/photo-rencontre-ocde-1-1030x687.jpg\" data-srcset=\"https:\/\/www.xaviergranet.com\/wp-content\/uploads\/2025\/11\/photo-rencontre-ocde-1-1030x687.jpg 1030w, https:\/\/www.xaviergranet.com\/wp-content\/uploads\/2025\/11\/photo-rencontre-ocde-1-300x200.jpg 300w, https:\/\/www.xaviergranet.com\/wp-content\/uploads\/2025\/11\/photo-rencontre-ocde-1-768x512.jpg 768w, https:\/\/www.xaviergranet.com\/wp-content\/uploads\/2025\/11\/photo-rencontre-ocde-1-1536x1025.jpg 1536w, https:\/\/www.xaviergranet.com\/wp-content\/uploads\/2025\/11\/photo-rencontre-ocde-1-1500x1001.jpg 1500w, https:\/\/www.xaviergranet.com\/wp-content\/uploads\/2025\/11\/photo-rencontre-ocde-1-705x470.jpg 705w, https:\/\/www.xaviergranet.com\/wp-content\/uploads\/2025\/11\/photo-rencontre-ocde-1-80x53.jpg 80w, https:\/\/www.xaviergranet.com\/wp-content\/uploads\/2025\/11\/photo-rencontre-ocde-1-1260x840.jpg 1260w, https:\/\/www.xaviergranet.com\/wp-content\/uploads\/2025\/11\/photo-rencontre-ocde-1-630x420.jpg 630w, https:\/\/www.xaviergranet.com\/wp-content\/uploads\/2025\/11\/photo-rencontre-ocde-1.jpg 2000w\" data-sizes=\"(max-width: 1030px) 100vw, 1030px\"  aria-label=\"image Photographe institutionnel OCDE\"  id='av-masonry-1-item-7136' data-av-masonry-item='7136' class='av-masonry-entry isotope-item post-7136 attachment type-attachment status-inherit hentry  av-masonry-item-with-image' title=\"\" alt=\"Photographe institutionnel OCDE\"    itemprop=\"thumbnailUrl\" ><div class='av-inner-masonry-sizer'><\/div><figure class='av-inner-masonry main_color'><div class=\"av-masonry-outerimage-container\"><div class='av-masonry-image-container'  ><img decoding=\"async\" width=\"1536\" height=\"1025\" fetchpriority=\"high\" class=\"wp-image-7136 avia-img-lazy-loading-not-7136\"  src=\"https:\/\/www.xaviergranet.com\/wp-content\/uploads\/2025\/11\/photo-rencontre-ocde-1-1536x1025.jpg\" title=\"\" alt=\"Photographe institutionnel OCDE\" srcset=\"https:\/\/www.xaviergranet.com\/wp-content\/uploads\/2025\/11\/photo-rencontre-ocde-1-1536x1025.jpg 1536w, https:\/\/www.xaviergranet.com\/wp-content\/uploads\/2025\/11\/photo-rencontre-ocde-1-300x200.jpg 300w, https:\/\/www.xaviergranet.com\/wp-content\/uploads\/2025\/11\/photo-rencontre-ocde-1-1030x687.jpg 1030w, https:\/\/www.xaviergranet.com\/wp-content\/uploads\/2025\/11\/photo-rencontre-ocde-1-768x512.jpg 768w, https:\/\/www.xaviergranet.com\/wp-content\/uploads\/2025\/11\/photo-rencontre-ocde-1-1500x1001.jpg 1500w, https:\/\/www.xaviergranet.com\/wp-content\/uploads\/2025\/11\/photo-rencontre-ocde-1-705x470.jpg 705w, https:\/\/www.xaviergranet.com\/wp-content\/uploads\/2025\/11\/photo-rencontre-ocde-1-80x53.jpg 80w, https:\/\/www.xaviergranet.com\/wp-content\/uploads\/2025\/11\/photo-rencontre-ocde-1-1260x840.jpg 1260w, https:\/\/www.xaviergranet.com\/wp-content\/uploads\/2025\/11\/photo-rencontre-ocde-1-630x420.jpg 630w, https:\/\/www.xaviergranet.com\/wp-content\/uploads\/2025\/11\/photo-rencontre-ocde-1.jpg 2000w\" sizes=\"(max-width: 1536px) 100vw, 1536px\" \/><\/div><\/div><\/figure><\/a><!--end av-masonry entry--><a href=\"https:\/\/www.xaviergranet.com\/wp-content\/uploads\/2025\/11\/photo-rencontre-delegations-1-1030x687.jpg\" data-srcset=\"https:\/\/www.xaviergranet.com\/wp-content\/uploads\/2025\/11\/photo-rencontre-delegations-1-1030x687.jpg 1030w, https:\/\/www.xaviergranet.com\/wp-content\/uploads\/2025\/11\/photo-rencontre-delegations-1-300x200.jpg 300w, https:\/\/www.xaviergranet.com\/wp-content\/uploads\/2025\/11\/photo-rencontre-delegations-1-768x512.jpg 768w, https:\/\/www.xaviergranet.com\/wp-content\/uploads\/2025\/11\/photo-rencontre-delegations-1-1536x1025.jpg 1536w, https:\/\/www.xaviergranet.com\/wp-content\/uploads\/2025\/11\/photo-rencontre-delegations-1-1500x1001.jpg 1500w, https:\/\/www.xaviergranet.com\/wp-content\/uploads\/2025\/11\/photo-rencontre-delegations-1-705x470.jpg 705w, https:\/\/www.xaviergranet.com\/wp-content\/uploads\/2025\/11\/photo-rencontre-delegations-1-80x53.jpg 80w, https:\/\/www.xaviergranet.com\/wp-content\/uploads\/2025\/11\/photo-rencontre-delegations-1-1260x840.jpg 1260w, https:\/\/www.xaviergranet.com\/wp-content\/uploads\/2025\/11\/photo-rencontre-delegations-1-630x420.jpg 630w, https:\/\/www.xaviergranet.com\/wp-content\/uploads\/2025\/11\/photo-rencontre-delegations-1.jpg 2000w\" data-sizes=\"(max-width: 1030px) 100vw, 1030px\"  aria-label=\"image Reportage photo de la d\u00e9l\u00e9gation italienne\"  id='av-masonry-1-item-7130' data-av-masonry-item='7130' class='av-masonry-entry isotope-item post-7130 attachment type-attachment status-inherit hentry  av-masonry-item-with-image' title=\"\" alt=\"Reportage photo de la d\u00e9l\u00e9gation italienne\"    itemprop=\"thumbnailUrl\" ><div class='av-inner-masonry-sizer'><\/div><figure class='av-inner-masonry main_color'><div class=\"av-masonry-outerimage-container\"><div class='av-masonry-image-container'  ><img decoding=\"async\" width=\"1536\" height=\"1025\" fetchpriority=\"high\" class=\"wp-image-7130 avia-img-lazy-loading-not-7130\"  src=\"https:\/\/www.xaviergranet.com\/wp-content\/uploads\/2025\/11\/photo-rencontre-delegations-1-1536x1025.jpg\" title=\"\" alt=\"Reportage photo de la d\u00e9l\u00e9gation italienne\" srcset=\"https:\/\/www.xaviergranet.com\/wp-content\/uploads\/2025\/11\/photo-rencontre-delegations-1-1536x1025.jpg 1536w, https:\/\/www.xaviergranet.com\/wp-content\/uploads\/2025\/11\/photo-rencontre-delegations-1-300x200.jpg 300w, https:\/\/www.xaviergranet.com\/wp-content\/uploads\/2025\/11\/photo-rencontre-delegations-1-1030x687.jpg 1030w, https:\/\/www.xaviergranet.com\/wp-content\/uploads\/2025\/11\/photo-rencontre-delegations-1-768x512.jpg 768w, https:\/\/www.xaviergranet.com\/wp-content\/uploads\/2025\/11\/photo-rencontre-delegations-1-1500x1001.jpg 1500w, https:\/\/www.xaviergranet.com\/wp-content\/uploads\/2025\/11\/photo-rencontre-delegations-1-705x470.jpg 705w, https:\/\/www.xaviergranet.com\/wp-content\/uploads\/2025\/11\/photo-rencontre-delegations-1-80x53.jpg 80w, https:\/\/www.xaviergranet.com\/wp-content\/uploads\/2025\/11\/photo-rencontre-delegations-1-1260x840.jpg 1260w, https:\/\/www.xaviergranet.com\/wp-content\/uploads\/2025\/11\/photo-rencontre-delegations-1-630x420.jpg 630w, https:\/\/www.xaviergranet.com\/wp-content\/uploads\/2025\/11\/photo-rencontre-delegations-1.jpg 2000w\" sizes=\"(max-width: 1536px) 100vw, 1536px\" \/><\/div><\/div><\/figure><\/a><!--end av-masonry entry--><a href=\"https:\/\/www.xaviergranet.com\/wp-content\/uploads\/2025\/11\/photographe-ministre-reunion-1-1030x687.jpg\" data-srcset=\"https:\/\/www.xaviergranet.com\/wp-content\/uploads\/2025\/11\/photographe-ministre-reunion-1-1030x687.jpg 1030w, https:\/\/www.xaviergranet.com\/wp-content\/uploads\/2025\/11\/photographe-ministre-reunion-1-300x200.jpg 300w, https:\/\/www.xaviergranet.com\/wp-content\/uploads\/2025\/11\/photographe-ministre-reunion-1-768x512.jpg 768w, https:\/\/www.xaviergranet.com\/wp-content\/uploads\/2025\/11\/photographe-ministre-reunion-1-1536x1025.jpg 1536w, https:\/\/www.xaviergranet.com\/wp-content\/uploads\/2025\/11\/photographe-ministre-reunion-1-1500x1001.jpg 1500w, https:\/\/www.xaviergranet.com\/wp-content\/uploads\/2025\/11\/photographe-ministre-reunion-1-705x470.jpg 705w, https:\/\/www.xaviergranet.com\/wp-content\/uploads\/2025\/11\/photographe-ministre-reunion-1-80x53.jpg 80w, https:\/\/www.xaviergranet.com\/wp-content\/uploads\/2025\/11\/photographe-ministre-reunion-1-1260x840.jpg 1260w, https:\/\/www.xaviergranet.com\/wp-content\/uploads\/2025\/11\/photographe-ministre-reunion-1-630x420.jpg 630w, https:\/\/www.xaviergranet.com\/wp-content\/uploads\/2025\/11\/photographe-ministre-reunion-1.jpg 2000w\" data-sizes=\"(max-width: 1030px) 100vw, 1030px\"  aria-label=\"image Reportage photographe institutionnel Paris\"  id='av-masonry-1-item-7144' data-av-masonry-item='7144' class='av-masonry-entry isotope-item post-7144 attachment type-attachment status-inherit hentry  av-masonry-item-with-image' title=\"\" alt=\"Reportage photographe institutionnel Paris\"    itemprop=\"thumbnailUrl\" ><div class='av-inner-masonry-sizer'><\/div><figure class='av-inner-masonry main_color'><div class=\"av-masonry-outerimage-container\"><div class='av-masonry-image-container'  ><img decoding=\"async\" width=\"1536\" height=\"1025\" fetchpriority=\"high\" class=\"wp-image-7144 avia-img-lazy-loading-not-7144\"  src=\"https:\/\/www.xaviergranet.com\/wp-content\/uploads\/2025\/11\/photographe-ministre-reunion-1-1536x1025.jpg\" title=\"\" alt=\"Reportage photographe institutionnel Paris\" srcset=\"https:\/\/www.xaviergranet.com\/wp-content\/uploads\/2025\/11\/photographe-ministre-reunion-1-1536x1025.jpg 1536w, https:\/\/www.xaviergranet.com\/wp-content\/uploads\/2025\/11\/photographe-ministre-reunion-1-300x200.jpg 300w, https:\/\/www.xaviergranet.com\/wp-content\/uploads\/2025\/11\/photographe-ministre-reunion-1-1030x687.jpg 1030w, https:\/\/www.xaviergranet.com\/wp-content\/uploads\/2025\/11\/photographe-ministre-reunion-1-768x512.jpg 768w, https:\/\/www.xaviergranet.com\/wp-content\/uploads\/2025\/11\/photographe-ministre-reunion-1-1500x1001.jpg 1500w, https:\/\/www.xaviergranet.com\/wp-content\/uploads\/2025\/11\/photographe-ministre-reunion-1-705x470.jpg 705w, https:\/\/www.xaviergranet.com\/wp-content\/uploads\/2025\/11\/photographe-ministre-reunion-1-80x53.jpg 80w, https:\/\/www.xaviergranet.com\/wp-content\/uploads\/2025\/11\/photographe-ministre-reunion-1-1260x840.jpg 1260w, https:\/\/www.xaviergranet.com\/wp-content\/uploads\/2025\/11\/photographe-ministre-reunion-1-630x420.jpg 630w, https:\/\/www.xaviergranet.com\/wp-content\/uploads\/2025\/11\/photographe-ministre-reunion-1.jpg 2000w\" sizes=\"(max-width: 1536px) 100vw, 1536px\" \/><\/div><\/div><\/figure><\/a><!--end av-masonry entry--><a href=\"https:\/\/www.xaviergranet.com\/wp-content\/uploads\/2025\/11\/photo-monde-politique-1-1030x687.jpg\" data-srcset=\"https:\/\/www.xaviergranet.com\/wp-content\/uploads\/2025\/11\/photo-monde-politique-1-1030x687.jpg 1030w, https:\/\/www.xaviergranet.com\/wp-content\/uploads\/2025\/11\/photo-monde-politique-1-300x200.jpg 300w, https:\/\/www.xaviergranet.com\/wp-content\/uploads\/2025\/11\/photo-monde-politique-1-768x512.jpg 768w, https:\/\/www.xaviergranet.com\/wp-content\/uploads\/2025\/11\/photo-monde-politique-1-1536x1025.jpg 1536w, https:\/\/www.xaviergranet.com\/wp-content\/uploads\/2025\/11\/photo-monde-politique-1-1500x1001.jpg 1500w, https:\/\/www.xaviergranet.com\/wp-content\/uploads\/2025\/11\/photo-monde-politique-1-705x470.jpg 705w, https:\/\/www.xaviergranet.com\/wp-content\/uploads\/2025\/11\/photo-monde-politique-1-80x53.jpg 80w, https:\/\/www.xaviergranet.com\/wp-content\/uploads\/2025\/11\/photo-monde-politique-1-1260x840.jpg 1260w, https:\/\/www.xaviergranet.com\/wp-content\/uploads\/2025\/11\/photo-monde-politique-1-630x420.jpg 630w, https:\/\/www.xaviergranet.com\/wp-content\/uploads\/2025\/11\/photo-monde-politique-1.jpg 2000w\" data-sizes=\"(max-width: 1030px) 100vw, 1030px\"  aria-label=\"image Photographe institutionnel sur la rencontre minist\u00e9rielle\"  id='av-masonry-1-item-7126' data-av-masonry-item='7126' class='av-masonry-entry isotope-item post-7126 attachment type-attachment status-inherit hentry  av-masonry-item-with-image' title=\"\" alt=\"Photographe institutionnel sur la rencontre minist\u00e9rielle\"    itemprop=\"thumbnailUrl\" ><div class='av-inner-masonry-sizer'><\/div><figure class='av-inner-masonry main_color'><div class=\"av-masonry-outerimage-container\"><div class='av-masonry-image-container'  ><img decoding=\"async\" width=\"1536\" height=\"1025\" fetchpriority=\"high\" class=\"wp-image-7126 avia-img-lazy-loading-not-7126\"  src=\"https:\/\/www.xaviergranet.com\/wp-content\/uploads\/2025\/11\/photo-monde-politique-1-1536x1025.jpg\" title=\"\" alt=\"Photographe institutionnel sur la rencontre minist\u00e9rielle\" srcset=\"https:\/\/www.xaviergranet.com\/wp-content\/uploads\/2025\/11\/photo-monde-politique-1-1536x1025.jpg 1536w, https:\/\/www.xaviergranet.com\/wp-content\/uploads\/2025\/11\/photo-monde-politique-1-300x200.jpg 300w, https:\/\/www.xaviergranet.com\/wp-content\/uploads\/2025\/11\/photo-monde-politique-1-1030x687.jpg 1030w, https:\/\/www.xaviergranet.com\/wp-content\/uploads\/2025\/11\/photo-monde-politique-1-768x512.jpg 768w, https:\/\/www.xaviergranet.com\/wp-content\/uploads\/2025\/11\/photo-monde-politique-1-1500x1001.jpg 1500w, https:\/\/www.xaviergranet.com\/wp-content\/uploads\/2025\/11\/photo-monde-politique-1-705x470.jpg 705w, https:\/\/www.xaviergranet.com\/wp-content\/uploads\/2025\/11\/photo-monde-politique-1-80x53.jpg 80w, https:\/\/www.xaviergranet.com\/wp-content\/uploads\/2025\/11\/photo-monde-politique-1-1260x840.jpg 1260w, https:\/\/www.xaviergranet.com\/wp-content\/uploads\/2025\/11\/photo-monde-politique-1-630x420.jpg 630w, https:\/\/www.xaviergranet.com\/wp-content\/uploads\/2025\/11\/photo-monde-politique-1.jpg 2000w\" sizes=\"(max-width: 1536px) 100vw, 1536px\" \/><\/div><\/div><\/figure><\/a><!--end av-masonry entry--><a href=\"https:\/\/www.xaviergranet.com\/wp-content\/uploads\/2025\/11\/photo-rencontre-mairie-de-paris-1-1030x687.jpg\" data-srcset=\"https:\/\/www.xaviergranet.com\/wp-content\/uploads\/2025\/11\/photo-rencontre-mairie-de-paris-1-1030x687.jpg 1030w, https:\/\/www.xaviergranet.com\/wp-content\/uploads\/2025\/11\/photo-rencontre-mairie-de-paris-1-300x200.jpg 300w, https:\/\/www.xaviergranet.com\/wp-content\/uploads\/2025\/11\/photo-rencontre-mairie-de-paris-1-768x512.jpg 768w, https:\/\/www.xaviergranet.com\/wp-content\/uploads\/2025\/11\/photo-rencontre-mairie-de-paris-1-1536x1025.jpg 1536w, https:\/\/www.xaviergranet.com\/wp-content\/uploads\/2025\/11\/photo-rencontre-mairie-de-paris-1-1500x1001.jpg 1500w, https:\/\/www.xaviergranet.com\/wp-content\/uploads\/2025\/11\/photo-rencontre-mairie-de-paris-1-705x470.jpg 705w, https:\/\/www.xaviergranet.com\/wp-content\/uploads\/2025\/11\/photo-rencontre-mairie-de-paris-1-80x53.jpg 80w, https:\/\/www.xaviergranet.com\/wp-content\/uploads\/2025\/11\/photo-rencontre-mairie-de-paris-1-1260x840.jpg 1260w, https:\/\/www.xaviergranet.com\/wp-content\/uploads\/2025\/11\/photo-rencontre-mairie-de-paris-1-630x420.jpg 630w, https:\/\/www.xaviergranet.com\/wp-content\/uploads\/2025\/11\/photo-rencontre-mairie-de-paris-1.jpg 2000w\" data-sizes=\"(max-width: 1030px) 100vw, 1030px\"  aria-label=\"image Reportage photo de la rencontre de la Ministre italienne et Anne Hidalgo\"  id='av-masonry-1-item-7134' data-av-masonry-item='7134' class='av-masonry-entry isotope-item post-7134 attachment type-attachment status-inherit hentry  av-masonry-item-with-image' title=\"\" alt=\"Reportage photo de la rencontre de la Ministre italienne et Anne Hidalgo\"    itemprop=\"thumbnailUrl\" ><div class='av-inner-masonry-sizer'><\/div><figure class='av-inner-masonry main_color'><div class=\"av-masonry-outerimage-container\"><div class='av-masonry-image-container'  ><img decoding=\"async\" width=\"1536\" height=\"1025\" fetchpriority=\"high\" class=\"wp-image-7134 avia-img-lazy-loading-not-7134\"  src=\"https:\/\/www.xaviergranet.com\/wp-content\/uploads\/2025\/11\/photo-rencontre-mairie-de-paris-1-1536x1025.jpg\" title=\"\" alt=\"Reportage photo de la rencontre de la Ministre italienne et Anne Hidalgo\" srcset=\"https:\/\/www.xaviergranet.com\/wp-content\/uploads\/2025\/11\/photo-rencontre-mairie-de-paris-1-1536x1025.jpg 1536w, https:\/\/www.xaviergranet.com\/wp-content\/uploads\/2025\/11\/photo-rencontre-mairie-de-paris-1-300x200.jpg 300w, https:\/\/www.xaviergranet.com\/wp-content\/uploads\/2025\/11\/photo-rencontre-mairie-de-paris-1-1030x687.jpg 1030w, https:\/\/www.xaviergranet.com\/wp-content\/uploads\/2025\/11\/photo-rencontre-mairie-de-paris-1-768x512.jpg 768w, https:\/\/www.xaviergranet.com\/wp-content\/uploads\/2025\/11\/photo-rencontre-mairie-de-paris-1-1500x1001.jpg 1500w, https:\/\/www.xaviergranet.com\/wp-content\/uploads\/2025\/11\/photo-rencontre-mairie-de-paris-1-705x470.jpg 705w, https:\/\/www.xaviergranet.com\/wp-content\/uploads\/2025\/11\/photo-rencontre-mairie-de-paris-1-80x53.jpg 80w, https:\/\/www.xaviergranet.com\/wp-content\/uploads\/2025\/11\/photo-rencontre-mairie-de-paris-1-1260x840.jpg 1260w, https:\/\/www.xaviergranet.com\/wp-content\/uploads\/2025\/11\/photo-rencontre-mairie-de-paris-1-630x420.jpg 630w, https:\/\/www.xaviergranet.com\/wp-content\/uploads\/2025\/11\/photo-rencontre-mairie-de-paris-1.jpg 2000w\" sizes=\"(max-width: 1536px) 100vw, 1536px\" \/><\/div><\/div><\/figure><\/a><!--end av-masonry entry--><a href=\"https:\/\/www.xaviergranet.com\/wp-content\/uploads\/2025\/11\/photo-ministre-casellati-maire-hidalgo-1-1030x687.jpg\" data-srcset=\"https:\/\/www.xaviergranet.com\/wp-content\/uploads\/2025\/11\/photo-ministre-casellati-maire-hidalgo-1-1030x687.jpg 1030w, https:\/\/www.xaviergranet.com\/wp-content\/uploads\/2025\/11\/photo-ministre-casellati-maire-hidalgo-1-300x200.jpg 300w, https:\/\/www.xaviergranet.com\/wp-content\/uploads\/2025\/11\/photo-ministre-casellati-maire-hidalgo-1-768x512.jpg 768w, https:\/\/www.xaviergranet.com\/wp-content\/uploads\/2025\/11\/photo-ministre-casellati-maire-hidalgo-1-1536x1025.jpg 1536w, https:\/\/www.xaviergranet.com\/wp-content\/uploads\/2025\/11\/photo-ministre-casellati-maire-hidalgo-1-1500x1001.jpg 1500w, https:\/\/www.xaviergranet.com\/wp-content\/uploads\/2025\/11\/photo-ministre-casellati-maire-hidalgo-1-705x470.jpg 705w, https:\/\/www.xaviergranet.com\/wp-content\/uploads\/2025\/11\/photo-ministre-casellati-maire-hidalgo-1-80x53.jpg 80w, https:\/\/www.xaviergranet.com\/wp-content\/uploads\/2025\/11\/photo-ministre-casellati-maire-hidalgo-1-1260x840.jpg 1260w, https:\/\/www.xaviergranet.com\/wp-content\/uploads\/2025\/11\/photo-ministre-casellati-maire-hidalgo-1-630x420.jpg 630w, https:\/\/www.xaviergranet.com\/wp-content\/uploads\/2025\/11\/photo-ministre-casellati-maire-hidalgo-1.jpg 2000w\" data-sizes=\"(max-width: 1030px) 100vw, 1030px\"  aria-label=\"image Reportage photo sur la rencontre avec Anne Hidalgo \u00e0 la mairie de Paris\"  id='av-masonry-1-item-7115' data-av-masonry-item='7115' class='av-masonry-entry isotope-item post-7115 attachment type-attachment status-inherit hentry  av-masonry-item-with-image' title=\"\" alt=\"Reportage photo sur la rencontre avec Anne Hidalgo \u00e0 la mairie de Paris\"    itemprop=\"thumbnailUrl\" ><div class='av-inner-masonry-sizer'><\/div><figure class='av-inner-masonry main_color'><div class=\"av-masonry-outerimage-container\"><div class='av-masonry-image-container'  ><img decoding=\"async\" width=\"1536\" height=\"1025\" fetchpriority=\"high\" class=\"wp-image-7115 avia-img-lazy-loading-not-7115\"  src=\"https:\/\/www.xaviergranet.com\/wp-content\/uploads\/2025\/11\/photo-ministre-casellati-maire-hidalgo-1-1536x1025.jpg\" title=\"\" alt=\"Reportage photo sur la rencontre avec Anne Hidalgo \u00e0 la mairie de Paris\" srcset=\"https:\/\/www.xaviergranet.com\/wp-content\/uploads\/2025\/11\/photo-ministre-casellati-maire-hidalgo-1-1536x1025.jpg 1536w, https:\/\/www.xaviergranet.com\/wp-content\/uploads\/2025\/11\/photo-ministre-casellati-maire-hidalgo-1-300x200.jpg 300w, https:\/\/www.xaviergranet.com\/wp-content\/uploads\/2025\/11\/photo-ministre-casellati-maire-hidalgo-1-1030x687.jpg 1030w, https:\/\/www.xaviergranet.com\/wp-content\/uploads\/2025\/11\/photo-ministre-casellati-maire-hidalgo-1-768x512.jpg 768w, https:\/\/www.xaviergranet.com\/wp-content\/uploads\/2025\/11\/photo-ministre-casellati-maire-hidalgo-1-1500x1001.jpg 1500w, https:\/\/www.xaviergranet.com\/wp-content\/uploads\/2025\/11\/photo-ministre-casellati-maire-hidalgo-1-705x470.jpg 705w, https:\/\/www.xaviergranet.com\/wp-content\/uploads\/2025\/11\/photo-ministre-casellati-maire-hidalgo-1-80x53.jpg 80w, https:\/\/www.xaviergranet.com\/wp-content\/uploads\/2025\/11\/photo-ministre-casellati-maire-hidalgo-1-1260x840.jpg 1260w, https:\/\/www.xaviergranet.com\/wp-content\/uploads\/2025\/11\/photo-ministre-casellati-maire-hidalgo-1-630x420.jpg 630w, https:\/\/www.xaviergranet.com\/wp-content\/uploads\/2025\/11\/photo-ministre-casellati-maire-hidalgo-1.jpg 2000w\" sizes=\"(max-width: 1536px) 100vw, 1536px\" \/><\/div><\/div><\/figure><\/a><!--end av-masonry entry--><a href=\"https:\/\/www.xaviergranet.com\/wp-content\/uploads\/2025\/11\/photo-bureau-maire-1-1030x687.jpg\" data-srcset=\"https:\/\/www.xaviergranet.com\/wp-content\/uploads\/2025\/11\/photo-bureau-maire-1-1030x687.jpg 1030w, https:\/\/www.xaviergranet.com\/wp-content\/uploads\/2025\/11\/photo-bureau-maire-1-300x200.jpg 300w, https:\/\/www.xaviergranet.com\/wp-content\/uploads\/2025\/11\/photo-bureau-maire-1-768x512.jpg 768w, https:\/\/www.xaviergranet.com\/wp-content\/uploads\/2025\/11\/photo-bureau-maire-1-1536x1025.jpg 1536w, https:\/\/www.xaviergranet.com\/wp-content\/uploads\/2025\/11\/photo-bureau-maire-1-1500x1001.jpg 1500w, https:\/\/www.xaviergranet.com\/wp-content\/uploads\/2025\/11\/photo-bureau-maire-1-705x470.jpg 705w, https:\/\/www.xaviergranet.com\/wp-content\/uploads\/2025\/11\/photo-bureau-maire-1-80x53.jpg 80w, https:\/\/www.xaviergranet.com\/wp-content\/uploads\/2025\/11\/photo-bureau-maire-1-1260x840.jpg 1260w, https:\/\/www.xaviergranet.com\/wp-content\/uploads\/2025\/11\/photo-bureau-maire-1-630x420.jpg 630w, https:\/\/www.xaviergranet.com\/wp-content\/uploads\/2025\/11\/photo-bureau-maire-1.jpg 2000w\" data-sizes=\"(max-width: 1030px) 100vw, 1030px\"  aria-label=\"image Reportage photo institutionnel \u00e0 la Mairie de Paris\"  id='av-masonry-1-item-7107' data-av-masonry-item='7107' class='av-masonry-entry isotope-item post-7107 attachment type-attachment status-inherit hentry  av-masonry-item-with-image' title=\"\" alt=\"Reportage photo institutionnel \u00e0 la Mairie de Paris\"    itemprop=\"thumbnailUrl\" ><div class='av-inner-masonry-sizer'><\/div><figure class='av-inner-masonry main_color'><div class=\"av-masonry-outerimage-container\"><div class='av-masonry-image-container'  ><img decoding=\"async\" width=\"1536\" height=\"1025\" fetchpriority=\"high\" class=\"wp-image-7107 avia-img-lazy-loading-not-7107\"  src=\"https:\/\/www.xaviergranet.com\/wp-content\/uploads\/2025\/11\/photo-bureau-maire-1-1536x1025.jpg\" title=\"\" alt=\"Reportage photo institutionnel \u00e0 la Mairie de Paris\" srcset=\"https:\/\/www.xaviergranet.com\/wp-content\/uploads\/2025\/11\/photo-bureau-maire-1-1536x1025.jpg 1536w, https:\/\/www.xaviergranet.com\/wp-content\/uploads\/2025\/11\/photo-bureau-maire-1-300x200.jpg 300w, https:\/\/www.xaviergranet.com\/wp-content\/uploads\/2025\/11\/photo-bureau-maire-1-1030x687.jpg 1030w, https:\/\/www.xaviergranet.com\/wp-content\/uploads\/2025\/11\/photo-bureau-maire-1-768x512.jpg 768w, https:\/\/www.xaviergranet.com\/wp-content\/uploads\/2025\/11\/photo-bureau-maire-1-1500x1001.jpg 1500w, https:\/\/www.xaviergranet.com\/wp-content\/uploads\/2025\/11\/photo-bureau-maire-1-705x470.jpg 705w, https:\/\/www.xaviergranet.com\/wp-content\/uploads\/2025\/11\/photo-bureau-maire-1-80x53.jpg 80w, https:\/\/www.xaviergranet.com\/wp-content\/uploads\/2025\/11\/photo-bureau-maire-1-1260x840.jpg 1260w, https:\/\/www.xaviergranet.com\/wp-content\/uploads\/2025\/11\/photo-bureau-maire-1-630x420.jpg 630w, https:\/\/www.xaviergranet.com\/wp-content\/uploads\/2025\/11\/photo-bureau-maire-1.jpg 2000w\" sizes=\"(max-width: 1536px) 100vw, 1536px\" \/><\/div><\/div><\/figure><\/a><!--end av-masonry entry--><a href=\"https:\/\/www.xaviergranet.com\/wp-content\/uploads\/2025\/11\/photo-officiel-ministre-maire-1-1030x687.jpg\" data-srcset=\"https:\/\/www.xaviergranet.com\/wp-content\/uploads\/2025\/11\/photo-officiel-ministre-maire-1-1030x687.jpg 1030w, https:\/\/www.xaviergranet.com\/wp-content\/uploads\/2025\/11\/photo-officiel-ministre-maire-1-300x200.jpg 300w, https:\/\/www.xaviergranet.com\/wp-content\/uploads\/2025\/11\/photo-officiel-ministre-maire-1-768x512.jpg 768w, https:\/\/www.xaviergranet.com\/wp-content\/uploads\/2025\/11\/photo-officiel-ministre-maire-1-1536x1025.jpg 1536w, https:\/\/www.xaviergranet.com\/wp-content\/uploads\/2025\/11\/photo-officiel-ministre-maire-1-1500x1001.jpg 1500w, https:\/\/www.xaviergranet.com\/wp-content\/uploads\/2025\/11\/photo-officiel-ministre-maire-1-705x470.jpg 705w, https:\/\/www.xaviergranet.com\/wp-content\/uploads\/2025\/11\/photo-officiel-ministre-maire-1-80x53.jpg 80w, https:\/\/www.xaviergranet.com\/wp-content\/uploads\/2025\/11\/photo-officiel-ministre-maire-1-1260x840.jpg 1260w, https:\/\/www.xaviergranet.com\/wp-content\/uploads\/2025\/11\/photo-officiel-ministre-maire-1-630x420.jpg 630w, https:\/\/www.xaviergranet.com\/wp-content\/uploads\/2025\/11\/photo-officiel-ministre-maire-1.jpg 2000w\" data-sizes=\"(max-width: 1030px) 100vw, 1030px\"  aria-label=\"image Photographe institutionnel sur la rencontre avec Anne Hidalgo\"  id='av-masonry-1-item-7127' data-av-masonry-item='7127' class='av-masonry-entry isotope-item post-7127 attachment type-attachment status-inherit hentry  av-masonry-item-with-image' title=\"\" alt=\"Photographe institutionnel sur la rencontre avec Anne Hidalgo\"    itemprop=\"thumbnailUrl\" ><div class='av-inner-masonry-sizer'><\/div><figure class='av-inner-masonry main_color'><div class=\"av-masonry-outerimage-container\"><div class='av-masonry-image-container'  ><img decoding=\"async\" width=\"1536\" height=\"1025\" fetchpriority=\"high\" class=\"wp-image-7127 avia-img-lazy-loading-not-7127\"  src=\"https:\/\/www.xaviergranet.com\/wp-content\/uploads\/2025\/11\/photo-officiel-ministre-maire-1-1536x1025.jpg\" title=\"\" alt=\"Photographe institutionnel sur la rencontre avec Anne Hidalgo\" srcset=\"https:\/\/www.xaviergranet.com\/wp-content\/uploads\/2025\/11\/photo-officiel-ministre-maire-1-1536x1025.jpg 1536w, https:\/\/www.xaviergranet.com\/wp-content\/uploads\/2025\/11\/photo-officiel-ministre-maire-1-300x200.jpg 300w, https:\/\/www.xaviergranet.com\/wp-content\/uploads\/2025\/11\/photo-officiel-ministre-maire-1-1030x687.jpg 1030w, https:\/\/www.xaviergranet.com\/wp-content\/uploads\/2025\/11\/photo-officiel-ministre-maire-1-768x512.jpg 768w, https:\/\/www.xaviergranet.com\/wp-content\/uploads\/2025\/11\/photo-officiel-ministre-maire-1-1500x1001.jpg 1500w, https:\/\/www.xaviergranet.com\/wp-content\/uploads\/2025\/11\/photo-officiel-ministre-maire-1-705x470.jpg 705w, https:\/\/www.xaviergranet.com\/wp-content\/uploads\/2025\/11\/photo-officiel-ministre-maire-1-80x53.jpg 80w, https:\/\/www.xaviergranet.com\/wp-content\/uploads\/2025\/11\/photo-officiel-ministre-maire-1-1260x840.jpg 1260w, https:\/\/www.xaviergranet.com\/wp-content\/uploads\/2025\/11\/photo-officiel-ministre-maire-1-630x420.jpg 630w, https:\/\/www.xaviergranet.com\/wp-content\/uploads\/2025\/11\/photo-officiel-ministre-maire-1.jpg 2000w\" sizes=\"(max-width: 1536px) 100vw, 1536px\" \/><\/div><\/div><\/figure><\/a><!--end av-masonry entry--><\/div><\/div>\n[av_section min_height='' min_height_pc='25' min_height_px='500px' shadow='no-border-styling' bottom_border='no-border-styling' bottom_border_diagonal_color='#333333' bottom_border_diagonal_direction='' bottom_border_style='' padding='large' custom_margin='0px' custom_margin_sync='true' av-desktop-custom_margin='' av-desktop-custom_margin_sync='true' av-medium-custom_margin='' av-medium-custom_margin_sync='true' av-small-custom_margin='' av-small-custom_margin_sync='true' av-mini-custom_margin='' av-mini-custom_margin_sync='true' svg_div_top='' svg_div_top_color='#333333' svg_div_top_width='100' svg_div_top_height='50' svg_div_top_max_height='none' svg_div_top_opacity='' svg_div_bottom='' svg_div_bottom_color='#333333' svg_div_bottom_width='100' svg_div_bottom_height='50' svg_div_bottom_max_height='none' svg_div_bottom_opacity='' fold_type='' fold_height='' fold_more='Lire la suite' fold_less='Read less' fold_text_style='' fold_btn_align='' color='main_color' background='bg_gradient' custom_bg='#000000' background_gradient_direction='vertical_rev' background_gradient_color1='#000000' background_gradient_color2='#697e99' background_gradient_color3='' src='' attachment='' attachment_size='' attach='scroll' position='top left' repeat='no-repeat' video='' video_ratio='16:9' overlay_enable='aviaTBoverlay_enable' overlay_opacity='0.8' overlay_color='#000000' overlay_pattern='' overlay_custom_pattern='' custom_arrow_bg='' fold_overlay_color='' fold_text_color='' fold_btn_color='theme-color' fold_btn_bg_color='' fold_btn_font_color='' size-btn-text='' av-desktop-font-size-btn-text='' av-medium-font-size-btn-text='' av-small-font-size-btn-text='' av-mini-font-size-btn-text='' fold_timer='' z_index_fold='' css_position_z_index='' av-desktop-css_position_z_index='' av-medium-css_position_z_index='' av-small-css_position_z_index='' av-mini-css_position_z_index='' id='custom-section' custom_class='' template_class='' aria_label='' av_element_hidden_in_editor='0' av_uid='av-1h38sa' sc_version='1.0']\r\n\r\n[av_one_fifth first min_height='' vertical_alignment='av-align-top' space='no_margin' row_boxshadow_width='10' row_boxshadow_color='' custom_margin='aviaTBcustom_margin' margin='0px' margin_sync='true' av-desktop-margin='' av-desktop-margin_sync='true' av-medium-margin='' av-medium-margin_sync='true' av-small-margin='' av-small-margin_sync='true' av-mini-margin='' av-mini-margin_sync='true' mobile_breaking='' mobile_column_order='' border='' border_style='solid' border_color='' radius='10' radius_sync='true' min_col_height='' padding='' padding_sync='true' av-desktop-padding='' av-desktop-padding_sync='true' av-medium-padding='' av-medium-padding_sync='true' av-small-padding='' av-small-padding_sync='true' av-mini-padding='' av-mini-padding_sync='true' svg_div_top='' svg_div_top_color='#333333' svg_div_top_width='100' svg_div_top_height='50' svg_div_top_max_height='none' svg_div_top_opacity='' svg_div_bottom='' svg_div_bottom_color='#333333' svg_div_bottom_width='100' svg_div_bottom_height='50' svg_div_bottom_max_height='none' svg_div_bottom_opacity='' fold_type='' fold_height='' fold_more='Lire la suite' fold_less='Read less' fold_text_style='' fold_btn_align='' column_boxshadow_width='10' column_boxshadow_color='' background='bg_color' background_color='' background_gradient_direction='vertical_rev' background_gradient_color1='#000000' background_gradient_color2='#ffffff' background_gradient_color3='' src='' attachment='' attachment_size='' background_position='top left' background_repeat='no-repeat' highlight_size='1.1' fold_overlay_color='' fold_text_color='' fold_btn_color='theme-color' fold_btn_bg_color='' fold_btn_font_color='' size-btn-text='' av-desktop-font-size-btn-text='' av-medium-font-size-btn-text='' av-small-font-size-btn-text='' av-mini-font-size-btn-text='' animation='' animation_duration='' animation_custom_bg_color='' animation_z_index_curtain='100' parallax_parallax='' parallax_parallax_speed='' av-desktop-parallax_parallax='' av-desktop-parallax_parallax_speed='' av-medium-parallax_parallax='' av-medium-parallax_parallax_speed='' av-small-parallax_parallax='' av-small-parallax_parallax_speed='' av-mini-parallax_parallax='' av-mini-parallax_parallax_speed='' fold_timer='' z_index_fold='' css_position='' css_position_location=',,,' css_position_z_index='' av-desktop-css_position='' av-desktop-css_position_location=',,,' av-desktop-css_position_z_index='' av-medium-css_position='' av-medium-css_position_location=',,,' av-medium-css_position_z_index='' av-small-css_position='' av-small-css_position_location=',,,' av-small-css_position_z_index='' av-mini-css_position='' av-mini-css_position_location=',,,' av-mini-css_position_z_index='' link='page,1284' linktarget='' link_hover='opacity80' title_attr='' alt_attr='' mobile_display='' mobile_col_pos='0' id='' custom_class='one-sixth' template_class='' aria_label='' av_uid='av-16m896' sc_version='1.0']\r\n\r\n[av_heading heading='Corporate' tag='h5' style='blockquote modern-quote' subheading_active='' show_icon='' icon='ue800' font='entypo-fontello' size='' av-desktop-font-size-title='' av-medium-font-size-title='' av-small-font-size-title='' av-mini-font-size-title='' subheading_size='' av-desktop-font-size='' av-medium-font-size='' av-small-font-size='' av-mini-font-size='' icon_size='' av-desktop-font-size-1='' av-medium-font-size-1='' av-small-font-size-1='' av-mini-font-size-1='' color='' custom_font='' subheading_color='' seperator_color='' icon_color='' margin='20,,,' av-desktop-margin='' av-desktop-margin_sync='true' av-medium-margin='' av-medium-margin_sync='true' av-small-margin='' av-small-margin_sync='true' av-mini-margin='' av-mini-margin_sync='true' headline_padding='' headline_padding_sync='true' av-desktop-headline_padding='' av-desktop-headline_padding_sync='true' av-medium-headline_padding='' av-medium-headline_padding_sync='true' av-small-headline_padding='' av-small-headline_padding_sync='true' av-mini-headline_padding='' av-mini-headline_padding_sync='true' padding='5' av-desktop-padding='' av-medium-padding='' av-small-padding='' av-mini-padding='' icon_padding='10' av-desktop-icon_padding='' av-medium-icon_padding='' av-small-icon_padding='' av-mini-icon_padding='' link='' link_target='' id='' custom_class='' template_class='' av_uid='av-nqj9mi' sc_version='1.0' admin_preview_bg=''][\/av_heading]\r\n\r\n[av_image src='https:\/\/xavierr.cluster026.hosting.ovh.net\/wp-content\/uploads\/2023\/09\/photographe-corporate-entreprise-1-1260x709.jpg' attachment='1095' attachment_size='16:9' copyright='' caption='' image_size='16:9' styling='' box_shadow='none' box_shadow_width='10' box_shadow_color='' align='center' font_size='' overlay_opacity='0.4' overlay_color='#000000' overlay_text_color='#ffffff' link='' target='' animation='no-animation' animation_duration='' animation_custom_bg_color='' animation_z_index_curtain='100' parallax_parallax='' parallax_parallax_speed='' av-desktop-parallax_parallax='' av-desktop-parallax_parallax_speed='' av-medium-parallax_parallax='' av-medium-parallax_parallax_speed='' av-small-parallax_parallax='' av-small-parallax_parallax_speed='' av-mini-parallax_parallax='' av-mini-parallax_parallax_speed='' hover='' blur_image='' grayscale_image='' fade_image='' appearance='' css_position='' css_position_location=',,,' css_position_z_index='' av-desktop-css_position='' av-desktop-css_position_location=',,,' av-desktop-css_position_z_index='' av-medium-css_position='' av-medium-css_position_location=',,,' av-medium-css_position_z_index='' av-small-css_position='' av-small-css_position_location=',,,' av-small-css_position_z_index='' av-mini-css_position='' av-mini-css_position_location=',,,' av-mini-css_position_z_index='' transform_perspective='' transform_rotation=',,,' transform_scale=',,' transform_skew=',' transform_translate=',,' av-desktop-transform_perspective='' av-desktop-transform_rotation=',,,' av-desktop-transform_scale=',,' av-desktop-transform_skew=',' av-desktop-transform_translate=',,' av-medium-transform_perspective='' av-medium-transform_rotation=',,,' av-medium-transform_scale=',,' av-medium-transform_skew=',' av-medium-transform_translate=',,' av-small-transform_perspective='' av-small-transform_rotation=',,,' av-small-transform_scale=',,' av-small-transform_skew=',' av-small-transform_translate=',,' av-mini-transform_perspective='' av-mini-transform_rotation=',,,' av-mini-transform_scale=',,' av-mini-transform_skew=',' av-mini-transform_translate=',,' mask_overlay='' mask_overlay_shape='blob' mask_overlay_size='contain' mask_overlay_scale='100%' mask_overlay_position='center center' mask_overlay_repeat='no-repeat' mask_overlay_rotate='' mask_overlay_rad_shape='circle' mask_overlay_rad_position='center center' mask_overlay_opacity1='0' mask_overlay_opacity2='1' mask_overlay_opacity3='' title_attr='' alt_attr='' img_scrset='' lazy_loading='disabled' id='' custom_class='' template_class='' av_element_hidden_in_editor='0' av_uid='av-ls1uvpw8' sc_version='1.0' admin_preview_bg='']\r\nCorporate\r\n[\/av_image]\r\n\r\n[\/av_one_fifth][av_one_fifth min_height='' vertical_alignment='av-align-top' space='no_margin' row_boxshadow_width='10' row_boxshadow_color='' custom_margin='aviaTBcustom_margin' margin='0px' margin_sync='true' av-desktop-margin='' av-desktop-margin_sync='true' av-medium-margin='' av-medium-margin_sync='true' av-small-margin='' av-small-margin_sync='true' av-mini-margin='' av-mini-margin_sync='true' mobile_breaking='' mobile_column_order='' border='' border_style='solid' border_color='' radius='10' radius_sync='true' min_col_height='' padding='' padding_sync='true' av-desktop-padding='' av-desktop-padding_sync='true' av-medium-padding='' av-medium-padding_sync='true' av-small-padding='' av-small-padding_sync='true' av-mini-padding='' av-mini-padding_sync='true' svg_div_top='' svg_div_top_color='#333333' svg_div_top_width='100' svg_div_top_height='50' svg_div_top_max_height='none' svg_div_top_opacity='' svg_div_bottom='' svg_div_bottom_color='#333333' svg_div_bottom_width='100' svg_div_bottom_height='50' svg_div_bottom_max_height='none' svg_div_bottom_opacity='' fold_type='' fold_height='' fold_more='Lire la suite' fold_less='Read less' fold_text_style='' fold_btn_align='' column_boxshadow_width='10' column_boxshadow_color='' background='bg_color' background_color='' background_gradient_direction='vertical_rev' background_gradient_color1='#000000' background_gradient_color2='#ffffff' background_gradient_color3='' src='' attachment='' attachment_size='' background_position='top left' background_repeat='no-repeat' highlight_size='1.1' fold_overlay_color='' fold_text_color='' fold_btn_color='theme-color' fold_btn_bg_color='' fold_btn_font_color='' size-btn-text='' av-desktop-font-size-btn-text='' av-medium-font-size-btn-text='' av-small-font-size-btn-text='' av-mini-font-size-btn-text='' animation='' animation_duration='' animation_custom_bg_color='' animation_z_index_curtain='100' parallax_parallax='' parallax_parallax_speed='' av-desktop-parallax_parallax='' av-desktop-parallax_parallax_speed='' av-medium-parallax_parallax='' av-medium-parallax_parallax_speed='' av-small-parallax_parallax='' av-small-parallax_parallax_speed='' av-mini-parallax_parallax='' av-mini-parallax_parallax_speed='' fold_timer='' z_index_fold='' css_position='' css_position_location=',,,' css_position_z_index='' av-desktop-css_position='' av-desktop-css_position_location=',,,' av-desktop-css_position_z_index='' av-medium-css_position='' av-medium-css_position_location=',,,' av-medium-css_position_z_index='' av-small-css_position='' av-small-css_position_location=',,,' av-small-css_position_z_index='' av-mini-css_position='' av-mini-css_position_location=',,,' av-mini-css_position_z_index='' link='page,1275' linktarget='' link_hover='opacity80' title_attr='' alt_attr='' mobile_display='' mobile_col_pos='0' id='' custom_class='one-sixth' template_class='' aria_label='' av_uid='av-q14ay2' sc_version='1.0']\r\n\r\n[av_heading heading='Industriel' tag='h5' style='blockquote modern-quote' subheading_active='' show_icon='' icon='ue800' font='entypo-fontello' size='' av-desktop-font-size-title='' av-medium-font-size-title='' av-small-font-size-title='' av-mini-font-size-title='' subheading_size='' av-desktop-font-size='' av-medium-font-size='' av-small-font-size='' av-mini-font-size='' icon_size='' av-desktop-font-size-1='' av-medium-font-size-1='' av-small-font-size-1='' av-mini-font-size-1='' color='' custom_font='' subheading_color='' seperator_color='' icon_color='' margin='20,,,' av-desktop-margin='' av-desktop-margin_sync='true' av-medium-margin='' av-medium-margin_sync='true' av-small-margin='' av-small-margin_sync='true' av-mini-margin='' av-mini-margin_sync='true' headline_padding='' headline_padding_sync='true' av-desktop-headline_padding='' av-desktop-headline_padding_sync='true' av-medium-headline_padding='' av-medium-headline_padding_sync='true' av-small-headline_padding='' av-small-headline_padding_sync='true' av-mini-headline_padding='' av-mini-headline_padding_sync='true' padding='5' av-desktop-padding='' av-medium-padding='' av-small-padding='' av-mini-padding='' icon_padding='10' av-desktop-icon_padding='' av-medium-icon_padding='' av-small-icon_padding='' av-mini-icon_padding='' link='' link_target='' id='' custom_class='' template_class='' av_uid='av-bqh3u' sc_version='1.0' admin_preview_bg=''][\/av_heading]\r\n\r\n[av_image src='https:\/\/xavierr.cluster026.hosting.ovh.net\/wp-content\/uploads\/2023\/09\/photographe-industriel.jpg' attachment='940' attachment_size='full' copyright='' caption='' image_size='16:9' styling='' box_shadow='none' box_shadow_width='10' box_shadow_color='' align='center' font_size='' overlay_opacity='0.4' overlay_color='#000000' overlay_text_color='#ffffff' link='' target='' animation='no-animation' animation_duration='' animation_custom_bg_color='' animation_z_index_curtain='100' parallax_parallax='' parallax_parallax_speed='' av-desktop-parallax_parallax='' av-desktop-parallax_parallax_speed='' av-medium-parallax_parallax='' av-medium-parallax_parallax_speed='' av-small-parallax_parallax='' av-small-parallax_parallax_speed='' av-mini-parallax_parallax='' av-mini-parallax_parallax_speed='' hover='' blur_image='' grayscale_image='' fade_image='' appearance='' css_position='' css_position_location=',,,' css_position_z_index='' av-desktop-css_position='' av-desktop-css_position_location=',,,' av-desktop-css_position_z_index='' av-medium-css_position='' av-medium-css_position_location=',,,' av-medium-css_position_z_index='' av-small-css_position='' av-small-css_position_location=',,,' av-small-css_position_z_index='' av-mini-css_position='' av-mini-css_position_location=',,,' av-mini-css_position_z_index='' transform_perspective='' transform_rotation=',,,' transform_scale=',,' transform_skew=',' transform_translate=',,' av-desktop-transform_perspective='' av-desktop-transform_rotation=',,,' av-desktop-transform_scale=',,' av-desktop-transform_skew=',' av-desktop-transform_translate=',,' av-medium-transform_perspective='' av-medium-transform_rotation=',,,' av-medium-transform_scale=',,' av-medium-transform_skew=',' av-medium-transform_translate=',,' av-small-transform_perspective='' av-small-transform_rotation=',,,' av-small-transform_scale=',,' av-small-transform_skew=',' av-small-transform_translate=',,' av-mini-transform_perspective='' av-mini-transform_rotation=',,,' av-mini-transform_scale=',,' av-mini-transform_skew=',' av-mini-transform_translate=',,' mask_overlay='' mask_overlay_shape='blob' mask_overlay_size='contain' mask_overlay_scale='100%' mask_overlay_position='center center' mask_overlay_repeat='no-repeat' mask_overlay_rotate='' mask_overlay_rad_shape='circle' mask_overlay_rad_position='center center' mask_overlay_opacity1='0' mask_overlay_opacity2='1' mask_overlay_opacity3='' title_attr='' alt_attr='' img_scrset='' lazy_loading='disabled' id='' custom_class='' template_class='' av_element_hidden_in_editor='0' av_uid='av-lsteoq' sc_version='1.0' admin_preview_bg=''][\/av_image]\r\n\r\n[\/av_one_fifth][av_one_fifth min_height='' vertical_alignment='av-align-top' space='no_margin' row_boxshadow_width='10' row_boxshadow_color='' custom_margin='aviaTBcustom_margin' margin='0px' margin_sync='true' av-desktop-margin='' av-desktop-margin_sync='true' av-medium-margin='' av-medium-margin_sync='true' av-small-margin='' av-small-margin_sync='true' av-mini-margin='' av-mini-margin_sync='true' mobile_breaking='' mobile_column_order='' border='' border_style='solid' border_color='' radius='10' radius_sync='true' min_col_height='' padding='' padding_sync='true' av-desktop-padding='' av-desktop-padding_sync='true' av-medium-padding='' av-medium-padding_sync='true' av-small-padding='' av-small-padding_sync='true' av-mini-padding='' av-mini-padding_sync='true' svg_div_top='' svg_div_top_color='#333333' svg_div_top_width='100' svg_div_top_height='50' svg_div_top_max_height='none' svg_div_top_opacity='' svg_div_bottom='' svg_div_bottom_color='#333333' svg_div_bottom_width='100' svg_div_bottom_height='50' svg_div_bottom_max_height='none' svg_div_bottom_opacity='' fold_type='' fold_height='' fold_more='Lire la suite' fold_less='Read less' fold_text_style='' fold_btn_align='' column_boxshadow_width='10' column_boxshadow_color='' background='bg_color' background_color='' background_gradient_direction='vertical_rev' background_gradient_color1='#000000' background_gradient_color2='#ffffff' background_gradient_color3='' src='' attachment='' attachment_size='' background_position='top left' background_repeat='no-repeat' highlight_size='1.1' fold_overlay_color='' fold_text_color='' fold_btn_color='theme-color' fold_btn_bg_color='' fold_btn_font_color='' size-btn-text='' av-desktop-font-size-btn-text='' av-medium-font-size-btn-text='' av-small-font-size-btn-text='' av-mini-font-size-btn-text='' animation='' animation_duration='' animation_custom_bg_color='' animation_z_index_curtain='100' parallax_parallax='' parallax_parallax_speed='' av-desktop-parallax_parallax='' av-desktop-parallax_parallax_speed='' av-medium-parallax_parallax='' av-medium-parallax_parallax_speed='' av-small-parallax_parallax='' av-small-parallax_parallax_speed='' av-mini-parallax_parallax='' av-mini-parallax_parallax_speed='' fold_timer='' z_index_fold='' css_position='' css_position_location=',,,' css_position_z_index='' av-desktop-css_position='' av-desktop-css_position_location=',,,' av-desktop-css_position_z_index='' av-medium-css_position='' av-medium-css_position_location=',,,' av-medium-css_position_z_index='' av-small-css_position='' av-small-css_position_location=',,,' av-small-css_position_z_index='' av-mini-css_position='' av-mini-css_position_location=',,,' av-mini-css_position_z_index='' link='page,1298' linktarget='' link_hover='opacity80' title_attr='' alt_attr='' mobile_display='' mobile_col_pos='0' id='' custom_class='one-sixth' template_class='' aria_label='' av_uid='av-kznlh6' sc_version='1.0']\r\n\r\n[av_heading heading='\u00c9v\u00e9nementiel' tag='h5' style='blockquote modern-quote' subheading_active='' show_icon='' icon='ue800' font='entypo-fontello' size='' av-desktop-font-size-title='' av-medium-font-size-title='' av-small-font-size-title='' av-mini-font-size-title='' subheading_size='' av-desktop-font-size='' av-medium-font-size='' av-small-font-size='' av-mini-font-size='' icon_size='' av-desktop-font-size-1='' av-medium-font-size-1='' av-small-font-size-1='' av-mini-font-size-1='' color='' custom_font='' subheading_color='' seperator_color='' icon_color='' margin='20,,,' av-desktop-margin='' av-desktop-margin_sync='true' av-medium-margin='' av-medium-margin_sync='true' av-small-margin='' av-small-margin_sync='true' av-mini-margin='' av-mini-margin_sync='true' headline_padding='' headline_padding_sync='true' av-desktop-headline_padding='' av-desktop-headline_padding_sync='true' av-medium-headline_padding='' av-medium-headline_padding_sync='true' av-small-headline_padding='' av-small-headline_padding_sync='true' av-mini-headline_padding='' av-mini-headline_padding_sync='true' padding='5' av-desktop-padding='' av-medium-padding='' av-small-padding='' av-mini-padding='' icon_padding='10' av-desktop-icon_padding='' av-medium-icon_padding='' av-small-icon_padding='' av-mini-icon_padding='' link='' link_target='' id='' custom_class='' template_class='' av_uid='av-1wmfyi' sc_version='1.0' admin_preview_bg=''][\/av_heading]\r\n\r\n[av_image src='https:\/\/xavierr.cluster026.hosting.ovh.net\/wp-content\/uploads\/2023\/09\/photographe-evenementiel.png' attachment='938' attachment_size='full' copyright='' caption='' image_size='16:9' styling='' box_shadow='none' box_shadow_width='10' box_shadow_color='' align='center' font_size='' overlay_opacity='0.4' overlay_color='#000000' overlay_text_color='#ffffff' link='' target='' animation='no-animation' animation_duration='' animation_custom_bg_color='' animation_z_index_curtain='100' parallax_parallax='' parallax_parallax_speed='' av-desktop-parallax_parallax='' av-desktop-parallax_parallax_speed='' av-medium-parallax_parallax='' av-medium-parallax_parallax_speed='' av-small-parallax_parallax='' av-small-parallax_parallax_speed='' av-mini-parallax_parallax='' av-mini-parallax_parallax_speed='' hover='' blur_image='' grayscale_image='' fade_image='' appearance='' css_position='' css_position_location=',,,' css_position_z_index='' av-desktop-css_position='' av-desktop-css_position_location=',,,' av-desktop-css_position_z_index='' av-medium-css_position='' av-medium-css_position_location=',,,' av-medium-css_position_z_index='' av-small-css_position='' av-small-css_position_location=',,,' av-small-css_position_z_index='' av-mini-css_position='' av-mini-css_position_location=',,,' av-mini-css_position_z_index='' transform_perspective='' transform_rotation=',,,' transform_scale=',,' transform_skew=',' transform_translate=',,' av-desktop-transform_perspective='' av-desktop-transform_rotation=',,,' av-desktop-transform_scale=',,' av-desktop-transform_skew=',' av-desktop-transform_translate=',,' av-medium-transform_perspective='' av-medium-transform_rotation=',,,' av-medium-transform_scale=',,' av-medium-transform_skew=',' av-medium-transform_translate=',,' av-small-transform_perspective='' av-small-transform_rotation=',,,' av-small-transform_scale=',,' av-small-transform_skew=',' av-small-transform_translate=',,' av-mini-transform_perspective='' av-mini-transform_rotation=',,,' av-mini-transform_scale=',,' av-mini-transform_skew=',' av-mini-transform_translate=',,' mask_overlay='' mask_overlay_shape='blob' mask_overlay_size='contain' mask_overlay_scale='100%' mask_overlay_position='center center' mask_overlay_repeat='no-repeat' mask_overlay_rotate='' mask_overlay_rad_shape='circle' mask_overlay_rad_position='center center' mask_overlay_opacity1='0' mask_overlay_opacity2='1' mask_overlay_opacity3='' title_attr='' alt_attr='' img_scrset='' lazy_loading='disabled' id='' custom_class='' template_class='' av_element_hidden_in_editor='0' av_uid='av-i1xvay' sc_version='1.0' admin_preview_bg=''][\/av_image]\r\n\r\n[\/av_one_fifth][av_one_fifth min_height='' vertical_alignment='av-align-top' space='no_margin' row_boxshadow_width='10' row_boxshadow_color='' custom_margin='aviaTBcustom_margin' margin='0px' margin_sync='true' av-desktop-margin='' av-desktop-margin_sync='true' av-medium-margin='' av-medium-margin_sync='true' av-small-margin='' av-small-margin_sync='true' av-mini-margin='' av-mini-margin_sync='true' mobile_breaking='' mobile_column_order='' border='' border_style='solid' border_color='' radius='10' radius_sync='true' min_col_height='' padding='' padding_sync='true' av-desktop-padding='' av-desktop-padding_sync='true' av-medium-padding='' av-medium-padding_sync='true' av-small-padding='' av-small-padding_sync='true' av-mini-padding='' av-mini-padding_sync='true' svg_div_top='' svg_div_top_color='#333333' svg_div_top_width='100' svg_div_top_height='50' svg_div_top_max_height='none' svg_div_top_opacity='' svg_div_bottom='' svg_div_bottom_color='#333333' svg_div_bottom_width='100' svg_div_bottom_height='50' svg_div_bottom_max_height='none' svg_div_bottom_opacity='' fold_type='' fold_height='' fold_more='Lire la suite' fold_less='Read less' fold_text_style='' fold_btn_align='' column_boxshadow_width='10' column_boxshadow_color='' background='bg_color' background_color='' background_gradient_direction='vertical_rev' background_gradient_color1='#000000' background_gradient_color2='#ffffff' background_gradient_color3='' src='' attachment='' attachment_size='' background_position='top left' background_repeat='no-repeat' highlight_size='1.1' fold_overlay_color='' fold_text_color='' fold_btn_color='theme-color' fold_btn_bg_color='' fold_btn_font_color='' size-btn-text='' av-desktop-font-size-btn-text='' av-medium-font-size-btn-text='' av-small-font-size-btn-text='' av-mini-font-size-btn-text='' animation='' animation_duration='' animation_custom_bg_color='' animation_z_index_curtain='100' parallax_parallax='' parallax_parallax_speed='' av-desktop-parallax_parallax='' av-desktop-parallax_parallax_speed='' av-medium-parallax_parallax='' av-medium-parallax_parallax_speed='' av-small-parallax_parallax='' av-small-parallax_parallax_speed='' av-mini-parallax_parallax='' av-mini-parallax_parallax_speed='' fold_timer='' z_index_fold='' css_position='' css_position_location=',,,' css_position_z_index='' av-desktop-css_position='' av-desktop-css_position_location=',,,' av-desktop-css_position_z_index='' av-medium-css_position='' av-medium-css_position_location=',,,' av-medium-css_position_z_index='' av-small-css_position='' av-small-css_position_location=',,,' av-small-css_position_z_index='' av-mini-css_position='' av-mini-css_position_location=',,,' av-mini-css_position_z_index='' link='page,1311' linktarget='' link_hover='opacity80' title_attr='' alt_attr='' mobile_display='' mobile_col_pos='0' id='' custom_class='one-sixth' template_class='' aria_label='' av_uid='av-g0uwsq' sc_version='1.0']\r\n\r\n[av_heading heading='Portrait' tag='h5' style='blockquote modern-quote' subheading_active='' show_icon='' icon='ue800' font='entypo-fontello' size='' av-desktop-font-size-title='' av-medium-font-size-title='' av-small-font-size-title='' av-mini-font-size-title='' subheading_size='' av-desktop-font-size='' av-medium-font-size='' av-small-font-size='' av-mini-font-size='' icon_size='' av-desktop-font-size-1='' av-medium-font-size-1='' av-small-font-size-1='' av-mini-font-size-1='' color='' custom_font='' subheading_color='' seperator_color='' icon_color='' margin='20,,,' av-desktop-margin='' av-desktop-margin_sync='true' av-medium-margin='' av-medium-margin_sync='true' av-small-margin='' av-small-margin_sync='true' av-mini-margin='' av-mini-margin_sync='true' headline_padding='' headline_padding_sync='true' av-desktop-headline_padding='' av-desktop-headline_padding_sync='true' av-medium-headline_padding='' av-medium-headline_padding_sync='true' av-small-headline_padding='' av-small-headline_padding_sync='true' av-mini-headline_padding='' av-mini-headline_padding_sync='true' padding='5' av-desktop-padding='' av-medium-padding='' av-small-padding='' av-mini-padding='' icon_padding='10' av-desktop-icon_padding='' av-medium-icon_padding='' av-small-icon_padding='' av-mini-icon_padding='' link='' link_target='' id='' custom_class='' template_class='' av_uid='av-dm9uai' sc_version='1.0' admin_preview_bg=''][\/av_heading]\r\n\r\n[av_image src='https:\/\/xavierr.cluster026.hosting.ovh.net\/wp-content\/uploads\/2023\/09\/portrait-corporate-en-entreprise.jpg' attachment='933' attachment_size='full' copyright='' caption='' image_size='16:9' styling='' box_shadow='none' box_shadow_width='10' box_shadow_color='' align='center' font_size='' overlay_opacity='0.4' overlay_color='#000000' overlay_text_color='#ffffff' link='' target='' animation='no-animation' animation_duration='' animation_custom_bg_color='' animation_z_index_curtain='100' parallax_parallax='' parallax_parallax_speed='' av-desktop-parallax_parallax='' av-desktop-parallax_parallax_speed='' av-medium-parallax_parallax='' av-medium-parallax_parallax_speed='' av-small-parallax_parallax='' av-small-parallax_parallax_speed='' av-mini-parallax_parallax='' av-mini-parallax_parallax_speed='' hover='' blur_image='' grayscale_image='' fade_image='' appearance='' css_position='' css_position_location=',,,' css_position_z_index='' av-desktop-css_position='' av-desktop-css_position_location=',,,' av-desktop-css_position_z_index='' av-medium-css_position='' av-medium-css_position_location=',,,' av-medium-css_position_z_index='' av-small-css_position='' av-small-css_position_location=',,,' av-small-css_position_z_index='' av-mini-css_position='' av-mini-css_position_location=',,,' av-mini-css_position_z_index='' transform_perspective='' transform_rotation=',,,' transform_scale=',,' transform_skew=',' transform_translate=',,' av-desktop-transform_perspective='' av-desktop-transform_rotation=',,,' av-desktop-transform_scale=',,' av-desktop-transform_skew=',' av-desktop-transform_translate=',,' av-medium-transform_perspective='' av-medium-transform_rotation=',,,' av-medium-transform_scale=',,' av-medium-transform_skew=',' av-medium-transform_translate=',,' av-small-transform_perspective='' av-small-transform_rotation=',,,' av-small-transform_scale=',,' av-small-transform_skew=',' av-small-transform_translate=',,' av-mini-transform_perspective='' av-mini-transform_rotation=',,,' av-mini-transform_scale=',,' av-mini-transform_skew=',' av-mini-transform_translate=',,' mask_overlay='' mask_overlay_shape='blob' mask_overlay_size='contain' mask_overlay_scale='100%' mask_overlay_position='center center' mask_overlay_repeat='no-repeat' mask_overlay_rotate='' mask_overlay_rad_shape='circle' mask_overlay_rad_position='center center' mask_overlay_opacity1='0' mask_overlay_opacity2='1' mask_overlay_opacity3='' title_attr='' alt_attr='' img_scrset='' lazy_loading='disabled' id='' custom_class='' template_class='' av_element_hidden_in_editor='0' av_uid='av-cwppai' sc_version='1.0' admin_preview_bg=''][\/av_image]\r\n\r\n[\/av_one_fifth][av_one_fifth min_height='' vertical_alignment='av-align-top' space='no_margin' row_boxshadow_width='10' row_boxshadow_color='' custom_margin='aviaTBcustom_margin' margin='0px' margin_sync='true' av-desktop-margin='' av-desktop-margin_sync='true' av-medium-margin='' av-medium-margin_sync='true' av-small-margin='' av-small-margin_sync='true' av-mini-margin='' av-mini-margin_sync='true' mobile_breaking='' mobile_column_order='' border='' border_style='solid' border_color='' radius='10' radius_sync='true' min_col_height='' padding='' padding_sync='true' av-desktop-padding='' av-desktop-padding_sync='true' av-medium-padding='' av-medium-padding_sync='true' av-small-padding='' av-small-padding_sync='true' av-mini-padding='' av-mini-padding_sync='true' svg_div_top='' svg_div_top_color='#333333' svg_div_top_width='100' svg_div_top_height='50' svg_div_top_max_height='none' svg_div_top_opacity='' svg_div_bottom='' svg_div_bottom_color='#333333' svg_div_bottom_width='100' svg_div_bottom_height='50' svg_div_bottom_max_height='none' svg_div_bottom_opacity='' fold_type='' fold_height='' fold_more='Lire la suite' fold_less='Read less' fold_text_style='' fold_btn_align='' column_boxshadow_width='10' column_boxshadow_color='' background='bg_color' background_color='' background_gradient_direction='vertical_rev' background_gradient_color1='#000000' background_gradient_color2='#ffffff' background_gradient_color3='' src='' attachment='' attachment_size='' background_position='top left' background_repeat='no-repeat' highlight_size='1.1' fold_overlay_color='' fold_text_color='' fold_btn_color='theme-color' fold_btn_bg_color='' fold_btn_font_color='' size-btn-text='' av-desktop-font-size-btn-text='' av-medium-font-size-btn-text='' av-small-font-size-btn-text='' av-mini-font-size-btn-text='' animation='' animation_duration='' animation_custom_bg_color='' animation_z_index_curtain='100' parallax_parallax='' parallax_parallax_speed='' av-desktop-parallax_parallax='' av-desktop-parallax_parallax_speed='' av-medium-parallax_parallax='' av-medium-parallax_parallax_speed='' av-small-parallax_parallax='' av-small-parallax_parallax_speed='' av-mini-parallax_parallax='' av-mini-parallax_parallax_speed='' fold_timer='' z_index_fold='' css_position='' css_position_location=',,,' css_position_z_index='' av-desktop-css_position='' av-desktop-css_position_location=',,,' av-desktop-css_position_z_index='' av-medium-css_position='' av-medium-css_position_location=',,,' av-medium-css_position_z_index='' av-small-css_position='' av-small-css_position_location=',,,' av-small-css_position_z_index='' av-mini-css_position='' av-mini-css_position_location=',,,' av-mini-css_position_z_index='' link='page,2834' linktarget='' link_hover='opacity80' title_attr='' alt_attr='' mobile_display='' mobile_col_pos='0' id='' custom_class='one-sixth' template_class='' aria_label='' av_uid='av-bfmozu' sc_version='1.0']\r\n\r\n[av_heading heading='Trombinoscope' tag='h5' style='blockquote modern-quote' subheading_active='' show_icon='' icon='ue800' font='entypo-fontello' size='' av-desktop-font-size-title='' av-medium-font-size-title='' av-small-font-size-title='' av-mini-font-size-title='' subheading_size='' av-desktop-font-size='' av-medium-font-size='' av-small-font-size='' av-mini-font-size='' icon_size='' av-desktop-font-size-1='' av-medium-font-size-1='' av-small-font-size-1='' av-mini-font-size-1='' color='' custom_font='' subheading_color='' seperator_color='' icon_color='' margin='20,,,' av-desktop-margin='' av-desktop-margin_sync='true' av-medium-margin='' av-medium-margin_sync='true' av-small-margin='' av-small-margin_sync='true' av-mini-margin='' av-mini-margin_sync='true' headline_padding='' headline_padding_sync='true' av-desktop-headline_padding='' av-desktop-headline_padding_sync='true' av-medium-headline_padding='' av-medium-headline_padding_sync='true' av-small-headline_padding='' av-small-headline_padding_sync='true' av-mini-headline_padding='' av-mini-headline_padding_sync='true' padding='5' av-desktop-padding='' av-medium-padding='' av-small-padding='' av-mini-padding='' icon_padding='10' av-desktop-icon_padding='' av-medium-icon_padding='' av-small-icon_padding='' av-mini-icon_padding='' link='' link_target='' id='' custom_class='' template_class='' av_uid='av-9ro4nu' sc_version='1.0' admin_preview_bg=''][\/av_heading]\r\n\r\n[av_image src='https:\/\/xavierr.cluster026.hosting.ovh.net\/wp-content\/uploads\/2023\/09\/photographe-de-trombinoscope.png' attachment='942' attachment_size='full' copyright='' caption='' image_size='16:9' styling='' box_shadow='none' box_shadow_width='10' box_shadow_color='' align='center' font_size='' overlay_opacity='0.4' overlay_color='#000000' overlay_text_color='#ffffff' link='' target='' animation='no-animation' animation_duration='' animation_custom_bg_color='' animation_z_index_curtain='100' parallax_parallax='' parallax_parallax_speed='' av-desktop-parallax_parallax='' av-desktop-parallax_parallax_speed='' av-medium-parallax_parallax='' av-medium-parallax_parallax_speed='' av-small-parallax_parallax='' av-small-parallax_parallax_speed='' av-mini-parallax_parallax='' av-mini-parallax_parallax_speed='' hover='' blur_image='' grayscale_image='' fade_image='' appearance='' css_position='' css_position_location=',,,' css_position_z_index='' av-desktop-css_position='' av-desktop-css_position_location=',,,' av-desktop-css_position_z_index='' av-medium-css_position='' av-medium-css_position_location=',,,' av-medium-css_position_z_index='' av-small-css_position='' av-small-css_position_location=',,,' av-small-css_position_z_index='' av-mini-css_position='' av-mini-css_position_location=',,,' av-mini-css_position_z_index='' transform_perspective='' transform_rotation=',,,' transform_scale=',,' transform_skew=',' transform_translate=',,' av-desktop-transform_perspective='' av-desktop-transform_rotation=',,,' av-desktop-transform_scale=',,' av-desktop-transform_skew=',' av-desktop-transform_translate=',,' av-medium-transform_perspective='' av-medium-transform_rotation=',,,' av-medium-transform_scale=',,' av-medium-transform_skew=',' av-medium-transform_translate=',,' av-small-transform_perspective='' av-small-transform_rotation=',,,' av-small-transform_scale=',,' av-small-transform_skew=',' av-small-transform_translate=',,' av-mini-transform_perspective='' av-mini-transform_rotation=',,,' av-mini-transform_scale=',,' av-mini-transform_skew=',' av-mini-transform_translate=',,' mask_overlay='' mask_overlay_shape='blob' mask_overlay_size='contain' mask_overlay_scale='100%' mask_overlay_position='center center' mask_overlay_repeat='no-repeat' mask_overlay_rotate='' mask_overlay_rad_shape='circle' mask_overlay_rad_position='center center' mask_overlay_opacity1='0' mask_overlay_opacity2='1' mask_overlay_opacity3='' title_attr='' alt_attr='' img_scrset='' lazy_loading='disabled' id='' custom_class='' template_class='' av_element_hidden_in_editor='0' av_uid='av-85vkyy' sc_version='1.0' admin_preview_bg=''][\/av_image]\r\n\r\n[\/av_one_fifth][av_one_fifth first min_height='' vertical_alignment='av-align-top' space='no_margin' row_boxshadow_width='10' row_boxshadow_color='' custom_margin='aviaTBcustom_margin' margin='0px' margin_sync='true' av-desktop-margin='' av-desktop-margin_sync='true' av-medium-margin='' av-medium-margin_sync='true' av-small-margin='' av-small-margin_sync='true' av-mini-margin='' av-mini-margin_sync='true' mobile_breaking='' mobile_column_order='' border='' border_style='solid' border_color='' radius='10' radius_sync='true' min_col_height='' padding='' padding_sync='true' av-desktop-padding='' av-desktop-padding_sync='true' av-medium-padding='' av-medium-padding_sync='true' av-small-padding='' av-small-padding_sync='true' av-mini-padding='' av-mini-padding_sync='true' svg_div_top='' svg_div_top_color='#333333' svg_div_top_width='100' svg_div_top_height='50' svg_div_top_max_height='none' svg_div_top_opacity='' svg_div_bottom='' svg_div_bottom_color='#333333' svg_div_bottom_width='100' svg_div_bottom_height='50' svg_div_bottom_max_height='none' svg_div_bottom_opacity='' fold_type='' fold_height='' fold_more='Lire la suite' fold_less='Read less' fold_text_style='' fold_btn_align='' column_boxshadow_width='10' column_boxshadow_color='' background='bg_color' background_color='' background_gradient_direction='vertical_rev' background_gradient_color1='#000000' background_gradient_color2='#ffffff' background_gradient_color3='' src='' attachment='' attachment_size='' background_position='top left' background_repeat='no-repeat' highlight_size='1.1' fold_overlay_color='' fold_text_color='' fold_btn_color='theme-color' fold_btn_bg_color='' fold_btn_font_color='' size-btn-text='' av-desktop-font-size-btn-text='' av-medium-font-size-btn-text='' av-small-font-size-btn-text='' av-mini-font-size-btn-text='' animation='' animation_duration='' animation_custom_bg_color='' animation_z_index_curtain='100' parallax_parallax='' parallax_parallax_speed='' av-desktop-parallax_parallax='' av-desktop-parallax_parallax_speed='' av-medium-parallax_parallax='' av-medium-parallax_parallax_speed='' av-small-parallax_parallax='' av-small-parallax_parallax_speed='' av-mini-parallax_parallax='' av-mini-parallax_parallax_speed='' fold_timer='' z_index_fold='' css_position='' css_position_location=',,,' css_position_z_index='' av-desktop-css_position='' av-desktop-css_position_location=',,,' av-desktop-css_position_z_index='' av-medium-css_position='' av-medium-css_position_location=',,,' av-medium-css_position_z_index='' av-small-css_position='' av-small-css_position_location=',,,' av-small-css_position_z_index='' av-mini-css_position='' av-mini-css_position_location=',,,' av-mini-css_position_z_index='' link='page,1324' linktarget='' link_hover='opacity80' title_attr='' alt_attr='' mobile_display='' mobile_col_pos='0' id='' custom_class='one-sixth' template_class='' aria_label='' av_uid='av-5dk1je' sc_version='1.0']\r\n\r\n[av_heading heading='Presse' tag='h5' style='blockquote modern-quote' subheading_active='' show_icon='' icon='ue800' font='entypo-fontello' size='' av-desktop-font-size-title='' av-medium-font-size-title='' av-small-font-size-title='' av-mini-font-size-title='' subheading_size='' av-desktop-font-size='' av-medium-font-size='' av-small-font-size='' av-mini-font-size='' icon_size='' av-desktop-font-size-1='' av-medium-font-size-1='' av-small-font-size-1='' av-mini-font-size-1='' color='' custom_font='' subheading_color='' seperator_color='' icon_color='' margin='20,,,' av-desktop-margin='' av-desktop-margin_sync='true' av-medium-margin='' av-medium-margin_sync='true' av-small-margin='' av-small-margin_sync='true' av-mini-margin='' av-mini-margin_sync='true' headline_padding='' headline_padding_sync='true' av-desktop-headline_padding='' av-desktop-headline_padding_sync='true' av-medium-headline_padding='' av-medium-headline_padding_sync='true' av-small-headline_padding='' av-small-headline_padding_sync='true' av-mini-headline_padding='' av-mini-headline_padding_sync='true' padding='5' av-desktop-padding='' av-medium-padding='' av-small-padding='' av-mini-padding='' icon_padding='10' av-desktop-icon_padding='' av-medium-icon_padding='' av-small-icon_padding='' av-mini-icon_padding='' link='' link_target='' id='' custom_class='' template_class='' av_uid='av-4chley' sc_version='1.0' admin_preview_bg=''][\/av_heading]\r\n\r\n[av_image src='https:\/\/xavierr.cluster026.hosting.ovh.net\/wp-content\/uploads\/2024\/01\/communication-vignette.jpg' attachment='4469' attachment_size='full' copyright='' caption='' image_size='16:9' styling='' box_shadow='none' box_shadow_width='10' box_shadow_color='' align='center' font_size='' overlay_opacity='0.4' overlay_color='#000000' overlay_text_color='#ffffff' link='' target='' animation='no-animation' animation_duration='' animation_custom_bg_color='' animation_z_index_curtain='100' parallax_parallax='' parallax_parallax_speed='' av-desktop-parallax_parallax='' av-desktop-parallax_parallax_speed='' av-medium-parallax_parallax='' av-medium-parallax_parallax_speed='' av-small-parallax_parallax='' av-small-parallax_parallax_speed='' av-mini-parallax_parallax='' av-mini-parallax_parallax_speed='' hover='' blur_image='' grayscale_image='' fade_image='' appearance='' css_position='' css_position_location=',,,' css_position_z_index='' av-desktop-css_position='' av-desktop-css_position_location=',,,' av-desktop-css_position_z_index='' av-medium-css_position='' av-medium-css_position_location=',,,' av-medium-css_position_z_index='' av-small-css_position='' av-small-css_position_location=',,,' av-small-css_position_z_index='' av-mini-css_position='' av-mini-css_position_location=',,,' av-mini-css_position_z_index='' transform_perspective='' transform_rotation=',,,' transform_scale=',,' transform_skew=',' transform_translate=',,' av-desktop-transform_perspective='' av-desktop-transform_rotation=',,,' av-desktop-transform_scale=',,' av-desktop-transform_skew=',' av-desktop-transform_translate=',,' av-medium-transform_perspective='' av-medium-transform_rotation=',,,' av-medium-transform_scale=',,' av-medium-transform_skew=',' av-medium-transform_translate=',,' av-small-transform_perspective='' av-small-transform_rotation=',,,' av-small-transform_scale=',,' av-small-transform_skew=',' av-small-transform_translate=',,' av-mini-transform_perspective='' av-mini-transform_rotation=',,,' av-mini-transform_scale=',,' av-mini-transform_skew=',' av-mini-transform_translate=',,' mask_overlay='' mask_overlay_shape='blob' mask_overlay_size='contain' mask_overlay_scale='100%' mask_overlay_position='center center' mask_overlay_repeat='no-repeat' mask_overlay_rotate='' mask_overlay_rad_shape='circle' mask_overlay_rad_position='center center' mask_overlay_opacity1='0' mask_overlay_opacity2='1' mask_overlay_opacity3='' title_attr='' alt_attr='' img_scrset='' lazy_loading='disabled' id='' custom_class='' template_class='' av_element_hidden_in_editor='0' av_uid='av-2boxa2' sc_version='1.0' admin_preview_bg=''][\/av_image]\r\n\r\n[\/av_one_fifth][\/av_section]<\/p>\n","protected":false},"excerpt":{"rendered":"","protected":false},"author":2,"featured_media":7127,"comment_status":"open","ping_status":"closed","template":"","meta":{"_seopress_titles_title":"Reportage photo %%page%%- Photographe \u00e9v\u00e9nementiel sur les salons","_seopress_titles_desc":"Photographe sur vos salon professionnel. Je mets en avant l'innovation et les \u00e9changes sur vos \u00e9v\u00e9nements pour la meilleure des communication","_seopress_robots_index":"","_seopress_robots_follow":"","_seopress_robots_imageindex":"","_seopress_robots_snippet":"","_seopress_robots_primary_cat":"","_seopress_robots_breadcrumbs":"","_seopress_robots_freeze_modified_date":"","_seopress_robots_custom_modified_date":"","_seopress_robots_canonical":"","_seopress_social_fb_title":"","_seopress_social_fb_desc":"","_seopress_social_fb_img":"","_seopress_social_fb_img_attachment_id":0,"_seopress_social_fb_img_width":0,"_seopress_social_fb_img_height":0,"_seopress_social_twitter_title":"","_seopress_social_twitter_desc":"","_seopress_social_twitter_img":"","_seopress_social_twitter_img_attachment_id":0,"_seopress_social_twitter_img_width":0,"_seopress_social_twitter_img_height":0,"_seopress_redirections_value":"","_seopress_redirections_enabled":"","_seopress_redirections_enabled_regex":"","_seopress_redirections_logged_status":"both","_seopress_redirections_param":"","_seopress_redirections_type":301,"_seopress_analysis_target_kw":"","_seopress_news_disabled":"","_seopress_video_disabled":"","_seopress_video":[],"_seopress_pro_schemas_manual":[],"_seopress_pro_rich_snippets_disable_all":"","_seopress_pro_rich_snippets_disable":[],"_seopress_pro_schemas":[],"inline_featured_image":false,"footnotes":""},"tags":[],"portfolio_entries":[26],"class_list":["post-7106","portfolio","type-portfolio","status-publish","has-post-thumbnail","hentry","portfolio_entries-reportage-photo-evenementiel"],"_links":{"self":[{"href":"https:\/\/www.xaviergranet.com\/en\/wp-json\/wp\/v2\/portfolio\/7106","targetHints":{"allow":["GET"]}}],"collection":[{"href":"https:\/\/www.xaviergranet.com\/en\/wp-json\/wp\/v2\/portfolio"}],"about":[{"href":"https:\/\/www.xaviergranet.com\/en\/wp-json\/wp\/v2\/types\/portfolio"}],"author":[{"embeddable":true,"href":"https:\/\/www.xaviergranet.com\/en\/wp-json\/wp\/v2\/users\/2"}],"replies":[{"embeddable":true,"href":"https:\/\/www.xaviergranet.com\/en\/wp-json\/wp\/v2\/comments?post=7106"}],"version-history":[{"count":0,"href":"https:\/\/www.xaviergranet.com\/en\/wp-json\/wp\/v2\/portfolio\/7106\/revisions"}],"wp:featuredmedia":[{"embeddable":true,"href":"https:\/\/www.xaviergranet.com\/en\/wp-json\/wp\/v2\/media\/7127"}],"wp:attachment":[{"href":"https:\/\/www.xaviergranet.com\/en\/wp-json\/wp\/v2\/media?parent=7106"}],"wp:term":[{"taxonomy":"post_tag","embeddable":true,"href":"https:\/\/www.xaviergranet.com\/en\/wp-json\/wp\/v2\/tags?post=7106"},{"taxonomy":"portfolio_entries","embeddable":true,"href":"https:\/\/www.xaviergranet.com\/en\/wp-json\/wp\/v2\/portfolio_entries?post=7106"}],"curies":[{"name":"wp","href":"https:\/\/api.w.org\/{rel}","templated":true}]}}